{"id":11415,"date":"2019-05-09T12:28:14","date_gmt":"2019-05-09T12:28:14","guid":{"rendered":"https:\/\/montreal-interior-design.com\/portfolio-de-design\/living-room-and-dining-room-interior-design-in-montreal\/"},"modified":"2023-08-26T14:06:17","modified_gmt":"2023-08-26T18:06:17","slug":"design-interieur-de-salon-et-salle-a-manger-a-saint-lambert","status":"publish","type":"page","link":"https:\/\/versastyledesign.ca\/fr\/portfolio-de-design\/design-interieur-de-salon-et-salle-a-manger-a-saint-lambert\/","title":{"rendered":"Design d&rsquo;int\u00e9rieur de salon et salle \u00e0 manger \u00e0 Saint Lambert"},"content":{"rendered":"\n<div class=\"wp-block-columns has-2-columns is-layout-flex wp-container-core-columns-is-layout-9d6595d7 wp-block-columns-is-layout-flex\">\n<div class=\"wp-block-column is-layout-flow wp-block-column-is-layout-flow\">\n<p><strong>Lieu: <\/strong>Saint Lambert, Qu\u00e9bec<\/p>\n\n\n\n<p><strong>Service de design<\/strong>: Concept \u00e0 aire ouverte, id\u00e9es et plan d\u2019am\u00e9nagement, palette de couleurs et recommandations pour les achats.<\/p>\n\n\n\n<p><strong>Mat\u00e9riaux utilis\u00e9s<\/strong> : Table de salle \u00e0 manger en bois, chaises modernes en cuir blanc, rideaux de salle \u00e0 manger; treillis noir et blanc, suspension blanche avec chrome et cristaux,&nbsp; plancher en bois-franc, lampe blanche&nbsp; sur tr\u00e9pied, chaise longue couleur aubergine, rideaux de salon; voilage blanc, meuble t\u00e9l\u00e9 laqu\u00e9 blanc et bois, pouf de rangement tissus gris, lampe style \u2018spot\u2019 sur tr\u00e9pied.<\/p>\n<\/div>\n\n\n\n<div class=\"wp-block-column is-layout-flow wp-block-column-is-layout-flow\">\n<figure class=\"wp-block-image size-large is-resized\"><img loading=\"lazy\" decoding=\"async\" src=\"https:\/\/versastyledesign.ca\/wp-content\/uploads\/2019\/12\/portfolio-salon-salle-a-manger-saint-lambert-01-682x1024.jpg\" alt=\"Design d'int\u00e9rieur de salon et salle \u00e0 manger \u00e0 Saint Lambert\" class=\"wp-image-17041\" style=\"width:341px;height:512px\" width=\"341\" height=\"512\" srcset=\"https:\/\/versastyledesign.ca\/wp-content\/uploads\/2019\/12\/portfolio-salon-salle-a-manger-saint-lambert-01-682x1024.jpg 682w, https:\/\/versastyledesign.ca\/wp-content\/uploads\/2019\/12\/portfolio-salon-salle-a-manger-saint-lambert-01-200x300.jpg 200w, https:\/\/versastyledesign.ca\/wp-content\/uploads\/2019\/12\/portfolio-salon-salle-a-manger-saint-lambert-01-768x1154.jpg 768w, https:\/\/versastyledesign.ca\/wp-content\/uploads\/2019\/12\/portfolio-salon-salle-a-manger-saint-lambert-01.jpg 850w\" sizes=\"auto, (max-width: 341px) 100vw, 341px\" \/><\/figure>\n<\/div>\n<\/div>\n\n\n\n<p><strong>Notre mandat <\/strong>: Les clients voulaient une aire ouverte bien am\u00e9nag\u00e9e avec une nouvelle palette de couleurs et finitions, un style plus au go\u00fbt du jour, nouveaux mobiliers et \u00e9clairage. Nous avons con\u00e7u un plan d\u2019am\u00e9nagement et cr\u00e9er des strat\u00e9gies de rangements dans les autres pi\u00e8ces afin d\u2019avoir un espace de vie d\u00e9sencombr\u00e9 et assez chic pour recevoir. La nouvelle palette claire de blanc et gris s\u2019harmonise tr\u00e8s bien avec les boiseries. Le chrome des lampes-sur-pied ainsi que le miroir argent\u00e9 ajoutent un peu de bling et d\u2019int\u00e9r\u00eat visuel. Le voilage ajoute une douceur et la touche finale.<\/p>\n\n\n\n<div style=\"height:50px\" aria-hidden=\"true\" class=\"wp-block-spacer\"><\/div>\n\n\n\n<h2 class=\"wp-block-heading\"> Design de salon et salle \u00e0 manger par Versa Style Design<\/h2>\n\n\n\n<figure class=\"wp-block-gallery has-nested-images columns-4 is-cropped wp-block-gallery-1 is-layout-flex wp-block-gallery-is-layout-flex\">\n<figure class=\"wp-block-image size-large\"><a href=\"https:\/\/versastyledesign.ca\/wp-content\/uploads\/2019\/12\/portfolio-salon-salle-a-manger-saint-lambert-01-682x1024.jpg\"><img loading=\"lazy\" decoding=\"async\" width=\"682\" height=\"1024\" data-id=\"17041\" src=\"https:\/\/versastyledesign.ca\/wp-content\/uploads\/2019\/12\/portfolio-salon-salle-a-manger-saint-lambert-01-682x1024.jpg\" alt=\"\" class=\"wp-image-17041\" srcset=\"https:\/\/versastyledesign.ca\/wp-content\/uploads\/2019\/12\/portfolio-salon-salle-a-manger-saint-lambert-01-682x1024.jpg 682w, https:\/\/versastyledesign.ca\/wp-content\/uploads\/2019\/12\/portfolio-salon-salle-a-manger-saint-lambert-01-200x300.jpg 200w, https:\/\/versastyledesign.ca\/wp-content\/uploads\/2019\/12\/portfolio-salon-salle-a-manger-saint-lambert-01-768x1154.jpg 768w, https:\/\/versastyledesign.ca\/wp-content\/uploads\/2019\/12\/portfolio-salon-salle-a-manger-saint-lambert-01.jpg 850w\" sizes=\"auto, (max-width: 682px) 100vw, 682px\" \/><\/a><\/figure>\n\n\n\n<figure class=\"wp-block-image size-large\"><a href=\"https:\/\/versastyledesign.ca\/wp-content\/uploads\/2019\/12\/portfolio-salon-salle-a-manger-saint-lambert-02-754x1024.jpg\"><img loading=\"lazy\" decoding=\"async\" width=\"754\" height=\"1024\" data-id=\"17043\" src=\"https:\/\/versastyledesign.ca\/wp-content\/uploads\/2019\/12\/portfolio-salon-salle-a-manger-saint-lambert-02-754x1024.jpg\" alt=\"\" class=\"wp-image-17043\" srcset=\"https:\/\/versastyledesign.ca\/wp-content\/uploads\/2019\/12\/portfolio-salon-salle-a-manger-saint-lambert-02-754x1024.jpg 754w, https:\/\/versastyledesign.ca\/wp-content\/uploads\/2019\/12\/portfolio-salon-salle-a-manger-saint-lambert-02-221x300.jpg 221w, https:\/\/versastyledesign.ca\/wp-content\/uploads\/2019\/12\/portfolio-salon-salle-a-manger-saint-lambert-02-768x1044.jpg 768w, https:\/\/versastyledesign.ca\/wp-content\/uploads\/2019\/12\/portfolio-salon-salle-a-manger-saint-lambert-02.jpg 850w\" sizes=\"auto, (max-width: 754px) 100vw, 754px\" \/><\/a><\/figure>\n\n\n\n<figure class=\"wp-block-image size-large\"><a href=\"https:\/\/versastyledesign.ca\/wp-content\/uploads\/2019\/12\/portfolio-salon-salle-a-manger-saint-lambert-03.jpg\"><img loading=\"lazy\" decoding=\"async\" width=\"850\" height=\"552\" data-id=\"17045\" src=\"https:\/\/versastyledesign.ca\/wp-content\/uploads\/2019\/12\/portfolio-salon-salle-a-manger-saint-lambert-03.jpg\" alt=\"\" class=\"wp-image-17045\" srcset=\"https:\/\/versastyledesign.ca\/wp-content\/uploads\/2019\/12\/portfolio-salon-salle-a-manger-saint-lambert-03.jpg 850w, https:\/\/versastyledesign.ca\/wp-content\/uploads\/2019\/12\/portfolio-salon-salle-a-manger-saint-lambert-03-300x195.jpg 300w, https:\/\/versastyledesign.ca\/wp-content\/uploads\/2019\/12\/portfolio-salon-salle-a-manger-saint-lambert-03-768x499.jpg 768w\" sizes=\"auto, (max-width: 850px) 100vw, 850px\" \/><\/a><\/figure>\n\n\n\n<figure class=\"wp-block-image size-large\"><a href=\"https:\/\/versastyledesign.ca\/wp-content\/uploads\/2019\/12\/portfolio-salon-salle-a-manger-saint-lambert-04.jpg\"><img loading=\"lazy\" decoding=\"async\" width=\"850\" height=\"550\" data-id=\"17047\" src=\"https:\/\/versastyledesign.ca\/wp-content\/uploads\/2019\/12\/portfolio-salon-salle-a-manger-saint-lambert-04.jpg\" alt=\"\" class=\"wp-image-17047\" srcset=\"https:\/\/versastyledesign.ca\/wp-content\/uploads\/2019\/12\/portfolio-salon-salle-a-manger-saint-lambert-04.jpg 850w, https:\/\/versastyledesign.ca\/wp-content\/uploads\/2019\/12\/portfolio-salon-salle-a-manger-saint-lambert-04-300x194.jpg 300w, https:\/\/versastyledesign.ca\/wp-content\/uploads\/2019\/12\/portfolio-salon-salle-a-manger-saint-lambert-04-768x497.jpg 768w\" sizes=\"auto, (max-width: 850px) 100vw, 850px\" \/><\/a><\/figure>\n\n\n\n<figure class=\"wp-block-image size-large\"><a href=\"https:\/\/versastyledesign.ca\/wp-content\/uploads\/2019\/12\/portfolio-salon-salle-a-manger-saint-lambert-05-666x1024.jpg\"><img loading=\"lazy\" decoding=\"async\" width=\"666\" height=\"1024\" data-id=\"17049\" src=\"https:\/\/versastyledesign.ca\/wp-content\/uploads\/2019\/12\/portfolio-salon-salle-a-manger-saint-lambert-05-666x1024.jpg\" alt=\"\" class=\"wp-image-17049\" srcset=\"https:\/\/versastyledesign.ca\/wp-content\/uploads\/2019\/12\/portfolio-salon-salle-a-manger-saint-lambert-05-666x1024.jpg 666w, https:\/\/versastyledesign.ca\/wp-content\/uploads\/2019\/12\/portfolio-salon-salle-a-manger-saint-lambert-05-195x300.jpg 195w, https:\/\/versastyledesign.ca\/wp-content\/uploads\/2019\/12\/portfolio-salon-salle-a-manger-saint-lambert-05-768x1181.jpg 768w, https:\/\/versastyledesign.ca\/wp-content\/uploads\/2019\/12\/portfolio-salon-salle-a-manger-saint-lambert-05.jpg 850w\" sizes=\"auto, (max-width: 666px) 100vw, 666px\" \/><\/a><\/figure>\n\n\n\n<figure class=\"wp-block-image size-large\"><a href=\"https:\/\/versastyledesign.ca\/wp-content\/uploads\/2019\/12\/portfolio-salon-salle-a-manger-saint-lambert-06.jpg\"><img loading=\"lazy\" decoding=\"async\" width=\"850\" height=\"574\" data-id=\"17051\" src=\"https:\/\/versastyledesign.ca\/wp-content\/uploads\/2019\/12\/portfolio-salon-salle-a-manger-saint-lambert-06.jpg\" alt=\"\" class=\"wp-image-17051\" srcset=\"https:\/\/versastyledesign.ca\/wp-content\/uploads\/2019\/12\/portfolio-salon-salle-a-manger-saint-lambert-06.jpg 850w, https:\/\/versastyledesign.ca\/wp-content\/uploads\/2019\/12\/portfolio-salon-salle-a-manger-saint-lambert-06-300x203.jpg 300w, https:\/\/versastyledesign.ca\/wp-content\/uploads\/2019\/12\/portfolio-salon-salle-a-manger-saint-lambert-06-768x519.jpg 768w\" sizes=\"auto, (max-width: 850px) 100vw, 850px\" \/><\/a><\/figure>\n\n\n\n<figure class=\"wp-block-image size-large\"><a href=\"https:\/\/versastyledesign.ca\/wp-content\/uploads\/2019\/12\/portfolio-salon-salle-a-manger-saint-lambert-07-682x1024.jpg\"><img loading=\"lazy\" decoding=\"async\" width=\"682\" height=\"1024\" data-id=\"17053\" src=\"https:\/\/versastyledesign.ca\/wp-content\/uploads\/2019\/12\/portfolio-salon-salle-a-manger-saint-lambert-07-682x1024.jpg\" alt=\"\" class=\"wp-image-17053\" srcset=\"https:\/\/versastyledesign.ca\/wp-content\/uploads\/2019\/12\/portfolio-salon-salle-a-manger-saint-lambert-07-682x1024.jpg 682w, https:\/\/versastyledesign.ca\/wp-content\/uploads\/2019\/12\/portfolio-salon-salle-a-manger-saint-lambert-07-200x300.jpg 200w, https:\/\/versastyledesign.ca\/wp-content\/uploads\/2019\/12\/portfolio-salon-salle-a-manger-saint-lambert-07-768x1154.jpg 768w, https:\/\/versastyledesign.ca\/wp-content\/uploads\/2019\/12\/portfolio-salon-salle-a-manger-saint-lambert-07.jpg 850w\" sizes=\"auto, (max-width: 682px) 100vw, 682px\" \/><\/a><\/figure>\n\n\n\n<figure class=\"wp-block-image size-large\"><a href=\"https:\/\/versastyledesign.ca\/wp-content\/uploads\/2019\/12\/portfolio-salon-salle-a-manger-saint-lambert-08.jpg\"><img loading=\"lazy\" decoding=\"async\" width=\"850\" height=\"547\" data-id=\"17055\" src=\"https:\/\/versastyledesign.ca\/wp-content\/uploads\/2019\/12\/portfolio-salon-salle-a-manger-saint-lambert-08.jpg\" alt=\"\" class=\"wp-image-17055\" srcset=\"https:\/\/versastyledesign.ca\/wp-content\/uploads\/2019\/12\/portfolio-salon-salle-a-manger-saint-lambert-08.jpg 850w, https:\/\/versastyledesign.ca\/wp-content\/uploads\/2019\/12\/portfolio-salon-salle-a-manger-saint-lambert-08-300x193.jpg 300w, https:\/\/versastyledesign.ca\/wp-content\/uploads\/2019\/12\/portfolio-salon-salle-a-manger-saint-lambert-08-768x494.jpg 768w\" sizes=\"auto, (max-width: 850px) 100vw, 850px\" \/><\/a><\/figure>\n<\/figure>\n\n\n\n<div style=\"height:50px\" aria-hidden=\"true\" class=\"wp-block-spacer\"><\/div>\n\n\n\n<div class=\"wp-block-columns is-layout-flex wp-container-core-columns-is-layout-9d6595d7 wp-block-columns-is-layout-flex\">\n<div class=\"wp-block-column is-layout-flow wp-block-column-is-layout-flow\"><div class=\"wp-block-image\">\n<figure class=\"aligncenter size-large\"><img loading=\"lazy\" decoding=\"async\" width=\"850\" height=\"599\" src=\"https:\/\/versastyledesign.ca\/wp-content\/uploads\/2019\/11\/Design-de-salons-et-salles-a-manger-a-montreal-04.jpg\" alt=\"Design de salons et de salles \u00e0 manger \u00e0 Montr\u00e9al\" class=\"wp-image-13778\" srcset=\"https:\/\/versastyledesign.ca\/wp-content\/uploads\/2019\/11\/Design-de-salons-et-salles-a-manger-a-montreal-04.jpg 850w, https:\/\/versastyledesign.ca\/wp-content\/uploads\/2019\/11\/Design-de-salons-et-salles-a-manger-a-montreal-04-300x211.jpg 300w, https:\/\/versastyledesign.ca\/wp-content\/uploads\/2019\/11\/Design-de-salons-et-salles-a-manger-a-montreal-04-768x541.jpg 768w\" sizes=\"auto, (max-width: 850px) 100vw, 850px\" \/><\/figure>\n<\/div><\/div>\n\n\n\n<div class=\"wp-block-column is-layout-flow wp-block-column-is-layout-flow\">\n<h2 class=\"wp-block-heading has-text-align-center\">Design de salons et de salles \u00e0 manger \u00e0 Montr\u00e9al<\/h2>\n\n\n\n<p class=\"has-text-align-center\">Pour en savoir plus sur nos services de design de salon et de salle \u00e0 manger dans la grande r\u00e9gion de Montr\u00e9al. <\/p>\n\n\n\n<div class=\"wp-block-button button-custom aligncenter\"><a class=\"wp-block-button__link has-background wp-element-button\" href=\"\/?page_id=11782\" style=\"background-color:#d53652\">Salons et salles \u00e0 manger<\/a><\/div>\n<\/div>\n<\/div>\n\n\n\n<div style=\"height:50px\" aria-hidden=\"true\" class=\"wp-block-spacer\"><\/div>\n\n\n\n<h2 class=\"wp-block-heading\"><strong>\u00cates-vous situ\u00e9 dans la grande r\u00e9gion de Montr\u00e9al?<\/strong><\/h2>\n\n\n\n<p class=\"has-text-align-center\"><strong>Donnez vie \u00e0 votre projet de design avec Lucie.<\/strong><\/p>\n\n\n\n<div class=\"wp-block-buttons is-content-justification-center is-layout-flex wp-container-core-buttons-is-layout-16018d1d wp-block-buttons-is-layout-flex\">\n<div class=\"wp-block-button button-inverse\"><a class=\"wp-block-button__link has-text-color has-background has-link-color wp-element-button\" href=\"\/fr\/forfait-de-design-interieur\/versa-style-design-premiere-consultation\/\" style=\"color:#d53652;background-color:#f3f3f3\">Premi\u00e8re consultation<\/a><\/div>\n<\/div>\n\n\n\n<div style=\"height:25px\" aria-hidden=\"true\" class=\"wp-block-spacer\"><\/div>\n<p><a href=\"\/\/www.pinterest.com\/pin\/create\/button\/\" data-pin-do=\"buttonBookmark\" data-pin-color=\"red\" data-pin-height=\"128\"><img decoding=\"async\" src=\"\/\/assets.pinterest.com\/images\/pidgets\/pinit_fg_en_rect_red_28.png\" \/><\/a><\/p>","protected":false},"excerpt":{"rendered":"<p>Lieu: Saint Lambert, Qu\u00e9bec Service de design: Concept \u00e0 aire ouverte, id\u00e9es et plan d\u2019am\u00e9nagement, palette de couleurs et recommandations pour les achats. Mat\u00e9riaux utilis\u00e9s : Table de salle \u00e0 manger en bois, chaises modernes en cuir blanc, rideaux de salle \u00e0 manger; treillis noir et blanc, suspension blanche avec chrome et cristaux,&nbsp; plancher en [&hellip;]<\/p>\n","protected":false},"author":2,"featured_media":17018,"parent":1840,"menu_order":0,"comment_status":"closed","ping_status":"closed","template":"","meta":{"advgb_blocks_editor_width":"","advgb_blocks_columns_visual_guide":"","_genesis_hide_title":false,"_genesis_hide_breadcrumbs":false,"_genesis_hide_singular_image":false,"_genesis_hide_footer_widgets":false,"_genesis_custom_body_class":"","_genesis_custom_post_class":"","_genesis_layout":"","footnotes":""},"class_list":{"0":"post-11415","1":"page","2":"type-page","3":"status-publish","4":"has-post-thumbnail","6":"entry"},"yoast_head":"<!-- This site is optimized with the Yoast SEO plugin v27.5 - https:\/\/yoast.com\/product\/yoast-seo-wordpress\/ -->\n<title>Design d&#039;int\u00e9rieur de salon et salle \u00e0 manger \u00e0 Saint Lambert - Versa Style Design<\/title>\n<meta name=\"description\" content=\"Les clients voulaient une aire ouverte bien am\u00e9nag\u00e9e avec une nouvelle palette de couleurs et finitions, un style plus au go\u00fbt du jour, nouveaux mobiliers et \u00e9clairage.\" \/>\n<meta name=\"robots\" content=\"index, follow, max-snippet:-1, max-image-preview:large, max-video-preview:-1\" \/>\n<link rel=\"canonical\" href=\"https:\/\/versastyledesign.ca\/fr\/portfolio-de-design\/design-interieur-de-salon-et-salle-a-manger-a-saint-lambert\/\" \/>\n<meta property=\"og:locale\" content=\"fr_CA\" \/>\n<meta property=\"og:type\" content=\"article\" \/>\n<meta property=\"og:title\" content=\"Design d&#039;int\u00e9rieur de salon et salle \u00e0 manger \u00e0 Saint Lambert - Versa Style Design\" \/>\n<meta property=\"og:description\" content=\"Les clients voulaient une aire ouverte bien am\u00e9nag\u00e9e avec une nouvelle palette de couleurs et finitions, un style plus au go\u00fbt du jour, nouveaux mobiliers et \u00e9clairage.\" \/>\n<meta property=\"og:url\" content=\"https:\/\/versastyledesign.ca\/fr\/portfolio-de-design\/design-interieur-de-salon-et-salle-a-manger-a-saint-lambert\/\" \/>\n<meta property=\"og:site_name\" content=\"Versa Style Design\" \/>\n<meta property=\"article:publisher\" content=\"https:\/\/www.facebook.com\/Versastyledesign?ref=hl\" \/>\n<meta property=\"article:modified_time\" content=\"2023-08-26T18:06:17+00:00\" \/>\n<meta property=\"og:image\" content=\"https:\/\/new.versastyledesign.ca\/wp-content\/uploads\/2019\/12\/portfolio-living-room-dining-room-saint-lambert-01.jpg\" \/>\n\t<meta property=\"og:image:width\" content=\"850\" \/>\n\t<meta property=\"og:image:height\" content=\"1277\" \/>\n\t<meta property=\"og:image:type\" content=\"image\/jpeg\" \/>\n<meta name=\"twitter:label1\" content=\"Estimation du temps de lecture\" \/>\n\t<meta name=\"twitter:data1\" content=\"3 minutes\" \/>\n<script type=\"application\/ld+json\" class=\"yoast-schema-graph\">{\"@context\":\"https:\\\/\\\/schema.org\",\"@graph\":[{\"@type\":\"WebPage\",\"@id\":\"https:\\\/\\\/versastyledesign.ca\\\/fr\\\/portfolio-de-design\\\/design-interieur-de-salon-et-salle-a-manger-a-saint-lambert\\\/\",\"url\":\"https:\\\/\\\/versastyledesign.ca\\\/fr\\\/portfolio-de-design\\\/design-interieur-de-salon-et-salle-a-manger-a-saint-lambert\\\/\",\"name\":\"Design d'int\u00e9rieur de salon et salle \u00e0 manger \u00e0 Saint Lambert - Versa Style Design\",\"isPartOf\":{\"@id\":\"http:\\\/\\\/new.versastyledesign.ca\\\/fr\\\/#website\"},\"primaryImageOfPage\":{\"@id\":\"https:\\\/\\\/versastyledesign.ca\\\/fr\\\/portfolio-de-design\\\/design-interieur-de-salon-et-salle-a-manger-a-saint-lambert\\\/#primaryimage\"},\"image\":{\"@id\":\"https:\\\/\\\/versastyledesign.ca\\\/fr\\\/portfolio-de-design\\\/design-interieur-de-salon-et-salle-a-manger-a-saint-lambert\\\/#primaryimage\"},\"thumbnailUrl\":\"https:\\\/\\\/versastyledesign.ca\\\/wp-content\\\/uploads\\\/2019\\\/12\\\/portfolio-living-room-dining-room-saint-lambert-01.jpg\",\"datePublished\":\"2019-05-09T12:28:14+00:00\",\"dateModified\":\"2023-08-26T18:06:17+00:00\",\"description\":\"Les clients voulaient une aire ouverte bien am\u00e9nag\u00e9e avec une nouvelle palette de couleurs et finitions, un style plus au go\u00fbt du jour, nouveaux mobiliers et \u00e9clairage.\",\"breadcrumb\":{\"@id\":\"https:\\\/\\\/versastyledesign.ca\\\/fr\\\/portfolio-de-design\\\/design-interieur-de-salon-et-salle-a-manger-a-saint-lambert\\\/#breadcrumb\"},\"inLanguage\":\"fr-CA\",\"potentialAction\":[{\"@type\":\"ReadAction\",\"target\":[\"https:\\\/\\\/versastyledesign.ca\\\/fr\\\/portfolio-de-design\\\/design-interieur-de-salon-et-salle-a-manger-a-saint-lambert\\\/\"]}]},{\"@type\":\"ImageObject\",\"inLanguage\":\"fr-CA\",\"@id\":\"https:\\\/\\\/versastyledesign.ca\\\/fr\\\/portfolio-de-design\\\/design-interieur-de-salon-et-salle-a-manger-a-saint-lambert\\\/#primaryimage\",\"url\":\"https:\\\/\\\/versastyledesign.ca\\\/wp-content\\\/uploads\\\/2019\\\/12\\\/portfolio-living-room-dining-room-saint-lambert-01.jpg\",\"contentUrl\":\"https:\\\/\\\/versastyledesign.ca\\\/wp-content\\\/uploads\\\/2019\\\/12\\\/portfolio-living-room-dining-room-saint-lambert-01.jpg\",\"width\":850,\"height\":1277},{\"@type\":\"BreadcrumbList\",\"@id\":\"https:\\\/\\\/versastyledesign.ca\\\/fr\\\/portfolio-de-design\\\/design-interieur-de-salon-et-salle-a-manger-a-saint-lambert\\\/#breadcrumb\",\"itemListElement\":[{\"@type\":\"ListItem\",\"position\":1,\"name\":\"Accueil\",\"item\":\"http:\\\/\\\/new.versastyledesign.ca\\\/fr\\\/\"},{\"@type\":\"ListItem\",\"position\":2,\"name\":\"Portfolio de Design\",\"item\":\"http:\\\/\\\/new.versastyledesign.ca\\\/fr\\\/design-portfolio\\\/\"},{\"@type\":\"ListItem\",\"position\":3,\"name\":\"Design d&#8217;int\u00e9rieur de salon et salle \u00e0 manger \u00e0 Saint Lambert\"}]},{\"@type\":\"WebSite\",\"@id\":\"http:\\\/\\\/new.versastyledesign.ca\\\/fr\\\/#website\",\"url\":\"http:\\\/\\\/new.versastyledesign.ca\\\/fr\\\/\",\"name\":\"Versa Style Design\",\"description\":\"Design d&#039;int\u00e9rieur et r\u00e9novations \u00e0 Montr\u00e9al\",\"publisher\":{\"@id\":\"http:\\\/\\\/new.versastyledesign.ca\\\/fr\\\/#organization\"},\"potentialAction\":[{\"@type\":\"SearchAction\",\"target\":{\"@type\":\"EntryPoint\",\"urlTemplate\":\"http:\\\/\\\/new.versastyledesign.ca\\\/fr\\\/?s={search_term_string}\"},\"query-input\":{\"@type\":\"PropertyValueSpecification\",\"valueRequired\":true,\"valueName\":\"search_term_string\"}}],\"inLanguage\":\"fr-CA\"},{\"@type\":\"Organization\",\"@id\":\"http:\\\/\\\/new.versastyledesign.ca\\\/fr\\\/#organization\",\"name\":\"Versa Style Design\",\"url\":\"http:\\\/\\\/new.versastyledesign.ca\\\/fr\\\/\",\"logo\":{\"@type\":\"ImageObject\",\"inLanguage\":\"fr-CA\",\"@id\":\"http:\\\/\\\/new.versastyledesign.ca\\\/fr\\\/#\\\/schema\\\/logo\\\/image\\\/\",\"url\":\"https:\\\/\\\/versastyledesign.ca\\\/wp-content\\\/uploads\\\/2019\\\/11\\\/Versa-Style-Design-logo.jpg\",\"contentUrl\":\"https:\\\/\\\/versastyledesign.ca\\\/wp-content\\\/uploads\\\/2019\\\/11\\\/Versa-Style-Design-logo.jpg\",\"width\":2099,\"height\":670,\"caption\":\"Versa Style Design\"},\"image\":{\"@id\":\"http:\\\/\\\/new.versastyledesign.ca\\\/fr\\\/#\\\/schema\\\/logo\\\/image\\\/\"},\"sameAs\":[\"https:\\\/\\\/www.facebook.com\\\/Versastyledesign?ref=hl\",\"https:\\\/\\\/x.com\\\/luciepitt\",\"https:\\\/\\\/www.instagram.com\\\/versastyledesign\\\/\",\"https:\\\/\\\/www.linkedin.com\\\/in\\\/lucie-pitt-54b0ba85\",\"https:\\\/\\\/www.pinterest.com\\\/versastyledesign\\\/\"]}]}<\/script>\n<!-- \/ Yoast SEO plugin. -->","yoast_head_json":{"title":"Design d'int\u00e9rieur de salon et salle \u00e0 manger \u00e0 Saint Lambert - Versa Style Design","description":"Les clients voulaient une aire ouverte bien am\u00e9nag\u00e9e avec une nouvelle palette de couleurs et finitions, un style plus au go\u00fbt du jour, nouveaux mobiliers et \u00e9clairage.","robots":{"index":"index","follow":"follow","max-snippet":"max-snippet:-1","max-image-preview":"max-image-preview:large","max-video-preview":"max-video-preview:-1"},"canonical":"https:\/\/versastyledesign.ca\/fr\/portfolio-de-design\/design-interieur-de-salon-et-salle-a-manger-a-saint-lambert\/","og_locale":"fr_CA","og_type":"article","og_title":"Design d'int\u00e9rieur de salon et salle \u00e0 manger \u00e0 Saint Lambert - Versa Style Design","og_description":"Les clients voulaient une aire ouverte bien am\u00e9nag\u00e9e avec une nouvelle palette de couleurs et finitions, un style plus au go\u00fbt du jour, nouveaux mobiliers et \u00e9clairage.","og_url":"https:\/\/versastyledesign.ca\/fr\/portfolio-de-design\/design-interieur-de-salon-et-salle-a-manger-a-saint-lambert\/","og_site_name":"Versa Style Design","article_publisher":"https:\/\/www.facebook.com\/Versastyledesign?ref=hl","article_modified_time":"2023-08-26T18:06:17+00:00","og_image":[{"width":850,"height":1277,"url":"https:\/\/new.versastyledesign.ca\/wp-content\/uploads\/2019\/12\/portfolio-living-room-dining-room-saint-lambert-01.jpg","type":"image\/jpeg"}],"twitter_misc":{"Estimation du temps de lecture":"3 minutes"},"schema":{"@context":"https:\/\/schema.org","@graph":[{"@type":"WebPage","@id":"https:\/\/versastyledesign.ca\/fr\/portfolio-de-design\/design-interieur-de-salon-et-salle-a-manger-a-saint-lambert\/","url":"https:\/\/versastyledesign.ca\/fr\/portfolio-de-design\/design-interieur-de-salon-et-salle-a-manger-a-saint-lambert\/","name":"Design d'int\u00e9rieur de salon et salle \u00e0 manger \u00e0 Saint Lambert - Versa Style Design","isPartOf":{"@id":"http:\/\/new.versastyledesign.ca\/fr\/#website"},"primaryImageOfPage":{"@id":"https:\/\/versastyledesign.ca\/fr\/portfolio-de-design\/design-interieur-de-salon-et-salle-a-manger-a-saint-lambert\/#primaryimage"},"image":{"@id":"https:\/\/versastyledesign.ca\/fr\/portfolio-de-design\/design-interieur-de-salon-et-salle-a-manger-a-saint-lambert\/#primaryimage"},"thumbnailUrl":"https:\/\/versastyledesign.ca\/wp-content\/uploads\/2019\/12\/portfolio-living-room-dining-room-saint-lambert-01.jpg","datePublished":"2019-05-09T12:28:14+00:00","dateModified":"2023-08-26T18:06:17+00:00","description":"Les clients voulaient une aire ouverte bien am\u00e9nag\u00e9e avec une nouvelle palette de couleurs et finitions, un style plus au go\u00fbt du jour, nouveaux mobiliers et \u00e9clairage.","breadcrumb":{"@id":"https:\/\/versastyledesign.ca\/fr\/portfolio-de-design\/design-interieur-de-salon-et-salle-a-manger-a-saint-lambert\/#breadcrumb"},"inLanguage":"fr-CA","potentialAction":[{"@type":"ReadAction","target":["https:\/\/versastyledesign.ca\/fr\/portfolio-de-design\/design-interieur-de-salon-et-salle-a-manger-a-saint-lambert\/"]}]},{"@type":"ImageObject","inLanguage":"fr-CA","@id":"https:\/\/versastyledesign.ca\/fr\/portfolio-de-design\/design-interieur-de-salon-et-salle-a-manger-a-saint-lambert\/#primaryimage","url":"https:\/\/versastyledesign.ca\/wp-content\/uploads\/2019\/12\/portfolio-living-room-dining-room-saint-lambert-01.jpg","contentUrl":"https:\/\/versastyledesign.ca\/wp-content\/uploads\/2019\/12\/portfolio-living-room-dining-room-saint-lambert-01.jpg","width":850,"height":1277},{"@type":"BreadcrumbList","@id":"https:\/\/versastyledesign.ca\/fr\/portfolio-de-design\/design-interieur-de-salon-et-salle-a-manger-a-saint-lambert\/#breadcrumb","itemListElement":[{"@type":"ListItem","position":1,"name":"Accueil","item":"http:\/\/new.versastyledesign.ca\/fr\/"},{"@type":"ListItem","position":2,"name":"Portfolio de Design","item":"http:\/\/new.versastyledesign.ca\/fr\/design-portfolio\/"},{"@type":"ListItem","position":3,"name":"Design d&#8217;int\u00e9rieur de salon et salle \u00e0 manger \u00e0 Saint Lambert"}]},{"@type":"WebSite","@id":"http:\/\/new.versastyledesign.ca\/fr\/#website","url":"http:\/\/new.versastyledesign.ca\/fr\/","name":"Versa Style Design","description":"Design d&#039;int\u00e9rieur et r\u00e9novations \u00e0 Montr\u00e9al","publisher":{"@id":"http:\/\/new.versastyledesign.ca\/fr\/#organization"},"potentialAction":[{"@type":"SearchAction","target":{"@type":"EntryPoint","urlTemplate":"http:\/\/new.versastyledesign.ca\/fr\/?s={search_term_string}"},"query-input":{"@type":"PropertyValueSpecification","valueRequired":true,"valueName":"search_term_string"}}],"inLanguage":"fr-CA"},{"@type":"Organization","@id":"http:\/\/new.versastyledesign.ca\/fr\/#organization","name":"Versa Style Design","url":"http:\/\/new.versastyledesign.ca\/fr\/","logo":{"@type":"ImageObject","inLanguage":"fr-CA","@id":"http:\/\/new.versastyledesign.ca\/fr\/#\/schema\/logo\/image\/","url":"https:\/\/versastyledesign.ca\/wp-content\/uploads\/2019\/11\/Versa-Style-Design-logo.jpg","contentUrl":"https:\/\/versastyledesign.ca\/wp-content\/uploads\/2019\/11\/Versa-Style-Design-logo.jpg","width":2099,"height":670,"caption":"Versa Style Design"},"image":{"@id":"http:\/\/new.versastyledesign.ca\/fr\/#\/schema\/logo\/image\/"},"sameAs":["https:\/\/www.facebook.com\/Versastyledesign?ref=hl","https:\/\/x.com\/luciepitt","https:\/\/www.instagram.com\/versastyledesign\/","https:\/\/www.linkedin.com\/in\/lucie-pitt-54b0ba85","https:\/\/www.pinterest.com\/versastyledesign\/"]}]}},"coauthors":[],"author_meta":{"author_link":"https:\/\/versastyledesign.ca\/fr\/author\/lucie-pitt\/","display_name":"Lucie Pitt"},"relative_dates":{"created":"Posted 7 ann\u00e9es ago","modified":"Updated 3 ann\u00e9es ago"},"absolute_dates":{"created":"Posted on 9 mai 2019","modified":"Updated on 26 ao\u00fbt 2023"},"absolute_dates_time":{"created":"Posted on 9 mai 2019 12 h 28 min","modified":"Updated on 26 ao\u00fbt 2023 14 h 06 min"},"featured_img_caption":"","featured_img":"https:\/\/versastyledesign.ca\/wp-content\/uploads\/2019\/12\/portfolio-living-room-dining-room-saint-lambert-01.jpg","series_order":"","_links":{"self":[{"href":"https:\/\/versastyledesign.ca\/fr\/wp-json\/wp\/v2\/pages\/11415","targetHints":{"allow":["GET"]}}],"collection":[{"href":"https:\/\/versastyledesign.ca\/fr\/wp-json\/wp\/v2\/pages"}],"about":[{"href":"https:\/\/versastyledesign.ca\/fr\/wp-json\/wp\/v2\/types\/page"}],"author":[{"embeddable":true,"href":"https:\/\/versastyledesign.ca\/fr\/wp-json\/wp\/v2\/users\/2"}],"replies":[{"embeddable":true,"href":"https:\/\/versastyledesign.ca\/fr\/wp-json\/wp\/v2\/comments?post=11415"}],"version-history":[{"count":5,"href":"https:\/\/versastyledesign.ca\/fr\/wp-json\/wp\/v2\/pages\/11415\/revisions"}],"predecessor-version":[{"id":26313,"href":"https:\/\/versastyledesign.ca\/fr\/wp-json\/wp\/v2\/pages\/11415\/revisions\/26313"}],"up":[{"embeddable":true,"href":"https:\/\/versastyledesign.ca\/fr\/wp-json\/wp\/v2\/pages\/1840"}],"wp:featuredmedia":[{"embeddable":true,"href":"https:\/\/versastyledesign.ca\/fr\/wp-json\/wp\/v2\/media\/17018"}],"wp:attachment":[{"href":"https:\/\/versastyledesign.ca\/fr\/wp-json\/wp\/v2\/media?parent=11415"}],"curies":[{"name":"wp","href":"https:\/\/api.w.org\/{rel}","templated":true}]}}