{"id":11443,"date":"2019-05-12T12:27:42","date_gmt":"2019-05-12T12:27:42","guid":{"rendered":"https:\/\/montreal-interior-design.com\/?page_id=11443"},"modified":"2023-08-26T14:08:00","modified_gmt":"2023-08-26T18:08:00","slug":"design-interieur-de-salon-et-salle-a-manger-a-sainte-rose","status":"publish","type":"page","link":"https:\/\/versastyledesign.ca\/fr\/portfolio-de-design\/design-interieur-de-salon-et-salle-a-manger-a-sainte-rose\/","title":{"rendered":"Design int\u00e9rieur de salon et salle \u00e0 manger \u00e0 Sainte-Rose, Qu\u00e9bec"},"content":{"rendered":"\n<div class=\"wp-block-columns has-2-columns is-layout-flex wp-container-core-columns-is-layout-9d6595d7 wp-block-columns-is-layout-flex\">\n<div class=\"wp-block-column is-layout-flow wp-block-column-is-layout-flow\">\n<p><strong>Lieu: <\/strong>Sainte-Rose, Qu\u00e9bec<\/p>\n\n\n\n<p><strong>Service de design<\/strong>: Concept \u00e0 aire ouverte, id\u00e9es et plan\nd\u2019am\u00e9nagement, conception de mobilier sur-mesure, palette de couleurs et\nrecommandations pour les achats.<\/p>\n\n\n\n<p><strong>Mat\u00e9riaux utilis\u00e9s<\/strong> : Table de salle \u00e0 manger en marbre, chaises\nmodernes en tissus gris, banc de table sur-mesure en tissus gris, pendentifs de\nstyle industriel en fer et verre givr\u00e9,&nbsp;\nplancher en bois-franc, lampe sur-pied blanche surdimensionn\u00e9e,\nsectionnel et canap\u00e9 sur-mesure en tissus gris, fa\u00e7ade de foyer en pierres des\nchamps, poutres et boiseries, tables d\u2019appoints blanche, moderne.<\/p>\n<\/div>\n\n\n\n<div class=\"wp-block-column is-layout-flow wp-block-column-is-layout-flow\">\n<figure class=\"wp-block-image size-large is-resized\"><img loading=\"lazy\" decoding=\"async\" src=\"https:\/\/versastyledesign.ca\/wp-content\/uploads\/2019\/12\/salle-a-manger-salon-design-sainte-rose-02-721x1024.jpg\" alt=\"Design int\u00e9rieur de salon et salle \u00e0 manger \u00e0 Sainte-Rose, Qu\u00e9bec\" class=\"wp-image-17098\" style=\"width:361px;height:512px\" width=\"361\" height=\"512\" srcset=\"https:\/\/versastyledesign.ca\/wp-content\/uploads\/2019\/12\/salle-a-manger-salon-design-sainte-rose-02-721x1024.jpg 721w, https:\/\/versastyledesign.ca\/wp-content\/uploads\/2019\/12\/salle-a-manger-salon-design-sainte-rose-02-211x300.jpg 211w, https:\/\/versastyledesign.ca\/wp-content\/uploads\/2019\/12\/salle-a-manger-salon-design-sainte-rose-02-768x1091.jpg 768w, https:\/\/versastyledesign.ca\/wp-content\/uploads\/2019\/12\/salle-a-manger-salon-design-sainte-rose-02.jpg 954w\" sizes=\"auto, (max-width: 361px) 100vw, 361px\" \/><\/figure>\n<\/div>\n<\/div>\n\n\n\n<p><strong>Notre mandat <\/strong>: Les clients voulaient une aire ouverte facile\nd\u2019entretien pour la famille, avec des couleurs riches et des mat\u00e9riaux bruts\ntel que la pierre et le bois. Nous avons con\u00e7u un plan d\u2019am\u00e9nagement avec des\nmobiliers sur-mesure utilisant des tissus et finitions facile d\u2019entretien. Les\nboiseries riches mari\u00e9es \u00e0 la palette neutre et les meubles comfo cr\u00e9ent une\nzone invitante et d\u00e9contract\u00e9e pour la famille, les amies et la d\u00e9tente.<\/p>\n\n\n\n<div style=\"height:50px\" aria-hidden=\"true\" class=\"wp-block-spacer\"><\/div>\n\n\n\n<h2 class=\"wp-block-heading\">Design int\u00e9rieur de salon et salle \u00e0 manger par Versa Style Design<\/h2>\n\n\n\n<figure class=\"wp-block-gallery has-nested-images columns-4 is-cropped wp-block-gallery-1 is-layout-flex wp-block-gallery-is-layout-flex\">\n<figure class=\"wp-block-image size-large\"><a href=\"https:\/\/versastyledesign.ca\/wp-content\/uploads\/2019\/12\/salle-a-manger-salon-design-sainte-rose-01.jpg\"><img loading=\"lazy\" decoding=\"async\" width=\"606\" height=\"909\" data-id=\"17096\" src=\"https:\/\/versastyledesign.ca\/wp-content\/uploads\/2019\/12\/salle-a-manger-salon-design-sainte-rose-01.jpg\" alt=\"\" class=\"wp-image-17096\" srcset=\"https:\/\/versastyledesign.ca\/wp-content\/uploads\/2019\/12\/salle-a-manger-salon-design-sainte-rose-01.jpg 606w, https:\/\/versastyledesign.ca\/wp-content\/uploads\/2019\/12\/salle-a-manger-salon-design-sainte-rose-01-200x300.jpg 200w\" sizes=\"auto, (max-width: 606px) 100vw, 606px\" \/><\/a><\/figure>\n\n\n\n<figure class=\"wp-block-image size-large\"><a href=\"https:\/\/versastyledesign.ca\/wp-content\/uploads\/2019\/12\/salle-a-manger-salon-design-sainte-rose-02-721x1024.jpg\"><img loading=\"lazy\" decoding=\"async\" width=\"721\" height=\"1024\" data-id=\"17098\" src=\"https:\/\/versastyledesign.ca\/wp-content\/uploads\/2019\/12\/salle-a-manger-salon-design-sainte-rose-02-721x1024.jpg\" alt=\"\" class=\"wp-image-17098\" srcset=\"https:\/\/versastyledesign.ca\/wp-content\/uploads\/2019\/12\/salle-a-manger-salon-design-sainte-rose-02-721x1024.jpg 721w, https:\/\/versastyledesign.ca\/wp-content\/uploads\/2019\/12\/salle-a-manger-salon-design-sainte-rose-02-211x300.jpg 211w, https:\/\/versastyledesign.ca\/wp-content\/uploads\/2019\/12\/salle-a-manger-salon-design-sainte-rose-02-768x1091.jpg 768w, https:\/\/versastyledesign.ca\/wp-content\/uploads\/2019\/12\/salle-a-manger-salon-design-sainte-rose-02.jpg 954w\" sizes=\"auto, (max-width: 721px) 100vw, 721px\" \/><\/a><\/figure>\n\n\n\n<figure class=\"wp-block-image size-large\"><a href=\"https:\/\/versastyledesign.ca\/wp-content\/uploads\/2019\/12\/salle-a-manger-salon-design-sainte-rose-03-922x1024.jpg\"><img loading=\"lazy\" decoding=\"async\" width=\"922\" height=\"1024\" data-id=\"17100\" src=\"https:\/\/versastyledesign.ca\/wp-content\/uploads\/2019\/12\/salle-a-manger-salon-design-sainte-rose-03-922x1024.jpg\" alt=\"\" class=\"wp-image-17100\" srcset=\"https:\/\/versastyledesign.ca\/wp-content\/uploads\/2019\/12\/salle-a-manger-salon-design-sainte-rose-03-922x1024.jpg 922w, https:\/\/versastyledesign.ca\/wp-content\/uploads\/2019\/12\/salle-a-manger-salon-design-sainte-rose-03-270x300.jpg 270w, https:\/\/versastyledesign.ca\/wp-content\/uploads\/2019\/12\/salle-a-manger-salon-design-sainte-rose-03-768x853.jpg 768w, https:\/\/versastyledesign.ca\/wp-content\/uploads\/2019\/12\/salle-a-manger-salon-design-sainte-rose-03.jpg 1024w\" sizes=\"auto, (max-width: 922px) 100vw, 922px\" \/><\/a><\/figure>\n\n\n\n<figure class=\"wp-block-image size-large\"><a href=\"https:\/\/versastyledesign.ca\/wp-content\/uploads\/2019\/12\/salle-a-manger-salon-design-sainte-rose-04-655x1024.jpg\"><img loading=\"lazy\" decoding=\"async\" width=\"655\" height=\"1024\" data-id=\"17102\" src=\"https:\/\/versastyledesign.ca\/wp-content\/uploads\/2019\/12\/salle-a-manger-salon-design-sainte-rose-04-655x1024.jpg\" alt=\"\" class=\"wp-image-17102\" srcset=\"https:\/\/versastyledesign.ca\/wp-content\/uploads\/2019\/12\/salle-a-manger-salon-design-sainte-rose-04-655x1024.jpg 655w, https:\/\/versastyledesign.ca\/wp-content\/uploads\/2019\/12\/salle-a-manger-salon-design-sainte-rose-04-192x300.jpg 192w, https:\/\/versastyledesign.ca\/wp-content\/uploads\/2019\/12\/salle-a-manger-salon-design-sainte-rose-04-768x1201.jpg 768w, https:\/\/versastyledesign.ca\/wp-content\/uploads\/2019\/12\/salle-a-manger-salon-design-sainte-rose-04-982x1536.jpg 982w, https:\/\/versastyledesign.ca\/wp-content\/uploads\/2019\/12\/salle-a-manger-salon-design-sainte-rose-04.jpg 1060w\" sizes=\"auto, (max-width: 655px) 100vw, 655px\" \/><\/a><\/figure>\n\n\n\n<figure class=\"wp-block-image size-large\"><a href=\"https:\/\/versastyledesign.ca\/wp-content\/uploads\/2019\/12\/salle-a-manger-salon-design-sainte-rose-05-693x1024.jpg\"><img loading=\"lazy\" decoding=\"async\" width=\"693\" height=\"1024\" data-id=\"17104\" src=\"https:\/\/versastyledesign.ca\/wp-content\/uploads\/2019\/12\/salle-a-manger-salon-design-sainte-rose-05-693x1024.jpg\" alt=\"\" class=\"wp-image-17104\" srcset=\"https:\/\/versastyledesign.ca\/wp-content\/uploads\/2019\/12\/salle-a-manger-salon-design-sainte-rose-05-693x1024.jpg 693w, https:\/\/versastyledesign.ca\/wp-content\/uploads\/2019\/12\/salle-a-manger-salon-design-sainte-rose-05-203x300.jpg 203w, https:\/\/versastyledesign.ca\/wp-content\/uploads\/2019\/12\/salle-a-manger-salon-design-sainte-rose-05-768x1135.jpg 768w, https:\/\/versastyledesign.ca\/wp-content\/uploads\/2019\/12\/salle-a-manger-salon-design-sainte-rose-05-1039x1536.jpg 1039w, https:\/\/versastyledesign.ca\/wp-content\/uploads\/2019\/12\/salle-a-manger-salon-design-sainte-rose-05.jpg 1080w\" sizes=\"auto, (max-width: 693px) 100vw, 693px\" \/><\/a><\/figure>\n\n\n\n<figure class=\"wp-block-image size-large\"><a href=\"https:\/\/versastyledesign.ca\/wp-content\/uploads\/2019\/12\/salle-a-manger-salon-design-sainte-rose-06-649x1024.jpg\"><img loading=\"lazy\" decoding=\"async\" width=\"649\" height=\"1024\" data-id=\"17106\" src=\"https:\/\/versastyledesign.ca\/wp-content\/uploads\/2019\/12\/salle-a-manger-salon-design-sainte-rose-06-649x1024.jpg\" alt=\"\" class=\"wp-image-17106\" srcset=\"https:\/\/versastyledesign.ca\/wp-content\/uploads\/2019\/12\/salle-a-manger-salon-design-sainte-rose-06-649x1024.jpg 649w, https:\/\/versastyledesign.ca\/wp-content\/uploads\/2019\/12\/salle-a-manger-salon-design-sainte-rose-06-190x300.jpg 190w, https:\/\/versastyledesign.ca\/wp-content\/uploads\/2019\/12\/salle-a-manger-salon-design-sainte-rose-06-768x1213.jpg 768w, https:\/\/versastyledesign.ca\/wp-content\/uploads\/2019\/12\/salle-a-manger-salon-design-sainte-rose-06.jpg 905w\" sizes=\"auto, (max-width: 649px) 100vw, 649px\" \/><\/a><\/figure>\n\n\n\n<figure class=\"wp-block-image size-large\"><a href=\"https:\/\/versastyledesign.ca\/wp-content\/uploads\/2019\/12\/salle-a-manger-salon-design-sainte-rose-07-657x1024.jpg\"><img loading=\"lazy\" decoding=\"async\" width=\"657\" height=\"1024\" data-id=\"17108\" src=\"https:\/\/versastyledesign.ca\/wp-content\/uploads\/2019\/12\/salle-a-manger-salon-design-sainte-rose-07-657x1024.jpg\" alt=\"\" class=\"wp-image-17108\" srcset=\"https:\/\/versastyledesign.ca\/wp-content\/uploads\/2019\/12\/salle-a-manger-salon-design-sainte-rose-07-657x1024.jpg 657w, https:\/\/versastyledesign.ca\/wp-content\/uploads\/2019\/12\/salle-a-manger-salon-design-sainte-rose-07-193x300.jpg 193w, https:\/\/versastyledesign.ca\/wp-content\/uploads\/2019\/12\/salle-a-manger-salon-design-sainte-rose-07-768x1197.jpg 768w, https:\/\/versastyledesign.ca\/wp-content\/uploads\/2019\/12\/salle-a-manger-salon-design-sainte-rose-07-986x1536.jpg 986w, https:\/\/versastyledesign.ca\/wp-content\/uploads\/2019\/12\/salle-a-manger-salon-design-sainte-rose-07.jpg 1012w\" sizes=\"auto, (max-width: 657px) 100vw, 657px\" \/><\/a><\/figure>\n\n\n\n<figure class=\"wp-block-image size-large\"><a href=\"https:\/\/versastyledesign.ca\/wp-content\/uploads\/2019\/12\/salle-a-manger-salon-design-sainte-rose-08-690x1024.jpg\"><img loading=\"lazy\" decoding=\"async\" width=\"690\" height=\"1024\" data-id=\"17110\" src=\"https:\/\/versastyledesign.ca\/wp-content\/uploads\/2019\/12\/salle-a-manger-salon-design-sainte-rose-08-690x1024.jpg\" alt=\"\" class=\"wp-image-17110\" srcset=\"https:\/\/versastyledesign.ca\/wp-content\/uploads\/2019\/12\/salle-a-manger-salon-design-sainte-rose-08-690x1024.jpg 690w, https:\/\/versastyledesign.ca\/wp-content\/uploads\/2019\/12\/salle-a-manger-salon-design-sainte-rose-08-202x300.jpg 202w, https:\/\/versastyledesign.ca\/wp-content\/uploads\/2019\/12\/salle-a-manger-salon-design-sainte-rose-08-768x1141.jpg 768w, https:\/\/versastyledesign.ca\/wp-content\/uploads\/2019\/12\/salle-a-manger-salon-design-sainte-rose-08-1034x1536.jpg 1034w, https:\/\/versastyledesign.ca\/wp-content\/uploads\/2019\/12\/salle-a-manger-salon-design-sainte-rose-08.jpg 1039w\" sizes=\"auto, (max-width: 690px) 100vw, 690px\" \/><\/a><\/figure>\n<\/figure>\n\n\n\n<div style=\"height:50px\" aria-hidden=\"true\" class=\"wp-block-spacer\"><\/div>\n\n\n\n<div class=\"wp-block-columns is-layout-flex wp-container-core-columns-is-layout-9d6595d7 wp-block-columns-is-layout-flex\">\n<div class=\"wp-block-column is-layout-flow wp-block-column-is-layout-flow\"><div class=\"wp-block-image\">\n<figure class=\"aligncenter size-large\"><img loading=\"lazy\" decoding=\"async\" width=\"850\" height=\"599\" src=\"https:\/\/versastyledesign.ca\/wp-content\/uploads\/2019\/11\/Design-de-salons-et-salles-a-manger-a-montreal-04.jpg\" alt=\"Design de salons et de salles \u00e0 manger \u00e0 Montr\u00e9al\" class=\"wp-image-13778\" srcset=\"https:\/\/versastyledesign.ca\/wp-content\/uploads\/2019\/11\/Design-de-salons-et-salles-a-manger-a-montreal-04.jpg 850w, https:\/\/versastyledesign.ca\/wp-content\/uploads\/2019\/11\/Design-de-salons-et-salles-a-manger-a-montreal-04-300x211.jpg 300w, https:\/\/versastyledesign.ca\/wp-content\/uploads\/2019\/11\/Design-de-salons-et-salles-a-manger-a-montreal-04-768x541.jpg 768w\" sizes=\"auto, (max-width: 850px) 100vw, 850px\" \/><\/figure>\n<\/div><\/div>\n\n\n\n<div class=\"wp-block-column is-layout-flow wp-block-column-is-layout-flow\">\n<h2 class=\"wp-block-heading has-text-align-center\">Design de salons et de salles \u00e0 manger \u00e0 Montr\u00e9al<\/h2>\n\n\n\n<p class=\"has-text-align-center\">Pour en savoir plus sur nos services de design de salon et de salle \u00e0 manger dans la grande r\u00e9gion de Montr\u00e9al. <\/p>\n\n\n\n<div class=\"wp-block-button button-custom aligncenter\"><a class=\"wp-block-button__link has-background wp-element-button\" href=\"\/?page_id=11782\" style=\"background-color:#d53652\">Salons et salles \u00e0 manger<\/a><\/div>\n<\/div>\n<\/div>\n\n\n\n<div style=\"height:50px\" aria-hidden=\"true\" class=\"wp-block-spacer\"><\/div>\n\n\n\n<h2 class=\"wp-block-heading\"><strong>\u00cates-vous situ\u00e9 dans la grande r\u00e9gion de Montr\u00e9al?<\/strong><\/h2>\n\n\n\n<p class=\"has-text-align-center\"><strong>Donnez vie \u00e0 votre projet de design avec Lucie.<\/strong><\/p>\n\n\n\n<div class=\"wp-block-buttons is-content-justification-center is-layout-flex wp-container-core-buttons-is-layout-16018d1d wp-block-buttons-is-layout-flex\">\n<div class=\"wp-block-button button-inverse\"><a class=\"wp-block-button__link has-text-color has-background has-link-color wp-element-button\" href=\"\/fr\/forfait-de-design-interieur\/versa-style-design-premiere-consultation\/\" style=\"color:#d53652;background-color:#f3f3f3\">Premi\u00e8re consultation<\/a><\/div>\n<\/div>\n\n\n\n<div style=\"height:25px\" aria-hidden=\"true\" class=\"wp-block-spacer\"><\/div>\n<p><a href=\"\/\/www.pinterest.com\/pin\/create\/button\/\" data-pin-do=\"buttonBookmark\" data-pin-color=\"red\" data-pin-height=\"128\"><img decoding=\"async\" src=\"\/\/assets.pinterest.com\/images\/pidgets\/pinit_fg_en_rect_red_28.png\" \/><\/a><\/p>","protected":false},"excerpt":{"rendered":"<p>Lieu: Sainte-Rose, Qu\u00e9bec Service de design: Concept \u00e0 aire ouverte, id\u00e9es et plan d\u2019am\u00e9nagement, conception de mobilier sur-mesure, palette de couleurs et recommandations pour les achats. Mat\u00e9riaux utilis\u00e9s : Table de salle \u00e0 manger en marbre, chaises modernes en tissus gris, banc de table sur-mesure en tissus gris, pendentifs de style industriel en fer et [&hellip;]<\/p>\n","protected":false},"author":2,"featured_media":17098,"parent":1840,"menu_order":0,"comment_status":"closed","ping_status":"closed","template":"","meta":{"advgb_blocks_editor_width":"","advgb_blocks_columns_visual_guide":"","_genesis_hide_title":false,"_genesis_hide_breadcrumbs":false,"_genesis_hide_singular_image":false,"_genesis_hide_footer_widgets":false,"_genesis_custom_body_class":"","_genesis_custom_post_class":"","_genesis_layout":"","footnotes":""},"class_list":{"0":"post-11443","1":"page","2":"type-page","3":"status-publish","4":"has-post-thumbnail","6":"entry"},"yoast_head":"<!-- This site is optimized with the Yoast SEO plugin v27.5 - https:\/\/yoast.com\/product\/yoast-seo-wordpress\/ -->\n<title>Design int\u00e9rieur de salon et salle \u00e0 manger \u00e0 Sainte-Rose, Qu\u00e9bec - Versa Style Design<\/title>\n<meta name=\"description\" content=\"Les clients voulaient une aire ouverte facile d\u2019entretien pour la famille, avec des couleurs riches et des mat\u00e9riaux bruts tel que la pierre et le bois.\" \/>\n<meta name=\"robots\" content=\"index, follow, max-snippet:-1, max-image-preview:large, max-video-preview:-1\" \/>\n<link rel=\"canonical\" href=\"https:\/\/versastyledesign.ca\/fr\/portfolio-de-design\/design-interieur-de-salon-et-salle-a-manger-a-sainte-rose\/\" \/>\n<meta property=\"og:locale\" content=\"fr_CA\" \/>\n<meta property=\"og:type\" content=\"article\" \/>\n<meta property=\"og:title\" content=\"Design int\u00e9rieur de salon et salle \u00e0 manger \u00e0 Sainte-Rose, Qu\u00e9bec - Versa Style Design\" \/>\n<meta property=\"og:description\" content=\"Les clients voulaient une aire ouverte facile d\u2019entretien pour la famille, avec des couleurs riches et des mat\u00e9riaux bruts tel que la pierre et le bois.\" \/>\n<meta property=\"og:url\" content=\"https:\/\/versastyledesign.ca\/fr\/portfolio-de-design\/design-interieur-de-salon-et-salle-a-manger-a-sainte-rose\/\" \/>\n<meta property=\"og:site_name\" content=\"Versa Style Design\" \/>\n<meta property=\"article:publisher\" content=\"https:\/\/www.facebook.com\/Versastyledesign?ref=hl\" \/>\n<meta property=\"article:modified_time\" content=\"2023-08-26T18:08:00+00:00\" \/>\n<meta property=\"og:image\" content=\"https:\/\/new.versastyledesign.ca\/wp-content\/uploads\/2019\/12\/salle-a-manger-salon-design-sainte-rose-02.jpg\" \/>\n\t<meta property=\"og:image:width\" content=\"954\" \/>\n\t<meta property=\"og:image:height\" content=\"1355\" \/>\n\t<meta property=\"og:image:type\" content=\"image\/jpeg\" \/>\n<meta name=\"twitter:label1\" content=\"Estimation du temps de lecture\" \/>\n\t<meta name=\"twitter:data1\" content=\"3 minutes\" \/>\n<script type=\"application\/ld+json\" class=\"yoast-schema-graph\">{\"@context\":\"https:\\\/\\\/schema.org\",\"@graph\":[{\"@type\":\"WebPage\",\"@id\":\"https:\\\/\\\/versastyledesign.ca\\\/fr\\\/portfolio-de-design\\\/design-interieur-de-salon-et-salle-a-manger-a-sainte-rose\\\/\",\"url\":\"https:\\\/\\\/versastyledesign.ca\\\/fr\\\/portfolio-de-design\\\/design-interieur-de-salon-et-salle-a-manger-a-sainte-rose\\\/\",\"name\":\"Design int\u00e9rieur de salon et salle \u00e0 manger \u00e0 Sainte-Rose, Qu\u00e9bec - Versa Style Design\",\"isPartOf\":{\"@id\":\"http:\\\/\\\/new.versastyledesign.ca\\\/fr\\\/#website\"},\"primaryImageOfPage\":{\"@id\":\"https:\\\/\\\/versastyledesign.ca\\\/fr\\\/portfolio-de-design\\\/design-interieur-de-salon-et-salle-a-manger-a-sainte-rose\\\/#primaryimage\"},\"image\":{\"@id\":\"https:\\\/\\\/versastyledesign.ca\\\/fr\\\/portfolio-de-design\\\/design-interieur-de-salon-et-salle-a-manger-a-sainte-rose\\\/#primaryimage\"},\"thumbnailUrl\":\"https:\\\/\\\/versastyledesign.ca\\\/wp-content\\\/uploads\\\/2019\\\/12\\\/salle-a-manger-salon-design-sainte-rose-02.jpg\",\"datePublished\":\"2019-05-12T12:27:42+00:00\",\"dateModified\":\"2023-08-26T18:08:00+00:00\",\"description\":\"Les clients voulaient une aire ouverte facile d\u2019entretien pour la famille, avec des couleurs riches et des mat\u00e9riaux bruts tel que la pierre et le bois.\",\"breadcrumb\":{\"@id\":\"https:\\\/\\\/versastyledesign.ca\\\/fr\\\/portfolio-de-design\\\/design-interieur-de-salon-et-salle-a-manger-a-sainte-rose\\\/#breadcrumb\"},\"inLanguage\":\"fr-CA\",\"potentialAction\":[{\"@type\":\"ReadAction\",\"target\":[\"https:\\\/\\\/versastyledesign.ca\\\/fr\\\/portfolio-de-design\\\/design-interieur-de-salon-et-salle-a-manger-a-sainte-rose\\\/\"]}]},{\"@type\":\"ImageObject\",\"inLanguage\":\"fr-CA\",\"@id\":\"https:\\\/\\\/versastyledesign.ca\\\/fr\\\/portfolio-de-design\\\/design-interieur-de-salon-et-salle-a-manger-a-sainte-rose\\\/#primaryimage\",\"url\":\"https:\\\/\\\/versastyledesign.ca\\\/wp-content\\\/uploads\\\/2019\\\/12\\\/salle-a-manger-salon-design-sainte-rose-02.jpg\",\"contentUrl\":\"https:\\\/\\\/versastyledesign.ca\\\/wp-content\\\/uploads\\\/2019\\\/12\\\/salle-a-manger-salon-design-sainte-rose-02.jpg\",\"width\":954,\"height\":1355},{\"@type\":\"BreadcrumbList\",\"@id\":\"https:\\\/\\\/versastyledesign.ca\\\/fr\\\/portfolio-de-design\\\/design-interieur-de-salon-et-salle-a-manger-a-sainte-rose\\\/#breadcrumb\",\"itemListElement\":[{\"@type\":\"ListItem\",\"position\":1,\"name\":\"Accueil\",\"item\":\"http:\\\/\\\/new.versastyledesign.ca\\\/fr\\\/\"},{\"@type\":\"ListItem\",\"position\":2,\"name\":\"Portfolio de Design\",\"item\":\"http:\\\/\\\/new.versastyledesign.ca\\\/fr\\\/design-portfolio\\\/\"},{\"@type\":\"ListItem\",\"position\":3,\"name\":\"Design int\u00e9rieur de salon et salle \u00e0 manger \u00e0 Sainte-Rose, Qu\u00e9bec\"}]},{\"@type\":\"WebSite\",\"@id\":\"http:\\\/\\\/new.versastyledesign.ca\\\/fr\\\/#website\",\"url\":\"http:\\\/\\\/new.versastyledesign.ca\\\/fr\\\/\",\"name\":\"Versa Style Design\",\"description\":\"Design d&#039;int\u00e9rieur et r\u00e9novations \u00e0 Montr\u00e9al\",\"publisher\":{\"@id\":\"http:\\\/\\\/new.versastyledesign.ca\\\/fr\\\/#organization\"},\"potentialAction\":[{\"@type\":\"SearchAction\",\"target\":{\"@type\":\"EntryPoint\",\"urlTemplate\":\"http:\\\/\\\/new.versastyledesign.ca\\\/fr\\\/?s={search_term_string}\"},\"query-input\":{\"@type\":\"PropertyValueSpecification\",\"valueRequired\":true,\"valueName\":\"search_term_string\"}}],\"inLanguage\":\"fr-CA\"},{\"@type\":\"Organization\",\"@id\":\"http:\\\/\\\/new.versastyledesign.ca\\\/fr\\\/#organization\",\"name\":\"Versa Style Design\",\"url\":\"http:\\\/\\\/new.versastyledesign.ca\\\/fr\\\/\",\"logo\":{\"@type\":\"ImageObject\",\"inLanguage\":\"fr-CA\",\"@id\":\"http:\\\/\\\/new.versastyledesign.ca\\\/fr\\\/#\\\/schema\\\/logo\\\/image\\\/\",\"url\":\"https:\\\/\\\/versastyledesign.ca\\\/wp-content\\\/uploads\\\/2019\\\/11\\\/Versa-Style-Design-logo.jpg\",\"contentUrl\":\"https:\\\/\\\/versastyledesign.ca\\\/wp-content\\\/uploads\\\/2019\\\/11\\\/Versa-Style-Design-logo.jpg\",\"width\":2099,\"height\":670,\"caption\":\"Versa Style Design\"},\"image\":{\"@id\":\"http:\\\/\\\/new.versastyledesign.ca\\\/fr\\\/#\\\/schema\\\/logo\\\/image\\\/\"},\"sameAs\":[\"https:\\\/\\\/www.facebook.com\\\/Versastyledesign?ref=hl\",\"https:\\\/\\\/x.com\\\/luciepitt\",\"https:\\\/\\\/www.instagram.com\\\/versastyledesign\\\/\",\"https:\\\/\\\/www.linkedin.com\\\/in\\\/lucie-pitt-54b0ba85\",\"https:\\\/\\\/www.pinterest.com\\\/versastyledesign\\\/\"]}]}<\/script>\n<!-- \/ Yoast SEO plugin. -->","yoast_head_json":{"title":"Design int\u00e9rieur de salon et salle \u00e0 manger \u00e0 Sainte-Rose, Qu\u00e9bec - Versa Style Design","description":"Les clients voulaient une aire ouverte facile d\u2019entretien pour la famille, avec des couleurs riches et des mat\u00e9riaux bruts tel que la pierre et le bois.","robots":{"index":"index","follow":"follow","max-snippet":"max-snippet:-1","max-image-preview":"max-image-preview:large","max-video-preview":"max-video-preview:-1"},"canonical":"https:\/\/versastyledesign.ca\/fr\/portfolio-de-design\/design-interieur-de-salon-et-salle-a-manger-a-sainte-rose\/","og_locale":"fr_CA","og_type":"article","og_title":"Design int\u00e9rieur de salon et salle \u00e0 manger \u00e0 Sainte-Rose, Qu\u00e9bec - Versa Style Design","og_description":"Les clients voulaient une aire ouverte facile d\u2019entretien pour la famille, avec des couleurs riches et des mat\u00e9riaux bruts tel que la pierre et le bois.","og_url":"https:\/\/versastyledesign.ca\/fr\/portfolio-de-design\/design-interieur-de-salon-et-salle-a-manger-a-sainte-rose\/","og_site_name":"Versa Style Design","article_publisher":"https:\/\/www.facebook.com\/Versastyledesign?ref=hl","article_modified_time":"2023-08-26T18:08:00+00:00","og_image":[{"width":954,"height":1355,"url":"https:\/\/new.versastyledesign.ca\/wp-content\/uploads\/2019\/12\/salle-a-manger-salon-design-sainte-rose-02.jpg","type":"image\/jpeg"}],"twitter_misc":{"Estimation du temps de lecture":"3 minutes"},"schema":{"@context":"https:\/\/schema.org","@graph":[{"@type":"WebPage","@id":"https:\/\/versastyledesign.ca\/fr\/portfolio-de-design\/design-interieur-de-salon-et-salle-a-manger-a-sainte-rose\/","url":"https:\/\/versastyledesign.ca\/fr\/portfolio-de-design\/design-interieur-de-salon-et-salle-a-manger-a-sainte-rose\/","name":"Design int\u00e9rieur de salon et salle \u00e0 manger \u00e0 Sainte-Rose, Qu\u00e9bec - Versa Style Design","isPartOf":{"@id":"http:\/\/new.versastyledesign.ca\/fr\/#website"},"primaryImageOfPage":{"@id":"https:\/\/versastyledesign.ca\/fr\/portfolio-de-design\/design-interieur-de-salon-et-salle-a-manger-a-sainte-rose\/#primaryimage"},"image":{"@id":"https:\/\/versastyledesign.ca\/fr\/portfolio-de-design\/design-interieur-de-salon-et-salle-a-manger-a-sainte-rose\/#primaryimage"},"thumbnailUrl":"https:\/\/versastyledesign.ca\/wp-content\/uploads\/2019\/12\/salle-a-manger-salon-design-sainte-rose-02.jpg","datePublished":"2019-05-12T12:27:42+00:00","dateModified":"2023-08-26T18:08:00+00:00","description":"Les clients voulaient une aire ouverte facile d\u2019entretien pour la famille, avec des couleurs riches et des mat\u00e9riaux bruts tel que la pierre et le bois.","breadcrumb":{"@id":"https:\/\/versastyledesign.ca\/fr\/portfolio-de-design\/design-interieur-de-salon-et-salle-a-manger-a-sainte-rose\/#breadcrumb"},"inLanguage":"fr-CA","potentialAction":[{"@type":"ReadAction","target":["https:\/\/versastyledesign.ca\/fr\/portfolio-de-design\/design-interieur-de-salon-et-salle-a-manger-a-sainte-rose\/"]}]},{"@type":"ImageObject","inLanguage":"fr-CA","@id":"https:\/\/versastyledesign.ca\/fr\/portfolio-de-design\/design-interieur-de-salon-et-salle-a-manger-a-sainte-rose\/#primaryimage","url":"https:\/\/versastyledesign.ca\/wp-content\/uploads\/2019\/12\/salle-a-manger-salon-design-sainte-rose-02.jpg","contentUrl":"https:\/\/versastyledesign.ca\/wp-content\/uploads\/2019\/12\/salle-a-manger-salon-design-sainte-rose-02.jpg","width":954,"height":1355},{"@type":"BreadcrumbList","@id":"https:\/\/versastyledesign.ca\/fr\/portfolio-de-design\/design-interieur-de-salon-et-salle-a-manger-a-sainte-rose\/#breadcrumb","itemListElement":[{"@type":"ListItem","position":1,"name":"Accueil","item":"http:\/\/new.versastyledesign.ca\/fr\/"},{"@type":"ListItem","position":2,"name":"Portfolio de Design","item":"http:\/\/new.versastyledesign.ca\/fr\/design-portfolio\/"},{"@type":"ListItem","position":3,"name":"Design int\u00e9rieur de salon et salle \u00e0 manger \u00e0 Sainte-Rose, Qu\u00e9bec"}]},{"@type":"WebSite","@id":"http:\/\/new.versastyledesign.ca\/fr\/#website","url":"http:\/\/new.versastyledesign.ca\/fr\/","name":"Versa Style Design","description":"Design d&#039;int\u00e9rieur et r\u00e9novations \u00e0 Montr\u00e9al","publisher":{"@id":"http:\/\/new.versastyledesign.ca\/fr\/#organization"},"potentialAction":[{"@type":"SearchAction","target":{"@type":"EntryPoint","urlTemplate":"http:\/\/new.versastyledesign.ca\/fr\/?s={search_term_string}"},"query-input":{"@type":"PropertyValueSpecification","valueRequired":true,"valueName":"search_term_string"}}],"inLanguage":"fr-CA"},{"@type":"Organization","@id":"http:\/\/new.versastyledesign.ca\/fr\/#organization","name":"Versa Style Design","url":"http:\/\/new.versastyledesign.ca\/fr\/","logo":{"@type":"ImageObject","inLanguage":"fr-CA","@id":"http:\/\/new.versastyledesign.ca\/fr\/#\/schema\/logo\/image\/","url":"https:\/\/versastyledesign.ca\/wp-content\/uploads\/2019\/11\/Versa-Style-Design-logo.jpg","contentUrl":"https:\/\/versastyledesign.ca\/wp-content\/uploads\/2019\/11\/Versa-Style-Design-logo.jpg","width":2099,"height":670,"caption":"Versa Style Design"},"image":{"@id":"http:\/\/new.versastyledesign.ca\/fr\/#\/schema\/logo\/image\/"},"sameAs":["https:\/\/www.facebook.com\/Versastyledesign?ref=hl","https:\/\/x.com\/luciepitt","https:\/\/www.instagram.com\/versastyledesign\/","https:\/\/www.linkedin.com\/in\/lucie-pitt-54b0ba85","https:\/\/www.pinterest.com\/versastyledesign\/"]}]}},"coauthors":[],"author_meta":{"author_link":"https:\/\/versastyledesign.ca\/fr\/author\/lucie-pitt\/","display_name":"Lucie Pitt"},"relative_dates":{"created":"Posted 7 ann\u00e9es ago","modified":"Updated 3 ann\u00e9es ago"},"absolute_dates":{"created":"Posted on 12 mai 2019","modified":"Updated on 26 ao\u00fbt 2023"},"absolute_dates_time":{"created":"Posted on 12 mai 2019 12 h 27 min","modified":"Updated on 26 ao\u00fbt 2023 14 h 08 min"},"featured_img_caption":"","featured_img":"https:\/\/versastyledesign.ca\/wp-content\/uploads\/2019\/12\/salle-a-manger-salon-design-sainte-rose-02.jpg","series_order":"","_links":{"self":[{"href":"https:\/\/versastyledesign.ca\/fr\/wp-json\/wp\/v2\/pages\/11443","targetHints":{"allow":["GET"]}}],"collection":[{"href":"https:\/\/versastyledesign.ca\/fr\/wp-json\/wp\/v2\/pages"}],"about":[{"href":"https:\/\/versastyledesign.ca\/fr\/wp-json\/wp\/v2\/types\/page"}],"author":[{"embeddable":true,"href":"https:\/\/versastyledesign.ca\/fr\/wp-json\/wp\/v2\/users\/2"}],"replies":[{"embeddable":true,"href":"https:\/\/versastyledesign.ca\/fr\/wp-json\/wp\/v2\/comments?post=11443"}],"version-history":[{"count":3,"href":"https:\/\/versastyledesign.ca\/fr\/wp-json\/wp\/v2\/pages\/11443\/revisions"}],"predecessor-version":[{"id":26316,"href":"https:\/\/versastyledesign.ca\/fr\/wp-json\/wp\/v2\/pages\/11443\/revisions\/26316"}],"up":[{"embeddable":true,"href":"https:\/\/versastyledesign.ca\/fr\/wp-json\/wp\/v2\/pages\/1840"}],"wp:featuredmedia":[{"embeddable":true,"href":"https:\/\/versastyledesign.ca\/fr\/wp-json\/wp\/v2\/media\/17098"}],"wp:attachment":[{"href":"https:\/\/versastyledesign.ca\/fr\/wp-json\/wp\/v2\/media?parent=11443"}],"curies":[{"name":"wp","href":"https:\/\/api.w.org\/{rel}","templated":true}]}}