{"id":12697,"date":"2019-09-19T11:16:02","date_gmt":"2019-09-19T11:16:02","guid":{"rendered":"https:\/\/montreal-interior-design.com\/montreal-basement-design\/"},"modified":"2025-10-01T00:04:25","modified_gmt":"2025-10-01T04:04:25","slug":"design-de-sous-sol-a-montreal","status":"publish","type":"page","link":"https:\/\/versastyledesign.ca\/fr\/design-interieur\/design-de-sous-sol-a-montreal\/","title":{"rendered":"Design de sous-sol \u00e0 Montr\u00e9al"},"content":{"rendered":"\n<div class=\"wp-block-columns has-2-columns is-layout-flex wp-container-core-columns-is-layout-9d6595d7 wp-block-columns-is-layout-flex\">\n<div class=\"wp-block-column is-layout-flow wp-block-column-is-layout-flow\">\n<figure class=\"wp-block-image size-large\"><img loading=\"lazy\" decoding=\"async\" width=\"850\" height=\"598\" src=\"https:\/\/versastyledesign.ca\/wp-content\/uploads\/2020\/03\/Design-de-sous-sol-a-montreal-01-1.jpg\" alt=\"Design de sous-sol \u00e0 Montr\u00e9al\" class=\"wp-image-19962\" srcset=\"https:\/\/versastyledesign.ca\/wp-content\/uploads\/2020\/03\/Design-de-sous-sol-a-montreal-01-1.jpg 850w, https:\/\/versastyledesign.ca\/wp-content\/uploads\/2020\/03\/Design-de-sous-sol-a-montreal-01-1-300x211.jpg 300w, https:\/\/versastyledesign.ca\/wp-content\/uploads\/2020\/03\/Design-de-sous-sol-a-montreal-01-1-768x540.jpg 768w\" sizes=\"auto, (max-width: 850px) 100vw, 850px\" \/><\/figure>\n\n\n\n<p><\/p>\n<\/div>\n\n\n\n<div class=\"wp-block-column is-layout-flow wp-block-column-is-layout-flow\">\n<p>Versa Style Design offre des services de design d\u2019int\u00e9rieur de sous-sol dans la grande r\u00e9gion de Montr\u00e9al. Que ce soit pour une consultation de design, durant laquelle des plans, id\u00e9es et esquisses sont mis \u00e0 votre disposition ou que ce soit pour le d\u00e9marrage d\u2019un projet cl\u00e9s en main et complet de vos r\u00e9novations, Versa Style Design s\u2019engage \u00e0 harmoniser ce projet \u00e0 vos besoins, style personnel et budget.<\/p>\n<\/div>\n<\/div>\n\n\n\n<p>Ces services de design de sous-sol commencent par une consultation \u00e0 votre domicile. \u00c0 ce moment, les aspects fondamentaux et sp\u00e9cifiques de l\u2019aventure se clarifient: le rangement n\u00e9cessaire et l\u2019utilisation principale de l\u2019espace. Gr\u00e2ce \u00e0 ces informations, Versa Style Design sera en mesure d\u2019adapter et de bonifier ses suggestions tout en ajoutant de la valeur \u00e0 votre maison, tant fonctionnelle que mon\u00e9taire.&nbsp;<\/p>\n\n\n\n<div style=\"height:50px\" aria-hidden=\"true\" class=\"wp-block-spacer\"><\/div>\n\n\n\n<h2 class=\"wp-block-heading has-text-align-center\">Design de sous-sol avec cin\u00e9ma maison<\/h2>\n\n\n\n<div class=\"wp-block-columns has-2-columns is-layout-flex wp-container-core-columns-is-layout-9d6595d7 wp-block-columns-is-layout-flex\">\n<div class=\"wp-block-column is-layout-flow wp-block-column-is-layout-flow\">\n<p>La plupart des grandes maisons ont une salle familiale secondaire au sous-sol qui inclut, dans les nouveaux concepts de sous-sol les plus populaires, un espace cin\u00e9ma maison avec des si\u00e8ges confortables pour toute la famille. Cette zone peut servir de salle de s\u00e9jour principale o\u00f9 toute la famille passe du temps ensemble ou de salle de repos dans laquelle un membre de la famille peut se retirer au calme. <\/p>\n<\/div>\n\n\n\n<div class=\"wp-block-column is-layout-flow wp-block-column-is-layout-flow\">\n<figure class=\"wp-block-image size-large\"><img loading=\"lazy\" decoding=\"async\" width=\"850\" height=\"599\" src=\"https:\/\/versastyledesign.ca\/wp-content\/uploads\/2020\/03\/Design-de-sous-sol-a-montreal-05-1.jpg\" alt=\"Design de sous-sol avec cin\u00e9ma maison\" class=\"wp-image-19964\" srcset=\"https:\/\/versastyledesign.ca\/wp-content\/uploads\/2020\/03\/Design-de-sous-sol-a-montreal-05-1.jpg 850w, https:\/\/versastyledesign.ca\/wp-content\/uploads\/2020\/03\/Design-de-sous-sol-a-montreal-05-1-300x211.jpg 300w, https:\/\/versastyledesign.ca\/wp-content\/uploads\/2020\/03\/Design-de-sous-sol-a-montreal-05-1-768x541.jpg 768w\" sizes=\"auto, (max-width: 850px) 100vw, 850px\" \/><\/figure>\n<\/div>\n<\/div>\n\n\n\n<p>Ce nouvel espace am\u00e9lior\u00e9 par Versa Style Design pourrait certainement devenir votre nouveau lieu favori pour, par exemple, regarder <em>Netflix<\/em> ou jouer \u00e0 des jeux vid\u00e9o avec des amis. <\/p>\n\n\n\n<div style=\"height:50px\" aria-hidden=\"true\" class=\"wp-block-spacer\"><\/div>\n\n\n\n<h2 class=\"wp-block-heading has-text-align-center\"> Design de sous-sol avec rangement <\/h2>\n\n\n\n<div class=\"wp-block-columns has-2-columns is-layout-flex wp-container-core-columns-is-layout-9d6595d7 wp-block-columns-is-layout-flex\">\n<div class=\"wp-block-column is-layout-flow wp-block-column-is-layout-flow\">\n<figure class=\"wp-block-image size-large\"><img loading=\"lazy\" decoding=\"async\" width=\"850\" height=\"567\" src=\"https:\/\/versastyledesign.ca\/wp-content\/uploads\/2020\/03\/Design-de-sous-sol-a-montreal-09-1.jpg\" alt=\" Design de sous-sol avec rangement \" class=\"wp-image-19966\" srcset=\"https:\/\/versastyledesign.ca\/wp-content\/uploads\/2020\/03\/Design-de-sous-sol-a-montreal-09-1.jpg 850w, https:\/\/versastyledesign.ca\/wp-content\/uploads\/2020\/03\/Design-de-sous-sol-a-montreal-09-1-300x200.jpg 300w, https:\/\/versastyledesign.ca\/wp-content\/uploads\/2020\/03\/Design-de-sous-sol-a-montreal-09-1-768x512.jpg 768w\" sizes=\"auto, (max-width: 850px) 100vw, 850px\" \/><\/figure>\n<\/div>\n\n\n\n<div class=\"wp-block-column is-layout-flow wp-block-column-is-layout-flow\">\n<p>La plupart des maisons ont d\u00e9sesp\u00e9r\u00e9ment besoin d\u2019espace de rangement suppl\u00e9mentaire. Quel meilleur endroit que le sous-sol pour organiser et d\u00e9sencombrer les espaces de vie principales et ainsi ajouter davantage de fonctionnalit\u00e9s \u00e0 votre maison? Pensez aux \u00e9quipements sportifs, de loisirs, aux outils, mat\u00e9riel de bricolage, jouets, photographies et collections que g\u00e9n\u00e8rent votre famille active. <\/p>\n<\/div>\n<\/div>\n\n\n\n<p>Votre famille s\u2019agrandit? Vous aurez besoin d\u2019espace de rangement suppl\u00e9mentaire. Dites-nous seulement ce que vous devez ranger et nous ajusterons nos recommandations de mani\u00e8re \u00e0 r\u00e9pondre ad\u00e9quatement \u00e0 vos besoins dans l\u2019\u00e9laboration de votre nouveau design de sous-sol. <\/p>\n\n\n\n<div style=\"height:50px\" aria-hidden=\"true\" class=\"wp-block-spacer\"><\/div>\n\n\n\n<h2 class=\"wp-block-heading has-text-align-center\"> Design de sous-sol avec une aire de jeux <\/h2>\n\n\n\n<div class=\"wp-block-columns has-2-columns is-layout-flex wp-container-core-columns-is-layout-9d6595d7 wp-block-columns-is-layout-flex\">\n<div class=\"wp-block-column is-layout-flow wp-block-column-is-layout-flow\">\n<p>Votre nouveau design de sous-sol devrait inclure un espace d\u00e9di\u00e9 pour les enfants? Sans probl\u00e8me. La famille moderne a une grande vari\u00e9t\u00e9 d\u2019int\u00e9r\u00eats et il est b\u00e9n\u00e9fique que les enfants aient leur propre espace pour explorer et jouer. En planifiant l\u2019organisation d\u2019une aire de jeux id\u00e9ale pour eux, Versa Style Design prendra en consid\u00e9ration que cet espace sera en partie d\u00e9di\u00e9 au d\u00e9veloppement de leurs passions, loisirs et amiti\u00e9s.<\/p>\n<\/div>\n\n\n\n<div class=\"wp-block-column is-layout-flow wp-block-column-is-layout-flow\">\n<figure class=\"wp-block-image size-large\"><img loading=\"lazy\" decoding=\"async\" width=\"850\" height=\"610\" src=\"https:\/\/versastyledesign.ca\/wp-content\/uploads\/2020\/03\/Design-de-sous-sol-a-montreal-03-1.jpg\" alt=\"Design de sous-sol avec une aire de jeux \" class=\"wp-image-19968\" srcset=\"https:\/\/versastyledesign.ca\/wp-content\/uploads\/2020\/03\/Design-de-sous-sol-a-montreal-03-1.jpg 850w, https:\/\/versastyledesign.ca\/wp-content\/uploads\/2020\/03\/Design-de-sous-sol-a-montreal-03-1-300x215.jpg 300w, https:\/\/versastyledesign.ca\/wp-content\/uploads\/2020\/03\/Design-de-sous-sol-a-montreal-03-1-768x551.jpg 768w\" sizes=\"auto, (max-width: 850px) 100vw, 850px\" \/><\/figure>\n<\/div>\n<\/div>\n\n\n\n<p>Ce travail de design consciencieux permettra \u00e0 vos enfants de r\u00e9ellement appr\u00e9cier cette zone et, qui sait, peut-\u00eatre que ces nouveaux syst\u00e8mes de rangement les aideront \u00e0 s\u2019organiser eux-m\u00eames? <\/p>\n\n\n\n<div style=\"height:50px\" aria-hidden=\"true\" class=\"wp-block-spacer\"><\/div>\n\n\n\n<h2 class=\"wp-block-heading has-text-align-center\"> Design de sous-sol avec un atelier <\/h2>\n\n\n\n<div class=\"wp-block-columns has-2-columns is-layout-flex wp-container-core-columns-is-layout-9d6595d7 wp-block-columns-is-layout-flex\">\n<div class=\"wp-block-column is-layout-flow wp-block-column-is-layout-flow\">\n<figure class=\"wp-block-image size-large\"><img loading=\"lazy\" decoding=\"async\" width=\"850\" height=\"793\" src=\"https:\/\/versastyledesign.ca\/wp-content\/uploads\/2020\/03\/Design-de-sous-sol-a-montreal-02-1.jpg\" alt=\"Design de sous-sol avec un atelier\" class=\"wp-image-19970\" srcset=\"https:\/\/versastyledesign.ca\/wp-content\/uploads\/2020\/03\/Design-de-sous-sol-a-montreal-02-1.jpg 850w, https:\/\/versastyledesign.ca\/wp-content\/uploads\/2020\/03\/Design-de-sous-sol-a-montreal-02-1-300x280.jpg 300w, https:\/\/versastyledesign.ca\/wp-content\/uploads\/2020\/03\/Design-de-sous-sol-a-montreal-02-1-768x716.jpg 768w\" sizes=\"auto, (max-width: 850px) 100vw, 850px\" \/><\/figure>\n<\/div>\n\n\n\n<div class=\"wp-block-column is-layout-flow wp-block-column-is-layout-flow\">\n<p>Certaines maisons qui ne sont pas munies d\u2019un grand garage manquent souvent d\u2019espace pour les bricoleuses\/bricoleurs de ce monde. Toutefois, un emplacement organis\u00e9 pour les outils, l\u2019\u00e9quipement et une surface de travail ad\u00e9quate peut souvent \u00eatre am\u00e9nag\u00e9 de mani\u00e8re strat\u00e9gique au sous-sol. C\u2019est la solution id\u00e9ale pour profiter d\u2019un atelier \u00e0 la maison, sans embourber une zone fonctionnelle importante. <\/p>\n<\/div>\n<\/div>\n\n\n\n<p>En int\u00e9grant \u00e0 ce projet d\u2019atelier vos besoins d\u2019acc\u00e8s, d\u2019organisation et de rangement, Versa Style Design saura r\u00e9aliser un espace adapt\u00e9 \u00e0 votre utilisation de celui-ci tout en agen\u00e7ant vos go\u00fbts.   <\/p>\n\n\n\n<div style=\"height:50px\" aria-hidden=\"true\" class=\"wp-block-spacer\"><\/div>\n\n\n\n<h2 class=\"wp-block-heading has-text-align-center\"> Design de sous-sol avec une buanderie <\/h2>\n\n\n\n<div class=\"wp-block-columns has-2-columns is-layout-flex wp-container-core-columns-is-layout-9d6595d7 wp-block-columns-is-layout-flex\">\n<div class=\"wp-block-column is-layout-flow wp-block-column-is-layout-flow\">\n<p>Puisque que la buanderie ne requiert ni de grandes fen\u00eatres, ni de grande superficie, sa place au sous-sol est id\u00e9ale. Par contre, il n\u2019en demeure pas moins qu\u2019une buanderie fonctionnelle est essentielle dans le quotidien d\u2019une famille. <\/p>\n<\/div>\n\n\n\n<div class=\"wp-block-column is-layout-flow wp-block-column-is-layout-flow\">\n<figure class=\"wp-block-image size-large\"><img loading=\"lazy\" decoding=\"async\" width=\"850\" height=\"583\" src=\"https:\/\/versastyledesign.ca\/wp-content\/uploads\/2020\/03\/Design-de-sous-sol-a-montreal-06-1.jpg\" alt=\"Design de sous-sol avec une buanderie \" class=\"wp-image-19973\" srcset=\"https:\/\/versastyledesign.ca\/wp-content\/uploads\/2020\/03\/Design-de-sous-sol-a-montreal-06-1.jpg 850w, https:\/\/versastyledesign.ca\/wp-content\/uploads\/2020\/03\/Design-de-sous-sol-a-montreal-06-1-300x206.jpg 300w, https:\/\/versastyledesign.ca\/wp-content\/uploads\/2020\/03\/Design-de-sous-sol-a-montreal-06-1-768x527.jpg 768w\" sizes=\"auto, (max-width: 850px) 100vw, 850px\" \/><\/figure>\n<\/div>\n<\/div>\n\n\n\n<p>Versa Style Design comprend ce qu\u2019est une buanderie r\u00e9ellement  fonctionnelle en int\u00e9grant \u00e0 cet espace toutes les fonctionnalit\u00e9s et le  rangement n\u00e9cessaires de fa\u00e7on \u00e0 r\u00e9volutionner et faciliter votre  mani\u00e8re de faire la lessive.   Si vous souhaitez int\u00e9grer une buanderie \u00e0  votre sous-sol, faites-le nous savoir!   <\/p>\n\n\n\n<div style=\"height:50px\" aria-hidden=\"true\" class=\"wp-block-spacer\"><\/div>\n\n\n\n<h2 class=\"wp-block-heading has-text-align-center\"> Design de sous-sol avec une chambre <\/h2>\n\n\n\n<div class=\"wp-block-columns has-2-columns is-layout-flex wp-container-core-columns-is-layout-9d6595d7 wp-block-columns-is-layout-flex\">\n<div class=\"wp-block-column is-layout-flow wp-block-column-is-layout-flow\">\n<figure class=\"wp-block-image size-large\"><img loading=\"lazy\" decoding=\"async\" width=\"850\" height=\"675\" src=\"https:\/\/versastyledesign.ca\/wp-content\/uploads\/2020\/03\/Design-de-sous-sol-a-montreal-04-1.jpg\" alt=\"Design de sous-sol avec une chambre \" class=\"wp-image-19975\" srcset=\"https:\/\/versastyledesign.ca\/wp-content\/uploads\/2020\/03\/Design-de-sous-sol-a-montreal-04-1.jpg 850w, https:\/\/versastyledesign.ca\/wp-content\/uploads\/2020\/03\/Design-de-sous-sol-a-montreal-04-1-300x238.jpg 300w, https:\/\/versastyledesign.ca\/wp-content\/uploads\/2020\/03\/Design-de-sous-sol-a-montreal-04-1-768x610.jpg 768w\" sizes=\"auto, (max-width: 850px) 100vw, 850px\" \/><\/figure>\n<\/div>\n\n\n\n<div class=\"wp-block-column is-layout-flow wp-block-column-is-layout-flow\">\n<p>Peut-\u00eatre que votre famille s\u2019agrandit ou que vous souhaitez simplement ajouter une chambre d\u2019amis \u00e0 votre maison. Dans tous les cas, en ajoutant cette pi\u00e8ce au sous-sol, vous augmentez instantan\u00e9ment la valeur de votre maison. Versa Style Design saura adapter le design de cette pi\u00e8ce \u00e0 vos besoins, que ce soit une chambre permanente ou une chambre d\u2019amis pour laquelle un design plus neutre peut \u00eatre envisageable.  <\/p>\n<\/div>\n<\/div>\n\n\n\n<p>Ajoutez, au design de votre sous-sol, une chambre unique, au go\u00fbt de l\u2019occupant ou une chambre d\u2019amis, neutre et efficace. <\/p>\n\n\n\n<div style=\"height:50px\" aria-hidden=\"true\" class=\"wp-block-spacer\"><\/div>\n\n\n\n<h2 class=\"wp-block-heading has-text-align-center\"> Design de sous-sol avec un bureau \u00e0 domicile <\/h2>\n\n\n\n<div class=\"wp-block-columns has-2-columns is-layout-flex wp-container-core-columns-is-layout-9d6595d7 wp-block-columns-is-layout-flex\">\n<div class=\"wp-block-column is-layout-flow wp-block-column-is-layout-flow\">\n<p>Un bureau \u00e0 domicile peut \u00eatre tr\u00e8s utile, et ce, que ce soit pour toute la famille ou pour travailler efficacement. Ce bureau pourrait accueillir plusieurs personnes \u00e0 la fois, c\u2019est pourquoi il devra \u00eatre bien organis\u00e9 et bien con\u00e7u. Aussi, un bureau d\u00e9sencombr\u00e9 vous permettra d\u2019atteindre vos objectifs de productivit\u00e9 et Versa Style Design sait comment construire cet espace de la meilleure fa\u00e7on qui soit. <\/p>\n<\/div>\n\n\n\n<div class=\"wp-block-column is-layout-flow wp-block-column-is-layout-flow\">\n<figure class=\"wp-block-image size-large\"><img loading=\"lazy\" decoding=\"async\" width=\"850\" height=\"639\" src=\"https:\/\/versastyledesign.ca\/wp-content\/uploads\/2020\/03\/Design-de-sous-sol-a-montreal-07-1.jpg\" alt=\"Design de sous-sol avec un bureau \u00e0 domicile \" class=\"wp-image-19978\" srcset=\"https:\/\/versastyledesign.ca\/wp-content\/uploads\/2020\/03\/Design-de-sous-sol-a-montreal-07-1.jpg 850w, https:\/\/versastyledesign.ca\/wp-content\/uploads\/2020\/03\/Design-de-sous-sol-a-montreal-07-1-300x226.jpg 300w, https:\/\/versastyledesign.ca\/wp-content\/uploads\/2020\/03\/Design-de-sous-sol-a-montreal-07-1-768x577.jpg 768w\" sizes=\"auto, (max-width: 850px) 100vw, 850px\" \/><\/figure>\n<\/div>\n<\/div>\n\n\n\n<p>Vous ou votre famille avez besoin d\u2019un nouveau bureau \u00e0 la maison? Bien que d\u2019autres lieux peuvent mieux accueillir cette pi\u00e8ce dans la maison, c\u2019est souvent au sous-sol qui dispose du plus d\u2019espace disponible. Sachez qu\u2019avec l\u2019aide de Versa Style Design, l\u2019\u00e9clairage et l\u2019am\u00e9nagement esth\u00e9tique de votre bureau ne vous donneront pas l\u2019impression d\u2019\u00eatre au sous-sol. <\/p>\n\n\n\n<div style=\"height:50px\" aria-hidden=\"true\" class=\"wp-block-spacer\"><\/div>\n\n\n\n<h2 class=\"wp-block-heading has-text-align-center\"> Design de sous-sol avec un bar pour recevoir <\/h2>\n\n\n\n<div class=\"wp-block-columns has-2-columns is-layout-flex wp-container-core-columns-is-layout-9d6595d7 wp-block-columns-is-layout-flex\">\n<div class=\"wp-block-column is-layout-flow wp-block-column-is-layout-flow\">\n<figure class=\"wp-block-image size-large\"><img loading=\"lazy\" decoding=\"async\" width=\"850\" height=\"567\" src=\"https:\/\/versastyledesign.ca\/wp-content\/uploads\/2020\/03\/Design-de-sous-sol-a-montreal-08-1.jpg\" alt=\"Design de sous-sol avec un bar pour recevoir \" class=\"wp-image-19980\" srcset=\"https:\/\/versastyledesign.ca\/wp-content\/uploads\/2020\/03\/Design-de-sous-sol-a-montreal-08-1.jpg 850w, https:\/\/versastyledesign.ca\/wp-content\/uploads\/2020\/03\/Design-de-sous-sol-a-montreal-08-1-300x200.jpg 300w, https:\/\/versastyledesign.ca\/wp-content\/uploads\/2020\/03\/Design-de-sous-sol-a-montreal-08-1-768x512.jpg 768w\" sizes=\"auto, (max-width: 850px) 100vw, 850px\" \/><\/figure>\n<\/div>\n\n\n\n<div class=\"wp-block-column is-layout-flow wp-block-column-is-layout-flow\">\n<p>Si vous souhaitez que vos invit\u00e9s vivent une exp\u00e9rience conviviale lors de vos r\u00e9ceptions \u00e0 la maison, rien de mieux qu\u2019une zone festive avec un bar, une table de billard, une t\u00e9l\u00e9vision pour les \u00e9v\u00e8nements sportifs, etc. Dans cet espace, il sera possible de marier festivit\u00e9s et confort. <\/p>\n<\/div>\n<\/div>\n\n\n\n<p>Dans ce design de sous-sol, la section du bar peut inclure un r\u00e9frig\u00e9rateur int\u00e9gr\u00e9 \u00e0 l\u2019esth\u00e9tique, du rangement intelligent et un visuel chaleureux et invitant. Nous pouvons int\u00e9grer tous types d\u2019int\u00e9r\u00eats \u00e0 votre nouveau bar tels qu\u2019un jeu de fl\u00e9chettes, une table de billard, de ping-pong, de poker, d\u2019un espace pour les jeux de tables, etc. Franchement, tout est possible! <\/p>\n\n\n\n<div style=\"height:50px\" aria-hidden=\"true\" class=\"wp-block-spacer\"><\/div>\n\n\n\n<h2 class=\"wp-block-heading has-text-align-center anchor\" id=\"portfolio-sous-sol\">Portfolio de salle de s\u00e9jour au sous-sol<\/h2>\n\n\n\n<div class=\"wp-block-columns is-layout-flex wp-container-core-columns-is-layout-9d6595d7 wp-block-columns-is-layout-flex\">\n<div class=\"wp-block-column is-layout-flow wp-block-column-is-layout-flow\">\n<h4 class=\"wp-block-heading has-text-align-center\">Portfolio de design de salle de s\u00e9jour au sous-sol \u00e0 Saint-Lambert, Qc<\/h4>\n\n\n\n<figure class=\"wp-block-image size-large\"><img loading=\"lazy\" decoding=\"async\" width=\"1024\" height=\"768\" src=\"https:\/\/versastyledesign.ca\/wp-content\/uploads\/2022\/06\/Design-de-salon-a-Saint-Lambert-Quebec-5-1024x768.jpg\" alt=\"Design-de-salon-a-Saint-Lambert-Quebec\" class=\"wp-image-23809\" srcset=\"https:\/\/versastyledesign.ca\/wp-content\/uploads\/2022\/06\/Design-de-salon-a-Saint-Lambert-Quebec-5-1024x768.jpg 1024w, https:\/\/versastyledesign.ca\/wp-content\/uploads\/2022\/06\/Design-de-salon-a-Saint-Lambert-Quebec-5-300x225.jpg 300w, https:\/\/versastyledesign.ca\/wp-content\/uploads\/2022\/06\/Design-de-salon-a-Saint-Lambert-Quebec-5-768x576.jpg 768w, https:\/\/versastyledesign.ca\/wp-content\/uploads\/2022\/06\/Design-de-salon-a-Saint-Lambert-Quebec-5.jpg 1280w\" sizes=\"auto, (max-width: 1024px) 100vw, 1024px\" \/><\/figure>\n\n\n\n<p><\/p>\n\n\n\n<p class=\"has-text-align-center\">Profitant d\u2019une r\u00e9novation majeure compl\u00e8te du sous-sol, cette famille souhaitait un repaire familial mis \u00e0 jour et rafra\u00eechi.<\/p>\n\n\n\n<div class=\"wp-block-buttons is-content-justification-center is-layout-flex wp-container-core-buttons-is-layout-16018d1d wp-block-buttons-is-layout-flex\">\n<div class=\"wp-block-button button-custom\"><a class=\"wp-block-button__link has-text-color wp-element-button\" href=\"https:\/\/versastyledesign.ca\/fr\/portfolio-de-design\/portfolio-de-design-de-salle-de-sejour-au-sous-sol-a-saint-lambert-qc\/\" style=\"color:#d53652\">Voir le portfolio<\/a><\/div>\n<\/div>\n<\/div>\n\n\n\n<div class=\"wp-block-column is-layout-flow wp-block-column-is-layout-flow\"><\/div>\n<\/div>\n\n\n\n<div style=\"height:50px\" aria-hidden=\"true\" class=\"wp-block-spacer\"><\/div>\n\n\n\n<h2 class=\"wp-block-heading has-text-align-center anchor\" id=\"portfolio-sous-sol\">Portfolio de salle de bain et salle de lavage au sous-sol<\/h2>\n\n\n\n<div class=\"wp-block-columns is-layout-flex wp-container-core-columns-is-layout-9d6595d7 wp-block-columns-is-layout-flex\">\n<div class=\"wp-block-column is-layout-flow wp-block-column-is-layout-flow\">\n<h4 class=\"wp-block-heading has-text-align-center\">Design de salle de bain et de salle de lavage \u00e0 Saint-Lambert<\/h4>\n\n\n<div class=\"wp-block-image\">\n<figure class=\"aligncenter size-large\"><img loading=\"lazy\" decoding=\"async\" width=\"717\" height=\"1024\" src=\"https:\/\/versastyledesign.ca\/wp-content\/uploads\/2021\/12\/design-chambre-de-bain-a-saint-lambert-3-1-717x1024.jpg\" alt=\"design-chambre-de-bain-a-saint-lambert\" class=\"wp-image-22982\" srcset=\"https:\/\/versastyledesign.ca\/wp-content\/uploads\/2021\/12\/design-chambre-de-bain-a-saint-lambert-3-1-717x1024.jpg 717w, https:\/\/versastyledesign.ca\/wp-content\/uploads\/2021\/12\/design-chambre-de-bain-a-saint-lambert-3-1-210x300.jpg 210w, https:\/\/versastyledesign.ca\/wp-content\/uploads\/2021\/12\/design-chambre-de-bain-a-saint-lambert-3-1-768x1097.jpg 768w, https:\/\/versastyledesign.ca\/wp-content\/uploads\/2021\/12\/design-chambre-de-bain-a-saint-lambert-3-1.jpg 896w\" sizes=\"auto, (max-width: 717px) 100vw, 717px\" \/><\/figure>\n<\/div>\n\n\n<p class=\"has-text-align-center\">Les clients voulaient s\u00e9parer la zone buanderie de la salle de bain dans leur sous-sol.<\/p>\n\n\n\n<div class=\"wp-block-buttons is-content-justification-center is-layout-flex wp-container-core-buttons-is-layout-16018d1d wp-block-buttons-is-layout-flex\">\n<div class=\"wp-block-button button-custom\"><a class=\"wp-block-button__link has-text-color wp-element-button\" href=\"https:\/\/versastyledesign.ca\/fr\/portfolio-de-design\/design-de-salle-de-bain-et-de-salle-de-lavage-a-saint-lambert\/\" style=\"color:#d53652\">Voir le portfolio<\/a><\/div>\n<\/div>\n<\/div>\n\n\n\n<div class=\"wp-block-column is-layout-flow wp-block-column-is-layout-flow\">\n<h4 class=\"wp-block-heading has-text-align-center\">R\u00e9novation d\u2019une salle de lavage \u00e0 Chambly, Qu\u00e9bec<\/h4>\n\n\n<div class=\"wp-block-image\">\n<figure class=\"aligncenter size-full\"><img loading=\"lazy\" decoding=\"async\" width=\"627\" height=\"900\" src=\"https:\/\/versastyledesign.ca\/wp-content\/uploads\/2020\/03\/salle-de-lavage-renovation-chambly-quebec-03_2.jpg\" alt=\"\" class=\"wp-image-20045\" srcset=\"https:\/\/versastyledesign.ca\/wp-content\/uploads\/2020\/03\/salle-de-lavage-renovation-chambly-quebec-03_2.jpg 627w, https:\/\/versastyledesign.ca\/wp-content\/uploads\/2020\/03\/salle-de-lavage-renovation-chambly-quebec-03_2-209x300.jpg 209w\" sizes=\"auto, (max-width: 627px) 100vw, 627px\" \/><\/figure>\n<\/div>\n\n\n<p class=\"has-text-align-center\">Les clients d\u00e9siraient une salle de lavage ferm\u00e9e, bien \u00e9clair\u00e9e, styl\u00e9e et fonctionnelle dans une portion du sous-sol non r\u00e9nov\u00e9e.<\/p>\n\n\n\n<div class=\"wp-block-buttons is-content-justification-center is-layout-flex wp-container-core-buttons-is-layout-16018d1d wp-block-buttons-is-layout-flex\">\n<div class=\"wp-block-button button-custom\"><a class=\"wp-block-button__link has-text-color wp-element-button\" href=\"https:\/\/versastyledesign.ca\/fr\/portfolio-de-design\/renovation-salle-de-lavage-a-chambly-quebec\/\" style=\"color:#d53652\">Voir le portfolio<\/a><\/div>\n<\/div>\n<\/div>\n<\/div>\n\n\n\n<div style=\"height:50px\" aria-hidden=\"true\" class=\"wp-block-spacer\"><\/div>\n\n\n\n<h2 class=\"wp-block-heading has-text-align-center anchor\" id=\"portfolio-caves-a-vin\">Portfolio de caves \u00e0 vin au sous-sol<\/h2>\n\n\n\n<div class=\"wp-block-columns is-layout-flex wp-container-core-columns-is-layout-9d6595d7 wp-block-columns-is-layout-flex\">\n<div class=\"wp-block-column is-layout-flow wp-block-column-is-layout-flow\">\n<h4 class=\"wp-block-heading has-text-align-center\">Design et r\u00e9novation de cave \u00e0 vin \u00e0 Saint-Lambert<\/h4>\n\n\n\n<figure class=\"wp-block-image size-large\"><img loading=\"lazy\" decoding=\"async\" width=\"768\" height=\"1024\" src=\"https:\/\/versastyledesign.ca\/wp-content\/uploads\/2022\/07\/Design-et-renovation-de-cave-a-vin-a-Saint-Lambert-9-768x1024.jpg\" alt=\"Design-et-renovation-de-cave-a-vin-a-Saint-Lambert\" class=\"wp-image-23903\" srcset=\"https:\/\/versastyledesign.ca\/wp-content\/uploads\/2022\/07\/Design-et-renovation-de-cave-a-vin-a-Saint-Lambert-9-768x1024.jpg 768w, https:\/\/versastyledesign.ca\/wp-content\/uploads\/2022\/07\/Design-et-renovation-de-cave-a-vin-a-Saint-Lambert-9-225x300.jpg 225w, https:\/\/versastyledesign.ca\/wp-content\/uploads\/2022\/07\/Design-et-renovation-de-cave-a-vin-a-Saint-Lambert-9.jpg 960w\" sizes=\"auto, (max-width: 768px) 100vw, 768px\" \/><\/figure>\n\n\n\n<p><\/p>\n\n\n\n<p class=\"has-text-align-center\">Nos clients avaient une pi\u00e8ce de rangement encombr\u00e9e qu\u2019ils souhaitaient transformer en cave \u00e0 vin priv\u00e9e.<\/p>\n\n\n\n<div class=\"wp-block-buttons is-content-justification-center is-layout-flex wp-container-core-buttons-is-layout-16018d1d wp-block-buttons-is-layout-flex\">\n<div class=\"wp-block-button button-custom\"><a class=\"wp-block-button__link has-text-color wp-element-button\" href=\"https:\/\/versastyledesign.ca\/fr\/portfolio-de-design\/design-et-renovation-de-cave-a-vin-a-saint-lambert\/\" style=\"color:#d53652\">Voir le portfolio<\/a><\/div>\n<\/div>\n<\/div>\n\n\n\n<div class=\"wp-block-column is-layout-flow wp-block-column-is-layout-flow\"><\/div>\n<\/div>\n\n\n\n<div style=\"height:50px\" aria-hidden=\"true\" class=\"wp-block-spacer\"><\/div>\n\n\n\n<h2 class=\"wp-block-heading has-text-align-center anchor\" id=\"portfolio-gym-domicile\">Portfolio de salle de gym \u00e0 domicile au sous-sol<\/h2>\n\n\n\n<div class=\"wp-block-columns is-layout-flex wp-container-core-columns-is-layout-9d6595d7 wp-block-columns-is-layout-flex\">\n<div class=\"wp-block-column is-layout-flow wp-block-column-is-layout-flow\">\n<h4 class=\"wp-block-heading has-text-align-center\">Design de gym et salle d\u2019exercice \u00e0 domicile \u00e0 Saint-Lambert<\/h4>\n\n\n\n<figure class=\"wp-block-image size-large\"><img loading=\"lazy\" decoding=\"async\" width=\"768\" height=\"1024\" src=\"https:\/\/versastyledesign.ca\/wp-content\/uploads\/2022\/06\/design-de-salle-de-sport-a-domicile-a-Saint-Lambert-7-1-768x1024.jpg\" alt=\"design-de-salle-de-sport-a-domicile-a-Saint-Lambert\" class=\"wp-image-23865\" srcset=\"https:\/\/versastyledesign.ca\/wp-content\/uploads\/2022\/06\/design-de-salle-de-sport-a-domicile-a-Saint-Lambert-7-1-768x1024.jpg 768w, https:\/\/versastyledesign.ca\/wp-content\/uploads\/2022\/06\/design-de-salle-de-sport-a-domicile-a-Saint-Lambert-7-1-225x300.jpg 225w, https:\/\/versastyledesign.ca\/wp-content\/uploads\/2022\/06\/design-de-salle-de-sport-a-domicile-a-Saint-Lambert-7-1.jpg 960w\" sizes=\"auto, (max-width: 768px) 100vw, 768px\" \/><\/figure>\n\n\n\n<p><\/p>\n\n\n\n<p class=\"has-text-align-center\">Les clients ont demand\u00e9 un gym \u00e0 domicile moderne, fonctionnel, pouvant contenir tout leur \u00e9quipement d\u2019exercice, incluant une t\u00e9l\u00e9vision murale et un rangement pour les poids, les chaussures et les gants.<\/p>\n\n\n\n<div class=\"wp-block-buttons is-content-justification-center is-layout-flex wp-container-core-buttons-is-layout-16018d1d wp-block-buttons-is-layout-flex\">\n<div class=\"wp-block-button button-custom\"><a class=\"wp-block-button__link has-text-color wp-element-button\" href=\"https:\/\/versastyledesign.ca\/fr\/portfolio-de-design\/design-de-gym-et-salle-dexercice-a-domicile-a-saint-lambert\/\" style=\"color:#d53652\">Voir le portfolio<\/a><\/div>\n<\/div>\n<\/div>\n\n\n\n<div class=\"wp-block-column is-layout-flow wp-block-column-is-layout-flow\">\n<h4 class=\"wp-block-heading has-text-align-center\">Design de gym \u00e0 domicile dans le Vieux-Montr\u00e9al<\/h4>\n\n\n\n<figure class=\"wp-block-image size-large\"><img loading=\"lazy\" decoding=\"async\" width=\"1024\" height=\"768\" src=\"https:\/\/versastyledesign.ca\/wp-content\/uploads\/2022\/11\/Design-de-Gym-Vieux-Montreal-Avant-Apres-Portfolio-5-1024x768.jpg\" alt=\"Design-de-Gym-Vieux-Montreal-Avant-Apres-Portfolio\" class=\"wp-image-24465\" srcset=\"https:\/\/versastyledesign.ca\/wp-content\/uploads\/2022\/11\/Design-de-Gym-Vieux-Montreal-Avant-Apres-Portfolio-5-1024x768.jpg 1024w, https:\/\/versastyledesign.ca\/wp-content\/uploads\/2022\/11\/Design-de-Gym-Vieux-Montreal-Avant-Apres-Portfolio-5-300x225.jpg 300w, https:\/\/versastyledesign.ca\/wp-content\/uploads\/2022\/11\/Design-de-Gym-Vieux-Montreal-Avant-Apres-Portfolio-5-768x576.jpg 768w, https:\/\/versastyledesign.ca\/wp-content\/uploads\/2022\/11\/Design-de-Gym-Vieux-Montreal-Avant-Apres-Portfolio-5.jpg 1280w\" sizes=\"auto, (max-width: 1024px) 100vw, 1024px\" \/><\/figure>\n\n\n\n<p><\/p>\n\n\n\n<p class=\"has-text-align-center\">Le client avait une chambre libre dans son condo, nous avons donc mis en place une salle d\u2019entra\u00eenement \u00e0 domicile avec un rev\u00eatement de sol protecteur rembourr\u00e9 ainsi qu\u2019un excellent am\u00e9nagement avec de la place pour des appareils suppl\u00e9mentaires.<\/p>\n\n\n\n<div class=\"wp-block-buttons is-content-justification-center is-layout-flex wp-container-core-buttons-is-layout-16018d1d wp-block-buttons-is-layout-flex\">\n<div class=\"wp-block-button button-custom\"><a class=\"wp-block-button__link has-text-color wp-element-button\" href=\"https:\/\/versastyledesign.ca\/fr\/portfolio-de-design\/design-de-gym-a-domicile-dans-le-vieux-montreal\/\" style=\"color:#d53652\">Voir le portfolio<\/a><\/div>\n<\/div>\n<\/div>\n<\/div>\n\n\n\n<div style=\"height:50px\" aria-hidden=\"true\" class=\"wp-block-spacer\"><\/div>\n\n\n\n<h2 class=\"wp-block-heading\">Parlez-nous de votre design de sous-sol de r\u00eave<\/h2>\n\n\n\n<div class=\"wp-block-group\"><div class=\"wp-block-group__inner-container is-layout-constrained wp-block-group-is-layout-constrained\">\n<h2 class=\"wp-block-heading has-text-align-center\">Les services experts en design d\u2019int\u00e9rieur de Lucie<\/h2>\n\n\n\n<p class=\"has-text-align-center\">Pour donner suite \u00e0 votre <a href=\"https:\/\/versastyledesign.ca\/interior-design-packages\/versa-style-design-initial-consultation\/\">consultation initiale<\/a>, nous vous pr\u00e9sentons <br>3 diff\u00e9rentes offres de design :<\/p>\n\n\n\n<div class=\"wp-block-columns is-layout-flex wp-container-core-columns-is-layout-9d6595d7 wp-block-columns-is-layout-flex\">\n<div class=\"wp-block-column is-vertically-aligned-stretch service-package-column has-background is-layout-flow wp-block-column-is-layout-flow\" style=\"background-color:#f3f3f3\">\n<div style=\"height:25px\" aria-hidden=\"true\" class=\"wp-block-spacer\"><\/div>\n\n\n\n<h3 class=\"wp-block-heading\" id=\"single\" style=\"font-size:32px\"><strong><strong>Forfait <\/strong><\/strong><br><strong><strong>\u00ab&nbsp;Essentiels&nbsp;\u00bb<\/strong><\/strong><\/h3>\n\n\n\n<p class=\"has-black-color has-text-color has-link-color wp-elements-5a65b2cb4404fee5bd8d404c42e21756\" style=\"font-size:18px;line-height:1.5\"><strong><strong>Planifiez votre projet de design avec soin.<\/strong><\/strong><\/p>\n\n\n\n<ul style=\"font-size:18px\" class=\"has-black-color has-text-color has-link-color wp-block-list wp-elements-1c76177ce88e8f952518af66e68d261e\">\n<li>Visite \u00e0 domicile avec consultation<\/li>\n\n\n\n<li>S\u00e9ance de design et conception imm\u00e9diate chez vous<\/li>\n\n\n\n<li>Plans \u2013 esquisses \u00e0 main lev\u00e9e indiquant les dimensions et composantes<\/li>\n\n\n\n<li>Plans &#8211; esquisses d\u2019\u00e9l\u00e9vation (vue des murs) \u00e0 main lev\u00e9e en perspective 3D<\/li>\n\n\n\n<li>Strat\u00e9gies de rangement d\u00e9taill\u00e9es<\/li>\n\n\n\n<li>Id\u00e9es d\u2019optimisation de l\u2019espace<\/li>\n<\/ul>\n\n\n\n<div class=\"wp-block-buttons is-content-justification-center is-layout-flex wp-container-core-buttons-is-layout-e1485a7b wp-block-buttons-is-layout-flex\">\n<div class=\"wp-block-button has-custom-width wp-block-button__width-100 has-custom-font-size is-style-fill\" style=\"font-size:22px\"><a class=\"wp-block-button__link has-background wp-element-button\" href=\"\/fr?page_id=28026\" style=\"border-radius:0px;background-color:#d53652\">VOIR PLUS<\/a><\/div>\n<\/div>\n<\/div>\n\n\n\n<div class=\"wp-block-column is-vertically-aligned-stretch service-package-column has-background is-layout-flow wp-block-column-is-layout-flow\" style=\"background-color:#f3f3f3\">\n<div style=\"height:25px\" aria-hidden=\"true\" class=\"wp-block-spacer\"><\/div>\n\n\n\n<h3 class=\"wp-block-heading\" id=\"family\" style=\"font-size:32px\"><strong><strong>Forfait <\/strong><\/strong><br><strong><strong>\u00ab&nbsp;De Luxe&nbsp;\u00bb<\/strong><\/strong><\/h3>\n\n\n\n<p class=\"has-black-color has-text-color has-link-color wp-elements-6b193859a100ea8740d2054e37e38f61\" style=\"font-size:18px;line-height:1.5\"><strong>Le forfait \u00ab&nbsp;Essentiels&nbsp;\u00bb avec une attention suppl\u00e9mentaire aux moindres d\u00e9tails.<\/strong><\/p>\n\n\n\n<ul style=\"font-size:18px\" class=\"has-black-color has-text-color has-link-color wp-block-list wp-elements-73e2581ccb872abae621afd5938e97cd\">\n<li>Forfait \u00ab&nbsp;Essentiels&nbsp;\u00bb<\/li>\n\n\n\n<li>Processus d\u2019interview visuel efficace pour identifier vos pr\u00e9f\u00e9rences et style<\/li>\n\n\n\n<li>Nouvelle palette de couleurs et finitions<\/li>\n\n\n\n<li>Guide d\u00e9taill\u00e9 pour les achats<\/li>\n\n\n\n<li>Visites de salles de montre (priv\u00e9es et publics)<\/li>\n\n\n\n<li>\u00c9chantillons de mat\u00e9riaux et de marchandises<\/li>\n<\/ul>\n\n\n\n<div style=\"height:28px\" aria-hidden=\"true\" class=\"wp-block-spacer\"><\/div>\n\n\n\n<div class=\"wp-block-buttons is-content-justification-center is-layout-flex wp-container-core-buttons-is-layout-e1485a7b wp-block-buttons-is-layout-flex\">\n<div class=\"wp-block-button has-custom-width wp-block-button__width-100 has-custom-font-size is-style-fill\" style=\"font-size:22px\"><a class=\"wp-block-button__link has-background wp-element-button\" href=\"\/fr?page_id=28100\" style=\"border-radius:0px;background-color:#d53652\">VOIR PLUS<\/a><\/div>\n<\/div>\n<\/div>\n\n\n\n<div class=\"wp-block-column is-vertically-aligned-stretch service-package-column has-background is-layout-flow wp-block-column-is-layout-flow\" style=\"background-color:#f3f3f3\">\n<div style=\"height:25px\" aria-hidden=\"true\" class=\"wp-block-spacer\"><\/div>\n\n\n\n<h3 class=\"wp-block-heading\" id=\"patron\" style=\"font-size:32px\"><strong><strong>Forfait <\/strong><\/strong><br><strong><strong>\u00ab&nbsp;Signature&nbsp;\u00bb<\/strong><\/strong><\/h3>\n\n\n\n<p class=\"has-black-color has-text-color has-link-color wp-elements-b0fcad64831eca981f827a2b0e5265e7\" style=\"font-size:18px\"><strong><strong>Le forfait \u00ab&nbsp;De Luxe&nbsp;\u00bb avec des d\u00e9tails plus affin\u00e9s et une gestion de projet en plus.<\/strong><\/strong><\/p>\n\n\n\n<ul style=\"font-size:18px\" class=\"has-black-color has-text-color has-link-color wp-block-list wp-elements-56a774f26b8cdcdad90915e6c8904ba2\">\n<li>Forfait \u00ab&nbsp;Essentiels&nbsp;\u00bb<\/li>\n\n\n\n<li>Forfait \u00ab&nbsp;De Luxe&nbsp;\u00bb<\/li>\n\n\n\n<li>Recrutement des corps de m\u00e9tiers et n\u00e9gociations commerciales<\/li>\n\n\n\n<li>Plans AutoCAD et architecturaux 3D<\/li>\n\n\n\n<li>Achats assist\u00e9s<\/li>\n\n\n\n<li>Coordination des commandes et livraisons<\/li>\n\n\n\n<li>Supervision du projet<\/li>\n<\/ul>\n\n\n\n<div style=\"height:107px\" aria-hidden=\"true\" class=\"wp-block-spacer\"><\/div>\n\n\n\n<div class=\"wp-block-buttons is-content-justification-center is-layout-flex wp-container-core-buttons-is-layout-e1485a7b wp-block-buttons-is-layout-flex\">\n<div class=\"wp-block-button has-custom-width wp-block-button__width-100 has-custom-font-size is-style-fill\" style=\"font-size:22px\"><a class=\"wp-block-button__link has-background wp-element-button\" href=\"\/fr\/forfait-de-design-interieur\/forfait-signature-de-services-de-design-de-lucie\/\" style=\"border-radius:0px;background-color:#d53652\">VOIR PLUS<\/a><\/div>\n<\/div>\n<\/div>\n<\/div>\n<\/div><\/div>\n\n\n\n<div style=\"height:50px\" aria-hidden=\"true\" class=\"wp-block-spacer\"><\/div>\n\n\n\n<blockquote class=\"wp-block-quote is-layout-flow wp-block-quote-is-layout-flow\">\n<p>  <strong>\u00ab<\/strong> J\u2019ai l\u2019impression d\u2019\u00eatre d\u00e9m\u00e9nag\u00e9e et pourtant je suis au m\u00eame endroit! Les couleurs que tu as sugg\u00e9r\u00e9es avec la fa\u00e7on dont tu as plac\u00e9 les meubles et les bibelots mettent en valeur mon mobilier et cela donne l\u2019impression que la pi\u00e8ce est plus grande et plus accueillante! Encore une fois, un GROS merci!<strong> \u00bb<\/strong>  <\/p>\n<cite> <strong>Denise Cardinal<\/strong>,  Montr\u00e9al, QC. <\/cite><\/blockquote>\n\n\n\n<div style=\"height:50px\" aria-hidden=\"true\" class=\"wp-block-spacer\"><\/div>\n\n\n\n<h3 class=\"wp-block-heading\">\u00cates-vous situ\u00e9 dans la grande r\u00e9gion de Montr\u00e9al?<\/h3>\n\n\n\n<div style=\"height:50px\" aria-hidden=\"true\" class=\"wp-block-spacer\"><\/div>\n\n\n\n<div class=\"wp-block-buttons is-content-justification-center is-layout-flex wp-container-core-buttons-is-layout-16018d1d wp-block-buttons-is-layout-flex\">\n<div class=\"wp-block-button button-inverse\"><a class=\"wp-block-button__link has-text-color has-background has-link-color wp-element-button\" href=\"\/fr\/forfait-de-design-interieur\/versa-style-design-premiere-consultation\/\" style=\"color:#d53652;background-color:#f3f3f3\">Premi\u00e8re consultation<\/a><\/div>\n<\/div>\n\n\n\n<div style=\"height:25px\" aria-hidden=\"true\" class=\"wp-block-spacer\"><\/div>\n<p><a href=\"\/\/www.pinterest.com\/pin\/create\/button\/\" data-pin-do=\"buttonBookmark\" data-pin-color=\"red\" data-pin-height=\"128\"><img decoding=\"async\" src=\"\/\/assets.pinterest.com\/images\/pidgets\/pinit_fg_en_rect_red_28.png\" \/><\/a><\/p>","protected":false},"excerpt":{"rendered":"<p>Versa Style Design offre des services de design d\u2019int\u00e9rieur de sous-sol dans la grande r\u00e9gion de Montr\u00e9al. Que ce soit pour une consultation de design, durant laquelle des plans, id\u00e9es et esquisses sont mis \u00e0 votre disposition ou que ce soit pour le d\u00e9marrage d\u2019un projet cl\u00e9s en main et complet de vos r\u00e9novations, Versa [&hellip;]<\/p>\n","protected":false},"author":2,"featured_media":18534,"parent":1628,"menu_order":0,"comment_status":"closed","ping_status":"closed","template":"","meta":{"advgb_blocks_editor_width":"","advgb_blocks_columns_visual_guide":"","_genesis_hide_title":false,"_genesis_hide_breadcrumbs":false,"_genesis_hide_singular_image":false,"_genesis_hide_footer_widgets":false,"_genesis_custom_body_class":"","_genesis_custom_post_class":"","_genesis_layout":"","footnotes":""},"class_list":{"0":"post-12697","1":"page","2":"type-page","3":"status-publish","4":"has-post-thumbnail","6":"entry"},"yoast_head":"<!-- This site is optimized with the Yoast SEO plugin v27.4 - https:\/\/yoast.com\/product\/yoast-seo-wordpress\/ -->\n<title>Design de sous-sol \u00e0 Montr\u00e9al - Versa Style Design<\/title>\n<meta name=\"description\" content=\"Versa Style Design offre des services de design int\u00e9rieur et de r\u00e9novation de sous-sol dans la r\u00e9gion du Grand Montr\u00e9al.\" \/>\n<meta name=\"robots\" content=\"index, follow, max-snippet:-1, max-image-preview:large, max-video-preview:-1\" \/>\n<link rel=\"canonical\" href=\"https:\/\/versastyledesign.ca\/fr\/design-interieur\/design-de-sous-sol-a-montreal\/\" \/>\n<meta property=\"og:locale\" content=\"fr_CA\" \/>\n<meta property=\"og:type\" content=\"article\" \/>\n<meta property=\"og:title\" content=\"Design de sous-sol \u00e0 Montr\u00e9al - Versa Style Design\" \/>\n<meta property=\"og:description\" content=\"Versa Style Design offre des services de design int\u00e9rieur et de r\u00e9novation de sous-sol dans la r\u00e9gion du Grand Montr\u00e9al.\" \/>\n<meta property=\"og:url\" content=\"https:\/\/versastyledesign.ca\/fr\/design-interieur\/design-de-sous-sol-a-montreal\/\" \/>\n<meta property=\"og:site_name\" content=\"Versa Style Design\" \/>\n<meta property=\"article:publisher\" content=\"https:\/\/www.facebook.com\/Versastyledesign?ref=hl\" \/>\n<meta property=\"article:modified_time\" content=\"2025-10-01T04:04:25+00:00\" \/>\n<meta property=\"og:image\" content=\"http:\/\/new.versastyledesign.ca\/wp-content\/uploads\/2019\/12\/Design-de-sous-sol-a-montreal-01.jpg\" \/>\n\t<meta property=\"og:image:width\" content=\"850\" \/>\n\t<meta property=\"og:image:height\" content=\"598\" \/>\n\t<meta property=\"og:image:type\" content=\"image\/jpeg\" \/>\n<meta name=\"twitter:label1\" content=\"Estimation du temps de lecture\" \/>\n\t<meta name=\"twitter:data1\" content=\"10 minutes\" \/>\n<script type=\"application\/ld+json\" class=\"yoast-schema-graph\">{\"@context\":\"https:\\\/\\\/schema.org\",\"@graph\":[{\"@type\":\"WebPage\",\"@id\":\"https:\\\/\\\/versastyledesign.ca\\\/fr\\\/design-interieur\\\/design-de-sous-sol-a-montreal\\\/\",\"url\":\"https:\\\/\\\/versastyledesign.ca\\\/fr\\\/design-interieur\\\/design-de-sous-sol-a-montreal\\\/\",\"name\":\"Design de sous-sol \u00e0 Montr\u00e9al - Versa Style Design\",\"isPartOf\":{\"@id\":\"http:\\\/\\\/new.versastyledesign.ca\\\/fr\\\/#website\"},\"primaryImageOfPage\":{\"@id\":\"https:\\\/\\\/versastyledesign.ca\\\/fr\\\/design-interieur\\\/design-de-sous-sol-a-montreal\\\/#primaryimage\"},\"image\":{\"@id\":\"https:\\\/\\\/versastyledesign.ca\\\/fr\\\/design-interieur\\\/design-de-sous-sol-a-montreal\\\/#primaryimage\"},\"thumbnailUrl\":\"https:\\\/\\\/versastyledesign.ca\\\/wp-content\\\/uploads\\\/2019\\\/12\\\/Design-de-sous-sol-a-montreal-01.jpg\",\"datePublished\":\"2019-09-19T11:16:02+00:00\",\"dateModified\":\"2025-10-01T04:04:25+00:00\",\"description\":\"Versa Style Design offre des services de design int\u00e9rieur et de r\u00e9novation de sous-sol dans la r\u00e9gion du Grand Montr\u00e9al.\",\"breadcrumb\":{\"@id\":\"https:\\\/\\\/versastyledesign.ca\\\/fr\\\/design-interieur\\\/design-de-sous-sol-a-montreal\\\/#breadcrumb\"},\"inLanguage\":\"fr-CA\",\"potentialAction\":[{\"@type\":\"ReadAction\",\"target\":[\"https:\\\/\\\/versastyledesign.ca\\\/fr\\\/design-interieur\\\/design-de-sous-sol-a-montreal\\\/\"]}]},{\"@type\":\"ImageObject\",\"inLanguage\":\"fr-CA\",\"@id\":\"https:\\\/\\\/versastyledesign.ca\\\/fr\\\/design-interieur\\\/design-de-sous-sol-a-montreal\\\/#primaryimage\",\"url\":\"https:\\\/\\\/versastyledesign.ca\\\/wp-content\\\/uploads\\\/2019\\\/12\\\/Design-de-sous-sol-a-montreal-01.jpg\",\"contentUrl\":\"https:\\\/\\\/versastyledesign.ca\\\/wp-content\\\/uploads\\\/2019\\\/12\\\/Design-de-sous-sol-a-montreal-01.jpg\",\"width\":850,\"height\":598},{\"@type\":\"BreadcrumbList\",\"@id\":\"https:\\\/\\\/versastyledesign.ca\\\/fr\\\/design-interieur\\\/design-de-sous-sol-a-montreal\\\/#breadcrumb\",\"itemListElement\":[{\"@type\":\"ListItem\",\"position\":1,\"name\":\"Accueil\",\"item\":\"http:\\\/\\\/new.versastyledesign.ca\\\/fr\\\/\"},{\"@type\":\"ListItem\",\"position\":2,\"name\":\"Design Int\u00e9rieur\",\"item\":\"https:\\\/\\\/new.versastyledesign.ca\\\/fr\\\/design-interieur\\\/\"},{\"@type\":\"ListItem\",\"position\":3,\"name\":\"Design de sous-sol \u00e0 Montr\u00e9al\"}]},{\"@type\":\"WebSite\",\"@id\":\"http:\\\/\\\/new.versastyledesign.ca\\\/fr\\\/#website\",\"url\":\"http:\\\/\\\/new.versastyledesign.ca\\\/fr\\\/\",\"name\":\"Versa Style Design\",\"description\":\"Design d&#039;int\u00e9rieur et r\u00e9novations \u00e0 Montr\u00e9al\",\"publisher\":{\"@id\":\"http:\\\/\\\/new.versastyledesign.ca\\\/fr\\\/#organization\"},\"potentialAction\":[{\"@type\":\"SearchAction\",\"target\":{\"@type\":\"EntryPoint\",\"urlTemplate\":\"http:\\\/\\\/new.versastyledesign.ca\\\/fr\\\/?s={search_term_string}\"},\"query-input\":{\"@type\":\"PropertyValueSpecification\",\"valueRequired\":true,\"valueName\":\"search_term_string\"}}],\"inLanguage\":\"fr-CA\"},{\"@type\":\"Organization\",\"@id\":\"http:\\\/\\\/new.versastyledesign.ca\\\/fr\\\/#organization\",\"name\":\"Versa Style Design\",\"url\":\"http:\\\/\\\/new.versastyledesign.ca\\\/fr\\\/\",\"logo\":{\"@type\":\"ImageObject\",\"inLanguage\":\"fr-CA\",\"@id\":\"http:\\\/\\\/new.versastyledesign.ca\\\/fr\\\/#\\\/schema\\\/logo\\\/image\\\/\",\"url\":\"https:\\\/\\\/versastyledesign.ca\\\/wp-content\\\/uploads\\\/2019\\\/11\\\/Versa-Style-Design-logo.jpg\",\"contentUrl\":\"https:\\\/\\\/versastyledesign.ca\\\/wp-content\\\/uploads\\\/2019\\\/11\\\/Versa-Style-Design-logo.jpg\",\"width\":2099,\"height\":670,\"caption\":\"Versa Style Design\"},\"image\":{\"@id\":\"http:\\\/\\\/new.versastyledesign.ca\\\/fr\\\/#\\\/schema\\\/logo\\\/image\\\/\"},\"sameAs\":[\"https:\\\/\\\/www.facebook.com\\\/Versastyledesign?ref=hl\",\"https:\\\/\\\/x.com\\\/luciepitt\",\"https:\\\/\\\/www.instagram.com\\\/versastyledesign\\\/\",\"https:\\\/\\\/www.linkedin.com\\\/in\\\/lucie-pitt-54b0ba85\",\"https:\\\/\\\/www.pinterest.com\\\/versastyledesign\\\/\"]}]}<\/script>\n<!-- \/ Yoast SEO plugin. -->","yoast_head_json":{"title":"Design de sous-sol \u00e0 Montr\u00e9al - Versa Style Design","description":"Versa Style Design offre des services de design int\u00e9rieur et de r\u00e9novation de sous-sol dans la r\u00e9gion du Grand Montr\u00e9al.","robots":{"index":"index","follow":"follow","max-snippet":"max-snippet:-1","max-image-preview":"max-image-preview:large","max-video-preview":"max-video-preview:-1"},"canonical":"https:\/\/versastyledesign.ca\/fr\/design-interieur\/design-de-sous-sol-a-montreal\/","og_locale":"fr_CA","og_type":"article","og_title":"Design de sous-sol \u00e0 Montr\u00e9al - Versa Style Design","og_description":"Versa Style Design offre des services de design int\u00e9rieur et de r\u00e9novation de sous-sol dans la r\u00e9gion du Grand Montr\u00e9al.","og_url":"https:\/\/versastyledesign.ca\/fr\/design-interieur\/design-de-sous-sol-a-montreal\/","og_site_name":"Versa Style Design","article_publisher":"https:\/\/www.facebook.com\/Versastyledesign?ref=hl","article_modified_time":"2025-10-01T04:04:25+00:00","og_image":[{"width":850,"height":598,"url":"http:\/\/new.versastyledesign.ca\/wp-content\/uploads\/2019\/12\/Design-de-sous-sol-a-montreal-01.jpg","type":"image\/jpeg"}],"twitter_misc":{"Estimation du temps de lecture":"10 minutes"},"schema":{"@context":"https:\/\/schema.org","@graph":[{"@type":"WebPage","@id":"https:\/\/versastyledesign.ca\/fr\/design-interieur\/design-de-sous-sol-a-montreal\/","url":"https:\/\/versastyledesign.ca\/fr\/design-interieur\/design-de-sous-sol-a-montreal\/","name":"Design de sous-sol \u00e0 Montr\u00e9al - Versa Style Design","isPartOf":{"@id":"http:\/\/new.versastyledesign.ca\/fr\/#website"},"primaryImageOfPage":{"@id":"https:\/\/versastyledesign.ca\/fr\/design-interieur\/design-de-sous-sol-a-montreal\/#primaryimage"},"image":{"@id":"https:\/\/versastyledesign.ca\/fr\/design-interieur\/design-de-sous-sol-a-montreal\/#primaryimage"},"thumbnailUrl":"https:\/\/versastyledesign.ca\/wp-content\/uploads\/2019\/12\/Design-de-sous-sol-a-montreal-01.jpg","datePublished":"2019-09-19T11:16:02+00:00","dateModified":"2025-10-01T04:04:25+00:00","description":"Versa Style Design offre des services de design int\u00e9rieur et de r\u00e9novation de sous-sol dans la r\u00e9gion du Grand Montr\u00e9al.","breadcrumb":{"@id":"https:\/\/versastyledesign.ca\/fr\/design-interieur\/design-de-sous-sol-a-montreal\/#breadcrumb"},"inLanguage":"fr-CA","potentialAction":[{"@type":"ReadAction","target":["https:\/\/versastyledesign.ca\/fr\/design-interieur\/design-de-sous-sol-a-montreal\/"]}]},{"@type":"ImageObject","inLanguage":"fr-CA","@id":"https:\/\/versastyledesign.ca\/fr\/design-interieur\/design-de-sous-sol-a-montreal\/#primaryimage","url":"https:\/\/versastyledesign.ca\/wp-content\/uploads\/2019\/12\/Design-de-sous-sol-a-montreal-01.jpg","contentUrl":"https:\/\/versastyledesign.ca\/wp-content\/uploads\/2019\/12\/Design-de-sous-sol-a-montreal-01.jpg","width":850,"height":598},{"@type":"BreadcrumbList","@id":"https:\/\/versastyledesign.ca\/fr\/design-interieur\/design-de-sous-sol-a-montreal\/#breadcrumb","itemListElement":[{"@type":"ListItem","position":1,"name":"Accueil","item":"http:\/\/new.versastyledesign.ca\/fr\/"},{"@type":"ListItem","position":2,"name":"Design Int\u00e9rieur","item":"https:\/\/new.versastyledesign.ca\/fr\/design-interieur\/"},{"@type":"ListItem","position":3,"name":"Design de sous-sol \u00e0 Montr\u00e9al"}]},{"@type":"WebSite","@id":"http:\/\/new.versastyledesign.ca\/fr\/#website","url":"http:\/\/new.versastyledesign.ca\/fr\/","name":"Versa Style Design","description":"Design d&#039;int\u00e9rieur et r\u00e9novations \u00e0 Montr\u00e9al","publisher":{"@id":"http:\/\/new.versastyledesign.ca\/fr\/#organization"},"potentialAction":[{"@type":"SearchAction","target":{"@type":"EntryPoint","urlTemplate":"http:\/\/new.versastyledesign.ca\/fr\/?s={search_term_string}"},"query-input":{"@type":"PropertyValueSpecification","valueRequired":true,"valueName":"search_term_string"}}],"inLanguage":"fr-CA"},{"@type":"Organization","@id":"http:\/\/new.versastyledesign.ca\/fr\/#organization","name":"Versa Style Design","url":"http:\/\/new.versastyledesign.ca\/fr\/","logo":{"@type":"ImageObject","inLanguage":"fr-CA","@id":"http:\/\/new.versastyledesign.ca\/fr\/#\/schema\/logo\/image\/","url":"https:\/\/versastyledesign.ca\/wp-content\/uploads\/2019\/11\/Versa-Style-Design-logo.jpg","contentUrl":"https:\/\/versastyledesign.ca\/wp-content\/uploads\/2019\/11\/Versa-Style-Design-logo.jpg","width":2099,"height":670,"caption":"Versa Style Design"},"image":{"@id":"http:\/\/new.versastyledesign.ca\/fr\/#\/schema\/logo\/image\/"},"sameAs":["https:\/\/www.facebook.com\/Versastyledesign?ref=hl","https:\/\/x.com\/luciepitt","https:\/\/www.instagram.com\/versastyledesign\/","https:\/\/www.linkedin.com\/in\/lucie-pitt-54b0ba85","https:\/\/www.pinterest.com\/versastyledesign\/"]}]}},"coauthors":[],"author_meta":{"author_link":"https:\/\/versastyledesign.ca\/fr\/author\/lucie-pitt\/","display_name":"Lucie Pitt"},"relative_dates":{"created":"Posted 7 ann\u00e9es ago","modified":"Updated 7 mois ago"},"absolute_dates":{"created":"Posted on 19 septembre 2019","modified":"Updated on 1 octobre 2025"},"absolute_dates_time":{"created":"Posted on 19 septembre 2019 11 h 16 min","modified":"Updated on 1 octobre 2025 0 h 04 min"},"featured_img_caption":"","featured_img":"https:\/\/versastyledesign.ca\/wp-content\/uploads\/2019\/12\/Design-de-sous-sol-a-montreal-01.jpg","series_order":"","_links":{"self":[{"href":"https:\/\/versastyledesign.ca\/fr\/wp-json\/wp\/v2\/pages\/12697","targetHints":{"allow":["GET"]}}],"collection":[{"href":"https:\/\/versastyledesign.ca\/fr\/wp-json\/wp\/v2\/pages"}],"about":[{"href":"https:\/\/versastyledesign.ca\/fr\/wp-json\/wp\/v2\/types\/page"}],"author":[{"embeddable":true,"href":"https:\/\/versastyledesign.ca\/fr\/wp-json\/wp\/v2\/users\/2"}],"replies":[{"embeddable":true,"href":"https:\/\/versastyledesign.ca\/fr\/wp-json\/wp\/v2\/comments?post=12697"}],"version-history":[{"count":9,"href":"https:\/\/versastyledesign.ca\/fr\/wp-json\/wp\/v2\/pages\/12697\/revisions"}],"predecessor-version":[{"id":31186,"href":"https:\/\/versastyledesign.ca\/fr\/wp-json\/wp\/v2\/pages\/12697\/revisions\/31186"}],"up":[{"embeddable":true,"href":"https:\/\/versastyledesign.ca\/fr\/wp-json\/wp\/v2\/pages\/1628"}],"wp:featuredmedia":[{"embeddable":true,"href":"https:\/\/versastyledesign.ca\/fr\/wp-json\/wp\/v2\/media\/18534"}],"wp:attachment":[{"href":"https:\/\/versastyledesign.ca\/fr\/wp-json\/wp\/v2\/media?parent=12697"}],"curies":[{"name":"wp","href":"https:\/\/api.w.org\/{rel}","templated":true}]}}