{"id":1723,"date":"2015-06-25T15:40:44","date_gmt":"2015-06-25T15:40:44","guid":{"rendered":"http:\/\/montreal-interior-design.com\/design-interieur\/choisir-la-couleur-parfaite\/"},"modified":"2025-08-28T14:09:08","modified_gmt":"2025-08-28T18:09:08","slug":"choisir-la-couleur-parfaite","status":"publish","type":"page","link":"https:\/\/versastyledesign.ca\/fr\/design-interieur\/choisir-la-couleur-parfaite\/","title":{"rendered":"Consultation de couleurs pour votre maison \u00e0 Montr\u00e9al"},"content":{"rendered":"<div class=\"wp-block-image\">\n<figure class=\"aligncenter size-full is-resized\"><img loading=\"lazy\" decoding=\"async\" width=\"850\" height=\"498\" src=\"https:\/\/versastyledesign.ca\/wp-content\/uploads\/2020\/02\/consultation-de-couleurs-a-montreal-006.jpg\" alt=\"Consultation de couleurs pour votre maison \u00e0 Montr\u00e9al\" class=\"wp-image-19795\" style=\"width:425px;height:249px\" srcset=\"https:\/\/versastyledesign.ca\/wp-content\/uploads\/2020\/02\/consultation-de-couleurs-a-montreal-006.jpg 850w, https:\/\/versastyledesign.ca\/wp-content\/uploads\/2020\/02\/consultation-de-couleurs-a-montreal-006-300x176.jpg 300w, https:\/\/versastyledesign.ca\/wp-content\/uploads\/2020\/02\/consultation-de-couleurs-a-montreal-006-768x450.jpg 768w\" sizes=\"auto, (max-width: 850px) 100vw, 850px\" \/><\/figure>\n<\/div>\n\n\n<p><\/p>\n\n\n\n<p>Vous h\u00e9sitez sur la couleur \u00e0 choisir ou \nvous \u00eates en panne d`id\u00e9es de d\u00e9coration pour l`attrait int\u00e9rieur o\u00f9 \next\u00e9rieur de votre maison? Vous vous sentez d\u00e9pass\u00e9s par le choix de \ncouleurs, o\u00f9 peut-\u00eatre vendez-vous votre maison et voulez en augmenter \nsa valeur de revente?<\/p>\n\n\n\n<div style=\"height:50px\" aria-hidden=\"true\" class=\"wp-block-spacer\"><\/div>\n\n\n<div class=\"wp-block-image\">\n<figure class=\"aligncenter size-full is-resized\"><img loading=\"lazy\" decoding=\"async\" width=\"850\" height=\"422\" src=\"https:\/\/versastyledesign.ca\/wp-content\/uploads\/2020\/02\/consultation-de-couleurs-a-montreal-002.png\" alt=\"Consultation de couleurs pour votre maison \u00e0 Montr\u00e9al\" class=\"wp-image-19797\" style=\"width:425px;height:211px\" srcset=\"https:\/\/versastyledesign.ca\/wp-content\/uploads\/2020\/02\/consultation-de-couleurs-a-montreal-002.png 850w, https:\/\/versastyledesign.ca\/wp-content\/uploads\/2020\/02\/consultation-de-couleurs-a-montreal-002-300x149.png 300w, https:\/\/versastyledesign.ca\/wp-content\/uploads\/2020\/02\/consultation-de-couleurs-a-montreal-002-768x381.png 768w\" sizes=\"auto, (max-width: 850px) 100vw, 850px\" \/><\/figure>\n<\/div>\n\n\n<p><\/p>\n\n\n\n<p>Bien que vous soyez pr\u00eats \u00e0 faire un \nchangement, le choix des couleurs ou tons qui s`harmonisent avec \nl\u2019ensemble de vos possessions peut s`av\u00e9rer un v\u00e9ritable d\u00e9fi. Il est \npossible que vous h\u00e9sitiez, particuli\u00e8rement si vous avez fait un \nmauvais choix de couleurs par le pass\u00e9.<\/p>\n\n\n\n<div style=\"height:50px\" aria-hidden=\"true\" class=\"wp-block-spacer\"><\/div>\n\n\n\n<h2 class=\"wp-block-heading\">Couleurs parfaites pour la bonne ambiance<\/h2>\n\n\n\n<div class=\"wp-block-columns is-layout-flex wp-container-core-columns-is-layout-9d6595d7 wp-block-columns-is-layout-flex\">\n<div class=\"wp-block-column is-layout-flow wp-block-column-is-layout-flow\">\n<p>De tous les aspects de la d\u00e9coration, la \ncouleur est l\u2019\u00e9l\u00e9ment principal qui d\u00e9termine l\u2019ambiance d\u2019un \nenvironnement. Les professionnels de Versa Style Design vous aident \u00e0 \nfaire le bon choix afin que vos achats futurs soient dans les couleurs \nparfaites tout en affirmant votre style personnel.<\/p>\n<\/div>\n\n\n\n<div class=\"wp-block-column is-layout-flow wp-block-column-is-layout-flow\"><div class=\"wp-block-image\">\n<figure class=\"aligncenter size-medium\"><img loading=\"lazy\" decoding=\"async\" width=\"300\" height=\"200\" src=\"https:\/\/versastyledesign.ca\/wp-content\/uploads\/2020\/02\/consultation-de-couleurs-a-montreal-005-300x200.jpg\" alt=\"Couleurs parfaites pour la bonne ambiance\" class=\"wp-image-19799\" srcset=\"https:\/\/versastyledesign.ca\/wp-content\/uploads\/2020\/02\/consultation-de-couleurs-a-montreal-005-300x200.jpg 300w, https:\/\/versastyledesign.ca\/wp-content\/uploads\/2020\/02\/consultation-de-couleurs-a-montreal-005-768x512.jpg 768w, https:\/\/versastyledesign.ca\/wp-content\/uploads\/2020\/02\/consultation-de-couleurs-a-montreal-005.jpg 850w\" sizes=\"auto, (max-width: 300px) 100vw, 300px\" \/><\/figure>\n<\/div><\/div>\n<\/div>\n\n\n\n<div style=\"height:50px\" aria-hidden=\"true\" class=\"wp-block-spacer\"><\/div>\n\n\n\n<h2 class=\"wp-block-heading\">Couleurs parfaites pour l&rsquo;architecture<\/h2>\n\n\n\n<div class=\"wp-block-columns is-layout-flex wp-container-core-columns-is-layout-9d6595d7 wp-block-columns-is-layout-flex\">\n<div class=\"wp-block-column is-layout-flow wp-block-column-is-layout-flow\"><div class=\"wp-block-image\">\n<figure class=\"aligncenter size-medium\"><img loading=\"lazy\" decoding=\"async\" width=\"270\" height=\"300\" src=\"https:\/\/versastyledesign.ca\/wp-content\/uploads\/2020\/02\/consultation-de-couleurs-a-montreal-003-270x300.jpg\" alt=\"Couleurs parfaites pour l'architecture\" class=\"wp-image-19801\" srcset=\"https:\/\/versastyledesign.ca\/wp-content\/uploads\/2020\/02\/consultation-de-couleurs-a-montreal-003-270x300.jpg 270w, https:\/\/versastyledesign.ca\/wp-content\/uploads\/2020\/02\/consultation-de-couleurs-a-montreal-003-768x853.jpg 768w, https:\/\/versastyledesign.ca\/wp-content\/uploads\/2020\/02\/consultation-de-couleurs-a-montreal-003.jpg 850w\" sizes=\"auto, (max-width: 270px) 100vw, 270px\" \/><\/figure>\n<\/div><\/div>\n\n\n\n<div class=\"wp-block-column is-layout-flow wp-block-column-is-layout-flow\">\n<p>La bonne palette de couleurs et la bonne teinte peut faire para\u00eetre \nune petite pi\u00e8ce plus spacieuse, un plafond plus haut, ou donner une \nambiance chaleureuse et invitante \u00e0 une grande pi\u00e8ce. La couleur peut \nvaloriser les d\u00e9tails architecturaux d\u2019une pi\u00e8ce ou en minimiser les \naspects moins attrayants. La couleur a le pouvoir de d\u00e9terminer \nl\u2019ambiance souhait\u00e9e, qu\u2019elle soit tonifiante, sereine ou \u00e9l\u00e9gante. En \nplus, la couleur introduit un point d\u2019int\u00e9r\u00eat visuel dans l\u2019espace.<\/p>\n<\/div>\n<\/div>\n\n\n\n<div style=\"height:50px\" aria-hidden=\"true\" class=\"wp-block-spacer\"><\/div>\n\n\n\n<h2 class=\"wp-block-heading\">Des couleurs parfaites pour votre maison<\/h2>\n\n\n\n<div class=\"wp-block-columns is-layout-flex wp-container-core-columns-is-layout-9d6595d7 wp-block-columns-is-layout-flex\">\n<div class=\"wp-block-column is-layout-flow wp-block-column-is-layout-flow\">\n<p>Nous \u00e9valuerons votre mobilier ainsi que vos comptoirs, \u0153uvres d\u2019art,  tentures, le fini de vos planchers etc., afin que le choix des couleurs  s\u2019harmonise avec vos possessions actuelles. Nous vous proposerons  diff\u00e9rentes combinaisons de couleurs et nous vous remettrons, \u00e0 la fin  de la consultation, de larges \u00e9chantillons. <\/p>\n<\/div>\n\n\n\n<div class=\"wp-block-column is-layout-flow wp-block-column-is-layout-flow\"><div class=\"wp-block-image\">\n<figure class=\"aligncenter size-large\"><img loading=\"lazy\" decoding=\"async\" width=\"850\" height=\"567\" src=\"https:\/\/versastyledesign.ca\/wp-content\/uploads\/2020\/02\/consultation-de-couleurs-a-montreal-004.jpg\" alt=\"Des couleurs parfaites pour votre maison\" class=\"wp-image-19803\" srcset=\"https:\/\/versastyledesign.ca\/wp-content\/uploads\/2020\/02\/consultation-de-couleurs-a-montreal-004.jpg 850w, https:\/\/versastyledesign.ca\/wp-content\/uploads\/2020\/02\/consultation-de-couleurs-a-montreal-004-300x200.jpg 300w, https:\/\/versastyledesign.ca\/wp-content\/uploads\/2020\/02\/consultation-de-couleurs-a-montreal-004-768x512.jpg 768w\" sizes=\"auto, (max-width: 850px) 100vw, 850px\" \/><\/figure>\n<\/div><\/div>\n<\/div>\n\n\n\n<p>Vous aurez ainsi la  possibilit\u00e9 de les afficher sur le mur et comparer \u00e0 diff\u00e9rents moments  de la journ\u00e9e comment la lumi\u00e8re s\u2019y r\u00e9fl\u00e9chit, en plus de vous \u00eatre  bien utiles lors de vos achats d\u2019accessoires.<\/p>\n\n\n\n<div style=\"height:50px\" aria-hidden=\"true\" class=\"wp-block-spacer\"><\/div>\n\n\n\n<h2 class=\"wp-block-heading\">Consultation pour des couleurs parfaites<\/h2>\n\n\n\n<p><strong>Votre nouveau design de couleurs devra :<\/strong><\/p>\n\n\n\n<ul class=\"wp-block-list\">\n<li>Avoir l\u2019ambiance appropri\u00e9e pour vous<\/li>\n\n\n\n<li>Avoir des tons et des couleurs assortis<\/li>\n\n\n\n<li>Avoir la bonne palette de couleurs<\/li>\n\n\n\n<li>Harmoniser vos \u00e9l\u00e9ments fixes, votre mobilier et vos d\u00e9corations<\/li>\n\n\n\n<li>Combiner l\u2019ambiance parfaite et ses effets<\/li>\n\n\n\n<li>Am\u00e9liorer votre design architectural<\/li>\n\n\n\n<li>Cr\u00e9er un effet de grandeur et de hauteur \u00e0 votre pi\u00e8ce<\/li>\n\n\n\n<li>Et plus encore\u2026<\/li>\n<\/ul>\n\n\n\n<div style=\"height:50px\" aria-hidden=\"true\" class=\"wp-block-spacer\"><\/div>\n\n\n\n<h2 class=\"wp-block-heading\">Consultation de couleur \u00e0 domicile<\/h2>\n\n\n\n<div class=\"wp-block-columns is-layout-flex wp-container-core-columns-is-layout-9d6595d7 wp-block-columns-is-layout-flex\">\n<div class=\"wp-block-column is-layout-flow wp-block-column-is-layout-flow\"><div class=\"wp-block-image\">\n<figure class=\"aligncenter size-large\"><img loading=\"lazy\" decoding=\"async\" width=\"850\" height=\"534\" src=\"https:\/\/versastyledesign.ca\/wp-content\/uploads\/2020\/02\/consultation-de-couleurs-a-montreal-001.jpg\" alt=\"Consultation de couleur \u00e0 domicile\" class=\"wp-image-19805\" srcset=\"https:\/\/versastyledesign.ca\/wp-content\/uploads\/2020\/02\/consultation-de-couleurs-a-montreal-001.jpg 850w, https:\/\/versastyledesign.ca\/wp-content\/uploads\/2020\/02\/consultation-de-couleurs-a-montreal-001-300x188.jpg 300w, https:\/\/versastyledesign.ca\/wp-content\/uploads\/2020\/02\/consultation-de-couleurs-a-montreal-001-768x482.jpg 768w\" sizes=\"auto, (max-width: 850px) 100vw, 850px\" \/><\/figure>\n<\/div><\/div>\n\n\n\n<div class=\"wp-block-column is-layout-flow wp-block-column-is-layout-flow\">\n<p>La consultation de couleur \u00e0 domicile commence \u00e0 $425.00$ . Le prix est d\u00e9termin\u00e9 avec le nombre de pi\u00e8ces. Une visite \u00e0 votre domicile durant la journ\u00e9e nous permet d\u2019\u00e9valuer vos besoins en fonction de l\u2019espace et \u00e9changer sur vos go\u00fbts en mati\u00e8re de couleur et design.<\/p>\n<\/div>\n<\/div>\n\n\n\n<p>Une\n fois la consultation termin\u00e9e, nous pouvons vous offrir des conseils de\n d\u00e9coration, vous accompagner dans votre magasinage o\u00f9 vous proposer des\n r\u00e9f\u00e9rences si vous souhaitez faire effectuer les travaux par des \npeintres.<\/p>\n\n\n\n<p><strong>Pourquoi attendre? Transformez votre demeure de l\u2019ordinaire \u00e0 l\u2019extraordinaire. <\/strong><\/p>\n<p><a href=\"\/\/www.pinterest.com\/pin\/create\/button\/\" data-pin-do=\"buttonBookmark\" data-pin-color=\"red\" data-pin-height=\"128\"><img decoding=\"async\" src=\"\/\/assets.pinterest.com\/images\/pidgets\/pinit_fg_en_rect_red_28.png\" \/><\/a><\/p>","protected":false},"excerpt":{"rendered":"<p>Vous h\u00e9sitez sur la couleur \u00e0 choisir ou vous \u00eates en panne d`id\u00e9es de d\u00e9coration pour l`attrait int\u00e9rieur o\u00f9 ext\u00e9rieur de votre maison? Vous vous sentez d\u00e9pass\u00e9s par le choix de couleurs, o\u00f9 peut-\u00eatre vendez-vous votre maison et voulez en augmenter sa valeur de revente? Bien que vous soyez pr\u00eats \u00e0 faire un changement, le [&hellip;]<\/p>\n","protected":false},"author":2,"featured_media":19795,"parent":1628,"menu_order":0,"comment_status":"open","ping_status":"open","template":"","meta":{"advgb_blocks_editor_width":"","advgb_blocks_columns_visual_guide":"","_genesis_hide_title":false,"_genesis_hide_breadcrumbs":false,"_genesis_hide_singular_image":false,"_genesis_hide_footer_widgets":false,"_genesis_custom_body_class":"","_genesis_custom_post_class":"","_genesis_layout":"full-width-content","footnotes":""},"class_list":{"0":"post-1723","1":"page","2":"type-page","3":"status-publish","4":"has-post-thumbnail","6":"entry"},"yoast_head":"<!-- This site is optimized with the Yoast SEO plugin v27.5 - https:\/\/yoast.com\/product\/yoast-seo-wordpress\/ -->\n<title>Consultation de couleurs pour votre maison \u00e0 Montr\u00e9al - Versa Style Design<\/title>\n<meta name=\"description\" content=\"Choisir la couleur parfaite pour votre maison. Pourquoi attendre? Transformez votre demeure de l\u2019ordinaire \u00e0 l\u2019extraordinaire.\" \/>\n<meta name=\"robots\" content=\"index, follow, max-snippet:-1, max-image-preview:large, max-video-preview:-1\" \/>\n<link rel=\"canonical\" href=\"https:\/\/versastyledesign.ca\/fr\/design-interieur\/choisir-la-couleur-parfaite\/\" \/>\n<meta property=\"og:locale\" content=\"fr_CA\" \/>\n<meta property=\"og:type\" content=\"article\" \/>\n<meta property=\"og:title\" content=\"Consultation de couleurs pour votre maison \u00e0 Montr\u00e9al - Versa Style Design\" \/>\n<meta property=\"og:description\" content=\"Choisir la couleur parfaite pour votre maison. Pourquoi attendre? Transformez votre demeure de l\u2019ordinaire \u00e0 l\u2019extraordinaire.\" \/>\n<meta property=\"og:url\" content=\"https:\/\/versastyledesign.ca\/fr\/design-interieur\/choisir-la-couleur-parfaite\/\" \/>\n<meta property=\"og:site_name\" content=\"Versa Style Design\" \/>\n<meta property=\"article:publisher\" content=\"https:\/\/www.facebook.com\/Versastyledesign?ref=hl\" \/>\n<meta property=\"article:modified_time\" content=\"2025-08-28T18:09:08+00:00\" \/>\n<meta property=\"og:image\" content=\"https:\/\/new.versastyledesign.ca\/wp-content\/uploads\/2020\/02\/consultation-de-couleurs-a-montreal-006.jpg\" \/>\n\t<meta property=\"og:image:width\" content=\"850\" \/>\n\t<meta property=\"og:image:height\" content=\"498\" \/>\n\t<meta property=\"og:image:type\" content=\"image\/jpeg\" \/>\n<meta name=\"twitter:label1\" content=\"Estimation du temps de lecture\" \/>\n\t<meta name=\"twitter:data1\" content=\"4 minutes\" \/>\n<script type=\"application\/ld+json\" class=\"yoast-schema-graph\">{\"@context\":\"https:\\\/\\\/schema.org\",\"@graph\":[{\"@type\":\"WebPage\",\"@id\":\"https:\\\/\\\/versastyledesign.ca\\\/fr\\\/design-interieur\\\/choisir-la-couleur-parfaite\\\/\",\"url\":\"https:\\\/\\\/versastyledesign.ca\\\/fr\\\/design-interieur\\\/choisir-la-couleur-parfaite\\\/\",\"name\":\"Consultation de couleurs pour votre maison \u00e0 Montr\u00e9al - Versa Style Design\",\"isPartOf\":{\"@id\":\"http:\\\/\\\/new.versastyledesign.ca\\\/fr\\\/#website\"},\"primaryImageOfPage\":{\"@id\":\"https:\\\/\\\/versastyledesign.ca\\\/fr\\\/design-interieur\\\/choisir-la-couleur-parfaite\\\/#primaryimage\"},\"image\":{\"@id\":\"https:\\\/\\\/versastyledesign.ca\\\/fr\\\/design-interieur\\\/choisir-la-couleur-parfaite\\\/#primaryimage\"},\"thumbnailUrl\":\"https:\\\/\\\/versastyledesign.ca\\\/wp-content\\\/uploads\\\/2020\\\/02\\\/consultation-de-couleurs-a-montreal-006.jpg\",\"datePublished\":\"2015-06-25T15:40:44+00:00\",\"dateModified\":\"2025-08-28T18:09:08+00:00\",\"description\":\"Choisir la couleur parfaite pour votre maison. Pourquoi attendre? Transformez votre demeure de l\u2019ordinaire \u00e0 l\u2019extraordinaire.\",\"breadcrumb\":{\"@id\":\"https:\\\/\\\/versastyledesign.ca\\\/fr\\\/design-interieur\\\/choisir-la-couleur-parfaite\\\/#breadcrumb\"},\"inLanguage\":\"fr-CA\",\"potentialAction\":[{\"@type\":\"ReadAction\",\"target\":[\"https:\\\/\\\/versastyledesign.ca\\\/fr\\\/design-interieur\\\/choisir-la-couleur-parfaite\\\/\"]}]},{\"@type\":\"ImageObject\",\"inLanguage\":\"fr-CA\",\"@id\":\"https:\\\/\\\/versastyledesign.ca\\\/fr\\\/design-interieur\\\/choisir-la-couleur-parfaite\\\/#primaryimage\",\"url\":\"https:\\\/\\\/versastyledesign.ca\\\/wp-content\\\/uploads\\\/2020\\\/02\\\/consultation-de-couleurs-a-montreal-006.jpg\",\"contentUrl\":\"https:\\\/\\\/versastyledesign.ca\\\/wp-content\\\/uploads\\\/2020\\\/02\\\/consultation-de-couleurs-a-montreal-006.jpg\",\"width\":850,\"height\":498},{\"@type\":\"BreadcrumbList\",\"@id\":\"https:\\\/\\\/versastyledesign.ca\\\/fr\\\/design-interieur\\\/choisir-la-couleur-parfaite\\\/#breadcrumb\",\"itemListElement\":[{\"@type\":\"ListItem\",\"position\":1,\"name\":\"Accueil\",\"item\":\"http:\\\/\\\/new.versastyledesign.ca\\\/fr\\\/\"},{\"@type\":\"ListItem\",\"position\":2,\"name\":\"Design Int\u00e9rieur\",\"item\":\"https:\\\/\\\/new.versastyledesign.ca\\\/fr\\\/design-interieur\\\/\"},{\"@type\":\"ListItem\",\"position\":3,\"name\":\"Consultation de couleurs pour votre maison \u00e0 Montr\u00e9al\"}]},{\"@type\":\"WebSite\",\"@id\":\"http:\\\/\\\/new.versastyledesign.ca\\\/fr\\\/#website\",\"url\":\"http:\\\/\\\/new.versastyledesign.ca\\\/fr\\\/\",\"name\":\"Versa Style Design\",\"description\":\"Design d&#039;int\u00e9rieur et r\u00e9novations \u00e0 Montr\u00e9al\",\"publisher\":{\"@id\":\"http:\\\/\\\/new.versastyledesign.ca\\\/fr\\\/#organization\"},\"potentialAction\":[{\"@type\":\"SearchAction\",\"target\":{\"@type\":\"EntryPoint\",\"urlTemplate\":\"http:\\\/\\\/new.versastyledesign.ca\\\/fr\\\/?s={search_term_string}\"},\"query-input\":{\"@type\":\"PropertyValueSpecification\",\"valueRequired\":true,\"valueName\":\"search_term_string\"}}],\"inLanguage\":\"fr-CA\"},{\"@type\":\"Organization\",\"@id\":\"http:\\\/\\\/new.versastyledesign.ca\\\/fr\\\/#organization\",\"name\":\"Versa Style Design\",\"url\":\"http:\\\/\\\/new.versastyledesign.ca\\\/fr\\\/\",\"logo\":{\"@type\":\"ImageObject\",\"inLanguage\":\"fr-CA\",\"@id\":\"http:\\\/\\\/new.versastyledesign.ca\\\/fr\\\/#\\\/schema\\\/logo\\\/image\\\/\",\"url\":\"https:\\\/\\\/versastyledesign.ca\\\/wp-content\\\/uploads\\\/2019\\\/11\\\/Versa-Style-Design-logo.jpg\",\"contentUrl\":\"https:\\\/\\\/versastyledesign.ca\\\/wp-content\\\/uploads\\\/2019\\\/11\\\/Versa-Style-Design-logo.jpg\",\"width\":2099,\"height\":670,\"caption\":\"Versa Style Design\"},\"image\":{\"@id\":\"http:\\\/\\\/new.versastyledesign.ca\\\/fr\\\/#\\\/schema\\\/logo\\\/image\\\/\"},\"sameAs\":[\"https:\\\/\\\/www.facebook.com\\\/Versastyledesign?ref=hl\",\"https:\\\/\\\/x.com\\\/luciepitt\",\"https:\\\/\\\/www.instagram.com\\\/versastyledesign\\\/\",\"https:\\\/\\\/www.linkedin.com\\\/in\\\/lucie-pitt-54b0ba85\",\"https:\\\/\\\/www.pinterest.com\\\/versastyledesign\\\/\"]}]}<\/script>\n<!-- \/ Yoast SEO plugin. -->","yoast_head_json":{"title":"Consultation de couleurs pour votre maison \u00e0 Montr\u00e9al - Versa Style Design","description":"Choisir la couleur parfaite pour votre maison. Pourquoi attendre? Transformez votre demeure de l\u2019ordinaire \u00e0 l\u2019extraordinaire.","robots":{"index":"index","follow":"follow","max-snippet":"max-snippet:-1","max-image-preview":"max-image-preview:large","max-video-preview":"max-video-preview:-1"},"canonical":"https:\/\/versastyledesign.ca\/fr\/design-interieur\/choisir-la-couleur-parfaite\/","og_locale":"fr_CA","og_type":"article","og_title":"Consultation de couleurs pour votre maison \u00e0 Montr\u00e9al - Versa Style Design","og_description":"Choisir la couleur parfaite pour votre maison. Pourquoi attendre? Transformez votre demeure de l\u2019ordinaire \u00e0 l\u2019extraordinaire.","og_url":"https:\/\/versastyledesign.ca\/fr\/design-interieur\/choisir-la-couleur-parfaite\/","og_site_name":"Versa Style Design","article_publisher":"https:\/\/www.facebook.com\/Versastyledesign?ref=hl","article_modified_time":"2025-08-28T18:09:08+00:00","og_image":[{"width":850,"height":498,"url":"https:\/\/new.versastyledesign.ca\/wp-content\/uploads\/2020\/02\/consultation-de-couleurs-a-montreal-006.jpg","type":"image\/jpeg"}],"twitter_misc":{"Estimation du temps de lecture":"4 minutes"},"schema":{"@context":"https:\/\/schema.org","@graph":[{"@type":"WebPage","@id":"https:\/\/versastyledesign.ca\/fr\/design-interieur\/choisir-la-couleur-parfaite\/","url":"https:\/\/versastyledesign.ca\/fr\/design-interieur\/choisir-la-couleur-parfaite\/","name":"Consultation de couleurs pour votre maison \u00e0 Montr\u00e9al - Versa Style Design","isPartOf":{"@id":"http:\/\/new.versastyledesign.ca\/fr\/#website"},"primaryImageOfPage":{"@id":"https:\/\/versastyledesign.ca\/fr\/design-interieur\/choisir-la-couleur-parfaite\/#primaryimage"},"image":{"@id":"https:\/\/versastyledesign.ca\/fr\/design-interieur\/choisir-la-couleur-parfaite\/#primaryimage"},"thumbnailUrl":"https:\/\/versastyledesign.ca\/wp-content\/uploads\/2020\/02\/consultation-de-couleurs-a-montreal-006.jpg","datePublished":"2015-06-25T15:40:44+00:00","dateModified":"2025-08-28T18:09:08+00:00","description":"Choisir la couleur parfaite pour votre maison. Pourquoi attendre? Transformez votre demeure de l\u2019ordinaire \u00e0 l\u2019extraordinaire.","breadcrumb":{"@id":"https:\/\/versastyledesign.ca\/fr\/design-interieur\/choisir-la-couleur-parfaite\/#breadcrumb"},"inLanguage":"fr-CA","potentialAction":[{"@type":"ReadAction","target":["https:\/\/versastyledesign.ca\/fr\/design-interieur\/choisir-la-couleur-parfaite\/"]}]},{"@type":"ImageObject","inLanguage":"fr-CA","@id":"https:\/\/versastyledesign.ca\/fr\/design-interieur\/choisir-la-couleur-parfaite\/#primaryimage","url":"https:\/\/versastyledesign.ca\/wp-content\/uploads\/2020\/02\/consultation-de-couleurs-a-montreal-006.jpg","contentUrl":"https:\/\/versastyledesign.ca\/wp-content\/uploads\/2020\/02\/consultation-de-couleurs-a-montreal-006.jpg","width":850,"height":498},{"@type":"BreadcrumbList","@id":"https:\/\/versastyledesign.ca\/fr\/design-interieur\/choisir-la-couleur-parfaite\/#breadcrumb","itemListElement":[{"@type":"ListItem","position":1,"name":"Accueil","item":"http:\/\/new.versastyledesign.ca\/fr\/"},{"@type":"ListItem","position":2,"name":"Design Int\u00e9rieur","item":"https:\/\/new.versastyledesign.ca\/fr\/design-interieur\/"},{"@type":"ListItem","position":3,"name":"Consultation de couleurs pour votre maison \u00e0 Montr\u00e9al"}]},{"@type":"WebSite","@id":"http:\/\/new.versastyledesign.ca\/fr\/#website","url":"http:\/\/new.versastyledesign.ca\/fr\/","name":"Versa Style Design","description":"Design d&#039;int\u00e9rieur et r\u00e9novations \u00e0 Montr\u00e9al","publisher":{"@id":"http:\/\/new.versastyledesign.ca\/fr\/#organization"},"potentialAction":[{"@type":"SearchAction","target":{"@type":"EntryPoint","urlTemplate":"http:\/\/new.versastyledesign.ca\/fr\/?s={search_term_string}"},"query-input":{"@type":"PropertyValueSpecification","valueRequired":true,"valueName":"search_term_string"}}],"inLanguage":"fr-CA"},{"@type":"Organization","@id":"http:\/\/new.versastyledesign.ca\/fr\/#organization","name":"Versa Style Design","url":"http:\/\/new.versastyledesign.ca\/fr\/","logo":{"@type":"ImageObject","inLanguage":"fr-CA","@id":"http:\/\/new.versastyledesign.ca\/fr\/#\/schema\/logo\/image\/","url":"https:\/\/versastyledesign.ca\/wp-content\/uploads\/2019\/11\/Versa-Style-Design-logo.jpg","contentUrl":"https:\/\/versastyledesign.ca\/wp-content\/uploads\/2019\/11\/Versa-Style-Design-logo.jpg","width":2099,"height":670,"caption":"Versa Style Design"},"image":{"@id":"http:\/\/new.versastyledesign.ca\/fr\/#\/schema\/logo\/image\/"},"sameAs":["https:\/\/www.facebook.com\/Versastyledesign?ref=hl","https:\/\/x.com\/luciepitt","https:\/\/www.instagram.com\/versastyledesign\/","https:\/\/www.linkedin.com\/in\/lucie-pitt-54b0ba85","https:\/\/www.pinterest.com\/versastyledesign\/"]}]}},"coauthors":[],"author_meta":{"author_link":"https:\/\/versastyledesign.ca\/fr\/author\/lucie-pitt\/","display_name":"Lucie Pitt"},"relative_dates":{"created":"Posted 11 ann\u00e9es ago","modified":"Updated 8 mois ago"},"absolute_dates":{"created":"Posted on 25 juin 2015","modified":"Updated on 28 ao\u00fbt 2025"},"absolute_dates_time":{"created":"Posted on 25 juin 2015 15 h 40 min","modified":"Updated on 28 ao\u00fbt 2025 14 h 09 min"},"featured_img_caption":"","featured_img":"https:\/\/versastyledesign.ca\/wp-content\/uploads\/2020\/02\/consultation-de-couleurs-a-montreal-006.jpg","series_order":"","_links":{"self":[{"href":"https:\/\/versastyledesign.ca\/fr\/wp-json\/wp\/v2\/pages\/1723","targetHints":{"allow":["GET"]}}],"collection":[{"href":"https:\/\/versastyledesign.ca\/fr\/wp-json\/wp\/v2\/pages"}],"about":[{"href":"https:\/\/versastyledesign.ca\/fr\/wp-json\/wp\/v2\/types\/page"}],"author":[{"embeddable":true,"href":"https:\/\/versastyledesign.ca\/fr\/wp-json\/wp\/v2\/users\/2"}],"replies":[{"embeddable":true,"href":"https:\/\/versastyledesign.ca\/fr\/wp-json\/wp\/v2\/comments?post=1723"}],"version-history":[{"count":6,"href":"https:\/\/versastyledesign.ca\/fr\/wp-json\/wp\/v2\/pages\/1723\/revisions"}],"predecessor-version":[{"id":30718,"href":"https:\/\/versastyledesign.ca\/fr\/wp-json\/wp\/v2\/pages\/1723\/revisions\/30718"}],"up":[{"embeddable":true,"href":"https:\/\/versastyledesign.ca\/fr\/wp-json\/wp\/v2\/pages\/1628"}],"wp:featuredmedia":[{"embeddable":true,"href":"https:\/\/versastyledesign.ca\/fr\/wp-json\/wp\/v2\/media\/19795"}],"wp:attachment":[{"href":"https:\/\/versastyledesign.ca\/fr\/wp-json\/wp\/v2\/media?parent=1723"}],"curies":[{"name":"wp","href":"https:\/\/api.w.org\/{rel}","templated":true}]}}