{"id":18459,"date":"2019-12-17T18:46:20","date_gmt":"2019-12-17T18:46:20","guid":{"rendered":"https:\/\/versastyledesign.ca\/?page_id=18459"},"modified":"2025-09-30T15:15:39","modified_gmt":"2025-09-30T19:15:39","slug":"design-de-salon-et-de-salle-a-manger-a-boucherville","status":"publish","type":"page","link":"https:\/\/versastyledesign.ca\/fr\/portfolio-de-design\/design-de-salon-et-de-salle-a-manger-a-boucherville\/","title":{"rendered":"Design de salon et de salle \u00e0 manger \u00e0 Boucherville"},"content":{"rendered":"\n<div class=\"wp-block-columns is-layout-flex wp-container-core-columns-is-layout-9d6595d7 wp-block-columns-is-layout-flex\">\n<div class=\"wp-block-column is-layout-flow wp-block-column-is-layout-flow\">\n<p> <strong>Lieu: <\/strong>Boucherville, Qu\u00e9bec <\/p>\n\n\n\n<p><strong>Service de design:<\/strong> Concept de design pour une aire-ouverte, recommandations pour le mobilier et les accessoires, consultation pour les couleurs et finitions, recrutement des travailleurs sp\u00e9cialis\u00e9s et n\u00e9gociations, gestion de projet.<\/p>\n<\/div>\n\n\n\n<div class=\"wp-block-column is-layout-flow wp-block-column-is-layout-flow\">\n<figure class=\"wp-block-image size-large\"><img loading=\"lazy\" decoding=\"async\" width=\"850\" height=\"567\" src=\"https:\/\/versastyledesign.ca\/wp-content\/uploads\/2019\/12\/design-salons-salles-a-manger-boucherville-04.jpg\" alt=\"Design de salon et de salle \u00e0 manger \u00e0 Boucherville\" class=\"wp-image-18461\" srcset=\"https:\/\/versastyledesign.ca\/wp-content\/uploads\/2019\/12\/design-salons-salles-a-manger-boucherville-04.jpg 850w, https:\/\/versastyledesign.ca\/wp-content\/uploads\/2019\/12\/design-salons-salles-a-manger-boucherville-04-300x200.jpg 300w, https:\/\/versastyledesign.ca\/wp-content\/uploads\/2019\/12\/design-salons-salles-a-manger-boucherville-04-768x512.jpg 768w\" sizes=\"auto, (max-width: 850px) 100vw, 850px\" \/><\/figure>\n<\/div>\n<\/div>\n\n\n\n<p><strong>Mat\u00e9riaux utilis\u00e9s:<\/strong> Peinture Sherwin Williams, mur du foyer en pierre, plancher en ch\u00eane vernis, carpettes de couleurs neutres, \u0153uvres d&rsquo;art, tables \u00e0 caf\u00e9 et tables d&rsquo;appoint en bois, sofa sectionnel contemporain, chaise d&rsquo;appoint turquoise, tabourets en cuir turquoise. <\/p>\n\n\n\n<p><strong>Notre mandat: <\/strong>Nos clients souhaitaient une aire-ouverte \u00e9l\u00e9gante et contemporain o\u00f9 une harmonie r\u00e9gnait entre la cuisine, la salle \u00e0 manger et le salon. \u00c7a n\u2019a pas \u00e9t\u00e9 une t\u00e2che facile. Nous avons recrut\u00e9 les peintres pour recouvrir les murs d\u2019une nouvelle palette de couleurs fra\u00eeches; greige et turquoise. Nous avons s\u00e9lectionn\u00e9 un nouveau tapis aux tons neutres pour le salon et un tapis turquoise pour la salle \u00e0 manger. Nous avons assist\u00e9 nos clients durant toute la s\u00e9lection des mat\u00e9riaux, des finitions, des meubles, des coussins, des couleurs et durant la planification du design de l\u2019\u00e9tage. L&rsquo;espace de vie tout entier est \u00e9pur\u00e9, coh\u00e9sif et d\u00e9contract\u00e9; exactement ce que nos clients avaient demand\u00e9.<\/p>\n\n\n\n<div style=\"height:50px\" aria-hidden=\"true\" class=\"wp-block-spacer\"><\/div>\n\n\n\n<h2 class=\"wp-block-heading\">Design de salon et salle \u00e0 manger par Versa Style Design<\/h2>\n\n\n\n<figure class=\"wp-block-gallery has-nested-images columns-3 is-cropped wp-block-gallery-1 is-layout-flex wp-block-gallery-is-layout-flex\">\n<figure class=\"wp-block-image size-large\"><a href=\"https:\/\/versastyledesign.ca\/wp-content\/uploads\/2023\/08\/Living-room-and-dining-room-design-1024x683.jpg\"><img loading=\"lazy\" decoding=\"async\" width=\"1024\" height=\"683\" data-id=\"26282\" src=\"https:\/\/versastyledesign.ca\/wp-content\/uploads\/2023\/08\/Living-room-and-dining-room-design-1024x683.jpg\" alt=\"\" class=\"wp-image-26282\" srcset=\"https:\/\/versastyledesign.ca\/wp-content\/uploads\/2023\/08\/Living-room-and-dining-room-design-1024x683.jpg 1024w, https:\/\/versastyledesign.ca\/wp-content\/uploads\/2023\/08\/Living-room-and-dining-room-design-300x200.jpg 300w, https:\/\/versastyledesign.ca\/wp-content\/uploads\/2023\/08\/Living-room-and-dining-room-design-768x512.jpg 768w, https:\/\/versastyledesign.ca\/wp-content\/uploads\/2023\/08\/Living-room-and-dining-room-design-1536x1024.jpg 1536w, https:\/\/versastyledesign.ca\/wp-content\/uploads\/2023\/08\/Living-room-and-dining-room-design.jpg 1857w\" sizes=\"auto, (max-width: 1024px) 100vw, 1024px\" \/><\/a><\/figure>\n\n\n\n<figure class=\"wp-block-image size-large\"><a href=\"https:\/\/versastyledesign.ca\/wp-content\/uploads\/2023\/08\/living-room-dining-room-design-boucherville-05.jpg\"><img loading=\"lazy\" decoding=\"async\" width=\"850\" height=\"567\" data-id=\"26288\" src=\"https:\/\/versastyledesign.ca\/wp-content\/uploads\/2023\/08\/living-room-dining-room-design-boucherville-05.jpg\" alt=\"\" class=\"wp-image-26288\" srcset=\"https:\/\/versastyledesign.ca\/wp-content\/uploads\/2023\/08\/living-room-dining-room-design-boucherville-05.jpg 850w, https:\/\/versastyledesign.ca\/wp-content\/uploads\/2023\/08\/living-room-dining-room-design-boucherville-05-300x200.jpg 300w, https:\/\/versastyledesign.ca\/wp-content\/uploads\/2023\/08\/living-room-dining-room-design-boucherville-05-768x512.jpg 768w\" sizes=\"auto, (max-width: 850px) 100vw, 850px\" \/><\/a><\/figure>\n\n\n\n<figure class=\"wp-block-image size-large\"><a href=\"https:\/\/versastyledesign.ca\/wp-content\/uploads\/2023\/08\/living-room-dining-room-design-boucherville-06.jpg\"><img loading=\"lazy\" decoding=\"async\" width=\"850\" height=\"523\" data-id=\"26292\" src=\"https:\/\/versastyledesign.ca\/wp-content\/uploads\/2023\/08\/living-room-dining-room-design-boucherville-06.jpg\" alt=\"\" class=\"wp-image-26292\" srcset=\"https:\/\/versastyledesign.ca\/wp-content\/uploads\/2023\/08\/living-room-dining-room-design-boucherville-06.jpg 850w, https:\/\/versastyledesign.ca\/wp-content\/uploads\/2023\/08\/living-room-dining-room-design-boucherville-06-300x185.jpg 300w, https:\/\/versastyledesign.ca\/wp-content\/uploads\/2023\/08\/living-room-dining-room-design-boucherville-06-768x473.jpg 768w\" sizes=\"auto, (max-width: 850px) 100vw, 850px\" \/><\/a><\/figure>\n\n\n\n<figure class=\"wp-block-image size-large\"><a href=\"https:\/\/versastyledesign.ca\/wp-content\/uploads\/2023\/08\/living-room-dining-room-design-boucherville-09.jpg\"><img loading=\"lazy\" decoding=\"async\" width=\"850\" height=\"528\" data-id=\"26296\" src=\"https:\/\/versastyledesign.ca\/wp-content\/uploads\/2023\/08\/living-room-dining-room-design-boucherville-09.jpg\" alt=\"\" class=\"wp-image-26296\" srcset=\"https:\/\/versastyledesign.ca\/wp-content\/uploads\/2023\/08\/living-room-dining-room-design-boucherville-09.jpg 850w, https:\/\/versastyledesign.ca\/wp-content\/uploads\/2023\/08\/living-room-dining-room-design-boucherville-09-300x186.jpg 300w, https:\/\/versastyledesign.ca\/wp-content\/uploads\/2023\/08\/living-room-dining-room-design-boucherville-09-768x477.jpg 768w\" sizes=\"auto, (max-width: 850px) 100vw, 850px\" \/><\/a><\/figure>\n\n\n\n<figure class=\"wp-block-image size-large\"><a href=\"https:\/\/versastyledesign.ca\/wp-content\/uploads\/2023\/08\/living-room-dining-room-design-boucherville-08.jpg\"><img loading=\"lazy\" decoding=\"async\" width=\"850\" height=\"571\" data-id=\"26298\" src=\"https:\/\/versastyledesign.ca\/wp-content\/uploads\/2023\/08\/living-room-dining-room-design-boucherville-08.jpg\" alt=\"\" class=\"wp-image-26298\" srcset=\"https:\/\/versastyledesign.ca\/wp-content\/uploads\/2023\/08\/living-room-dining-room-design-boucherville-08.jpg 850w, https:\/\/versastyledesign.ca\/wp-content\/uploads\/2023\/08\/living-room-dining-room-design-boucherville-08-300x202.jpg 300w, https:\/\/versastyledesign.ca\/wp-content\/uploads\/2023\/08\/living-room-dining-room-design-boucherville-08-768x516.jpg 768w\" sizes=\"auto, (max-width: 850px) 100vw, 850px\" \/><\/a><\/figure>\n<\/figure>\n\n\n\n<div style=\"height:50px\" aria-hidden=\"true\" class=\"wp-block-spacer\"><\/div>\n\n\n\n<h3 class=\"wp-block-heading\">Avant et apr\u00e8s<\/h3>\n\n\n\n<div style=\"height:50px\" aria-hidden=\"true\" class=\"wp-block-spacer\"><\/div>\n\n\n\n<blockquote class=\"wp-block-quote is-layout-flow wp-block-quote-is-layout-flow\">\n<figure class=\"wp-block-gallery has-nested-images columns-4 is-cropped columns-3 wp-block-gallery-2 is-layout-flex wp-block-gallery-is-layout-flex\">\n<figure class=\"wp-block-image size-large\"><a href=\"https:\/\/versastyledesign.ca\/wp-content\/uploads\/2023\/08\/living-room-dining-room-design-boucherville-01-768x1024.jpg\"><img loading=\"lazy\" decoding=\"async\" width=\"768\" height=\"1024\" data-id=\"26283\" src=\"https:\/\/versastyledesign.ca\/wp-content\/uploads\/2023\/08\/living-room-dining-room-design-boucherville-01-768x1024.jpg\" alt=\"\" class=\"wp-image-26283\" srcset=\"https:\/\/versastyledesign.ca\/wp-content\/uploads\/2023\/08\/living-room-dining-room-design-boucherville-01-768x1024.jpg 768w, https:\/\/versastyledesign.ca\/wp-content\/uploads\/2023\/08\/living-room-dining-room-design-boucherville-01-225x300.jpg 225w, https:\/\/versastyledesign.ca\/wp-content\/uploads\/2023\/08\/living-room-dining-room-design-boucherville-01.jpg 850w\" sizes=\"auto, (max-width: 768px) 100vw, 768px\" \/><\/a><\/figure>\n\n\n\n<figure class=\"wp-block-image size-large\"><a href=\"https:\/\/versastyledesign.ca\/wp-content\/uploads\/2023\/08\/living-room-dining-room-design-boucherville-08.jpg\"><img loading=\"lazy\" decoding=\"async\" width=\"850\" height=\"571\" data-id=\"26298\" src=\"https:\/\/versastyledesign.ca\/wp-content\/uploads\/2023\/08\/living-room-dining-room-design-boucherville-08.jpg\" alt=\"\" class=\"wp-image-26298\" srcset=\"https:\/\/versastyledesign.ca\/wp-content\/uploads\/2023\/08\/living-room-dining-room-design-boucherville-08.jpg 850w, https:\/\/versastyledesign.ca\/wp-content\/uploads\/2023\/08\/living-room-dining-room-design-boucherville-08-300x202.jpg 300w, https:\/\/versastyledesign.ca\/wp-content\/uploads\/2023\/08\/living-room-dining-room-design-boucherville-08-768x516.jpg 768w\" sizes=\"auto, (max-width: 850px) 100vw, 850px\" \/><\/a><\/figure>\n\n\n\n<figure class=\"wp-block-image size-large\"><a href=\"https:\/\/versastyledesign.ca\/wp-content\/uploads\/2023\/08\/living-room-dining-room-design-boucherville-02.jpg\"><img loading=\"lazy\" decoding=\"async\" width=\"850\" height=\"638\" data-id=\"26286\" src=\"https:\/\/versastyledesign.ca\/wp-content\/uploads\/2023\/08\/living-room-dining-room-design-boucherville-02.jpg\" alt=\"\" class=\"wp-image-26286\" srcset=\"https:\/\/versastyledesign.ca\/wp-content\/uploads\/2023\/08\/living-room-dining-room-design-boucherville-02.jpg 850w, https:\/\/versastyledesign.ca\/wp-content\/uploads\/2023\/08\/living-room-dining-room-design-boucherville-02-300x225.jpg 300w, https:\/\/versastyledesign.ca\/wp-content\/uploads\/2023\/08\/living-room-dining-room-design-boucherville-02-768x576.jpg 768w\" sizes=\"auto, (max-width: 850px) 100vw, 850px\" \/><\/a><\/figure>\n\n\n\n<figure class=\"wp-block-image size-large\"><a href=\"https:\/\/versastyledesign.ca\/wp-content\/uploads\/2023\/08\/living-room-dining-room-design-boucherville-07.jpg\"><img loading=\"lazy\" decoding=\"async\" width=\"850\" height=\"567\" data-id=\"26294\" src=\"https:\/\/versastyledesign.ca\/wp-content\/uploads\/2023\/08\/living-room-dining-room-design-boucherville-07.jpg\" alt=\"\" class=\"wp-image-26294\" srcset=\"https:\/\/versastyledesign.ca\/wp-content\/uploads\/2023\/08\/living-room-dining-room-design-boucherville-07.jpg 850w, https:\/\/versastyledesign.ca\/wp-content\/uploads\/2023\/08\/living-room-dining-room-design-boucherville-07-300x200.jpg 300w, https:\/\/versastyledesign.ca\/wp-content\/uploads\/2023\/08\/living-room-dining-room-design-boucherville-07-768x512.jpg 768w\" sizes=\"auto, (max-width: 850px) 100vw, 850px\" \/><\/a><\/figure>\n\n\n\n<figure class=\"wp-block-image size-large\"><a href=\"https:\/\/versastyledesign.ca\/wp-content\/uploads\/2023\/08\/living-room-dining-room-design-boucherville-03-768x1024.jpg\"><img loading=\"lazy\" decoding=\"async\" width=\"768\" height=\"1024\" data-id=\"26290\" src=\"https:\/\/versastyledesign.ca\/wp-content\/uploads\/2023\/08\/living-room-dining-room-design-boucherville-03-768x1024.jpg\" alt=\"\" class=\"wp-image-26290\" srcset=\"https:\/\/versastyledesign.ca\/wp-content\/uploads\/2023\/08\/living-room-dining-room-design-boucherville-03-768x1024.jpg 768w, https:\/\/versastyledesign.ca\/wp-content\/uploads\/2023\/08\/living-room-dining-room-design-boucherville-03-225x300.jpg 225w, https:\/\/versastyledesign.ca\/wp-content\/uploads\/2023\/08\/living-room-dining-room-design-boucherville-03.jpg 850w\" sizes=\"auto, (max-width: 768px) 100vw, 768px\" \/><\/a><\/figure>\n\n\n\n<figure class=\"wp-block-image size-large\"><a href=\"https:\/\/versastyledesign.ca\/wp-content\/uploads\/2023\/08\/living-room-dining-room-design-boucherville-05.jpg\"><img loading=\"lazy\" decoding=\"async\" width=\"850\" height=\"567\" data-id=\"26288\" src=\"https:\/\/versastyledesign.ca\/wp-content\/uploads\/2023\/08\/living-room-dining-room-design-boucherville-05.jpg\" alt=\"\" class=\"wp-image-26288\" srcset=\"https:\/\/versastyledesign.ca\/wp-content\/uploads\/2023\/08\/living-room-dining-room-design-boucherville-05.jpg 850w, https:\/\/versastyledesign.ca\/wp-content\/uploads\/2023\/08\/living-room-dining-room-design-boucherville-05-300x200.jpg 300w, https:\/\/versastyledesign.ca\/wp-content\/uploads\/2023\/08\/living-room-dining-room-design-boucherville-05-768x512.jpg 768w\" sizes=\"auto, (max-width: 850px) 100vw, 850px\" \/><\/a><\/figure>\n\n\n\n<figure class=\"wp-block-image size-large\"><a href=\"https:\/\/versastyledesign.ca\/wp-content\/uploads\/2023\/08\/living-room-dining-room-design-boucherville-06.jpg\"><img loading=\"lazy\" decoding=\"async\" width=\"850\" height=\"523\" data-id=\"26292\" src=\"https:\/\/versastyledesign.ca\/wp-content\/uploads\/2023\/08\/living-room-dining-room-design-boucherville-06.jpg\" alt=\"\" class=\"wp-image-26292\" srcset=\"https:\/\/versastyledesign.ca\/wp-content\/uploads\/2023\/08\/living-room-dining-room-design-boucherville-06.jpg 850w, https:\/\/versastyledesign.ca\/wp-content\/uploads\/2023\/08\/living-room-dining-room-design-boucherville-06-300x185.jpg 300w, https:\/\/versastyledesign.ca\/wp-content\/uploads\/2023\/08\/living-room-dining-room-design-boucherville-06-768x473.jpg 768w\" sizes=\"auto, (max-width: 850px) 100vw, 850px\" \/><\/a><\/figure>\n\n\n\n<figure class=\"wp-block-image size-large\"><a href=\"https:\/\/versastyledesign.ca\/wp-content\/uploads\/2023\/08\/living-room-dining-room-design-boucherville-04.jpg\"><img loading=\"lazy\" decoding=\"async\" width=\"850\" height=\"567\" data-id=\"26280\" src=\"https:\/\/versastyledesign.ca\/wp-content\/uploads\/2023\/08\/living-room-dining-room-design-boucherville-04.jpg\" alt=\"\" class=\"wp-image-26280\" srcset=\"https:\/\/versastyledesign.ca\/wp-content\/uploads\/2023\/08\/living-room-dining-room-design-boucherville-04.jpg 850w, https:\/\/versastyledesign.ca\/wp-content\/uploads\/2023\/08\/living-room-dining-room-design-boucherville-04-300x200.jpg 300w, https:\/\/versastyledesign.ca\/wp-content\/uploads\/2023\/08\/living-room-dining-room-design-boucherville-04-768x512.jpg 768w\" sizes=\"auto, (max-width: 850px) 100vw, 850px\" \/><\/a><\/figure>\n<\/figure>\n\n\n\n<p><\/p>\n\n\n\n<p>J\u2019ai r\u00e9cemment d\u00e9m\u00e9nag\u00e9 de l\u2019Ontario vers la r\u00e9gion de Montr\u00e9al et Lucie a \u00e9t\u00e9 d\u2019une grande aide dans l\u2019am\u00e9nagement de ma nouvelle maison pour que je me sente comme chez moi (mais en mieux!). Elle a fait de bons choix de peinture et nous a aid\u00e9s \u00e0 acheter de nouveaux tapis et meubles pour compl\u00e9ter les zones. Nous utiliserons certainement les services de Lucie dans l\u2019avenir.<\/p>\n<cite><strong>Christine Rodriguez<\/strong><\/cite><\/blockquote>\n\n\n\n<div class=\"wp-block-columns is-layout-flex wp-container-core-columns-is-layout-9d6595d7 wp-block-columns-is-layout-flex\">\n<div class=\"wp-block-column is-layout-flow wp-block-column-is-layout-flow\"><div class=\"wp-block-image\">\n<figure class=\"aligncenter size-large\"><img loading=\"lazy\" decoding=\"async\" width=\"850\" height=\"599\" src=\"https:\/\/versastyledesign.ca\/wp-content\/uploads\/2019\/11\/Design-de-salons-et-salles-a-manger-a-montreal-04.jpg\" alt=\"Design de salons et de salles \u00e0 manger \u00e0 Montr\u00e9al\" class=\"wp-image-13778\" srcset=\"https:\/\/versastyledesign.ca\/wp-content\/uploads\/2019\/11\/Design-de-salons-et-salles-a-manger-a-montreal-04.jpg 850w, https:\/\/versastyledesign.ca\/wp-content\/uploads\/2019\/11\/Design-de-salons-et-salles-a-manger-a-montreal-04-300x211.jpg 300w, https:\/\/versastyledesign.ca\/wp-content\/uploads\/2019\/11\/Design-de-salons-et-salles-a-manger-a-montreal-04-768x541.jpg 768w\" sizes=\"auto, (max-width: 850px) 100vw, 850px\" \/><\/figure>\n<\/div><\/div>\n\n\n\n<div class=\"wp-block-column is-layout-flow wp-block-column-is-layout-flow\">\n<h2 class=\"wp-block-heading has-text-align-center\">Design de salons et de salles \u00e0 manger \u00e0 Montr\u00e9al<\/h2>\n\n\n\n<p class=\"has-text-align-center\">Pour en savoir plus sur nos services de design de salon et de salle \u00e0 manger dans la grande r\u00e9gion de Montr\u00e9al. <\/p>\n\n\n\n<div class=\"wp-block-button button-custom aligncenter\"><a class=\"wp-block-button__link has-background wp-element-button\" href=\"\/?page_id=11782\" style=\"background-color:#d53652\">Salons et salles \u00e0 manger<\/a><\/div>\n<\/div>\n<\/div>\n\n\n\n<div style=\"height:50px\" aria-hidden=\"true\" class=\"wp-block-spacer\"><\/div>\n\n\n\n<h2 class=\"wp-block-heading\"><strong>\u00cates-vous situ\u00e9 dans la grande r\u00e9gion de Montr\u00e9al?<\/strong><\/h2>\n\n\n\n<p class=\"has-text-align-center\"><strong>Donnez vie \u00e0 votre projet de design avec Lucie.<\/strong><\/p>\n\n\n\n<div class=\"wp-block-buttons is-content-justification-center is-layout-flex wp-container-core-buttons-is-layout-16018d1d wp-block-buttons-is-layout-flex\">\n<div class=\"wp-block-button button-inverse\"><a class=\"wp-block-button__link has-text-color has-background has-link-color wp-element-button\" href=\"\/fr\/forfait-de-design-interieur\/versa-style-design-premiere-consultation\/\" style=\"color:#d53652;background-color:#f3f3f3\">Premi\u00e8re consultation<\/a><\/div>\n<\/div>\n\n\n\n<div style=\"height:25px\" aria-hidden=\"true\" class=\"wp-block-spacer\"><\/div>\n<p><a href=\"\/\/www.pinterest.com\/pin\/create\/button\/\" data-pin-do=\"buttonBookmark\" data-pin-color=\"red\" data-pin-height=\"128\"><img decoding=\"async\" src=\"\/\/assets.pinterest.com\/images\/pidgets\/pinit_fg_en_rect_red_28.png\" \/><\/a><\/p>","protected":false},"excerpt":{"rendered":"<p>Lieu: Boucherville, Qu\u00e9bec Service de design: Concept de design pour une aire-ouverte, recommandations pour le mobilier et les accessoires, consultation pour les couleurs et finitions, recrutement des travailleurs sp\u00e9cialis\u00e9s et n\u00e9gociations, gestion de projet. Mat\u00e9riaux utilis\u00e9s: Peinture Sherwin Williams, mur du foyer en pierre, plancher en ch\u00eane vernis, carpettes de couleurs neutres, \u0153uvres d&rsquo;art, tables [&hellip;]<\/p>\n","protected":false},"author":2,"featured_media":18481,"parent":1840,"menu_order":0,"comment_status":"closed","ping_status":"closed","template":"","meta":{"advgb_blocks_editor_width":"","advgb_blocks_columns_visual_guide":"","_genesis_hide_title":false,"_genesis_hide_breadcrumbs":false,"_genesis_hide_singular_image":false,"_genesis_hide_footer_widgets":false,"_genesis_custom_body_class":"","_genesis_custom_post_class":"","_genesis_layout":"","footnotes":""},"class_list":{"0":"post-18459","1":"page","2":"type-page","3":"status-publish","4":"has-post-thumbnail","6":"entry"},"yoast_head":"<!-- This site is optimized with the Yoast SEO plugin v27.5 - https:\/\/yoast.com\/product\/yoast-seo-wordpress\/ -->\n<title>Design de salon et de salle \u00e0 manger \u00e0 Boucherville - Versa Style Design<\/title>\n<meta name=\"description\" content=\"Nos clients souhaitaient une aire-ouverte \u00e9l\u00e9gante et contemporain o\u00f9 une harmonie r\u00e9gnait entre la cuisine, la salle \u00e0 manger et le salon.\" \/>\n<meta name=\"robots\" content=\"index, follow, max-snippet:-1, max-image-preview:large, max-video-preview:-1\" \/>\n<link rel=\"canonical\" href=\"https:\/\/versastyledesign.ca\/fr\/portfolio-de-design\/design-de-salon-et-de-salle-a-manger-a-boucherville\/\" \/>\n<meta property=\"og:locale\" content=\"fr_CA\" \/>\n<meta property=\"og:type\" content=\"article\" \/>\n<meta property=\"og:title\" content=\"Design de salon et de salle \u00e0 manger \u00e0 Boucherville - Versa Style Design\" \/>\n<meta property=\"og:description\" content=\"Nos clients souhaitaient une aire-ouverte \u00e9l\u00e9gante et contemporain o\u00f9 une harmonie r\u00e9gnait entre la cuisine, la salle \u00e0 manger et le salon.\" \/>\n<meta property=\"og:url\" content=\"https:\/\/versastyledesign.ca\/fr\/portfolio-de-design\/design-de-salon-et-de-salle-a-manger-a-boucherville\/\" \/>\n<meta property=\"og:site_name\" content=\"Versa Style Design\" \/>\n<meta property=\"article:publisher\" content=\"https:\/\/www.facebook.com\/Versastyledesign?ref=hl\" \/>\n<meta property=\"article:modified_time\" content=\"2025-09-30T19:15:39+00:00\" \/>\n<meta property=\"og:image\" content=\"http:\/\/new.versastyledesign.ca\/wp-content\/uploads\/2019\/12\/design-salons-salles-a-manger-boucherville-04-2.jpg\" \/>\n\t<meta property=\"og:image:width\" content=\"850\" \/>\n\t<meta property=\"og:image:height\" content=\"567\" \/>\n\t<meta property=\"og:image:type\" content=\"image\/jpeg\" \/>\n<meta name=\"twitter:label1\" content=\"Estimation du temps de lecture\" \/>\n\t<meta name=\"twitter:data1\" content=\"3 minutes\" \/>\n<script type=\"application\/ld+json\" class=\"yoast-schema-graph\">{\"@context\":\"https:\\\/\\\/schema.org\",\"@graph\":[{\"@type\":\"WebPage\",\"@id\":\"https:\\\/\\\/versastyledesign.ca\\\/fr\\\/portfolio-de-design\\\/design-de-salon-et-de-salle-a-manger-a-boucherville\\\/\",\"url\":\"https:\\\/\\\/versastyledesign.ca\\\/fr\\\/portfolio-de-design\\\/design-de-salon-et-de-salle-a-manger-a-boucherville\\\/\",\"name\":\"Design de salon et de salle \u00e0 manger \u00e0 Boucherville - Versa Style Design\",\"isPartOf\":{\"@id\":\"http:\\\/\\\/new.versastyledesign.ca\\\/fr\\\/#website\"},\"primaryImageOfPage\":{\"@id\":\"https:\\\/\\\/versastyledesign.ca\\\/fr\\\/portfolio-de-design\\\/design-de-salon-et-de-salle-a-manger-a-boucherville\\\/#primaryimage\"},\"image\":{\"@id\":\"https:\\\/\\\/versastyledesign.ca\\\/fr\\\/portfolio-de-design\\\/design-de-salon-et-de-salle-a-manger-a-boucherville\\\/#primaryimage\"},\"thumbnailUrl\":\"https:\\\/\\\/versastyledesign.ca\\\/wp-content\\\/uploads\\\/2019\\\/12\\\/design-salons-salles-a-manger-boucherville-04-2.jpg\",\"datePublished\":\"2019-12-17T18:46:20+00:00\",\"dateModified\":\"2025-09-30T19:15:39+00:00\",\"description\":\"Nos clients souhaitaient une aire-ouverte \u00e9l\u00e9gante et contemporain o\u00f9 une harmonie r\u00e9gnait entre la cuisine, la salle \u00e0 manger et le salon.\",\"breadcrumb\":{\"@id\":\"https:\\\/\\\/versastyledesign.ca\\\/fr\\\/portfolio-de-design\\\/design-de-salon-et-de-salle-a-manger-a-boucherville\\\/#breadcrumb\"},\"inLanguage\":\"fr-CA\",\"potentialAction\":[{\"@type\":\"ReadAction\",\"target\":[\"https:\\\/\\\/versastyledesign.ca\\\/fr\\\/portfolio-de-design\\\/design-de-salon-et-de-salle-a-manger-a-boucherville\\\/\"]}]},{\"@type\":\"ImageObject\",\"inLanguage\":\"fr-CA\",\"@id\":\"https:\\\/\\\/versastyledesign.ca\\\/fr\\\/portfolio-de-design\\\/design-de-salon-et-de-salle-a-manger-a-boucherville\\\/#primaryimage\",\"url\":\"https:\\\/\\\/versastyledesign.ca\\\/wp-content\\\/uploads\\\/2019\\\/12\\\/design-salons-salles-a-manger-boucherville-04-2.jpg\",\"contentUrl\":\"https:\\\/\\\/versastyledesign.ca\\\/wp-content\\\/uploads\\\/2019\\\/12\\\/design-salons-salles-a-manger-boucherville-04-2.jpg\",\"width\":850,\"height\":567},{\"@type\":\"BreadcrumbList\",\"@id\":\"https:\\\/\\\/versastyledesign.ca\\\/fr\\\/portfolio-de-design\\\/design-de-salon-et-de-salle-a-manger-a-boucherville\\\/#breadcrumb\",\"itemListElement\":[{\"@type\":\"ListItem\",\"position\":1,\"name\":\"Accueil\",\"item\":\"http:\\\/\\\/new.versastyledesign.ca\\\/fr\\\/\"},{\"@type\":\"ListItem\",\"position\":2,\"name\":\"Portfolio de Design\",\"item\":\"http:\\\/\\\/new.versastyledesign.ca\\\/fr\\\/design-portfolio\\\/\"},{\"@type\":\"ListItem\",\"position\":3,\"name\":\"Design de salon et de salle \u00e0 manger \u00e0 Boucherville\"}]},{\"@type\":\"WebSite\",\"@id\":\"http:\\\/\\\/new.versastyledesign.ca\\\/fr\\\/#website\",\"url\":\"http:\\\/\\\/new.versastyledesign.ca\\\/fr\\\/\",\"name\":\"Versa Style Design\",\"description\":\"Design d&#039;int\u00e9rieur et r\u00e9novations \u00e0 Montr\u00e9al\",\"publisher\":{\"@id\":\"http:\\\/\\\/new.versastyledesign.ca\\\/fr\\\/#organization\"},\"potentialAction\":[{\"@type\":\"SearchAction\",\"target\":{\"@type\":\"EntryPoint\",\"urlTemplate\":\"http:\\\/\\\/new.versastyledesign.ca\\\/fr\\\/?s={search_term_string}\"},\"query-input\":{\"@type\":\"PropertyValueSpecification\",\"valueRequired\":true,\"valueName\":\"search_term_string\"}}],\"inLanguage\":\"fr-CA\"},{\"@type\":\"Organization\",\"@id\":\"http:\\\/\\\/new.versastyledesign.ca\\\/fr\\\/#organization\",\"name\":\"Versa Style Design\",\"url\":\"http:\\\/\\\/new.versastyledesign.ca\\\/fr\\\/\",\"logo\":{\"@type\":\"ImageObject\",\"inLanguage\":\"fr-CA\",\"@id\":\"http:\\\/\\\/new.versastyledesign.ca\\\/fr\\\/#\\\/schema\\\/logo\\\/image\\\/\",\"url\":\"https:\\\/\\\/versastyledesign.ca\\\/wp-content\\\/uploads\\\/2019\\\/11\\\/Versa-Style-Design-logo.jpg\",\"contentUrl\":\"https:\\\/\\\/versastyledesign.ca\\\/wp-content\\\/uploads\\\/2019\\\/11\\\/Versa-Style-Design-logo.jpg\",\"width\":2099,\"height\":670,\"caption\":\"Versa Style Design\"},\"image\":{\"@id\":\"http:\\\/\\\/new.versastyledesign.ca\\\/fr\\\/#\\\/schema\\\/logo\\\/image\\\/\"},\"sameAs\":[\"https:\\\/\\\/www.facebook.com\\\/Versastyledesign?ref=hl\",\"https:\\\/\\\/x.com\\\/luciepitt\",\"https:\\\/\\\/www.instagram.com\\\/versastyledesign\\\/\",\"https:\\\/\\\/www.linkedin.com\\\/in\\\/lucie-pitt-54b0ba85\",\"https:\\\/\\\/www.pinterest.com\\\/versastyledesign\\\/\"]}]}<\/script>\n<!-- \/ Yoast SEO plugin. -->","yoast_head_json":{"title":"Design de salon et de salle \u00e0 manger \u00e0 Boucherville - Versa Style Design","description":"Nos clients souhaitaient une aire-ouverte \u00e9l\u00e9gante et contemporain o\u00f9 une harmonie r\u00e9gnait entre la cuisine, la salle \u00e0 manger et le salon.","robots":{"index":"index","follow":"follow","max-snippet":"max-snippet:-1","max-image-preview":"max-image-preview:large","max-video-preview":"max-video-preview:-1"},"canonical":"https:\/\/versastyledesign.ca\/fr\/portfolio-de-design\/design-de-salon-et-de-salle-a-manger-a-boucherville\/","og_locale":"fr_CA","og_type":"article","og_title":"Design de salon et de salle \u00e0 manger \u00e0 Boucherville - Versa Style Design","og_description":"Nos clients souhaitaient une aire-ouverte \u00e9l\u00e9gante et contemporain o\u00f9 une harmonie r\u00e9gnait entre la cuisine, la salle \u00e0 manger et le salon.","og_url":"https:\/\/versastyledesign.ca\/fr\/portfolio-de-design\/design-de-salon-et-de-salle-a-manger-a-boucherville\/","og_site_name":"Versa Style Design","article_publisher":"https:\/\/www.facebook.com\/Versastyledesign?ref=hl","article_modified_time":"2025-09-30T19:15:39+00:00","og_image":[{"width":850,"height":567,"url":"http:\/\/new.versastyledesign.ca\/wp-content\/uploads\/2019\/12\/design-salons-salles-a-manger-boucherville-04-2.jpg","type":"image\/jpeg"}],"twitter_misc":{"Estimation du temps de lecture":"3 minutes"},"schema":{"@context":"https:\/\/schema.org","@graph":[{"@type":"WebPage","@id":"https:\/\/versastyledesign.ca\/fr\/portfolio-de-design\/design-de-salon-et-de-salle-a-manger-a-boucherville\/","url":"https:\/\/versastyledesign.ca\/fr\/portfolio-de-design\/design-de-salon-et-de-salle-a-manger-a-boucherville\/","name":"Design de salon et de salle \u00e0 manger \u00e0 Boucherville - Versa Style Design","isPartOf":{"@id":"http:\/\/new.versastyledesign.ca\/fr\/#website"},"primaryImageOfPage":{"@id":"https:\/\/versastyledesign.ca\/fr\/portfolio-de-design\/design-de-salon-et-de-salle-a-manger-a-boucherville\/#primaryimage"},"image":{"@id":"https:\/\/versastyledesign.ca\/fr\/portfolio-de-design\/design-de-salon-et-de-salle-a-manger-a-boucherville\/#primaryimage"},"thumbnailUrl":"https:\/\/versastyledesign.ca\/wp-content\/uploads\/2019\/12\/design-salons-salles-a-manger-boucherville-04-2.jpg","datePublished":"2019-12-17T18:46:20+00:00","dateModified":"2025-09-30T19:15:39+00:00","description":"Nos clients souhaitaient une aire-ouverte \u00e9l\u00e9gante et contemporain o\u00f9 une harmonie r\u00e9gnait entre la cuisine, la salle \u00e0 manger et le salon.","breadcrumb":{"@id":"https:\/\/versastyledesign.ca\/fr\/portfolio-de-design\/design-de-salon-et-de-salle-a-manger-a-boucherville\/#breadcrumb"},"inLanguage":"fr-CA","potentialAction":[{"@type":"ReadAction","target":["https:\/\/versastyledesign.ca\/fr\/portfolio-de-design\/design-de-salon-et-de-salle-a-manger-a-boucherville\/"]}]},{"@type":"ImageObject","inLanguage":"fr-CA","@id":"https:\/\/versastyledesign.ca\/fr\/portfolio-de-design\/design-de-salon-et-de-salle-a-manger-a-boucherville\/#primaryimage","url":"https:\/\/versastyledesign.ca\/wp-content\/uploads\/2019\/12\/design-salons-salles-a-manger-boucherville-04-2.jpg","contentUrl":"https:\/\/versastyledesign.ca\/wp-content\/uploads\/2019\/12\/design-salons-salles-a-manger-boucherville-04-2.jpg","width":850,"height":567},{"@type":"BreadcrumbList","@id":"https:\/\/versastyledesign.ca\/fr\/portfolio-de-design\/design-de-salon-et-de-salle-a-manger-a-boucherville\/#breadcrumb","itemListElement":[{"@type":"ListItem","position":1,"name":"Accueil","item":"http:\/\/new.versastyledesign.ca\/fr\/"},{"@type":"ListItem","position":2,"name":"Portfolio de Design","item":"http:\/\/new.versastyledesign.ca\/fr\/design-portfolio\/"},{"@type":"ListItem","position":3,"name":"Design de salon et de salle \u00e0 manger \u00e0 Boucherville"}]},{"@type":"WebSite","@id":"http:\/\/new.versastyledesign.ca\/fr\/#website","url":"http:\/\/new.versastyledesign.ca\/fr\/","name":"Versa Style Design","description":"Design d&#039;int\u00e9rieur et r\u00e9novations \u00e0 Montr\u00e9al","publisher":{"@id":"http:\/\/new.versastyledesign.ca\/fr\/#organization"},"potentialAction":[{"@type":"SearchAction","target":{"@type":"EntryPoint","urlTemplate":"http:\/\/new.versastyledesign.ca\/fr\/?s={search_term_string}"},"query-input":{"@type":"PropertyValueSpecification","valueRequired":true,"valueName":"search_term_string"}}],"inLanguage":"fr-CA"},{"@type":"Organization","@id":"http:\/\/new.versastyledesign.ca\/fr\/#organization","name":"Versa Style Design","url":"http:\/\/new.versastyledesign.ca\/fr\/","logo":{"@type":"ImageObject","inLanguage":"fr-CA","@id":"http:\/\/new.versastyledesign.ca\/fr\/#\/schema\/logo\/image\/","url":"https:\/\/versastyledesign.ca\/wp-content\/uploads\/2019\/11\/Versa-Style-Design-logo.jpg","contentUrl":"https:\/\/versastyledesign.ca\/wp-content\/uploads\/2019\/11\/Versa-Style-Design-logo.jpg","width":2099,"height":670,"caption":"Versa Style Design"},"image":{"@id":"http:\/\/new.versastyledesign.ca\/fr\/#\/schema\/logo\/image\/"},"sameAs":["https:\/\/www.facebook.com\/Versastyledesign?ref=hl","https:\/\/x.com\/luciepitt","https:\/\/www.instagram.com\/versastyledesign\/","https:\/\/www.linkedin.com\/in\/lucie-pitt-54b0ba85","https:\/\/www.pinterest.com\/versastyledesign\/"]}]}},"coauthors":[],"author_meta":{"author_link":"https:\/\/versastyledesign.ca\/fr\/author\/lucie-pitt\/","display_name":"Lucie Pitt"},"relative_dates":{"created":"Posted 6 ann\u00e9es ago","modified":"Updated 7 mois ago"},"absolute_dates":{"created":"Posted on 17 D\u00e9cembre 2019","modified":"Updated on 30 septembre 2025"},"absolute_dates_time":{"created":"Posted on 17 D\u00e9cembre 2019 18 h 46 min","modified":"Updated on 30 septembre 2025 15 h 15 min"},"featured_img_caption":"","featured_img":"https:\/\/versastyledesign.ca\/wp-content\/uploads\/2019\/12\/design-salons-salles-a-manger-boucherville-04-2.jpg","series_order":"","_links":{"self":[{"href":"https:\/\/versastyledesign.ca\/fr\/wp-json\/wp\/v2\/pages\/18459","targetHints":{"allow":["GET"]}}],"collection":[{"href":"https:\/\/versastyledesign.ca\/fr\/wp-json\/wp\/v2\/pages"}],"about":[{"href":"https:\/\/versastyledesign.ca\/fr\/wp-json\/wp\/v2\/types\/page"}],"author":[{"embeddable":true,"href":"https:\/\/versastyledesign.ca\/fr\/wp-json\/wp\/v2\/users\/2"}],"replies":[{"embeddable":true,"href":"https:\/\/versastyledesign.ca\/fr\/wp-json\/wp\/v2\/comments?post=18459"}],"version-history":[{"count":6,"href":"https:\/\/versastyledesign.ca\/fr\/wp-json\/wp\/v2\/pages\/18459\/revisions"}],"predecessor-version":[{"id":30948,"href":"https:\/\/versastyledesign.ca\/fr\/wp-json\/wp\/v2\/pages\/18459\/revisions\/30948"}],"up":[{"embeddable":true,"href":"https:\/\/versastyledesign.ca\/fr\/wp-json\/wp\/v2\/pages\/1840"}],"wp:featuredmedia":[{"embeddable":true,"href":"https:\/\/versastyledesign.ca\/fr\/wp-json\/wp\/v2\/media\/18481"}],"wp:attachment":[{"href":"https:\/\/versastyledesign.ca\/fr\/wp-json\/wp\/v2\/media?parent=18459"}],"curies":[{"name":"wp","href":"https:\/\/api.w.org\/{rel}","templated":true}]}}