{"id":1860,"date":"2015-07-02T14:15:02","date_gmt":"2015-07-02T14:15:02","guid":{"rendered":"http:\/\/montreal-interior-design.com\/?page_id=1860"},"modified":"2026-02-17T10:59:25","modified_gmt":"2026-02-17T15:59:25","slug":"design-de-bureaux-a-montreal","status":"publish","type":"page","link":"https:\/\/versastyledesign.ca\/fr\/design-interieur\/design-de-bureaux-a-montreal\/","title":{"rendered":"Design de bureaux \u00e0 domicile \u00e0 Montr\u00e9al"},"content":{"rendered":"\n<h2 class=\"wp-block-heading\" id=\"services-de-design-de-bureaux-a-domicile-c098c6e2-6e9b-401b-a8fe-d784c34bb9a3\">Services de design de bureaux \u00e0 domicile<\/h2>\n\n\n\n<div class=\"wp-block-columns is-layout-flex wp-container-core-columns-is-layout-9d6595d7 wp-block-columns-is-layout-flex\">\n<div class=\"wp-block-column is-layout-flow wp-block-column-is-layout-flow\">\n<p>Dans la majorit\u00e9 des foyers, le bureau occupe plusieurs fonctions. Si  vous travaillez de la maison, c\u2019est votre zone d\u2019affaires de 9 \u00e0 5;  pour d\u2019autres, c\u2019est l\u2019endroit r\u00e9serv\u00e9 pour payer les comptes,  d\u00e9pouiller le courrier ou ranger des documents importants. <\/p>\n<\/div>\n\n\n\n<div class=\"wp-block-column is-layout-flow wp-block-column-is-layout-flow\">\n<figure class=\"wp-block-image size-large\"><img loading=\"lazy\" decoding=\"async\" width=\"850\" height=\"554\" src=\"https:\/\/versastyledesign.ca\/wp-content\/uploads\/2020\/01\/design-bureau-maison-montreal-003.jpg\" alt=\"Services de design de bureaux \u00e0 domicile\" class=\"wp-image-19300\" srcset=\"https:\/\/versastyledesign.ca\/wp-content\/uploads\/2020\/01\/design-bureau-maison-montreal-003.jpg 850w, https:\/\/versastyledesign.ca\/wp-content\/uploads\/2020\/01\/design-bureau-maison-montreal-003-300x196.jpg 300w, https:\/\/versastyledesign.ca\/wp-content\/uploads\/2020\/01\/design-bureau-maison-montreal-003-768x501.jpg 768w\" sizes=\"auto, (max-width: 850px) 100vw, 850px\" \/><\/figure>\n<\/div>\n<\/div>\n\n\n\n<p>Pour les  enfants, c\u2019est l\u2019endroit pour les devoirs ou pour s\u2019adonner sans fin \u00e0  des jeux \u00e9lectroniques. Cela peut \u00eatre une biblioth\u00e8que, une salle de  d\u00e9tente, ou juste un endroit tranquille pour une sieste.<\/p>\n\n\n\n<div style=\"height:50px\" aria-hidden=\"true\" class=\"wp-block-spacer\"><\/div>\n\n\n\n<div class=\"wp-block-columns is-layout-flex wp-container-core-columns-is-layout-9d6595d7 wp-block-columns-is-layout-flex\">\n<div class=\"wp-block-column is-layout-flow wp-block-column-is-layout-flow\"><div class=\"wp-block-image\">\n<figure class=\"aligncenter size-large\"><img loading=\"lazy\" decoding=\"async\" width=\"850\" height=\"639\" src=\"https:\/\/versastyledesign.ca\/wp-content\/uploads\/2020\/01\/design-bureau-maison-montreal-002.jpg\" alt=\"Services de design de bureaux \u00e0 domicile\" class=\"wp-image-19302\" srcset=\"https:\/\/versastyledesign.ca\/wp-content\/uploads\/2020\/01\/design-bureau-maison-montreal-002.jpg 850w, https:\/\/versastyledesign.ca\/wp-content\/uploads\/2020\/01\/design-bureau-maison-montreal-002-300x226.jpg 300w, https:\/\/versastyledesign.ca\/wp-content\/uploads\/2020\/01\/design-bureau-maison-montreal-002-768x577.jpg 768w\" sizes=\"auto, (max-width: 850px) 100vw, 850px\" \/><\/figure>\n<\/div><\/div>\n\n\n\n<div class=\"wp-block-column is-layout-flow wp-block-column-is-layout-flow\">\n<p>Si l\u2019espace est restreint, il peut \u00eatre jumel\u00e9 \u00e0 la chambre d\u2019invit\u00e9s\n ou en retrait dans une chambre, le salon, la cuisine, et m\u00eame sous \nl\u2019escalier!<\/p>\n\n\n\n<p>Nous pouvons structurer l\u2019espace travail, recommander des achats  intelligents, fabriquer des modules ou meubles sur mesure et optimiser  l\u2019espace en l\u2019harmonisant avec le reste de votre d\u00e9cor.<br><\/p>\n<\/div>\n<\/div>\n\n\n\n<div style=\"height:50px\" aria-hidden=\"true\" class=\"wp-block-spacer\"><\/div>\n\n\n\n<h2 class=\"wp-block-heading\" id=\"portfolio\">Portfolio de design de bureaux par Versa Style Design<\/h2>\n\n\n\n<div class=\"wp-block-columns is-layout-flex wp-container-core-columns-is-layout-9d6595d7 wp-block-columns-is-layout-flex\">\n<div class=\"wp-block-column is-layout-flow wp-block-column-is-layout-flow\">\n<div style=\"height:50px\" aria-hidden=\"true\" class=\"wp-block-spacer\"><\/div>\n\n\n\n<h4 class=\"wp-block-heading\" id=\"maison-craftsman-design-de-bureau-a-domicile-a-montreal-0eae227a-fe05-45eb-a2d8-21cf3e0f1fa2\">Un espace de travail r\u00e9invent\u00e9 dans le centre-ville de Montr\u00e9al<\/h4>\n\n\n\n<figure class=\"wp-block-image size-large\"><img loading=\"lazy\" decoding=\"async\" width=\"1024\" height=\"898\" src=\"https:\/\/versastyledesign.ca\/wp-content\/uploads\/2026\/02\/Un-espace-de-travail-reinvente-dans-le-centre-ville-de-Montreal-10-1024x898.jpg\" alt=\"Un espace de travail reinvente dans le centre-ville de Montreal\" class=\"wp-image-31785\" srcset=\"https:\/\/versastyledesign.ca\/wp-content\/uploads\/2026\/02\/Un-espace-de-travail-reinvente-dans-le-centre-ville-de-Montreal-10-1024x898.jpg 1024w, https:\/\/versastyledesign.ca\/wp-content\/uploads\/2026\/02\/Un-espace-de-travail-reinvente-dans-le-centre-ville-de-Montreal-10-300x263.jpg 300w, https:\/\/versastyledesign.ca\/wp-content\/uploads\/2026\/02\/Un-espace-de-travail-reinvente-dans-le-centre-ville-de-Montreal-10-768x674.jpg 768w, https:\/\/versastyledesign.ca\/wp-content\/uploads\/2026\/02\/Un-espace-de-travail-reinvente-dans-le-centre-ville-de-Montreal-10.jpg 1280w\" sizes=\"auto, (max-width: 1024px) 100vw, 1024px\" \/><\/figure>\n\n\n\n<p><\/p>\n\n\n\n<p>Nos clients souhaitaient que leurs bureaux corporatifs soient plus inspirants, favorisant la collaboration, la cr\u00e9ativit\u00e9, les ventes et la r\u00e9solution de probl\u00e8mes.<\/p>\n\n\n\n<div class=\"wp-block-buttons is-horizontal is-content-justification-center is-layout-flex wp-container-core-buttons-is-layout-499968f5 wp-block-buttons-is-layout-flex\">\n<div class=\"wp-block-button button-custom aligncenter\"><a class=\"wp-block-button__link has-background wp-element-button\" href=\"https:\/\/versastyledesign.ca\/fr\/portfolio-de-design\/un-espace-de-travail-reinvente-dans-le-centre-ville-de-montreal\/\" style=\"background-color:#d53652\">Voir le portfolio<\/a><\/div>\n<\/div>\n<\/div>\n\n\n\n<div class=\"wp-block-column is-layout-flow wp-block-column-is-layout-flow\">\n<div style=\"height:50px\" aria-hidden=\"true\" class=\"wp-block-spacer\"><\/div>\n\n\n\n<h4 class=\"wp-block-heading has-text-align-center\" id=\"bureau-a-domicile-de-style-traditionnel-dans-un-concept-a-aire-ouverte-381839c5-3751-4a6d-b386-c7f546087d2a\">Relooking de bureau \u00e0 domicile \u00e0 Pointe-St-Charles, Montr\u00e9al<\/h4>\n\n\n<div class=\"wp-block-image\">\n<figure class=\"aligncenter size-large is-resized\"><img loading=\"lazy\" decoding=\"async\" width=\"1024\" height=\"768\" src=\"https:\/\/versastyledesign.ca\/wp-content\/uploads\/2021\/11\/portfolio-design-de-bureau-1-1024x768.jpg\" alt=\"portfolio-design-de-bureau-1\" class=\"wp-image-22908\" style=\"width:512px;height:384px\" srcset=\"https:\/\/versastyledesign.ca\/wp-content\/uploads\/2021\/11\/portfolio-design-de-bureau-1-1024x768.jpg 1024w, https:\/\/versastyledesign.ca\/wp-content\/uploads\/2021\/11\/portfolio-design-de-bureau-1-300x225.jpg 300w, https:\/\/versastyledesign.ca\/wp-content\/uploads\/2021\/11\/portfolio-design-de-bureau-1-768x576.jpg 768w, https:\/\/versastyledesign.ca\/wp-content\/uploads\/2021\/11\/portfolio-design-de-bureau-1.jpg 1280w\" sizes=\"auto, (max-width: 1024px) 100vw, 1024px\" \/><\/figure>\n<\/div>\n\n\n<p><\/p>\n\n\n\n<p>La cliente n\u2019avait pas de pi\u00e8ce libre pour son bureau \u00e0 domicile. Apr\u00e8s avoir explor\u00e9 toutes les options, nous lui avons recommand\u00e9 de consacrer cette partie de son salon dans un concept \u00e0 aire ouverte.<\/p>\n\n\n\n<div class=\"wp-block-buttons is-horizontal is-content-justification-center is-layout-flex wp-container-core-buttons-is-layout-499968f5 wp-block-buttons-is-layout-flex\">\n<div class=\"wp-block-button button-custom aligncenter\"><a class=\"wp-block-button__link has-background wp-element-button\" href=\"https:\/\/versastyledesign.ca\/fr\/portfolio-de-design\/relooking-de-bureau-a-domicile-a-pointe-st-charles-montreal\/\" style=\"background-color:#d53652\">Voir le portfolio<\/a><\/div>\n<\/div>\n<\/div>\n<\/div>\n\n\n\n<div class=\"wp-block-columns is-layout-flex wp-container-core-columns-is-layout-9d6595d7 wp-block-columns-is-layout-flex\">\n<div class=\"wp-block-column is-layout-flow wp-block-column-is-layout-flow\">\n<div style=\"height:50px\" aria-hidden=\"true\" class=\"wp-block-spacer\"><\/div>\n\n\n\n<h4 class=\"wp-block-heading\" id=\"maison-craftsman-design-de-bureau-a-domicile-a-montreal-0eae227a-fe05-45eb-a2d8-21cf3e0f1fa2\">Design de bureau \u00e0 domicile \u00e0 Montr\u00e9al<\/h4>\n\n\n\n<figure class=\"wp-block-image size-large\"><img loading=\"lazy\" decoding=\"async\" width=\"1024\" height=\"768\" src=\"https:\/\/versastyledesign.ca\/wp-content\/uploads\/2021\/10\/design-de-bureau-a-domicile-3-1024x768.jpg\" alt=\"design-de-bureau-a-domicile\" class=\"wp-image-22701\" srcset=\"https:\/\/versastyledesign.ca\/wp-content\/uploads\/2021\/10\/design-de-bureau-a-domicile-3-1024x768.jpg 1024w, https:\/\/versastyledesign.ca\/wp-content\/uploads\/2021\/10\/design-de-bureau-a-domicile-3-300x225.jpg 300w, https:\/\/versastyledesign.ca\/wp-content\/uploads\/2021\/10\/design-de-bureau-a-domicile-3-768x576.jpg 768w, https:\/\/versastyledesign.ca\/wp-content\/uploads\/2021\/10\/design-de-bureau-a-domicile-3.jpg 1280w\" sizes=\"auto, (max-width: 1024px) 100vw, 1024px\" \/><\/figure>\n\n\n\n<p><\/p>\n\n\n\n<p>Les clients souhaitaient int\u00e9grer un nouveau bureau \u00e0 domicile dans un concept \u00e0 aire ouverte.<\/p>\n\n\n\n<div class=\"wp-block-buttons is-horizontal is-content-justification-center is-layout-flex wp-container-core-buttons-is-layout-499968f5 wp-block-buttons-is-layout-flex\">\n<div class=\"wp-block-button button-custom aligncenter\"><a class=\"wp-block-button__link has-background wp-element-button\" href=\"https:\/\/versastyledesign.ca\/fr\/portfolio-de-design\/portfolio-de-design-de-bureau-a-domicile-a-montreal\/\" style=\"background-color:#d53652\">Voir le portfolio<\/a><\/div>\n<\/div>\n<\/div>\n\n\n\n<div class=\"wp-block-column is-layout-flow wp-block-column-is-layout-flow\">\n<div style=\"height:50px\" aria-hidden=\"true\" class=\"wp-block-spacer\"><\/div>\n\n\n\n<h4 class=\"wp-block-heading has-text-align-center\" id=\"bureau-a-domicile-de-style-traditionnel-dans-un-concept-a-aire-ouverte-381839c5-3751-4a6d-b386-c7f546087d2a\">Design d\u2019un bureau \u00e0 domicile pour deux<\/h4>\n\n\n<div class=\"wp-block-image\">\n<figure class=\"aligncenter size-large is-resized\"><img loading=\"lazy\" decoding=\"async\" width=\"1024\" height=\"768\" src=\"https:\/\/versastyledesign.ca\/wp-content\/uploads\/2024\/09\/Amenagement-dun-bureau-a-domicile-pour-deux-personnes-a-Montreal-4-1-1024x768.jpg\" alt=\"Amenagement dun bureau a domicile pour deux personnes a Montreal\" class=\"wp-image-28922\" style=\"width:512px\" srcset=\"https:\/\/versastyledesign.ca\/wp-content\/uploads\/2024\/09\/Amenagement-dun-bureau-a-domicile-pour-deux-personnes-a-Montreal-4-1-1024x768.jpg 1024w, https:\/\/versastyledesign.ca\/wp-content\/uploads\/2024\/09\/Amenagement-dun-bureau-a-domicile-pour-deux-personnes-a-Montreal-4-1-300x225.jpg 300w, https:\/\/versastyledesign.ca\/wp-content\/uploads\/2024\/09\/Amenagement-dun-bureau-a-domicile-pour-deux-personnes-a-Montreal-4-1-768x576.jpg 768w, https:\/\/versastyledesign.ca\/wp-content\/uploads\/2024\/09\/Amenagement-dun-bureau-a-domicile-pour-deux-personnes-a-Montreal-4-1.jpg 1250w\" sizes=\"auto, (max-width: 1024px) 100vw, 1024px\" \/><\/figure>\n<\/div>\n\n\n<p><\/p>\n\n\n\n<p>Les clients ne disposaient pas de pi\u00e8ce libre pour leur double bureau \u00e0 domicile.<\/p>\n\n\n\n<div class=\"wp-block-buttons is-horizontal is-content-justification-center is-layout-flex wp-container-core-buttons-is-layout-499968f5 wp-block-buttons-is-layout-flex\">\n<div class=\"wp-block-button button-custom aligncenter\"><a class=\"wp-block-button__link has-background wp-element-button\" href=\"https:\/\/versastyledesign.ca\/fr\/portfolio-de-design\/design-dun-bureau-a-domicile-pour-deux\/\" style=\"background-color:#d53652\">Voir le portfolio<\/a><\/div>\n<\/div>\n<\/div>\n<\/div>\n\n\n\n<div class=\"wp-block-columns is-layout-flex wp-container-core-columns-is-layout-9d6595d7 wp-block-columns-is-layout-flex\">\n<div class=\"wp-block-column is-layout-flow wp-block-column-is-layout-flow\">\n<div style=\"height:50px\" aria-hidden=\"true\" class=\"wp-block-spacer\"><\/div>\n\n\n\n<h4 class=\"wp-block-heading\" id=\"maison-craftsman-design-de-bureau-a-domicile-a-montreal-0eae227a-fe05-45eb-a2d8-21cf3e0f1fa2\">Maison Craftsman; Design de bureau \u00e0 domicile \u00e0 Montr\u00e9al<\/h4>\n\n\n\n<figure class=\"wp-block-image size-large\"><img loading=\"lazy\" decoding=\"async\" width=\"800\" height=\"600\" src=\"https:\/\/versastyledesign.ca\/wp-content\/uploads\/2021\/06\/portfolio-bureau-a-domicile-design-a-montreal-77.jpg\" alt=\"\" class=\"wp-image-22259\" srcset=\"https:\/\/versastyledesign.ca\/wp-content\/uploads\/2021\/06\/portfolio-bureau-a-domicile-design-a-montreal-77.jpg 800w, https:\/\/versastyledesign.ca\/wp-content\/uploads\/2021\/06\/portfolio-bureau-a-domicile-design-a-montreal-77-300x225.jpg 300w, https:\/\/versastyledesign.ca\/wp-content\/uploads\/2021\/06\/portfolio-bureau-a-domicile-design-a-montreal-77-768x576.jpg 768w\" sizes=\"auto, (max-width: 800px) 100vw, 800px\" \/><\/figure>\n\n\n\n<p><\/p>\n\n\n\n<p>Les clients voulaient \u00e9gayer la palette et ajouter de la lumi\u00e8re tout en respectant les boiseries de style Artisan et le caract\u00e8re classique de la maison.<\/p>\n\n\n\n<div class=\"wp-block-buttons is-horizontal is-content-justification-center is-layout-flex wp-container-core-buttons-is-layout-499968f5 wp-block-buttons-is-layout-flex\">\n<div class=\"wp-block-button button-custom aligncenter\"><a class=\"wp-block-button__link has-background wp-element-button\" href=\"https:\/\/versastyledesign.ca\/fr\/portfolio-de-design\/maison-craftsman-design-de-bureau-a-domicile-a-montreal\/\" style=\"background-color:#d53652\">Voir le portfolio<\/a><\/div>\n<\/div>\n<\/div>\n\n\n\n<div class=\"wp-block-column is-layout-flow wp-block-column-is-layout-flow\">\n<div style=\"height:50px\" aria-hidden=\"true\" class=\"wp-block-spacer\"><\/div>\n\n\n\n<h4 class=\"wp-block-heading has-text-align-center\" id=\"bureau-a-domicile-de-style-traditionnel-dans-un-concept-a-aire-ouverte-381839c5-3751-4a6d-b386-c7f546087d2a\">Design de bureau \u00e0 domicile dans une aire ouverte \u00e0 Montr\u00e9al<\/h4>\n\n\n<div class=\"wp-block-image\">\n<figure class=\"aligncenter size-full\"><img loading=\"lazy\" decoding=\"async\" width=\"600\" height=\"800\" src=\"https:\/\/versastyledesign.ca\/wp-content\/uploads\/2021\/08\/portfolio-de-design-de-bureau-07_2.jpg\" alt=\"portfolio-de-design-de-bureau\" class=\"wp-image-22541\" srcset=\"https:\/\/versastyledesign.ca\/wp-content\/uploads\/2021\/08\/portfolio-de-design-de-bureau-07_2.jpg 600w, https:\/\/versastyledesign.ca\/wp-content\/uploads\/2021\/08\/portfolio-de-design-de-bureau-07_2-225x300.jpg 225w\" sizes=\"auto, (max-width: 600px) 100vw, 600px\" \/><\/figure>\n<\/div>\n\n\n<p><\/p>\n\n\n\n<p>\u200b\u200bLe client souhaitait un bureau \u00e0 domicile \u00e9pur\u00e9 et moderne dans son espace salon et salle \u00e0 manger \u00e0 aire ouverte. La zone est assez grande, la mise en place des \u00e9l\u00e9ments fut donc un bon d\u00e9fi.<\/p>\n\n\n\n<div class=\"wp-block-buttons is-horizontal is-content-justification-center is-layout-flex wp-container-core-buttons-is-layout-499968f5 wp-block-buttons-is-layout-flex\">\n<div class=\"wp-block-button button-custom aligncenter\"><a class=\"wp-block-button__link has-background wp-element-button\" href=\"https:\/\/versastyledesign.ca\/fr\/portfolio-de-design\/office-design-in-an-open-concept-plan\/\" style=\"background-color:#d53652\">Voir le portfolio<\/a><\/div>\n<\/div>\n<\/div>\n<\/div>\n\n\n\n<div class=\"wp-block-columns is-layout-flex wp-container-core-columns-is-layout-9d6595d7 wp-block-columns-is-layout-flex\">\n<div class=\"wp-block-column is-layout-flow wp-block-column-is-layout-flow\">\n<h4 class=\"wp-block-heading\" id=\"bureau-a-domicile-dans-un-concept-a-aire-ouverte-2603fd4d-41f2-4154-84d7-65ecb2af62da\">Bureau \u00e0 domicile dans un concept \u00e0 aire ouverte<\/h4>\n\n\n<div class=\"wp-block-image\">\n<figure class=\"aligncenter size-large is-resized\"><img loading=\"lazy\" decoding=\"async\" width=\"764\" height=\"1024\" src=\"https:\/\/versastyledesign.ca\/wp-content\/uploads\/2021\/07\/portfolio-de-design-de-bureau-88-764x1024.jpg\" alt=\"portfolio-de-design-de-bureau\" class=\"wp-image-22411\" style=\"width:382px;height:512px\" srcset=\"https:\/\/versastyledesign.ca\/wp-content\/uploads\/2021\/07\/portfolio-de-design-de-bureau-88-764x1024.jpg 764w, https:\/\/versastyledesign.ca\/wp-content\/uploads\/2021\/07\/portfolio-de-design-de-bureau-88-224x300.jpg 224w, https:\/\/versastyledesign.ca\/wp-content\/uploads\/2021\/07\/portfolio-de-design-de-bureau-88-768x1029.jpg 768w, https:\/\/versastyledesign.ca\/wp-content\/uploads\/2021\/07\/portfolio-de-design-de-bureau-88.jpg 850w\" sizes=\"auto, (max-width: 764px) 100vw, 764px\" \/><\/figure>\n<\/div>\n\n\n<p><\/p>\n\n\n\n<p>Ce client voulait un bureau \u00e0 domicile fonctionnel et invitant. Nous avons cr\u00e9\u00e9 un plan d\u2019am\u00e9nagement qui int\u00e9grait un nouveau foyer au centre de l\u2019aire ouverte et cela fut un franc succ\u00e8s!<\/p>\n\n\n\n<div class=\"wp-block-buttons is-horizontal is-content-justification-center is-layout-flex wp-container-core-buttons-is-layout-499968f5 wp-block-buttons-is-layout-flex\">\n<div class=\"wp-block-button button-custom aligncenter\"><a class=\"wp-block-button__link has-background wp-element-button\" href=\"https:\/\/versastyledesign.ca\/fr\/portfolio-de-design\/bureau-a-domicile-dans-un-concept-a-aire-ouverte\/\" style=\"background-color:#d53652\">Voir le portfolio<\/a><\/div>\n<\/div>\n<\/div>\n\n\n\n<div class=\"wp-block-column is-layout-flow wp-block-column-is-layout-flow\">\n<div style=\"height:50px\" aria-hidden=\"true\" class=\"wp-block-spacer\"><\/div>\n<\/div>\n<\/div>\n\n\n\n<div style=\"height:25px\" aria-hidden=\"true\" class=\"wp-block-spacer\"><\/div>\n\n\n\n<div class=\"wp-block-group\"><div class=\"wp-block-group__inner-container is-layout-constrained wp-block-group-is-layout-constrained\">\n<h2 class=\"wp-block-heading has-text-align-center\">Les services experts en design d\u2019int\u00e9rieur de Lucie<\/h2>\n\n\n\n<p class=\"has-text-align-center\">Pour donner suite \u00e0 votre <a href=\"https:\/\/versastyledesign.ca\/interior-design-packages\/versa-style-design-initial-consultation\/\">consultation initiale<\/a>, nous vous pr\u00e9sentons <br>3 diff\u00e9rentes offres de design :<\/p>\n\n\n\n<div class=\"wp-block-columns is-layout-flex wp-container-core-columns-is-layout-9d6595d7 wp-block-columns-is-layout-flex\">\n<div class=\"wp-block-column is-vertically-aligned-stretch service-package-column has-background is-layout-flow wp-block-column-is-layout-flow\" style=\"background-color:#f3f3f3\">\n<div style=\"height:25px\" aria-hidden=\"true\" class=\"wp-block-spacer\"><\/div>\n\n\n\n<h3 class=\"wp-block-heading\" id=\"single\" style=\"font-size:32px\"><strong><strong>Forfait <\/strong><\/strong><br><strong><strong>\u00ab&nbsp;Essentiels&nbsp;\u00bb<\/strong><\/strong><\/h3>\n\n\n\n<p class=\"has-black-color has-text-color has-link-color wp-elements-5a65b2cb4404fee5bd8d404c42e21756\" style=\"font-size:18px;line-height:1.5\"><strong><strong>Planifiez votre projet de design avec soin.<\/strong><\/strong><\/p>\n\n\n\n<ul style=\"font-size:18px\" class=\"has-black-color has-text-color has-link-color wp-block-list wp-elements-1c76177ce88e8f952518af66e68d261e\">\n<li>Visite \u00e0 domicile avec consultation<\/li>\n\n\n\n<li>S\u00e9ance de design et conception imm\u00e9diate chez vous<\/li>\n\n\n\n<li>Plans \u2013 esquisses \u00e0 main lev\u00e9e indiquant les dimensions et composantes<\/li>\n\n\n\n<li>Plans &#8211; esquisses d\u2019\u00e9l\u00e9vation (vue des murs) \u00e0 main lev\u00e9e en perspective 3D<\/li>\n\n\n\n<li>Strat\u00e9gies de rangement d\u00e9taill\u00e9es<\/li>\n\n\n\n<li>Id\u00e9es d\u2019optimisation de l\u2019espace<\/li>\n<\/ul>\n\n\n\n<div class=\"wp-block-buttons is-content-justification-center is-layout-flex wp-container-core-buttons-is-layout-e1485a7b wp-block-buttons-is-layout-flex\">\n<div class=\"wp-block-button has-custom-width wp-block-button__width-100 has-custom-font-size is-style-fill\" style=\"font-size:22px\"><a class=\"wp-block-button__link has-background wp-element-button\" href=\"\/fr?page_id=28026\" style=\"border-radius:0px;background-color:#d53652\">VOIR PLUS<\/a><\/div>\n<\/div>\n<\/div>\n\n\n\n<div class=\"wp-block-column is-vertically-aligned-stretch service-package-column has-background is-layout-flow wp-block-column-is-layout-flow\" style=\"background-color:#f3f3f3\">\n<div style=\"height:25px\" aria-hidden=\"true\" class=\"wp-block-spacer\"><\/div>\n\n\n\n<h3 class=\"wp-block-heading\" id=\"family\" style=\"font-size:32px\"><strong><strong>Forfait <\/strong><\/strong><br><strong><strong>\u00ab&nbsp;De Luxe&nbsp;\u00bb<\/strong><\/strong><\/h3>\n\n\n\n<p class=\"has-black-color has-text-color has-link-color wp-elements-6b193859a100ea8740d2054e37e38f61\" style=\"font-size:18px;line-height:1.5\"><strong>Le forfait \u00ab&nbsp;Essentiels&nbsp;\u00bb avec une attention suppl\u00e9mentaire aux moindres d\u00e9tails.<\/strong><\/p>\n\n\n\n<ul style=\"font-size:18px\" class=\"has-black-color has-text-color has-link-color wp-block-list wp-elements-73e2581ccb872abae621afd5938e97cd\">\n<li>Forfait \u00ab&nbsp;Essentiels&nbsp;\u00bb<\/li>\n\n\n\n<li>Processus d\u2019interview visuel efficace pour identifier vos pr\u00e9f\u00e9rences et style<\/li>\n\n\n\n<li>Nouvelle palette de couleurs et finitions<\/li>\n\n\n\n<li>Guide d\u00e9taill\u00e9 pour les achats<\/li>\n\n\n\n<li>Visites de salles de montre (priv\u00e9es et publics)<\/li>\n\n\n\n<li>\u00c9chantillons de mat\u00e9riaux et de marchandises<\/li>\n<\/ul>\n\n\n\n<div style=\"height:28px\" aria-hidden=\"true\" class=\"wp-block-spacer\"><\/div>\n\n\n\n<div class=\"wp-block-buttons is-content-justification-center is-layout-flex wp-container-core-buttons-is-layout-e1485a7b wp-block-buttons-is-layout-flex\">\n<div class=\"wp-block-button has-custom-width wp-block-button__width-100 has-custom-font-size is-style-fill\" style=\"font-size:22px\"><a class=\"wp-block-button__link has-background wp-element-button\" href=\"\/fr?page_id=28100\" style=\"border-radius:0px;background-color:#d53652\">VOIR PLUS<\/a><\/div>\n<\/div>\n<\/div>\n\n\n\n<div class=\"wp-block-column is-vertically-aligned-stretch service-package-column has-background is-layout-flow wp-block-column-is-layout-flow\" style=\"background-color:#f3f3f3\">\n<div style=\"height:25px\" aria-hidden=\"true\" class=\"wp-block-spacer\"><\/div>\n\n\n\n<h3 class=\"wp-block-heading\" id=\"patron\" style=\"font-size:32px\"><strong><strong>Forfait <\/strong><\/strong><br><strong><strong>\u00ab&nbsp;Signature&nbsp;\u00bb<\/strong><\/strong><\/h3>\n\n\n\n<p class=\"has-black-color has-text-color has-link-color wp-elements-b0fcad64831eca981f827a2b0e5265e7\" style=\"font-size:18px\"><strong><strong>Le forfait \u00ab&nbsp;De Luxe&nbsp;\u00bb avec des d\u00e9tails plus affin\u00e9s et une gestion de projet en plus.<\/strong><\/strong><\/p>\n\n\n\n<ul style=\"font-size:18px\" class=\"has-black-color has-text-color has-link-color wp-block-list wp-elements-56a774f26b8cdcdad90915e6c8904ba2\">\n<li>Forfait \u00ab&nbsp;Essentiels&nbsp;\u00bb<\/li>\n\n\n\n<li>Forfait \u00ab&nbsp;De Luxe&nbsp;\u00bb<\/li>\n\n\n\n<li>Recrutement des corps de m\u00e9tiers et n\u00e9gociations commerciales<\/li>\n\n\n\n<li>Plans AutoCAD et architecturaux 3D<\/li>\n\n\n\n<li>Achats assist\u00e9s<\/li>\n\n\n\n<li>Coordination des commandes et livraisons<\/li>\n\n\n\n<li>Supervision du projet<\/li>\n<\/ul>\n\n\n\n<div style=\"height:107px\" aria-hidden=\"true\" class=\"wp-block-spacer\"><\/div>\n\n\n\n<div class=\"wp-block-buttons is-content-justification-center is-layout-flex wp-container-core-buttons-is-layout-e1485a7b wp-block-buttons-is-layout-flex\">\n<div class=\"wp-block-button has-custom-width wp-block-button__width-100 has-custom-font-size is-style-fill\" style=\"font-size:22px\"><a class=\"wp-block-button__link has-background wp-element-button\" href=\"\/fr\/forfait-de-design-interieur\/forfait-signature-de-services-de-design-de-lucie\/\" style=\"border-radius:0px;background-color:#d53652\">VOIR PLUS<\/a><\/div>\n<\/div>\n<\/div>\n<\/div>\n<\/div><\/div>\n\n\n\n<div style=\"height:50px\" aria-hidden=\"true\" class=\"wp-block-spacer\"><\/div>\n\n\n\n<h2 class=\"wp-block-heading\" id=\"-experts-en-services-de-design-dinterieur--e0acdeeb-1a61-4975-88b0-a84ffdd2d747\">Experts en services de design d\u2019int\u00e9rieur <\/h2>\n\n\n\n<blockquote class=\"wp-block-quote is-layout-flow wp-block-quote-is-layout-flow\">\n<p>Travailler avec Lucie de Versa Style Design a \u00e9t\u00e9 pour moi une exp\u00e9rience extraordinaire. D\u00e8s le d\u00e9but, j\u2019ai \u00e9t\u00e9 convaincu que cette designer \u00e9tait qualifi\u00e9e et d\u00e9vou\u00e9e. Son offre (en diff\u00e9rents niveaux de service) \u00e9tait claire et tr\u00e8s organis\u00e9e. Les outils qu\u2019elle a utilis\u00e9s pour \u00e9valuer mes go\u00fbts et mes besoins ont \u00e9t\u00e9 tr\u00e8s utiles et ont contribu\u00e9 \u00e0 gagner en efficacit\u00e9. Elle travaille avec des partenaires fiables qui, \u00e0 coup s\u00fbr, ne vous d\u00e9cevront jamais, respecteront toujours leurs engagements et ne vous surprendront jamais par des surprises lors de la facturation. Je recommande vivement Lucie et ses partenaires, elle vous aidera \u00e0 progresser plus rapidement et facilement vers l\u2019atteinte de vos projets.<\/p>\n<cite><strong>Eric Boutet<\/strong><\/cite><\/blockquote>\n\n\n\n<div style=\"height:50px\" aria-hidden=\"true\" class=\"wp-block-spacer\"><\/div>\n\n\n\n<h2 class=\"wp-block-heading\" id=\"etesvous-situe-dans-la-grande-region-de-montreal--baf7d6ae-7d98-44da-ad70-636a1fa43a48\">\u00cates-vous situ\u00e9 dans la grande r\u00e9gion de Montr\u00e9al? <\/h2>\n\n\n\n<div style=\"height:50px\" aria-hidden=\"true\" class=\"wp-block-spacer\"><\/div>\n\n\n\n<div class=\"wp-block-buttons is-content-justification-center is-layout-flex wp-container-core-buttons-is-layout-16018d1d wp-block-buttons-is-layout-flex\">\n<div class=\"wp-block-button button-inverse\"><a class=\"wp-block-button__link has-text-color has-background has-link-color wp-element-button\" href=\"\/fr\/forfait-de-design-interieur\/versa-style-design-premiere-consultation\/\" style=\"color:#d53652;background-color:#f3f3f3\">Premi\u00e8re consultation<\/a><\/div>\n<\/div>\n\n\n\n<div style=\"height:25px\" aria-hidden=\"true\" class=\"wp-block-spacer\"><\/div>\n<p><a href=\"\/\/www.pinterest.com\/pin\/create\/button\/\" data-pin-do=\"buttonBookmark\" data-pin-color=\"red\" data-pin-height=\"128\"><img decoding=\"async\" src=\"\/\/assets.pinterest.com\/images\/pidgets\/pinit_fg_en_rect_red_28.png\" \/><\/a><\/p>","protected":false},"excerpt":{"rendered":"<p>Services de design de bureaux \u00e0 domicile Dans la majorit\u00e9 des foyers, le bureau occupe plusieurs fonctions. Si vous travaillez de la maison, c\u2019est votre zone d\u2019affaires de 9 \u00e0 5; pour d\u2019autres, c\u2019est l\u2019endroit r\u00e9serv\u00e9 pour payer les comptes, d\u00e9pouiller le courrier ou ranger des documents importants. Pour les enfants, c\u2019est l\u2019endroit pour les [&hellip;]<\/p>\n","protected":false},"author":2,"featured_media":19298,"parent":1628,"menu_order":0,"comment_status":"open","ping_status":"open","template":"","meta":{"advgb_blocks_editor_width":"","advgb_blocks_columns_visual_guide":"","_genesis_hide_title":false,"_genesis_hide_breadcrumbs":false,"_genesis_hide_singular_image":false,"_genesis_hide_footer_widgets":false,"_genesis_custom_body_class":"","_genesis_custom_post_class":"","_genesis_layout":"full-width-content","footnotes":""},"class_list":{"0":"post-1860","1":"page","2":"type-page","3":"status-publish","4":"has-post-thumbnail","6":"entry"},"yoast_head":"<!-- This site is optimized with the Yoast SEO plugin v27.5 - https:\/\/yoast.com\/product\/yoast-seo-wordpress\/ -->\n<title>Design de bureaux \u00e0 domicile \u00e0 Montr\u00e9al - Versa Style Design<\/title>\n<meta name=\"description\" content=\"Versa Style Design offre des services de design et de r\u00e9novation de bureaux aux r\u00e9sidences et aux entreprises de la grande r\u00e9gion de Montr\u00e9al.\" \/>\n<meta name=\"robots\" content=\"index, follow, max-snippet:-1, max-image-preview:large, max-video-preview:-1\" \/>\n<link rel=\"canonical\" href=\"https:\/\/versastyledesign.ca\/fr\/design-interieur\/design-de-bureaux-a-montreal\/\" \/>\n<meta property=\"og:locale\" content=\"fr_CA\" \/>\n<meta property=\"og:type\" content=\"article\" \/>\n<meta property=\"og:title\" content=\"Design de bureaux \u00e0 domicile \u00e0 Montr\u00e9al - Versa Style Design\" \/>\n<meta property=\"og:description\" content=\"Versa Style Design offre des services de design et de r\u00e9novation de bureaux aux r\u00e9sidences et aux entreprises de la grande r\u00e9gion de Montr\u00e9al.\" \/>\n<meta property=\"og:url\" content=\"https:\/\/versastyledesign.ca\/fr\/design-interieur\/design-de-bureaux-a-montreal\/\" \/>\n<meta property=\"og:site_name\" content=\"Versa Style Design\" \/>\n<meta property=\"article:publisher\" content=\"https:\/\/www.facebook.com\/Versastyledesign?ref=hl\" \/>\n<meta property=\"article:modified_time\" content=\"2026-02-17T15:59:25+00:00\" \/>\n<meta property=\"og:image\" content=\"https:\/\/versastyledesign.ca\/wp-content\/uploads\/2020\/01\/design-bureau-maison-montreal-001.jpg\" \/>\n\t<meta property=\"og:image:width\" content=\"850\" \/>\n\t<meta property=\"og:image:height\" content=\"575\" \/>\n\t<meta property=\"og:image:type\" content=\"image\/jpeg\" \/>\n<meta name=\"twitter:label1\" content=\"Estimation du temps de lecture\" \/>\n\t<meta name=\"twitter:data1\" content=\"5 minutes\" \/>\n<script type=\"application\/ld+json\" class=\"yoast-schema-graph\">{\"@context\":\"https:\\\/\\\/schema.org\",\"@graph\":[{\"@type\":\"WebPage\",\"@id\":\"https:\\\/\\\/versastyledesign.ca\\\/fr\\\/design-interieur\\\/design-de-bureaux-a-montreal\\\/\",\"url\":\"https:\\\/\\\/versastyledesign.ca\\\/fr\\\/design-interieur\\\/design-de-bureaux-a-montreal\\\/\",\"name\":\"Design de bureaux \u00e0 domicile \u00e0 Montr\u00e9al - Versa Style Design\",\"isPartOf\":{\"@id\":\"http:\\\/\\\/new.versastyledesign.ca\\\/fr\\\/#website\"},\"primaryImageOfPage\":{\"@id\":\"https:\\\/\\\/versastyledesign.ca\\\/fr\\\/design-interieur\\\/design-de-bureaux-a-montreal\\\/#primaryimage\"},\"image\":{\"@id\":\"https:\\\/\\\/versastyledesign.ca\\\/fr\\\/design-interieur\\\/design-de-bureaux-a-montreal\\\/#primaryimage\"},\"thumbnailUrl\":\"https:\\\/\\\/versastyledesign.ca\\\/wp-content\\\/uploads\\\/2020\\\/01\\\/design-bureau-maison-montreal-001.jpg\",\"datePublished\":\"2015-07-02T14:15:02+00:00\",\"dateModified\":\"2026-02-17T15:59:25+00:00\",\"description\":\"Versa Style Design offre des services de design et de r\u00e9novation de bureaux aux r\u00e9sidences et aux entreprises de la grande r\u00e9gion de Montr\u00e9al.\",\"breadcrumb\":{\"@id\":\"https:\\\/\\\/versastyledesign.ca\\\/fr\\\/design-interieur\\\/design-de-bureaux-a-montreal\\\/#breadcrumb\"},\"inLanguage\":\"fr-CA\",\"potentialAction\":[{\"@type\":\"ReadAction\",\"target\":[\"https:\\\/\\\/versastyledesign.ca\\\/fr\\\/design-interieur\\\/design-de-bureaux-a-montreal\\\/\"]}]},{\"@type\":\"ImageObject\",\"inLanguage\":\"fr-CA\",\"@id\":\"https:\\\/\\\/versastyledesign.ca\\\/fr\\\/design-interieur\\\/design-de-bureaux-a-montreal\\\/#primaryimage\",\"url\":\"https:\\\/\\\/versastyledesign.ca\\\/wp-content\\\/uploads\\\/2020\\\/01\\\/design-bureau-maison-montreal-001.jpg\",\"contentUrl\":\"https:\\\/\\\/versastyledesign.ca\\\/wp-content\\\/uploads\\\/2020\\\/01\\\/design-bureau-maison-montreal-001.jpg\",\"width\":850,\"height\":575},{\"@type\":\"BreadcrumbList\",\"@id\":\"https:\\\/\\\/versastyledesign.ca\\\/fr\\\/design-interieur\\\/design-de-bureaux-a-montreal\\\/#breadcrumb\",\"itemListElement\":[{\"@type\":\"ListItem\",\"position\":1,\"name\":\"Accueil\",\"item\":\"http:\\\/\\\/new.versastyledesign.ca\\\/fr\\\/\"},{\"@type\":\"ListItem\",\"position\":2,\"name\":\"Design Int\u00e9rieur\",\"item\":\"https:\\\/\\\/new.versastyledesign.ca\\\/fr\\\/design-interieur\\\/\"},{\"@type\":\"ListItem\",\"position\":3,\"name\":\"Design de bureaux \u00e0 domicile \u00e0 Montr\u00e9al\"}]},{\"@type\":\"WebSite\",\"@id\":\"http:\\\/\\\/new.versastyledesign.ca\\\/fr\\\/#website\",\"url\":\"http:\\\/\\\/new.versastyledesign.ca\\\/fr\\\/\",\"name\":\"Versa Style Design\",\"description\":\"Design d&#039;int\u00e9rieur et r\u00e9novations \u00e0 Montr\u00e9al\",\"publisher\":{\"@id\":\"http:\\\/\\\/new.versastyledesign.ca\\\/fr\\\/#organization\"},\"potentialAction\":[{\"@type\":\"SearchAction\",\"target\":{\"@type\":\"EntryPoint\",\"urlTemplate\":\"http:\\\/\\\/new.versastyledesign.ca\\\/fr\\\/?s={search_term_string}\"},\"query-input\":{\"@type\":\"PropertyValueSpecification\",\"valueRequired\":true,\"valueName\":\"search_term_string\"}}],\"inLanguage\":\"fr-CA\"},{\"@type\":\"Organization\",\"@id\":\"http:\\\/\\\/new.versastyledesign.ca\\\/fr\\\/#organization\",\"name\":\"Versa Style Design\",\"url\":\"http:\\\/\\\/new.versastyledesign.ca\\\/fr\\\/\",\"logo\":{\"@type\":\"ImageObject\",\"inLanguage\":\"fr-CA\",\"@id\":\"http:\\\/\\\/new.versastyledesign.ca\\\/fr\\\/#\\\/schema\\\/logo\\\/image\\\/\",\"url\":\"https:\\\/\\\/versastyledesign.ca\\\/wp-content\\\/uploads\\\/2019\\\/11\\\/Versa-Style-Design-logo.jpg\",\"contentUrl\":\"https:\\\/\\\/versastyledesign.ca\\\/wp-content\\\/uploads\\\/2019\\\/11\\\/Versa-Style-Design-logo.jpg\",\"width\":2099,\"height\":670,\"caption\":\"Versa Style Design\"},\"image\":{\"@id\":\"http:\\\/\\\/new.versastyledesign.ca\\\/fr\\\/#\\\/schema\\\/logo\\\/image\\\/\"},\"sameAs\":[\"https:\\\/\\\/www.facebook.com\\\/Versastyledesign?ref=hl\",\"https:\\\/\\\/x.com\\\/luciepitt\",\"https:\\\/\\\/www.instagram.com\\\/versastyledesign\\\/\",\"https:\\\/\\\/www.linkedin.com\\\/in\\\/lucie-pitt-54b0ba85\",\"https:\\\/\\\/www.pinterest.com\\\/versastyledesign\\\/\"]}]}<\/script>\n<!-- \/ Yoast SEO plugin. -->","yoast_head_json":{"title":"Design de bureaux \u00e0 domicile \u00e0 Montr\u00e9al - Versa Style Design","description":"Versa Style Design offre des services de design et de r\u00e9novation de bureaux aux r\u00e9sidences et aux entreprises de la grande r\u00e9gion de Montr\u00e9al.","robots":{"index":"index","follow":"follow","max-snippet":"max-snippet:-1","max-image-preview":"max-image-preview:large","max-video-preview":"max-video-preview:-1"},"canonical":"https:\/\/versastyledesign.ca\/fr\/design-interieur\/design-de-bureaux-a-montreal\/","og_locale":"fr_CA","og_type":"article","og_title":"Design de bureaux \u00e0 domicile \u00e0 Montr\u00e9al - Versa Style Design","og_description":"Versa Style Design offre des services de design et de r\u00e9novation de bureaux aux r\u00e9sidences et aux entreprises de la grande r\u00e9gion de Montr\u00e9al.","og_url":"https:\/\/versastyledesign.ca\/fr\/design-interieur\/design-de-bureaux-a-montreal\/","og_site_name":"Versa Style Design","article_publisher":"https:\/\/www.facebook.com\/Versastyledesign?ref=hl","article_modified_time":"2026-02-17T15:59:25+00:00","og_image":[{"width":850,"height":575,"url":"https:\/\/versastyledesign.ca\/wp-content\/uploads\/2020\/01\/design-bureau-maison-montreal-001.jpg","type":"image\/jpeg"}],"twitter_misc":{"Estimation du temps de lecture":"5 minutes"},"schema":{"@context":"https:\/\/schema.org","@graph":[{"@type":"WebPage","@id":"https:\/\/versastyledesign.ca\/fr\/design-interieur\/design-de-bureaux-a-montreal\/","url":"https:\/\/versastyledesign.ca\/fr\/design-interieur\/design-de-bureaux-a-montreal\/","name":"Design de bureaux \u00e0 domicile \u00e0 Montr\u00e9al - Versa Style Design","isPartOf":{"@id":"http:\/\/new.versastyledesign.ca\/fr\/#website"},"primaryImageOfPage":{"@id":"https:\/\/versastyledesign.ca\/fr\/design-interieur\/design-de-bureaux-a-montreal\/#primaryimage"},"image":{"@id":"https:\/\/versastyledesign.ca\/fr\/design-interieur\/design-de-bureaux-a-montreal\/#primaryimage"},"thumbnailUrl":"https:\/\/versastyledesign.ca\/wp-content\/uploads\/2020\/01\/design-bureau-maison-montreal-001.jpg","datePublished":"2015-07-02T14:15:02+00:00","dateModified":"2026-02-17T15:59:25+00:00","description":"Versa Style Design offre des services de design et de r\u00e9novation de bureaux aux r\u00e9sidences et aux entreprises de la grande r\u00e9gion de Montr\u00e9al.","breadcrumb":{"@id":"https:\/\/versastyledesign.ca\/fr\/design-interieur\/design-de-bureaux-a-montreal\/#breadcrumb"},"inLanguage":"fr-CA","potentialAction":[{"@type":"ReadAction","target":["https:\/\/versastyledesign.ca\/fr\/design-interieur\/design-de-bureaux-a-montreal\/"]}]},{"@type":"ImageObject","inLanguage":"fr-CA","@id":"https:\/\/versastyledesign.ca\/fr\/design-interieur\/design-de-bureaux-a-montreal\/#primaryimage","url":"https:\/\/versastyledesign.ca\/wp-content\/uploads\/2020\/01\/design-bureau-maison-montreal-001.jpg","contentUrl":"https:\/\/versastyledesign.ca\/wp-content\/uploads\/2020\/01\/design-bureau-maison-montreal-001.jpg","width":850,"height":575},{"@type":"BreadcrumbList","@id":"https:\/\/versastyledesign.ca\/fr\/design-interieur\/design-de-bureaux-a-montreal\/#breadcrumb","itemListElement":[{"@type":"ListItem","position":1,"name":"Accueil","item":"http:\/\/new.versastyledesign.ca\/fr\/"},{"@type":"ListItem","position":2,"name":"Design Int\u00e9rieur","item":"https:\/\/new.versastyledesign.ca\/fr\/design-interieur\/"},{"@type":"ListItem","position":3,"name":"Design de bureaux \u00e0 domicile \u00e0 Montr\u00e9al"}]},{"@type":"WebSite","@id":"http:\/\/new.versastyledesign.ca\/fr\/#website","url":"http:\/\/new.versastyledesign.ca\/fr\/","name":"Versa Style Design","description":"Design d&#039;int\u00e9rieur et r\u00e9novations \u00e0 Montr\u00e9al","publisher":{"@id":"http:\/\/new.versastyledesign.ca\/fr\/#organization"},"potentialAction":[{"@type":"SearchAction","target":{"@type":"EntryPoint","urlTemplate":"http:\/\/new.versastyledesign.ca\/fr\/?s={search_term_string}"},"query-input":{"@type":"PropertyValueSpecification","valueRequired":true,"valueName":"search_term_string"}}],"inLanguage":"fr-CA"},{"@type":"Organization","@id":"http:\/\/new.versastyledesign.ca\/fr\/#organization","name":"Versa Style Design","url":"http:\/\/new.versastyledesign.ca\/fr\/","logo":{"@type":"ImageObject","inLanguage":"fr-CA","@id":"http:\/\/new.versastyledesign.ca\/fr\/#\/schema\/logo\/image\/","url":"https:\/\/versastyledesign.ca\/wp-content\/uploads\/2019\/11\/Versa-Style-Design-logo.jpg","contentUrl":"https:\/\/versastyledesign.ca\/wp-content\/uploads\/2019\/11\/Versa-Style-Design-logo.jpg","width":2099,"height":670,"caption":"Versa Style Design"},"image":{"@id":"http:\/\/new.versastyledesign.ca\/fr\/#\/schema\/logo\/image\/"},"sameAs":["https:\/\/www.facebook.com\/Versastyledesign?ref=hl","https:\/\/x.com\/luciepitt","https:\/\/www.instagram.com\/versastyledesign\/","https:\/\/www.linkedin.com\/in\/lucie-pitt-54b0ba85","https:\/\/www.pinterest.com\/versastyledesign\/"]}]}},"coauthors":[],"author_meta":{"author_link":"https:\/\/versastyledesign.ca\/fr\/author\/lucie-pitt\/","display_name":"Lucie Pitt"},"relative_dates":{"created":"Posted 11 ann\u00e9es ago","modified":"Updated 2 mois ago"},"absolute_dates":{"created":"Posted on 2 juillet 2015","modified":"Updated on 17 f\u00e9vrier 2026"},"absolute_dates_time":{"created":"Posted on 2 juillet 2015 14 h 15 min","modified":"Updated on 17 f\u00e9vrier 2026 10 h 59 min"},"featured_img_caption":"","featured_img":"https:\/\/versastyledesign.ca\/wp-content\/uploads\/2020\/01\/design-bureau-maison-montreal-001.jpg","series_order":"","_links":{"self":[{"href":"https:\/\/versastyledesign.ca\/fr\/wp-json\/wp\/v2\/pages\/1860","targetHints":{"allow":["GET"]}}],"collection":[{"href":"https:\/\/versastyledesign.ca\/fr\/wp-json\/wp\/v2\/pages"}],"about":[{"href":"https:\/\/versastyledesign.ca\/fr\/wp-json\/wp\/v2\/types\/page"}],"author":[{"embeddable":true,"href":"https:\/\/versastyledesign.ca\/fr\/wp-json\/wp\/v2\/users\/2"}],"replies":[{"embeddable":true,"href":"https:\/\/versastyledesign.ca\/fr\/wp-json\/wp\/v2\/comments?post=1860"}],"version-history":[{"count":16,"href":"https:\/\/versastyledesign.ca\/fr\/wp-json\/wp\/v2\/pages\/1860\/revisions"}],"predecessor-version":[{"id":31859,"href":"https:\/\/versastyledesign.ca\/fr\/wp-json\/wp\/v2\/pages\/1860\/revisions\/31859"}],"up":[{"embeddable":true,"href":"https:\/\/versastyledesign.ca\/fr\/wp-json\/wp\/v2\/pages\/1628"}],"wp:featuredmedia":[{"embeddable":true,"href":"https:\/\/versastyledesign.ca\/fr\/wp-json\/wp\/v2\/media\/19298"}],"wp:attachment":[{"href":"https:\/\/versastyledesign.ca\/fr\/wp-json\/wp\/v2\/media?parent=1860"}],"curies":[{"name":"wp","href":"https:\/\/api.w.org\/{rel}","templated":true}]}}