{"id":21343,"date":"2021-02-01T04:33:31","date_gmt":"2021-02-01T04:33:31","guid":{"rendered":"https:\/\/versastyledesign.ca\/reviews\/"},"modified":"2026-04-18T00:15:03","modified_gmt":"2026-04-18T04:15:03","slug":"avis-evaluations-et-temoignages","status":"publish","type":"page","link":"https:\/\/versastyledesign.ca\/fr\/avis-evaluations-et-temoignages\/","title":{"rendered":"Avis-\u00e9valuations et t\u00e9moignages"},"content":{"rendered":"\n<h2 class=\"wp-block-heading\" id=\"avisevaluation-pour-le-design-dune-cuisine-a-aire-ouverte-a-montrealest-af9c8592-7558-45f1-943e-7a255e9bc4c9\">Avis sur la transformation contemporaine d\u2019une cuisine et d\u2019une salle d\u2019eau \u00e0 Montr\u00e9al-Ouest<\/h2>\n\n\n\n<div class=\"wp-block-columns is-layout-flex wp-container-core-columns-is-layout-9d6595d7 wp-block-columns-is-layout-flex\">\n<div class=\"wp-block-column is-layout-flow wp-block-column-is-layout-flow\"><div class=\"wp-block-image\">\n<figure class=\"aligncenter size-full\"><img loading=\"lazy\" decoding=\"async\" width=\"1280\" height=\"964\" src=\"https:\/\/versastyledesign.ca\/wp-content\/uploads\/2025\/08\/Renovation-dune-cuisine-contemporaine-a-Montreal-Ouest-3.jpg\" alt=\"Renovation dune cuisine contemporaine a Montreal-Ouest\" class=\"wp-image-30613\" style=\"object-fit:cover\" srcset=\"https:\/\/versastyledesign.ca\/wp-content\/uploads\/2025\/08\/Renovation-dune-cuisine-contemporaine-a-Montreal-Ouest-3.jpg 1280w, https:\/\/versastyledesign.ca\/wp-content\/uploads\/2025\/08\/Renovation-dune-cuisine-contemporaine-a-Montreal-Ouest-3-300x226.jpg 300w, https:\/\/versastyledesign.ca\/wp-content\/uploads\/2025\/08\/Renovation-dune-cuisine-contemporaine-a-Montreal-Ouest-3-1024x771.jpg 1024w, https:\/\/versastyledesign.ca\/wp-content\/uploads\/2025\/08\/Renovation-dune-cuisine-contemporaine-a-Montreal-Ouest-3-768x578.jpg 768w\" sizes=\"auto, (max-width: 1280px) 100vw, 1280px\" \/><\/figure>\n<\/div>\n\n\n<div class=\"wp-block-buttons is-horizontal is-content-justification-center is-layout-flex wp-container-core-buttons-is-layout-499968f5 wp-block-buttons-is-layout-flex\">\n<div class=\"wp-block-button button-custom\"><a class=\"wp-block-button__link has-background wp-element-button\" href=\"https:\/\/versastyledesign.ca\/fr\/portfolio-de-design\/renovation-dune-cuisine-contemporaine-a-montreal-ouest\/\" style=\"background-color:#d53652\">Voir le portfolio<\/a><\/div>\n<\/div>\n<\/div>\n\n\n\n<div class=\"wp-block-column is-layout-flow wp-block-column-is-layout-flow\"><div class=\"wp-block-image\">\n<figure class=\"aligncenter size-medium\"><img loading=\"lazy\" decoding=\"async\" width=\"203\" height=\"300\" src=\"https:\/\/versastyledesign.ca\/wp-content\/uploads\/2025\/11\/Transformation-dune-petite-salle-deau-a-Montreal-Ouest-4-1-203x300.jpg\" alt=\"Transformation dune petite salle deau a Montreal Ouest\" class=\"wp-image-31410\" srcset=\"https:\/\/versastyledesign.ca\/wp-content\/uploads\/2025\/11\/Transformation-dune-petite-salle-deau-a-Montreal-Ouest-4-1-203x300.jpg 203w, https:\/\/versastyledesign.ca\/wp-content\/uploads\/2025\/11\/Transformation-dune-petite-salle-deau-a-Montreal-Ouest-4-1-693x1024.jpg 693w, https:\/\/versastyledesign.ca\/wp-content\/uploads\/2025\/11\/Transformation-dune-petite-salle-deau-a-Montreal-Ouest-4-1-768x1135.jpg 768w, https:\/\/versastyledesign.ca\/wp-content\/uploads\/2025\/11\/Transformation-dune-petite-salle-deau-a-Montreal-Ouest-4-1.jpg 866w\" sizes=\"auto, (max-width: 203px) 100vw, 203px\" \/><\/figure>\n<\/div>\n\n\n<div class=\"wp-block-buttons is-horizontal is-content-justification-center is-layout-flex wp-container-core-buttons-is-layout-499968f5 wp-block-buttons-is-layout-flex\">\n<div class=\"wp-block-button button-custom\"><a class=\"wp-block-button__link has-background wp-element-button\" href=\"https:\/\/versastyledesign.ca\/fr\/portfolio-de-design\/transformation-dune-petite-salle-deau-a-montreal-ouest\/\" style=\"background-color:#d53652\">Voir le portfolio<\/a><\/div>\n<\/div>\n<\/div>\n<\/div>\n\n\n\n<blockquote class=\"wp-block-quote is-layout-flow wp-block-quote-is-layout-flow\">\n<p>\u00c7a a \u00e9t\u00e9 un r\u00e9el plaisir de travailler avec Lucie pour la r\u00e9novation de notre cuisine et de notre petite salle d\u2019eau. Elle a vraiment rendu tout le processus beaucoup moins stressant pour nous. Elle nous a accompagn\u00e9s \u00e0 chaque \u00e9tape : de l\u2019\u00e9laboration de notre vision sur papier, au choix de l\u2019entrepreneur avec qui nous voulions collaborer, jusqu\u2019\u00e0 la connexion avec diff\u00e9rents fournisseurs et la s\u00e9lection des bons \u00e9l\u00e9ments de design pour notre projet. Lorsque quelque chose ne r\u00e9pondait pas \u00e0 nos standards, elle nous a aid\u00e9s \u00e0 trouver un fournisseur capable de r\u00e9pondre \u00e0 nos attentes et \u00e0 nos besoins. De plus, elle a toujours \u00e9t\u00e9 tr\u00e8s accessible et r\u00e9active tout au long du processus. Nous sommes extr\u00eamement satisfaits du r\u00e9sultat final et nous la recommandons vivement&nbsp;!<\/p>\n<cite><strong>Sami Gysin et St\u00e9phanie Treherne, Montr\u00e9al-Ouest<\/strong><\/cite><\/blockquote>\n\n\n\n<div style=\"height:50px\" aria-hidden=\"true\" class=\"wp-block-spacer\"><\/div>\n\n\n\n<h2 class=\"wp-block-heading\" id=\"avisevaluation-pour-le-design-dune-cuisine-a-aire-ouverte-a-montrealest-af9c8592-7558-45f1-943e-7a255e9bc4c9\">Avis-\u00e9valuation pour la r\u00e9novation d\u2019une cuisine sereine \u00e0 Rosemont, Montr\u00e9al<\/h2>\n\n\n\n<div class=\"wp-block-columns is-layout-flex wp-container-core-columns-is-layout-9d6595d7 wp-block-columns-is-layout-flex\">\n<div class=\"wp-block-column is-layout-flow wp-block-column-is-layout-flow\">\n<figure class=\"wp-block-image size-large\"><img loading=\"lazy\" decoding=\"async\" width=\"834\" height=\"1024\" src=\"https:\/\/versastyledesign.ca\/wp-content\/uploads\/2025\/07\/Serene-and-Functional-Kitchen-Design-in-Rosemont-6-834x1024.jpg\" alt=\"Serene and Functional Kitchen Design in Rosemont\" class=\"wp-image-30266\" srcset=\"https:\/\/versastyledesign.ca\/wp-content\/uploads\/2025\/07\/Serene-and-Functional-Kitchen-Design-in-Rosemont-6-834x1024.jpg 834w, https:\/\/versastyledesign.ca\/wp-content\/uploads\/2025\/07\/Serene-and-Functional-Kitchen-Design-in-Rosemont-6-244x300.jpg 244w, https:\/\/versastyledesign.ca\/wp-content\/uploads\/2025\/07\/Serene-and-Functional-Kitchen-Design-in-Rosemont-6-768x943.jpg 768w, https:\/\/versastyledesign.ca\/wp-content\/uploads\/2025\/07\/Serene-and-Functional-Kitchen-Design-in-Rosemont-6.jpg 1043w\" sizes=\"auto, (max-width: 834px) 100vw, 834px\" \/><\/figure>\n\n\n\n<p><\/p>\n\n\n\n<div class=\"wp-block-buttons is-horizontal is-content-justification-center is-layout-flex wp-container-core-buttons-is-layout-499968f5 wp-block-buttons-is-layout-flex\">\n<div class=\"wp-block-button button-custom\"><a class=\"wp-block-button__link has-background wp-element-button\" href=\"https:\/\/versastyledesign.ca\/fr\/portfolio-de-design\/amenagement-de-cuisine-sereine-et-fonctionnelle-a-rosemont\/\" style=\"background-color:#d53652\">Voir le portfolio<\/a><\/div>\n<\/div>\n<\/div>\n\n\n\n<div class=\"wp-block-column is-layout-flow wp-block-column-is-layout-flow\">\n<blockquote class=\"wp-block-quote is-layout-flow wp-block-quote-is-layout-flow\">\n<p>Lucie a \u00e9t\u00e9 extraordinaire dans le cadre de ma r\u00e9novation compl\u00e8te de cuisine. Ses comp\u00e9tences en design sont exceptionnelles \u2014 elle a cr\u00e9\u00e9 un espace \u00e0 la fois magnifique et fonctionnel. Elle a vraiment \u00e9cout\u00e9 mes id\u00e9es et les a concr\u00e9tis\u00e9es avec style et pr\u00e9cision.<\/p>\n\n\n\n<p>Lucie m\u2019a \u00e9galement mise en contact avec d\u2019excellents entrepreneurs qui ont fait un travail remarquable et respect\u00e9 les d\u00e9lais. Je suis ravie du r\u00e9sultat et je la recommande vivement !<\/p>\n<cite><strong><strong>Giovanna Sebastiani, Rosemont, Montr\u00e9al<\/strong><\/strong><\/cite><\/blockquote>\n<\/div>\n<\/div>\n\n\n\n<div style=\"height:50px\" aria-hidden=\"true\" class=\"wp-block-spacer\"><\/div>\n\n\n\n<h2 class=\"wp-block-heading\">Avis-\u00e9valuation pour le design d&rsquo;une salle de bain des ma\u00eetres et d&rsquo;une salle d\u2019eau \u00e0 Pierrefonds, Montr\u00e9al<\/h2>\n\n\n\n<div class=\"wp-block-columns is-layout-flex wp-container-core-columns-is-layout-9d6595d7 wp-block-columns-is-layout-flex\">\n<div class=\"wp-block-column is-layout-flow wp-block-column-is-layout-flow\">\n<figure class=\"wp-block-image size-large\"><img loading=\"lazy\" decoding=\"async\" width=\"771\" height=\"1024\" src=\"https:\/\/versastyledesign.ca\/wp-content\/uploads\/2024\/04\/Design-de-salle-de-bains-principale-en-suite-a-Pierrefonds-6-771x1024.jpg\" alt=\"Design-de-salle-de-bains-principale-en-suite-a-Pierrefonds\" class=\"wp-image-27614\" srcset=\"https:\/\/versastyledesign.ca\/wp-content\/uploads\/2024\/04\/Design-de-salle-de-bains-principale-en-suite-a-Pierrefonds-6-771x1024.jpg 771w, https:\/\/versastyledesign.ca\/wp-content\/uploads\/2024\/04\/Design-de-salle-de-bains-principale-en-suite-a-Pierrefonds-6-226x300.jpg 226w, https:\/\/versastyledesign.ca\/wp-content\/uploads\/2024\/04\/Design-de-salle-de-bains-principale-en-suite-a-Pierrefonds-6-768x1020.jpg 768w, https:\/\/versastyledesign.ca\/wp-content\/uploads\/2024\/04\/Design-de-salle-de-bains-principale-en-suite-a-Pierrefonds-6.jpg 941w\" sizes=\"auto, (max-width: 771px) 100vw, 771px\" \/><\/figure>\n\n\n\n<p><\/p>\n\n\n\n<div class=\"wp-block-buttons is-horizontal is-content-justification-center is-layout-flex wp-container-core-buttons-is-layout-499968f5 wp-block-buttons-is-layout-flex\">\n<div class=\"wp-block-button button-custom\"><a class=\"wp-block-button__link has-background wp-element-button\" href=\"https:\/\/versastyledesign.ca\/fr\/portfolio-de-design\/design-de-salle-de-bain-des-maitres-a-pierrefonds\/\" style=\"background-color:#d53652\">Voir le portfolio<\/a><\/div>\n<\/div>\n<\/div>\n\n\n\n<div class=\"wp-block-column is-layout-flow wp-block-column-is-layout-flow\">\n<figure class=\"wp-block-image size-large\"><img loading=\"lazy\" decoding=\"async\" width=\"845\" height=\"1024\" src=\"https:\/\/versastyledesign.ca\/wp-content\/uploads\/2024\/04\/Design-de-salle-deau-a-Pierrefonds-2-845x1024.jpg\" alt=\"Design-de-salle-deau-a-Pierrefonds\" class=\"wp-image-27674\" srcset=\"https:\/\/versastyledesign.ca\/wp-content\/uploads\/2024\/04\/Design-de-salle-deau-a-Pierrefonds-2-845x1024.jpg 845w, https:\/\/versastyledesign.ca\/wp-content\/uploads\/2024\/04\/Design-de-salle-deau-a-Pierrefonds-2-247x300.jpg 247w, https:\/\/versastyledesign.ca\/wp-content\/uploads\/2024\/04\/Design-de-salle-deau-a-Pierrefonds-2-768x931.jpg 768w, https:\/\/versastyledesign.ca\/wp-content\/uploads\/2024\/04\/Design-de-salle-deau-a-Pierrefonds-2.jpg 1031w\" sizes=\"auto, (max-width: 845px) 100vw, 845px\" \/><\/figure>\n\n\n\n<p><\/p>\n\n\n\n<div class=\"wp-block-buttons is-horizontal is-content-justification-center is-layout-flex wp-container-core-buttons-is-layout-499968f5 wp-block-buttons-is-layout-flex\">\n<div class=\"wp-block-button button-custom\"><a class=\"wp-block-button__link has-background wp-element-button\" href=\"https:\/\/versastyledesign.ca\/fr\/portfolio-de-design\/design-de-salle-deau-a-pierrefonds\/\" style=\"background-color:#d53652\">Voir le portfolio<\/a><\/div>\n<\/div>\n<\/div>\n<\/div>\n\n\n\n<blockquote class=\"wp-block-quote is-layout-flow wp-block-quote-is-layout-flow\">\n<p>Mon exp\u00e9rience avec Lucie a \u00e9t\u00e9 formidable. D\u00e8s le d\u00e9but du projet (refaire la salle d\u2019eau et la salle de bains des ma\u00eetres), Lucie Pitt a \u00e9t\u00e9 \u00e0 l\u2019\u00e9coute de mes besoins et de mes go\u00fbts et pr\u00e9f\u00e9rences. Son approche est tr\u00e8s personnalis\u00e9e, professionnelle et elle est tr\u00e8s structur\u00e9e et organis\u00e9e. J\u2019ai ador\u00e9 comment elle m\u2019a accompagn\u00e9 tout au long du projet, en m\u2019offrant diff\u00e9rents types d\u2019assistance.<\/p>\n\n\n\n<p>Sans elle, je n\u2019aurais pas \u00e9t\u00e9 en mesure d\u2019y venir \u00e0 bout. De plus, les r\u00e9sultats sont vraiment impressionnants. Les deux pi\u00e8ces sont spectaculaires. Je suis tellement heureuse et je ne regrette rien.<\/p>\n\n\n\n<p>Je me pr\u00e9pare d\u00e9j\u00e0 pour les prochains projets et j\u2019ai bien h\u00e2te de faire affaire avec elle \u00e0 nouveau.<\/p>\n\n\n\n<p>Merci Lucie pour tout ! Tu es fantastique !<\/p>\n<cite><strong><strong>Caroline Robert, Pierrefonds, Qc<\/strong><\/strong><\/cite><\/blockquote>\n\n\n\n<div style=\"height:50px\" aria-hidden=\"true\" class=\"wp-block-spacer\"><\/div>\n\n\n\n<h2 class=\"wp-block-heading\"><strong>Avis-\u00e9valuation pour la r\u00e9novation d\u2019une salle de bain \u00e9clectique au Plateau, Montr\u00e9al, Qc<\/strong><\/h2>\n\n\n\n<div class=\"wp-block-columns are-vertically-aligned-center is-layout-flex wp-container-core-columns-is-layout-9d6595d7 wp-block-columns-is-layout-flex\">\n<div class=\"wp-block-column is-vertically-aligned-center is-layout-flow wp-block-column-is-layout-flow\">\n<figure class=\"wp-block-image size-large\"><img loading=\"lazy\" decoding=\"async\" width=\"1024\" height=\"1024\" src=\"https:\/\/versastyledesign.ca\/wp-content\/uploads\/2026\/03\/Transformation-dune-salle-de-bain-eclectique-sur-Le-Plateau-5-1024x1024.jpg\" alt=\"Transformation dune salle de bain eclectique sur Le Plateau\" class=\"wp-image-31879\" srcset=\"https:\/\/versastyledesign.ca\/wp-content\/uploads\/2026\/03\/Transformation-dune-salle-de-bain-eclectique-sur-Le-Plateau-5-1024x1024.jpg 1024w, https:\/\/versastyledesign.ca\/wp-content\/uploads\/2026\/03\/Transformation-dune-salle-de-bain-eclectique-sur-Le-Plateau-5-300x300.jpg 300w, https:\/\/versastyledesign.ca\/wp-content\/uploads\/2026\/03\/Transformation-dune-salle-de-bain-eclectique-sur-Le-Plateau-5-200x200.jpg 200w, https:\/\/versastyledesign.ca\/wp-content\/uploads\/2026\/03\/Transformation-dune-salle-de-bain-eclectique-sur-Le-Plateau-5-768x768.jpg 768w, https:\/\/versastyledesign.ca\/wp-content\/uploads\/2026\/03\/Transformation-dune-salle-de-bain-eclectique-sur-Le-Plateau-5-1536x1536.jpg 1536w, https:\/\/versastyledesign.ca\/wp-content\/uploads\/2026\/03\/Transformation-dune-salle-de-bain-eclectique-sur-Le-Plateau-5.jpg 1980w\" sizes=\"auto, (max-width: 1024px) 100vw, 1024px\" \/><\/figure>\n<\/div>\n\n\n\n<div class=\"wp-block-column is-vertically-aligned-center is-layout-flow wp-block-column-is-layout-flow\">\n<blockquote class=\"wp-block-quote is-layout-flow wp-block-quote-is-layout-flow\">\n<p>Travailler avec Lucie Pitt pour notre r\u00e9novation de salle de bain principale s\u2019est av\u00e9r\u00e9 une excellente exp\u00e9rience. Nous voulions collaborer avec quelqu\u2019un d\u2019exp\u00e9riment\u00e9 pouvant nous aider \u00e0 mener le processus de A \u00e0 Z, et pour nous accompagner tout au long des r\u00e9novations, de la conception jusqu\u2019\u00e0 la cl\u00f4ture du projet, tout en se maintenant toujours en ligne avec le budget. Lucie a fait tout cela et plus encore.<\/p>\n<\/blockquote>\n<\/div>\n<\/div>\n\n\n\n<blockquote class=\"wp-block-quote is-layout-flow wp-block-quote-is-layout-flow\">\n<p>D\u00e8s notre premi\u00e8re r\u00e9union qui s\u2019est r\u00e9v\u00e9l\u00e9e tr\u00e8s efficace, Lucie a expliqu\u00e9 son offre de services (3 Forfaits) et nous avons opt\u00e9 pour le forfait le plus complet, et je suis si heureuse de notre d\u00e9cision. \u00c0 la premi\u00e8re session de design, nous avons re\u00e7u les plans complets de notre r\u00e9novation. La journ\u00e9e de s\u00e9lection des mat\u00e9riaux et d\u2019achats a \u00e9t\u00e9 bien organis\u00e9e par Lucie et elle nous a permis d\u2019\u00e9conomiser beaucoup de temps. Lucie a pris en consid\u00e9ration notre passion pour le design de style \u00e9clectique et elle a recommand\u00e9 diverses options tout en respectant notre budget. Dans le cadre de son service, Lucie nous a conseill\u00e9 de soumettre notre projet \u00e0 des entrepreneurs exp\u00e9riment\u00e9s et bien r\u00e9put\u00e9s, et nous \u00e9tions extr\u00eamement satisfaites de notre choix. La r\u00e9novation a eu lieu dans une maison centenaire, et je n\u2019\u00e9tais pas sur place dans la ville pendant une grande partie du projet, ce qui a ajout\u00e9 de la complexit\u00e9. Lucie n\u2019a pas \u00e9t\u00e9 limit\u00e9e par cela ; c\u2019est une excellente communicatrice et \u00e7a a \u00e9t\u00e9 un plaisir de travailler avec elle tout au long du projet.<\/p>\n<cite><strong>Nicole Girard et Arianna Randjbar, Le Plateau, Montr\u00e9al<\/strong><\/cite><\/blockquote>\n\n\n\n<div class=\"wp-block-buttons is-horizontal is-content-justification-center is-layout-flex wp-container-core-buttons-is-layout-499968f5 wp-block-buttons-is-layout-flex\">\n<div class=\"wp-block-button button-custom\"><a class=\"wp-block-button__link has-background wp-element-button\" href=\"\/fr\/portfolio-de-design\/transformation-dune-salle-de-bain-eclectique-sur-le-plateau\/\" style=\"background-color:#d53652\">Voir le portfolio<\/a><\/div>\n<\/div>\n\n\n\n<div style=\"height:50px\" aria-hidden=\"true\" class=\"wp-block-spacer\"><\/div>\n\n\n\n<h2 class=\"wp-block-heading\" id=\"avisevaluation-pour-le-design-dune-cuisine-a-aire-ouverte-a-montrealest-af9c8592-7558-45f1-943e-7a255e9bc4c9\">Avis-\u00e9valuation pour le design d&rsquo;une cuisine \u00e0 aire ouverte \u00e0 Montr\u00e9al-Est<\/h2>\n\n\n<div class=\"wp-block-image\">\n<figure class=\"aligncenter size-large is-resized\"><img loading=\"lazy\" decoding=\"async\" width=\"1024\" height=\"768\" src=\"https:\/\/versastyledesign.ca\/wp-content\/uploads\/2020\/12\/portfolio-renovation-cuisine-montreal-est93-1024x768.jpg\" alt=\"portfolio-renovation-cuisine-montreal-est93\" class=\"wp-image-20996\" style=\"width:512px;height:384px\" srcset=\"https:\/\/versastyledesign.ca\/wp-content\/uploads\/2020\/12\/portfolio-renovation-cuisine-montreal-est93-1024x768.jpg 1024w, https:\/\/versastyledesign.ca\/wp-content\/uploads\/2020\/12\/portfolio-renovation-cuisine-montreal-est93-300x225.jpg 300w, https:\/\/versastyledesign.ca\/wp-content\/uploads\/2020\/12\/portfolio-renovation-cuisine-montreal-est93-768x576.jpg 768w, https:\/\/versastyledesign.ca\/wp-content\/uploads\/2020\/12\/portfolio-renovation-cuisine-montreal-est93.jpg 1280w\" sizes=\"auto, (max-width: 1024px) 100vw, 1024px\" \/><\/figure>\n<\/div>\n\n\n<blockquote class=\"wp-block-quote is-layout-flow wp-block-quote-is-layout-flow\">\n<p>J\u2019ai d\u00e9cid\u00e9 d\u2019entreprendre une r\u00e9novation compl\u00e8te de la maison et j\u2019ai contact\u00e9 Lucie Pitt pour qu\u2019elle m\u2019aide dans la planification jusqu\u2019\u00e0 la conception. D\u00e8s le d\u00e9but, Lucie a \u00e9t\u00e9 tr\u00e8s rapide pour r\u00e9pondre \u00e0 ma demande et pour c\u00e9duler un premier rendez-vous. C\u2019\u00e9tait la premi\u00e8re indication qu\u2019elle aurait une attention toute particuli\u00e8re aux besoins de son client. Son offre de service est divis\u00e9e en trois niveaux diff\u00e9rents. Ce mod\u00e8le s\u2019adapte ainsi parfaitement \u00e0 tous le types de besoins et budgets. Lors de notre premi\u00e8re rencontre, elle \u00e9tait pleine d\u2019id\u00e9es et manifestait un enthousiasme pour le projet. Tout au long du processus, elle avait des conseils pertinents et des id\u00e9es de style tout en travaillant sans rel\u00e2che pour r\u00e9pondre \u00e0 mes go\u00fbts et mes d\u00e9sirs. M\u00eame dans les rares occasions o\u00f9 nous \u00e9tions en d\u00e9saccord sur une id\u00e9e, Lucie \u00e9tait toujours pr\u00eate \u00e0 m\u2019\u00e9couter et \u00e0 trouver une solution qui r\u00e9pondrait \u00e0 mes besoins. Son engagement \u00e0 r\u00e9pondre \u00e0 mes appels t\u00e9l\u00e9phoniques ou courriels \u00e9tait tout simplement exceptionnel. Les plans et dessins qu\u2019elle a r\u00e9alis\u00e9s sont devenus mon plan pour naviguer dans les multiples d\u00e9tails d\u2019une si grande r\u00e9novation. En r\u00e9sum\u00e9, si vous recherchez un designer qui saura vous guider dans la planification et la conception de votre projet avec enthousiasme et connaissance, Lucie Pitt est la designer qu\u2019il vous faut.<\/p>\n<cite><strong>Roberto Tiranardi<\/strong><\/cite><\/blockquote>\n\n\n\n<div class=\"wp-block-buttons is-horizontal is-content-justification-center is-layout-flex wp-container-core-buttons-is-layout-499968f5 wp-block-buttons-is-layout-flex\">\n<div class=\"wp-block-button button-custom\"><a class=\"wp-block-button__link has-background wp-element-button\" href=\"\/fr\/portfolio-de-design\/renovation-de-cuisine-dans-un-concept-a-aire-ouverte-a-montreal-est\/\" style=\"background-color:#d53652\">Voir le portfolio<\/a><\/div>\n<\/div>\n\n\n\n<div style=\"height:50px\" aria-hidden=\"true\" class=\"wp-block-spacer\"><\/div>\n\n\n\n<h2 class=\"wp-block-heading\" id=\"avisevaluation-pour-le-design-dune-cuisine-a-aire-ouverte-a-montrealest-af9c8592-7558-45f1-943e-7a255e9bc4c9\">Avis-\u00e9valuation pour le design d&rsquo;une salle de bain chaleureuse aux couleurs sombres au Plateau, Montr\u00e9al<\/h2>\n\n\n\n<div class=\"wp-block-columns is-layout-flex wp-container-core-columns-is-layout-9d6595d7 wp-block-columns-is-layout-flex\">\n<div class=\"wp-block-column is-layout-flow wp-block-column-is-layout-flow\">\n<blockquote class=\"wp-block-quote is-layout-flow wp-block-quote-is-layout-flow\">\n<p>Nous avons eu le plaisir de travailler avec Lucie pour la r\u00e9novation compl\u00e8te de notre salle de bain, et nous ne pourrions pas \u00eatre plus satisfaits des r\u00e9sultats ! Lucie a un talent incroyable pour comprendre exactement ce que ses clients veulent et elle nous a sugg\u00e9r\u00e9 la c\u00e9ramique, les robinets et les accessoires d\u00e9coratifs parfaits pour correspondre exactement \u00e0 notre style.<\/p>\n<\/blockquote>\n<\/div>\n\n\n\n<div class=\"wp-block-column is-layout-flow wp-block-column-is-layout-flow\">\n<figure class=\"wp-block-image size-large\"><img loading=\"lazy\" decoding=\"async\" width=\"883\" height=\"1024\" src=\"https:\/\/versastyledesign.ca\/wp-content\/uploads\/2024\/09\/Design-de-salle-de-bain-sombre-et-cozy-a-Le-Plateau-Montreal-13-883x1024.jpg\" alt=\"Design de salle de bain sombre et cozy a Le Plateau - Montreal\" class=\"wp-image-28999\" srcset=\"https:\/\/versastyledesign.ca\/wp-content\/uploads\/2024\/09\/Design-de-salle-de-bain-sombre-et-cozy-a-Le-Plateau-Montreal-13-883x1024.jpg 883w, https:\/\/versastyledesign.ca\/wp-content\/uploads\/2024\/09\/Design-de-salle-de-bain-sombre-et-cozy-a-Le-Plateau-Montreal-13-259x300.jpg 259w, https:\/\/versastyledesign.ca\/wp-content\/uploads\/2024\/09\/Design-de-salle-de-bain-sombre-et-cozy-a-Le-Plateau-Montreal-13-768x891.jpg 768w, https:\/\/versastyledesign.ca\/wp-content\/uploads\/2024\/09\/Design-de-salle-de-bain-sombre-et-cozy-a-Le-Plateau-Montreal-13.jpg 1078w\" sizes=\"auto, (max-width: 883px) 100vw, 883px\" \/><\/figure>\n<\/div>\n<\/div>\n\n\n\n<blockquote class=\"wp-block-quote is-layout-flow wp-block-quote-is-layout-flow\">\n<p>L\u2019une des plus grandes forces de Lucie est sa capacit\u00e9 \u00e0 anticiper les d\u00e9fis et \u00e0 les surmonter sans effort. C\u2019est une v\u00e9ritable superh\u00e9ro\u00efne lorsqu\u2019il s\u2019agit de g\u00e9rer le projet du d\u00e9but \u00e0 la fin. Son vaste r\u00e9seau de contacts a assur\u00e9 que tout soit livr\u00e9 \u00e0 temps, et elle nous a recommand\u00e9 d\u2019excellents entrepreneurs g\u00e9n\u00e9raux qui \u00e9taient tout aussi professionnels et soucieux du d\u00e9tail qu\u2019elle.<\/p>\n\n\n\n<p>Si vous cherchez une designer d\u2019int\u00e9rieur exp\u00e9riment\u00e9e, d\u00e9vou\u00e9e et cr\u00e9ative, capable de transformer votre vision en r\u00e9alit\u00e9, ne cherchez pas plus loin que Lucie. Nous recommandons vivement ses services et nous ne la remercierons jamais assez pour avoir fait de notre projet de r\u00e9novation de salle de bain un tel succ\u00e8s!<\/p>\n<cite><strong><strong>Benoit Dupuis &amp; Lysanne Martin<\/strong><\/strong><\/cite><\/blockquote>\n\n\n\n<div class=\"wp-block-buttons is-horizontal is-content-justification-center is-layout-flex wp-container-core-buttons-is-layout-499968f5 wp-block-buttons-is-layout-flex\">\n<div class=\"wp-block-button button-custom\"><a class=\"wp-block-button__link has-background wp-element-button\" href=\"\/fr\/portfolio-de-design\/salle-de-bain-chaleureuse-aux-couleurs-sombres-au-plateau-montreal\/\" style=\"background-color:#d53652\">Voir le portfolio<\/a><\/div>\n<\/div>\n\n\n\n<div style=\"height:50px\" aria-hidden=\"true\" class=\"wp-block-spacer\"><\/div>\n\n\n\n<div class=\"wp-block-columns is-layout-flex wp-container-core-columns-is-layout-9d6595d7 wp-block-columns-is-layout-flex\">\n<div class=\"wp-block-column is-layout-flow wp-block-column-is-layout-flow\" style=\"flex-basis:66.66%\">\n<h2 class=\"wp-block-heading\">Avis d\u2019Alexander Strati, \u00e9b\u00e9niste<\/h2>\n\n\n\n<blockquote class=\"wp-block-quote is-layout-flow wp-block-quote-is-layout-flow\">\n<p>J\u2019ai le plaisir de collaborer avec Lucie sur de nombreux projets.<br>C\u2019est une designer tr\u00e8s cr\u00e9ative, talentueuse et exp\u00e9riment\u00e9e.<br>Elle fait en sorte que tout le processus de r\u00e9novation se d\u00e9roule parfaitement pour ses clients, et rend la collaboration tr\u00e8s facile d\u2019un point de vue professionnel.<br>J\u2019adore absolument travailler avec elle et je la recommande \u00e0 toute personne \u00e0 la recherche d\u2019une excellente designer.<\/p>\n<cite><strong>Alexander Strati (Tendance Concept; \u00c9b\u00e9nisterie)<\/strong><\/cite><\/blockquote>\n<\/div>\n\n\n\n<div class=\"wp-block-column is-vertically-aligned-center is-layout-flow wp-block-column-is-layout-flow\" style=\"flex-basis:33.33%\"><div class=\"wp-block-image\">\n<figure class=\"aligncenter size-full\"><img loading=\"lazy\" decoding=\"async\" width=\"543\" height=\"736\" src=\"https:\/\/versastyledesign.ca\/wp-content\/uploads\/2025\/04\/alexander-strati-3-543x736-2.jpg\" alt=\"\" class=\"wp-image-29777\" srcset=\"https:\/\/versastyledesign.ca\/wp-content\/uploads\/2025\/04\/alexander-strati-3-543x736-2.jpg 543w, https:\/\/versastyledesign.ca\/wp-content\/uploads\/2025\/04\/alexander-strati-3-543x736-2-221x300.jpg 221w\" sizes=\"auto, (max-width: 543px) 100vw, 543px\" \/><\/figure>\n<\/div><\/div>\n<\/div>\n\n\n\n<div style=\"height:50px\" aria-hidden=\"true\" class=\"wp-block-spacer\"><\/div>\n\n\n\n<h2 class=\"wp-block-heading\" id=\"avisevaluation-pour-le-design-dune-cuisine-a-aire-ouverte-a-montrealest-af9c8592-7558-45f1-943e-7a255e9bc4c9\">Avis-\u00e9valuation pour le design d\u2019une salle de bain compacte et color\u00e9e \u00e0 Laval<\/h2>\n\n\n\n<div class=\"wp-block-columns are-vertically-aligned-center is-layout-flex wp-container-core-columns-is-layout-9d6595d7 wp-block-columns-is-layout-flex\">\n<div class=\"wp-block-column is-vertically-aligned-center is-layout-flow wp-block-column-is-layout-flow\">\n<blockquote class=\"wp-block-quote is-layout-flow wp-block-quote-is-layout-flow\">\n<p>Lucie est incroyable&nbsp;! Tr\u00e8s attentive et bien inform\u00e9e&nbsp;\u2013&nbsp;elle nous a aid\u00e9s \u00e0 chaque \u00e9tape du processus. Ce projet de r\u00e9novation de salle de bain s\u2019est tr\u00e8s bien pass\u00e9&nbsp;!<\/p>\n\n\n\n<p><strong>Joshua Beckwith et Kelsey Charlton Laval, Qc<\/strong><\/p>\n<\/blockquote>\n\n\n\n<div class=\"wp-block-buttons is-horizontal is-content-justification-center is-layout-flex wp-container-core-buttons-is-layout-499968f5 wp-block-buttons-is-layout-flex\">\n<div class=\"wp-block-button button-custom\"><a class=\"wp-block-button__link has-background wp-element-button\" href=\"\/fr\/portfolio-de-design\/conception-de-salle-de-bain-compacte-et-coloree-a-laval\/\" style=\"background-color:#d53652\">Voir le portfolio<\/a><\/div>\n<\/div>\n<\/div>\n\n\n\n<div class=\"wp-block-column is-vertically-aligned-center is-layout-flow wp-block-column-is-layout-flow\">\n<figure class=\"wp-block-image size-large\"><img loading=\"lazy\" decoding=\"async\" width=\"771\" height=\"1024\" src=\"https:\/\/versastyledesign.ca\/wp-content\/uploads\/2025\/01\/Conception-de-salle-de-bain-compacte-et-coloree-a-Laval-16-771x1024.jpg\" alt=\"Conception de salle de bain compacte et coloree a Laval\" class=\"wp-image-29683\" srcset=\"https:\/\/versastyledesign.ca\/wp-content\/uploads\/2025\/01\/Conception-de-salle-de-bain-compacte-et-coloree-a-Laval-16-771x1024.jpg 771w, https:\/\/versastyledesign.ca\/wp-content\/uploads\/2025\/01\/Conception-de-salle-de-bain-compacte-et-coloree-a-Laval-16-226x300.jpg 226w, https:\/\/versastyledesign.ca\/wp-content\/uploads\/2025\/01\/Conception-de-salle-de-bain-compacte-et-coloree-a-Laval-16-768x1020.jpg 768w, https:\/\/versastyledesign.ca\/wp-content\/uploads\/2025\/01\/Conception-de-salle-de-bain-compacte-et-coloree-a-Laval-16.jpg 964w\" sizes=\"auto, (max-width: 771px) 100vw, 771px\" \/><\/figure>\n<\/div>\n<\/div>\n\n\n\n<div style=\"height:50px\" aria-hidden=\"true\" class=\"wp-block-spacer\"><\/div>\n\n\n\n<h2 class=\"wp-block-heading\" id=\"avisevaluation-pour-le-design-dun-salon-dune-salle-a-manger-et-dune-chambre-a-coucher-dans-le-vieuxmontreal-d94aa10c-93c4-489a-8cc4-c4410cb66b0a\">Avis-\u00e9valuation pour le design de deux salons et salles \u00e0 manger, d\u2019une chambre \u00e0 coucher, d&rsquo;un bureau \u00e0 domicile, et d&rsquo;un gym dans le Vieux-Montr\u00e9al<\/h2>\n\n\n\n<blockquote class=\"wp-block-quote white-text is-layout-flow wp-block-quote-is-layout-flow\">\n<p>J\u2019ai eu l\u2019opportunit\u00e9 et le plaisir de travailler avec Lucie. Je l\u2019ai trouv\u00e9e professionnelle, honn\u00eate et extr\u00eamement comp\u00e9tente. Elle a transform\u00e9 mon condo dans le vieux port; passant d\u2019un espace vide \u00e0 une demeure magnifiquement con\u00e7ue. Elle a pris le temps de comprendre ma vision et mes go\u00fbts. Des meubles jusqu\u2019aux accessoires, ses go\u00fbts et ses choix sont exceptionnels. Elle est \u00e9galement extr\u00eamement honn\u00eate. J\u2019ai \u00e9t\u00e9 surpris de recevoir un remboursement de sa part car l\u2019un des fournisseurs avec qui nous avions fait affaire nous avait surfactur\u00e9 et Lucie m\u2019a rapidement rembours\u00e9. J\u2019ai travaill\u00e9 avec plusieurs designers dans le pass\u00e9 et je trouve que Lucie se soucie vraiment de sa profession et de ses clients. Je la recommande vivement.<\/p>\n<cite><strong>Steve Clark<\/strong><\/cite><\/blockquote>\n\n\n\n<div class=\"wp-block-columns is-layout-flex wp-container-core-columns-is-layout-9d6595d7 wp-block-columns-is-layout-flex\">\n<div class=\"wp-block-column is-layout-flow wp-block-column-is-layout-flow\">\n<figure class=\"wp-block-image size-large\"><img loading=\"lazy\" decoding=\"async\" width=\"800\" height=\"600\" src=\"https:\/\/versastyledesign.ca\/wp-content\/uploads\/2021\/05\/salon-salle-a-manger-aire-ouverte-portfolio-design-17.jpg\" alt=\"salon-salle-a-manger-aire-ouverte-portfolio-design\" class=\"wp-image-21812\" srcset=\"https:\/\/versastyledesign.ca\/wp-content\/uploads\/2021\/05\/salon-salle-a-manger-aire-ouverte-portfolio-design-17.jpg 800w, https:\/\/versastyledesign.ca\/wp-content\/uploads\/2021\/05\/salon-salle-a-manger-aire-ouverte-portfolio-design-17-300x225.jpg 300w, https:\/\/versastyledesign.ca\/wp-content\/uploads\/2021\/05\/salon-salle-a-manger-aire-ouverte-portfolio-design-17-768x576.jpg 768w\" sizes=\"auto, (max-width: 800px) 100vw, 800px\" \/><\/figure>\n\n\n\n<p><\/p>\n\n\n\n<div class=\"wp-block-buttons is-horizontal is-content-justification-center is-layout-flex wp-container-core-buttons-is-layout-499968f5 wp-block-buttons-is-layout-flex\">\n<div class=\"wp-block-button button-custom\"><a class=\"wp-block-button__link has-background wp-element-button\" href=\"https:\/\/versastyledesign.ca\/fr\/portfolio-de-design\/salon-et-salle-a-manger-a-aire-ouverte\/\" style=\"background-color:#d53652\">Voir le portfolio<\/a><\/div>\n<\/div>\n<\/div>\n\n\n\n<div class=\"wp-block-column is-layout-flow wp-block-column-is-layout-flow\"><div class=\"wp-block-image\">\n<figure class=\"aligncenter size-large\"><img loading=\"lazy\" decoding=\"async\" width=\"800\" height=\"557\" src=\"https:\/\/versastyledesign.ca\/wp-content\/uploads\/2021\/01\/portfolio-design-salon-salle-a-manger-vieux-montreal19.jpg\" alt=\"Revue de design de salon, salle \u00e0 manger et chambre dans le Vieux-Montr\u00e9al\" class=\"wp-image-21077\" srcset=\"https:\/\/versastyledesign.ca\/wp-content\/uploads\/2021\/01\/portfolio-design-salon-salle-a-manger-vieux-montreal19.jpg 800w, https:\/\/versastyledesign.ca\/wp-content\/uploads\/2021\/01\/portfolio-design-salon-salle-a-manger-vieux-montreal19-300x209.jpg 300w, https:\/\/versastyledesign.ca\/wp-content\/uploads\/2021\/01\/portfolio-design-salon-salle-a-manger-vieux-montreal19-768x535.jpg 768w\" sizes=\"auto, (max-width: 800px) 100vw, 800px\" \/><\/figure>\n<\/div>\n\n\n<p><\/p>\n\n\n\n<div class=\"wp-block-buttons is-content-justification-center is-layout-flex wp-container-core-buttons-is-layout-16018d1d wp-block-buttons-is-layout-flex\">\n<div class=\"wp-block-button button-custom\"><a class=\"wp-block-button__link has-background wp-element-button\" href=\"https:\/\/versastyledesign.ca\/fr\/portfolio-de-design\/design-de-salon-et-de-salle-a-manger-dans-le-vieux-montreal\/\" style=\"background-color:#d53652\">Voir le portfolio<\/a><\/div>\n<\/div>\n<\/div>\n<\/div>\n\n\n\n<div class=\"wp-block-columns is-layout-flex wp-container-core-columns-is-layout-9d6595d7 wp-block-columns-is-layout-flex\">\n<div class=\"wp-block-column is-layout-flow wp-block-column-is-layout-flow\">\n<figure class=\"wp-block-image size-large is-resized\"><img loading=\"lazy\" decoding=\"async\" width=\"800\" height=\"600\" src=\"https:\/\/versastyledesign.ca\/wp-content\/uploads\/2020\/12\/portfolio-design-vieux-montreal-chambre-a-coucher49.jpg\" alt=\"Revue de design de salon, salle \u00e0 manger et chambre dans le Vieux-Montr\u00e9al\" class=\"wp-image-20927\" style=\"width:405px;height:304px\" srcset=\"https:\/\/versastyledesign.ca\/wp-content\/uploads\/2020\/12\/portfolio-design-vieux-montreal-chambre-a-coucher49.jpg 800w, https:\/\/versastyledesign.ca\/wp-content\/uploads\/2020\/12\/portfolio-design-vieux-montreal-chambre-a-coucher49-300x225.jpg 300w, https:\/\/versastyledesign.ca\/wp-content\/uploads\/2020\/12\/portfolio-design-vieux-montreal-chambre-a-coucher49-768x576.jpg 768w\" sizes=\"auto, (max-width: 800px) 100vw, 800px\" \/><\/figure>\n\n\n\n<p><\/p>\n\n\n\n<div class=\"wp-block-buttons is-content-justification-center is-layout-flex wp-container-core-buttons-is-layout-16018d1d wp-block-buttons-is-layout-flex\">\n<div class=\"wp-block-button button-custom\"><a class=\"wp-block-button__link has-background wp-element-button\" href=\"https:\/\/versastyledesign.ca\/fr\/portfolio-de-design\/design-de-chambre-a-coucher-dans-le-vieux-montreal\/\" style=\"background-color:#d53652\">Voir le portfolio<\/a><\/div>\n<\/div>\n<\/div>\n\n\n\n<div class=\"wp-block-column is-layout-flow wp-block-column-is-layout-flow\"><div class=\"wp-block-image\">\n<figure class=\"aligncenter size-full is-resized\"><img loading=\"lazy\" decoding=\"async\" width=\"600\" height=\"800\" src=\"https:\/\/versastyledesign.ca\/wp-content\/uploads\/2021\/08\/portfolio-de-design-de-bureau-07_2.jpg\" alt=\"portfolio-de-design-de-bureau\" class=\"wp-image-22541\" style=\"width:150px;height:200px\" srcset=\"https:\/\/versastyledesign.ca\/wp-content\/uploads\/2021\/08\/portfolio-de-design-de-bureau-07_2.jpg 600w, https:\/\/versastyledesign.ca\/wp-content\/uploads\/2021\/08\/portfolio-de-design-de-bureau-07_2-225x300.jpg 225w\" sizes=\"auto, (max-width: 600px) 100vw, 600px\" \/><\/figure>\n<\/div>\n\n\n<p><\/p>\n\n\n\n<div class=\"wp-block-buttons is-content-justification-center is-layout-flex wp-container-core-buttons-is-layout-16018d1d wp-block-buttons-is-layout-flex\">\n<div class=\"wp-block-button button-custom\"><a class=\"wp-block-button__link has-background wp-element-button\" href=\"https:\/\/versastyledesign.ca\/fr\/portfolio-de-design\/office-design-in-an-open-concept-plan\/\" style=\"background-color:#d53652\">Voir le portfolio<\/a><\/div>\n<\/div>\n<\/div>\n\n\n\n<div class=\"wp-block-column is-layout-flow wp-block-column-is-layout-flow\">\n<figure class=\"wp-block-image size-large\"><img loading=\"lazy\" decoding=\"async\" width=\"1024\" height=\"768\" src=\"https:\/\/versastyledesign.ca\/wp-content\/uploads\/2022\/11\/Design-de-Gym-Vieux-Montreal-Avant-Apres-Portfolio-5-1024x768.jpg\" alt=\"Design-de-Gym-Vieux-Montreal-Avant-Apres-Portfolio\" class=\"wp-image-24465\" srcset=\"https:\/\/versastyledesign.ca\/wp-content\/uploads\/2022\/11\/Design-de-Gym-Vieux-Montreal-Avant-Apres-Portfolio-5-1024x768.jpg 1024w, https:\/\/versastyledesign.ca\/wp-content\/uploads\/2022\/11\/Design-de-Gym-Vieux-Montreal-Avant-Apres-Portfolio-5-300x225.jpg 300w, https:\/\/versastyledesign.ca\/wp-content\/uploads\/2022\/11\/Design-de-Gym-Vieux-Montreal-Avant-Apres-Portfolio-5-768x576.jpg 768w, https:\/\/versastyledesign.ca\/wp-content\/uploads\/2022\/11\/Design-de-Gym-Vieux-Montreal-Avant-Apres-Portfolio-5.jpg 1280w\" sizes=\"auto, (max-width: 1024px) 100vw, 1024px\" \/><\/figure>\n\n\n\n<p><\/p>\n\n\n\n<div class=\"wp-block-buttons is-content-justification-center is-layout-flex wp-container-core-buttons-is-layout-16018d1d wp-block-buttons-is-layout-flex\">\n<div class=\"wp-block-button button-custom\"><a class=\"wp-block-button__link has-background wp-element-button\" href=\"https:\/\/versastyledesign.ca\/fr\/portfolio-de-design\/design-de-gym-a-domicile-dans-le-vieux-montreal\/\" style=\"background-color:#d53652\">Voir le portfolio<\/a><\/div>\n<\/div>\n<\/div>\n<\/div>\n\n\n\n<div style=\"height:50px\" aria-hidden=\"true\" class=\"wp-block-spacer\"><\/div>\n\n\n\n<h2 class=\"wp-block-heading\">R\u00e9novation vestibule-entr\u00e9e et salle de bain&nbsp;<br>\u00e0 Dollard-des-Ormeaux, Montr\u00e9al<\/h2>\n\n\n\n<blockquote class=\"wp-block-quote is-layout-flow wp-block-quote-is-layout-flow\">\n<p>C&rsquo;\u00e9tait super de travailler avec Lucie ! Elle a propos\u00e9 un design pour nos r\u00e9novations vestibule-entr\u00e9e et salle de bain-buanderie qui r\u00e9pondait \u00e0 nos besoins et a ensuite travaill\u00e9 avec nous pour lui donner vie!<\/p>\n<cite><strong>Dovrat Sonenberg-Silversmith<\/strong><\/cite><\/blockquote>\n\n\n\n<div class=\"wp-block-columns is-layout-flex wp-container-core-columns-is-layout-9d6595d7 wp-block-columns-is-layout-flex\">\n<div class=\"wp-block-column is-layout-flow wp-block-column-is-layout-flow\"><div class=\"wp-block-image\">\n<figure class=\"aligncenter size-large is-resized\"><img loading=\"lazy\" decoding=\"async\" width=\"682\" height=\"1024\" src=\"https:\/\/versastyledesign.ca\/wp-content\/uploads\/2026\/04\/Design-dune-entree-vestibule-dans-lOuest-de-Montreal-682x1024.jpg\" alt=\"Design dune entree vestibule dans lOuest de Montreal\" class=\"wp-image-32145\" style=\"width:365px;height:512px\" srcset=\"https:\/\/versastyledesign.ca\/wp-content\/uploads\/2026\/04\/Design-dune-entree-vestibule-dans-lOuest-de-Montreal-682x1024.jpg 682w, https:\/\/versastyledesign.ca\/wp-content\/uploads\/2026\/04\/Design-dune-entree-vestibule-dans-lOuest-de-Montreal-200x300.jpg 200w, https:\/\/versastyledesign.ca\/wp-content\/uploads\/2026\/04\/Design-dune-entree-vestibule-dans-lOuest-de-Montreal-768x1152.jpg 768w, https:\/\/versastyledesign.ca\/wp-content\/uploads\/2026\/04\/Design-dune-entree-vestibule-dans-lOuest-de-Montreal.jpg 833w\" sizes=\"auto, (max-width: 682px) 100vw, 682px\" \/><\/figure>\n<\/div>\n\n\n<div class=\"wp-block-buttons is-horizontal is-content-justification-center is-layout-flex wp-container-core-buttons-is-layout-499968f5 wp-block-buttons-is-layout-flex\">\n<div class=\"wp-block-button button-custom\"><a class=\"wp-block-button__link has-background wp-element-button\" href=\"https:\/\/versastyledesign.ca\/fr\/portfolio-de-design\/design-dune-entree-vestibule-dans-louest-de-montreal\/\" style=\"background-color:#d53652\">Voir le portfolio<\/a><\/div>\n<\/div>\n<\/div>\n\n\n\n<div class=\"wp-block-column is-layout-flow wp-block-column-is-layout-flow\"><div class=\"wp-block-image\">\n<figure class=\"aligncenter size-large is-resized\"><img loading=\"lazy\" decoding=\"async\" width=\"768\" height=\"1024\" src=\"https:\/\/versastyledesign.ca\/wp-content\/uploads\/2022\/07\/Montreal-Ouest-de-lile-Salle-de-bains-salle-deau-salle-lavage-renovation-1-768x1024.jpg\" alt=\"Montreal-Ouest-de-lile-Salle-de-bains-salle-deau-salle-lavage-renovation\" class=\"wp-image-24061\" style=\"width:384px;height:512px\" srcset=\"https:\/\/versastyledesign.ca\/wp-content\/uploads\/2022\/07\/Montreal-Ouest-de-lile-Salle-de-bains-salle-deau-salle-lavage-renovation-1-768x1023.jpg 768w, https:\/\/versastyledesign.ca\/wp-content\/uploads\/2022\/07\/Montreal-Ouest-de-lile-Salle-de-bains-salle-deau-salle-lavage-renovation-1-225x300.jpg 225w, https:\/\/versastyledesign.ca\/wp-content\/uploads\/2022\/07\/Montreal-Ouest-de-lile-Salle-de-bains-salle-deau-salle-lavage-renovation-1.jpg 938w\" sizes=\"auto, (max-width: 768px) 100vw, 768px\" \/><\/figure>\n<\/div>\n\n\n<div class=\"wp-block-buttons is-horizontal is-content-justification-center is-layout-flex wp-container-core-buttons-is-layout-499968f5 wp-block-buttons-is-layout-flex\">\n<div class=\"wp-block-button button-custom\"><a class=\"wp-block-button__link has-background wp-element-button\" href=\"https:\/\/versastyledesign.ca\/fr\/portfolio-de-design\/renovation-dune-buanderie-et-dune-salle-deau-dans-louest-de-lile\/\" style=\"background-color:#d53652\">Voir le portfolio<\/a><\/div>\n<\/div>\n<\/div>\n<\/div>\n\n\n\n<div style=\"height:50px\" aria-hidden=\"true\" class=\"wp-block-spacer\"><\/div>\n\n\n\n<h2 class=\"wp-block-heading\" id=\"avisevaluation-pour-le-design-dun-bureau-a-pointesaintcharles-montreal-a03c32ba-0993-4350-af6d-da6860064de7\">Avis-\u00e9valuation pour le design d&rsquo;un bureau \u00e0 Pointe-Saint-Charles, Montr\u00e9al<\/h2>\n\n\n<div class=\"wp-block-image\">\n<figure class=\"aligncenter size-large is-resized\"><img loading=\"lazy\" decoding=\"async\" width=\"1024\" height=\"768\" src=\"https:\/\/versastyledesign.ca\/wp-content\/uploads\/2021\/11\/portfolio-design-de-bureau-1-1024x768.jpg\" alt=\"portfolio-design-de-bureau-1\" class=\"wp-image-22908\" style=\"width:512px;height:384px\" srcset=\"https:\/\/versastyledesign.ca\/wp-content\/uploads\/2021\/11\/portfolio-design-de-bureau-1-1024x768.jpg 1024w, https:\/\/versastyledesign.ca\/wp-content\/uploads\/2021\/11\/portfolio-design-de-bureau-1-300x225.jpg 300w, https:\/\/versastyledesign.ca\/wp-content\/uploads\/2021\/11\/portfolio-design-de-bureau-1-768x576.jpg 768w, https:\/\/versastyledesign.ca\/wp-content\/uploads\/2021\/11\/portfolio-design-de-bureau-1.jpg 1280w\" sizes=\"auto, (max-width: 1024px) 100vw, 1024px\" \/><\/figure>\n<\/div>\n\n\n<blockquote class=\"wp-block-quote is-layout-flow wp-block-quote-is-layout-flow\">\n<p>J&rsquo;ai embauch\u00e9 Versa Style Design pour m&rsquo;aider \u00e0 cr\u00e9er un bureau \u00e0 domicile qui soit beau, professionnel et fonctionnel; Lucie a r\u00e9ussi ! Elle a pris le temps de comprendre mes besoins et mes pr\u00e9f\u00e9rences en mati\u00e8re de design pour cr\u00e9er un espace qui me convient, mais qui refl\u00e8te \u00e9galement mon style. Elle a \u00e9galement con\u00e7u des meubles sur mesure pour optimiser mon espace. Elle m&rsquo;a fait gagner beaucoup de temps et d&rsquo;argent en proposant des id\u00e9es, en v\u00e9rifiant la qualit\u00e9 des produits et des fournisseurs. Je re\u00e7ois tellement de compliments sur ma toile de fond <em>Zoom<\/em> maintenant ! Je referais appel aux services de Lucie sans h\u00e9siter.<\/p>\n<cite><strong>Kathleen Ffrench<\/strong><\/cite><\/blockquote>\n\n\n\n<div class=\"wp-block-buttons is-horizontal is-content-justification-center is-layout-flex wp-container-core-buttons-is-layout-499968f5 wp-block-buttons-is-layout-flex\">\n<div class=\"wp-block-button button-custom\"><a class=\"wp-block-button__link has-background wp-element-button\" href=\"\/design-portfolio\/home-office-make-over-in-pointe-st-charles-montreal\/\" style=\"background-color:#d53652\">Voir le portfolio<\/a><\/div>\n<\/div>\n\n\n\n<div style=\"height:50px\" aria-hidden=\"true\" class=\"wp-block-spacer\"><\/div>\n\n\n\n<h2 class=\"wp-block-heading\" id=\"avisevaluationnbsp-design-dun-soussol-salledebain-salle-de-lavage-cellier-salon-gym-a-saintlambert-qc-26506667-811f-4eda-891e-8edb549efa22\">Avis-\u00e9valuation&nbsp;: Design d\u2019un sous-sol + salle-de-bain + salle de lavage + cellier + salon + gym \u00e0 Saint-Lambert, Qc<\/h2>\n\n\n\n<blockquote class=\"wp-block-quote is-layout-flow wp-block-quote-is-layout-flow\">\n<p>Nous avons eu un tr\u00e8s bon service. Lucie nous a bien aid\u00e9 dans notre projet. Elle est professionnelle et efficace. Elle nous a aussi trouv\u00e9 de tr\u00e8s bons entrepreneurs.<\/p>\n<cite><strong>Judith Lavoie et Fr\u00e9d\u00e9ric Martel<\/strong><\/cite><\/blockquote>\n\n\n\n<div class=\"wp-block-columns is-layout-flex wp-container-core-columns-is-layout-9d6595d7 wp-block-columns-is-layout-flex\">\n<div class=\"wp-block-column is-layout-flow wp-block-column-is-layout-flow\"><div class=\"wp-block-image\">\n<figure class=\"aligncenter size-large\"><img loading=\"lazy\" decoding=\"async\" width=\"1024\" height=\"768\" src=\"https:\/\/versastyledesign.ca\/wp-content\/uploads\/2022\/06\/Design-de-salon-a-Saint-Lambert-Quebec-5-1024x768.jpg\" alt=\"Design-de-salon-a-Saint-Lambert-Quebec\" class=\"wp-image-23809\" srcset=\"https:\/\/versastyledesign.ca\/wp-content\/uploads\/2022\/06\/Design-de-salon-a-Saint-Lambert-Quebec-5-1024x768.jpg 1024w, https:\/\/versastyledesign.ca\/wp-content\/uploads\/2022\/06\/Design-de-salon-a-Saint-Lambert-Quebec-5-300x225.jpg 300w, https:\/\/versastyledesign.ca\/wp-content\/uploads\/2022\/06\/Design-de-salon-a-Saint-Lambert-Quebec-5-768x576.jpg 768w, https:\/\/versastyledesign.ca\/wp-content\/uploads\/2022\/06\/Design-de-salon-a-Saint-Lambert-Quebec-5.jpg 1280w\" sizes=\"auto, (max-width: 1024px) 100vw, 1024px\" \/><\/figure>\n<\/div>\n\n\n<div class=\"wp-block-buttons is-horizontal is-content-justification-center is-layout-flex wp-container-core-buttons-is-layout-499968f5 wp-block-buttons-is-layout-flex\">\n<div class=\"wp-block-button button-custom\"><a class=\"wp-block-button__link has-background wp-element-button\" href=\"https:\/\/versastyledesign.ca\/fr\/portfolio-de-design\/portfolio-de-design-de-salle-de-sejour-au-sous-sol-a-saint-lambert-qc\/\" style=\"background-color:#d53652\">Voir le portfolio<\/a><\/div>\n<\/div>\n<\/div>\n\n\n\n<div class=\"wp-block-column is-layout-flow wp-block-column-is-layout-flow\"><div class=\"wp-block-image\">\n<figure class=\"aligncenter size-medium\"><img loading=\"lazy\" decoding=\"async\" width=\"219\" height=\"300\" src=\"https:\/\/versastyledesign.ca\/wp-content\/uploads\/2021\/12\/design-chambre-de-bain-a-saint-lambert-1-219x300.jpg\" alt=\"design-chambre-de-bain-a-saint-lambert-1\" class=\"wp-image-22978\" srcset=\"https:\/\/versastyledesign.ca\/wp-content\/uploads\/2021\/12\/design-chambre-de-bain-a-saint-lambert-1-219x300.jpg 219w, https:\/\/versastyledesign.ca\/wp-content\/uploads\/2021\/12\/design-chambre-de-bain-a-saint-lambert-1-746x1024.jpg 746w, https:\/\/versastyledesign.ca\/wp-content\/uploads\/2021\/12\/design-chambre-de-bain-a-saint-lambert-1-768x1054.jpg 768w, https:\/\/versastyledesign.ca\/wp-content\/uploads\/2021\/12\/design-chambre-de-bain-a-saint-lambert-1.jpg 933w\" sizes=\"auto, (max-width: 219px) 100vw, 219px\" \/><\/figure>\n<\/div>\n\n\n<div class=\"wp-block-buttons is-horizontal is-content-justification-center is-layout-flex wp-container-core-buttons-is-layout-499968f5 wp-block-buttons-is-layout-flex\">\n<div class=\"wp-block-button button-custom\"><a class=\"wp-block-button__link has-background wp-element-button\" href=\"https:\/\/versastyledesign.ca\/fr\/portfolio-de-design\/design-de-salle-de-bain-et-de-salle-de-lavage-a-saint-lambert\/\" style=\"background-color:#d53652\">Voir le portfolio<\/a><\/div>\n<\/div>\n<\/div>\n<\/div>\n\n\n\n<div class=\"wp-block-columns is-layout-flex wp-container-core-columns-is-layout-9d6595d7 wp-block-columns-is-layout-flex\">\n<div class=\"wp-block-column is-layout-flow wp-block-column-is-layout-flow\"><div class=\"wp-block-image\">\n<figure class=\"aligncenter size-medium\"><img loading=\"lazy\" decoding=\"async\" width=\"225\" height=\"300\" src=\"https:\/\/versastyledesign.ca\/wp-content\/uploads\/2022\/06\/design-de-salle-de-sport-a-domicile-a-Saint-Lambert-7-1-225x300.jpg\" alt=\"design-de-salle-de-sport-a-domicile-a-Saint-Lambert\" class=\"wp-image-23865\" srcset=\"https:\/\/versastyledesign.ca\/wp-content\/uploads\/2022\/06\/design-de-salle-de-sport-a-domicile-a-Saint-Lambert-7-1-225x300.jpg 225w, https:\/\/versastyledesign.ca\/wp-content\/uploads\/2022\/06\/design-de-salle-de-sport-a-domicile-a-Saint-Lambert-7-1-768x1024.jpg 768w, https:\/\/versastyledesign.ca\/wp-content\/uploads\/2022\/06\/design-de-salle-de-sport-a-domicile-a-Saint-Lambert-7-1.jpg 960w\" sizes=\"auto, (max-width: 225px) 100vw, 225px\" \/><\/figure>\n<\/div>\n\n\n<div class=\"wp-block-buttons is-horizontal is-content-justification-center is-layout-flex wp-container-core-buttons-is-layout-499968f5 wp-block-buttons-is-layout-flex\">\n<div class=\"wp-block-button button-custom\"><a class=\"wp-block-button__link has-background wp-element-button\" href=\"https:\/\/versastyledesign.ca\/fr\/portfolio-de-design\/design-de-gym-et-salle-dexercice-a-domicile-a-saint-lambert\/\" style=\"background-color:#d53652\">Voir le portfolio<\/a><\/div>\n<\/div>\n<\/div>\n\n\n\n<div class=\"wp-block-column is-layout-flow wp-block-column-is-layout-flow\"><div class=\"wp-block-image\">\n<figure class=\"aligncenter size-medium\"><img loading=\"lazy\" decoding=\"async\" width=\"225\" height=\"300\" src=\"https:\/\/versastyledesign.ca\/wp-content\/uploads\/2022\/07\/Design-et-renovation-de-cave-a-vin-a-Saint-Lambert-9-225x300.jpg\" alt=\"Design-et-renovation-de-cave-a-vin-a-Saint-Lambert\" class=\"wp-image-23903\" srcset=\"https:\/\/versastyledesign.ca\/wp-content\/uploads\/2022\/07\/Design-et-renovation-de-cave-a-vin-a-Saint-Lambert-9-225x300.jpg 225w, https:\/\/versastyledesign.ca\/wp-content\/uploads\/2022\/07\/Design-et-renovation-de-cave-a-vin-a-Saint-Lambert-9-768x1024.jpg 768w, https:\/\/versastyledesign.ca\/wp-content\/uploads\/2022\/07\/Design-et-renovation-de-cave-a-vin-a-Saint-Lambert-9.jpg 960w\" sizes=\"auto, (max-width: 225px) 100vw, 225px\" \/><\/figure>\n<\/div>\n\n\n<div class=\"wp-block-buttons is-horizontal is-content-justification-center is-layout-flex wp-container-core-buttons-is-layout-499968f5 wp-block-buttons-is-layout-flex\">\n<div class=\"wp-block-button button-custom\"><a class=\"wp-block-button__link has-background wp-element-button\" href=\"https:\/\/versastyledesign.ca\/fr\/portfolio-de-design\/design-et-renovation-de-cave-a-vin-a-saint-lambert\/\" style=\"background-color:#d53652\">Voir le portfolio<\/a><\/div>\n<\/div>\n<\/div>\n<\/div>\n\n\n\n<div style=\"height:50px\" aria-hidden=\"true\" class=\"wp-block-spacer\"><\/div>\n\n\n\n<h2 class=\"wp-block-heading\" id=\"bureau-a-domicile-salon-et-salle-a-manger-dans-hochelagamaisonneuve-a999c13a-b5c3-480b-82aa-271c737d7db8\">Bureau \u00e0 domicile, salon et salle \u00e0 manger dans Hochelaga-Maisonneuve<\/h2>\n\n\n\n<blockquote class=\"wp-block-quote is-layout-flow wp-block-quote-is-layout-flow\">\n<p>Prise en charge et service impeccable! Je recommande d\u00e9finitivement les services de Versa Style pour tout projet de d\u00e9coration et r\u00e9novation! Nous avons fait affaire avec Lucie pour revamper notre premier condo (au complet) et nous sommes 100% satisfaits du r\u00e9sultat. Lucie a vraiment pris le temps d\u2019\u00e9couter ce que nous avions en t\u00eate pour bien comprendre nos besoins. Elle nous a fait des suggestions tr\u00e8s cr\u00e9atives et qui correspondaient tout \u00e0 fait \u00e0 nos besoins et id\u00e9aux, et est demeur\u00e9e ouverte et tr\u00e8s disponible pour les ajustements tout au long des travaux. <\/p>\n\n\n\n<p>Prise en charge tr\u00e8s humaine, et tr\u00e8s efficace. Nous nous sommes sentis en confiance d\u00e8s les premi\u00e8res discussions. Nous ferons d\u00e9finitivement affaire avec Versa Style pour notre prochain projet.<\/p>\n<cite><strong>Laurence Gingras-Perron<\/strong><\/cite><\/blockquote>\n\n\n\n<div class=\"wp-block-columns is-layout-flex wp-container-core-columns-is-layout-9d6595d7 wp-block-columns-is-layout-flex\">\n<div class=\"wp-block-column is-layout-flow wp-block-column-is-layout-flow\">\n<figure class=\"wp-block-image size-large\"><img loading=\"lazy\" decoding=\"async\" width=\"1024\" height=\"768\" src=\"https:\/\/versastyledesign.ca\/wp-content\/uploads\/2021\/10\/design-de-bureau-a-domicile-3-1024x768.jpg\" alt=\"design-de-bureau-a-domicile\" class=\"wp-image-22701\" srcset=\"https:\/\/versastyledesign.ca\/wp-content\/uploads\/2021\/10\/design-de-bureau-a-domicile-3-1024x768.jpg 1024w, https:\/\/versastyledesign.ca\/wp-content\/uploads\/2021\/10\/design-de-bureau-a-domicile-3-300x225.jpg 300w, https:\/\/versastyledesign.ca\/wp-content\/uploads\/2021\/10\/design-de-bureau-a-domicile-3-768x576.jpg 768w, https:\/\/versastyledesign.ca\/wp-content\/uploads\/2021\/10\/design-de-bureau-a-domicile-3.jpg 1280w\" sizes=\"auto, (max-width: 1024px) 100vw, 1024px\" \/><\/figure>\n\n\n\n<p><\/p>\n\n\n\n<div class=\"wp-block-buttons is-horizontal is-content-justification-center is-layout-flex wp-container-core-buttons-is-layout-499968f5 wp-block-buttons-is-layout-flex\">\n<div class=\"wp-block-button button-custom\"><a class=\"wp-block-button__link has-background wp-element-button\" href=\"https:\/\/versastyledesign.ca\/fr\/portfolio-de-design\/portfolio-de-design-de-bureau-a-domicile-a-montreal\/\" style=\"background-color:#d53652\">Voir le portfolio<\/a><\/div>\n<\/div>\n<\/div>\n\n\n\n<div class=\"wp-block-column is-layout-flow wp-block-column-is-layout-flow\">\n<figure class=\"wp-block-image size-large\"><img loading=\"lazy\" decoding=\"async\" width=\"1024\" height=\"768\" src=\"https:\/\/versastyledesign.ca\/wp-content\/uploads\/2021\/11\/portfolio-de-design-de-salon-et-salle-a-manger-a-montreal-4-1024x768.jpg\" alt=\"design-de-salon-et-salle-\u00e0-manger-dans-hochelaga-maisonneuve\" class=\"wp-image-22826\" srcset=\"https:\/\/versastyledesign.ca\/wp-content\/uploads\/2021\/11\/portfolio-de-design-de-salon-et-salle-a-manger-a-montreal-4-1024x768.jpg 1024w, https:\/\/versastyledesign.ca\/wp-content\/uploads\/2021\/11\/portfolio-de-design-de-salon-et-salle-a-manger-a-montreal-4-300x225.jpg 300w, https:\/\/versastyledesign.ca\/wp-content\/uploads\/2021\/11\/portfolio-de-design-de-salon-et-salle-a-manger-a-montreal-4-768x576.jpg 768w, https:\/\/versastyledesign.ca\/wp-content\/uploads\/2021\/11\/portfolio-de-design-de-salon-et-salle-a-manger-a-montreal-4.jpg 1280w\" sizes=\"auto, (max-width: 1024px) 100vw, 1024px\" \/><\/figure>\n\n\n\n<p><\/p>\n\n\n\n<div class=\"wp-block-buttons is-horizontal is-content-justification-center is-layout-flex wp-container-core-buttons-is-layout-499968f5 wp-block-buttons-is-layout-flex\">\n<div class=\"wp-block-button button-custom\"><a class=\"wp-block-button__link has-background wp-element-button\" href=\"https:\/\/versastyledesign.ca\/fr\/portfolio-de-design\/portfolio-de-design-de-salon-et-salle-a-manger-a-montreal\/\" style=\"background-color:#d53652\">Voir le portfolio<\/a><\/div>\n<\/div>\n<\/div>\n<\/div>\n\n\n\n<div style=\"height:50px\" aria-hidden=\"true\" class=\"wp-block-spacer\"><\/div>\n\n\n\n<h2 class=\"wp-block-heading\" id=\"avisevaluation-pour-le-design-dun-bureau-a-pointesaintcharles-montreal-a03c32ba-0993-4350-af6d-da6860064de7\">Avis-\u00e9valuation pour la r\u00e9novation d&rsquo;une cuisine <br>\u00e0 Montr\u00e9al-Est<\/h2>\n\n\n<div class=\"wp-block-image\">\n<figure class=\"aligncenter size-full is-resized\"><img loading=\"lazy\" decoding=\"async\" width=\"800\" height=\"642\" src=\"https:\/\/versastyledesign.ca\/wp-content\/uploads\/2022\/01\/portfolio-de-design-de-cuisine-a-montreal-8.jpg\" alt=\"portfolio-de-design-de-cuisine-a-montreal-8\" class=\"wp-image-23080\" style=\"width:400px;height:321px\" srcset=\"https:\/\/versastyledesign.ca\/wp-content\/uploads\/2022\/01\/portfolio-de-design-de-cuisine-a-montreal-8.jpg 800w, https:\/\/versastyledesign.ca\/wp-content\/uploads\/2022\/01\/portfolio-de-design-de-cuisine-a-montreal-8-300x241.jpg 300w, https:\/\/versastyledesign.ca\/wp-content\/uploads\/2022\/01\/portfolio-de-design-de-cuisine-a-montreal-8-768x616.jpg 768w\" sizes=\"auto, (max-width: 800px) 100vw, 800px\" \/><\/figure>\n<\/div>\n\n\n<blockquote class=\"wp-block-quote is-layout-flow wp-block-quote-is-layout-flow\">\n<p>Ce fut un grand plaisir de travailler avec Lucie. Son professionnalisme et son souci du d\u00e9tail sont sans \u00e9gal. Je travaille avec elle depuis 2017; sa patience et son \u00e9nergie sont exemplaires. Je suis tellement satisfait de la fa\u00e7on dont mon salon et ma cuisine se sont r\u00e9v\u00e9l\u00e9s. Tr\u00e8s bien inform\u00e9e et utile.<\/p>\n<cite><strong>Kaoutar Dehbi<\/strong><\/cite><\/blockquote>\n\n\n\n<div class=\"wp-block-buttons is-horizontal is-content-justification-center is-layout-flex wp-container-core-buttons-is-layout-499968f5 wp-block-buttons-is-layout-flex\">\n<div class=\"wp-block-button button-custom\"><a class=\"wp-block-button__link has-background wp-element-button\" href=\"\/fr\/portfolio-de-design\/renovation-dune-petite-cuisine-a-montreal-est\/\" style=\"background-color:#d53652\">Voir le portfolio<\/a><\/div>\n<\/div>\n\n\n\n<div style=\"height:50px\" aria-hidden=\"true\" class=\"wp-block-spacer\"><\/div>\n\n\n\n<h2 class=\"wp-block-heading\" id=\"avisevaluation-pour-le-design-dun-salon-dune-salle-deau-dun-bureau-dune-cuisine-et-dune-chambre-a-coucher-a-sainthenri-e5f12869-6055-456c-9ec4-17ad49661686\">Avis-\u00e9valuation pour le design d&rsquo;un salon, d&rsquo;une salle d&rsquo;eau, d&rsquo;un bureau, d&rsquo;une cuisine et d&rsquo;une chambre \u00e0 coucher \u00e0 Saint-Henri<\/h2>\n\n\n\n<blockquote class=\"wp-block-quote is-layout-flow wp-block-quote-is-layout-flow\">\n<p>Travailler avec Lucie de Versa Style Design a \u00e9t\u00e9 pour moi une exp\u00e9rience extraordinaire. D\u00e8s le d\u00e9but, j&rsquo;ai \u00e9t\u00e9 convaincu que cette designer \u00e9tait qualifi\u00e9e et d\u00e9vou\u00e9e. Son offre (en diff\u00e9rents niveaux de service) \u00e9tait claire et tr\u00e8s organis\u00e9e. Les outils qu&rsquo;elle a utilis\u00e9s pour \u00e9valuer mes go\u00fbts et mes besoins ont \u00e9t\u00e9 tr\u00e8s utiles et ont contribu\u00e9 \u00e0 gagner en efficacit\u00e9. Elle travaille avec des partenaires fiables qui, \u00e0 coup s\u00fbr, ne vous d\u00e9cevront jamais, respecteront toujours leurs engagements et ne vous surprendront jamais par des surprises lors de la facturation. Je recommande vivement Lucie et ses partenaires, elle vous aidera \u00e0 progresser plus rapidement et facilement vers l\u2019atteinte de vos projets.<\/p>\n<cite><strong>Eric Boutet<\/strong><\/cite><\/blockquote>\n\n\n\n<div class=\"wp-block-columns is-layout-flex wp-container-core-columns-is-layout-9d6595d7 wp-block-columns-is-layout-flex\">\n<div class=\"wp-block-column is-layout-flow wp-block-column-is-layout-flow\"><div class=\"wp-block-image\">\n<figure class=\"aligncenter size-medium\"><a href=\"https:\/\/versastyledesign.ca\/?page_id=11520\"><img loading=\"lazy\" decoding=\"async\" width=\"218\" height=\"300\" src=\"https:\/\/versastyledesign.ca\/wp-content\/uploads\/2020\/03\/portfolio-living-room-saint-henri-montreal-03_2-218x300.jpg\" alt=\"\" class=\"wp-image-20082\" srcset=\"https:\/\/versastyledesign.ca\/wp-content\/uploads\/2020\/03\/portfolio-living-room-saint-henri-montreal-03_2-218x300.jpg 218w, https:\/\/versastyledesign.ca\/wp-content\/uploads\/2020\/03\/portfolio-living-room-saint-henri-montreal-03_2.jpg 655w\" sizes=\"auto, (max-width: 218px) 100vw, 218px\" \/><\/a><\/figure>\n<\/div>\n\n\n<p><\/p>\n\n\n\n<div class=\"wp-block-buttons is-horizontal is-content-justification-center is-layout-flex wp-container-core-buttons-is-layout-499968f5 wp-block-buttons-is-layout-flex\">\n<div class=\"wp-block-button button-custom\"><a class=\"wp-block-button__link has-background wp-element-button\" href=\"https:\/\/versastyledesign.ca\/fr\/?page_id=11544\" style=\"background-color:#d53652\">Voir le portfolio<\/a><\/div>\n<\/div>\n<\/div>\n\n\n\n<div class=\"wp-block-column is-layout-flow wp-block-column-is-layout-flow\"><div class=\"wp-block-image\">\n<figure class=\"aligncenter size-medium\"><img loading=\"lazy\" decoding=\"async\" width=\"207\" height=\"300\" src=\"https:\/\/versastyledesign.ca\/wp-content\/uploads\/2020\/03\/saint-henri-salle-de-bain-01_2-207x300.jpg\" alt=\"\" class=\"wp-image-20013\" srcset=\"https:\/\/versastyledesign.ca\/wp-content\/uploads\/2020\/03\/saint-henri-salle-de-bain-01_2-207x300.jpg 207w, https:\/\/versastyledesign.ca\/wp-content\/uploads\/2020\/03\/saint-henri-salle-de-bain-01_2.jpg 622w\" sizes=\"auto, (max-width: 207px) 100vw, 207px\" \/><\/figure>\n<\/div>\n\n\n<p><\/p>\n\n\n\n<div class=\"wp-block-buttons is-horizontal is-content-justification-center is-layout-flex wp-container-core-buttons-is-layout-499968f5 wp-block-buttons-is-layout-flex\">\n<div class=\"wp-block-button button-custom\"><a class=\"wp-block-button__link has-background wp-element-button\" href=\"https:\/\/versastyledesign.ca\/fr\/portfolio-de-design\/metamorphose-de-salle-deau-a-saint-henri-montreal\/\" style=\"background-color:#d53652\">Voir le portfolio<\/a><\/div>\n<\/div>\n<\/div>\n\n\n\n<div class=\"wp-block-column is-layout-flow wp-block-column-is-layout-flow\"><div class=\"wp-block-image\">\n<figure class=\"aligncenter size-medium\"><a href=\"https:\/\/versastyledesign.ca\/fr\/design-interieur\/design-de-bureaux-a-montreal\/#portfolio\"><img loading=\"lazy\" decoding=\"async\" width=\"224\" height=\"300\" src=\"https:\/\/versastyledesign.ca\/wp-content\/uploads\/2020\/01\/montreal-office-design-portfolio-10-224x300.jpg\" alt=\"montreal-office-design-portfolio\" class=\"wp-image-19352\" srcset=\"https:\/\/versastyledesign.ca\/wp-content\/uploads\/2020\/01\/montreal-office-design-portfolio-10-224x300.jpg 224w, https:\/\/versastyledesign.ca\/wp-content\/uploads\/2020\/01\/montreal-office-design-portfolio-10-764x1024.jpg 764w, https:\/\/versastyledesign.ca\/wp-content\/uploads\/2020\/01\/montreal-office-design-portfolio-10-768x1029.jpg 768w, https:\/\/versastyledesign.ca\/wp-content\/uploads\/2020\/01\/montreal-office-design-portfolio-10.jpg 850w\" sizes=\"auto, (max-width: 224px) 100vw, 224px\" \/><\/a><\/figure>\n<\/div>\n\n\n<p><\/p>\n\n\n\n<div class=\"wp-block-buttons is-horizontal is-content-justification-center is-layout-flex wp-container-core-buttons-is-layout-499968f5 wp-block-buttons-is-layout-flex\">\n<div class=\"wp-block-button button-custom\"><a class=\"wp-block-button__link has-background wp-element-button\" href=\"https:\/\/versastyledesign.ca\/fr\/design-interieur\/design-de-bureaux-a-montreal\/#portfolio\" style=\"background-color:#d53652\">Voir le portfolio<\/a><\/div>\n<\/div>\n<\/div>\n<\/div>\n\n\n\n<div class=\"wp-block-columns is-layout-flex wp-container-core-columns-is-layout-9d6595d7 wp-block-columns-is-layout-flex\">\n<div class=\"wp-block-column is-layout-flow wp-block-column-is-layout-flow\"><div class=\"wp-block-image\">\n<figure class=\"aligncenter size-medium\"><a href=\"https:\/\/versastyledesign.ca\/?page_id=8303\"><img loading=\"lazy\" decoding=\"async\" width=\"225\" height=\"300\" src=\"https:\/\/versastyledesign.ca\/wp-content\/uploads\/2019\/12\/kitchen-renovation-griffintown03-225x300.jpg\" alt=\"kitchen-renovation-griffintown03\" class=\"wp-image-16499\" srcset=\"https:\/\/versastyledesign.ca\/wp-content\/uploads\/2019\/12\/kitchen-renovation-griffintown03-225x300.jpg 225w, https:\/\/versastyledesign.ca\/wp-content\/uploads\/2019\/12\/kitchen-renovation-griffintown03-768x1024.jpg 768w, https:\/\/versastyledesign.ca\/wp-content\/uploads\/2019\/12\/kitchen-renovation-griffintown03-1152x1536.jpg 1152w, https:\/\/versastyledesign.ca\/wp-content\/uploads\/2019\/12\/kitchen-renovation-griffintown03-1536x2048.jpg 1536w, https:\/\/versastyledesign.ca\/wp-content\/uploads\/2019\/12\/kitchen-renovation-griffintown03-scaled.jpg 1920w\" sizes=\"auto, (max-width: 225px) 100vw, 225px\" \/><\/a><\/figure>\n<\/div>\n\n\n<p><\/p>\n\n\n\n<div class=\"wp-block-buttons is-horizontal is-content-justification-center is-layout-flex wp-container-core-buttons-is-layout-499968f5 wp-block-buttons-is-layout-flex\">\n<div class=\"wp-block-button button-custom\"><a class=\"wp-block-button__link has-background wp-element-button\" href=\"https:\/\/versastyledesign.ca\/fr\/?page_id=8271\" style=\"background-color:#d53652\">Voir le portfolio<\/a><\/div>\n<\/div>\n<\/div>\n\n\n\n<div class=\"wp-block-column is-layout-flow wp-block-column-is-layout-flow\"><div class=\"wp-block-image\">\n<figure class=\"aligncenter size-medium\"><a href=\"https:\/\/versastyledesign.ca\/design-portfolio\/bedroom-design-in-griffin-town\/\"><img loading=\"lazy\" decoding=\"async\" width=\"217\" height=\"300\" src=\"https:\/\/versastyledesign.ca\/wp-content\/uploads\/2020\/03\/Versa-style-design-portfolio-04_2-217x300.jpg\" alt=\"\" class=\"wp-image-20215\" srcset=\"https:\/\/versastyledesign.ca\/wp-content\/uploads\/2020\/03\/Versa-style-design-portfolio-04_2-217x300.jpg 217w, https:\/\/versastyledesign.ca\/wp-content\/uploads\/2020\/03\/Versa-style-design-portfolio-04_2.jpg 470w\" sizes=\"auto, (max-width: 217px) 100vw, 217px\" \/><\/a><\/figure>\n<\/div>\n\n\n<p><\/p>\n\n\n\n<div class=\"wp-block-buttons is-horizontal is-content-justification-center is-layout-flex wp-container-core-buttons-is-layout-499968f5 wp-block-buttons-is-layout-flex\">\n<div class=\"wp-block-button button-custom\"><a class=\"wp-block-button__link has-background wp-element-button\" href=\"https:\/\/versastyledesign.ca\/fr\/portfolio-de-design\/design-de-chambre-a-coucher-a-griffin-town\/\" style=\"background-color:#d53652\">Voir le portfolio<\/a><\/div>\n<\/div>\n<\/div>\n<\/div>\n\n\n\n<div style=\"height:50px\" aria-hidden=\"true\" class=\"wp-block-spacer\"><\/div>\n\n\n\n<h2 class=\"wp-block-heading\" id=\"avisevaluation-pour-le-design-dun-salon-dune-salle-a-manger-et-dun-bureau-a-domicile-a-montrealouest-qc-0448b5a8-eebe-4e03-9593-3bb93a8b2345\">Avis-\u00e9valuation pour le design d&rsquo;un salon, d&rsquo;une salle \u00e0 manger, d&rsquo;un bureau, d&rsquo;un escalier et d&rsquo;une entr\u00e9e-vestibule \u00e0 Montr\u00e9al-Ouest, Qc<\/h2>\n\n\n\n<blockquote class=\"wp-block-quote is-layout-flow wp-block-quote-is-layout-flow\">\n<p>Savoir \u00e9couter, donner les outils pour d\u00e9cider, avec s\u00e9rieux, clart\u00e9, d\u00e9licatesse et comp\u00e9tence\u2026 Bravo !<\/p>\n<cite><strong>Lionel and Agnes Cailhol<\/strong><\/cite><\/blockquote>\n\n\n\n<div class=\"wp-block-columns is-layout-flex wp-container-core-columns-is-layout-9d6595d7 wp-block-columns-is-layout-flex\">\n<div class=\"wp-block-column is-layout-flow wp-block-column-is-layout-flow\"><div class=\"wp-block-image\">\n<figure class=\"aligncenter size-full\"><img loading=\"lazy\" decoding=\"async\" width=\"800\" height=\"600\" src=\"https:\/\/versastyledesign.ca\/wp-content\/uploads\/2021\/06\/temoignage-design-de-salon-montreal.jpg\" alt=\"\" class=\"wp-image-22210\" srcset=\"https:\/\/versastyledesign.ca\/wp-content\/uploads\/2021\/06\/temoignage-design-de-salon-montreal.jpg 800w, https:\/\/versastyledesign.ca\/wp-content\/uploads\/2021\/06\/temoignage-design-de-salon-montreal-300x225.jpg 300w, https:\/\/versastyledesign.ca\/wp-content\/uploads\/2021\/06\/temoignage-design-de-salon-montreal-768x576.jpg 768w\" sizes=\"auto, (max-width: 800px) 100vw, 800px\" \/><\/figure>\n<\/div>\n\n\n<p><\/p>\n\n\n\n<div class=\"wp-block-buttons is-horizontal is-content-justification-center is-layout-flex wp-container-core-buttons-is-layout-499968f5 wp-block-buttons-is-layout-flex\">\n<div class=\"wp-block-button button-custom\"><a class=\"wp-block-button__link has-background wp-element-button\" href=\"https:\/\/versastyledesign.ca\/fr\/portfolio-de-design\/maison-craftsman-design-de-salon-et-de-salle-a-manger-a-montreal\/\" style=\"background-color:#d53652\">Voir le portfolio<\/a><\/div>\n<\/div>\n\n\n\n<div style=\"height:53px\" aria-hidden=\"true\" class=\"wp-block-spacer\"><\/div>\n\n\n\n<figure class=\"wp-block-image size-large\"><img loading=\"lazy\" decoding=\"async\" width=\"800\" height=\"600\" src=\"https:\/\/versastyledesign.ca\/wp-content\/uploads\/2021\/06\/portfolio-bureau-a-domicile-design-a-montreal-77.jpg\" alt=\"\" class=\"wp-image-22259\" srcset=\"https:\/\/versastyledesign.ca\/wp-content\/uploads\/2021\/06\/portfolio-bureau-a-domicile-design-a-montreal-77.jpg 800w, https:\/\/versastyledesign.ca\/wp-content\/uploads\/2021\/06\/portfolio-bureau-a-domicile-design-a-montreal-77-300x225.jpg 300w, https:\/\/versastyledesign.ca\/wp-content\/uploads\/2021\/06\/portfolio-bureau-a-domicile-design-a-montreal-77-768x576.jpg 768w\" sizes=\"auto, (max-width: 800px) 100vw, 800px\" \/><\/figure>\n\n\n\n<p><\/p>\n\n\n\n<div class=\"wp-block-buttons is-horizontal is-content-justification-center is-layout-flex wp-container-core-buttons-is-layout-499968f5 wp-block-buttons-is-layout-flex\">\n<div class=\"wp-block-button button-custom\"><a class=\"wp-block-button__link has-background wp-element-button\" href=\"https:\/\/versastyledesign.ca\/design-portfolio\/craftsman-home-office-design-portfolio-in-montreal\/\" style=\"background-color:#d53652\">Voir le portfolio<\/a><\/div>\n<\/div>\n<\/div>\n\n\n\n<div class=\"wp-block-column is-layout-flow wp-block-column-is-layout-flow\"><div class=\"wp-block-image\">\n<figure class=\"aligncenter size-full is-resized\"><img loading=\"lazy\" decoding=\"async\" width=\"423\" height=\"850\" src=\"https:\/\/versastyledesign.ca\/wp-content\/uploads\/2022\/02\/Maison-craftsman-design-entree-vestibule-a-Montreal-8.jpg\" alt=\"Maison-craftsman-design-entree-vestibule-a-Montreal\" class=\"wp-image-23194\" style=\"width:auto;height:500px\" srcset=\"https:\/\/versastyledesign.ca\/wp-content\/uploads\/2022\/02\/Maison-craftsman-design-entree-vestibule-a-Montreal-8.jpg 423w, https:\/\/versastyledesign.ca\/wp-content\/uploads\/2022\/02\/Maison-craftsman-design-entree-vestibule-a-Montreal-8-149x300.jpg 149w\" sizes=\"auto, (max-width: 423px) 100vw, 423px\" \/><\/figure>\n<\/div>\n\n\n<p><\/p>\n\n\n\n<div class=\"wp-block-buttons is-horizontal is-content-justification-center is-layout-flex wp-container-core-buttons-is-layout-499968f5 wp-block-buttons-is-layout-flex\">\n<div class=\"wp-block-button button-custom\"><a class=\"wp-block-button__link has-background wp-element-button\" href=\"https:\/\/versastyledesign.ca\/fr\/portfolio-de-design\/maison-craftsman-design-dune-entree-vestibule-a-montreal-ouest\/\" style=\"background-color:#d53652\">Voir le portfolio<\/a><\/div>\n<\/div>\n\n\n\n<div style=\"height:53px\" aria-hidden=\"true\" class=\"wp-block-spacer\"><\/div>\n\n\n\n<figure class=\"wp-block-image size-large\"><img loading=\"lazy\" decoding=\"async\" width=\"1024\" height=\"683\" src=\"https:\/\/versastyledesign.ca\/wp-content\/uploads\/2025\/12\/Renovation-du-hall-et-de-lescalier-dune-maison-Craftsman-a-Montreal-Ouest-1-1024x683.jpeg\" alt=\"Renovation du hall et de lescalier dune maison Craftsman a Montreal-Ouest\" class=\"wp-image-31572\" srcset=\"https:\/\/versastyledesign.ca\/wp-content\/uploads\/2025\/12\/Renovation-du-hall-et-de-lescalier-dune-maison-Craftsman-a-Montreal-Ouest-1-1024x683.jpeg 1024w, https:\/\/versastyledesign.ca\/wp-content\/uploads\/2025\/12\/Renovation-du-hall-et-de-lescalier-dune-maison-Craftsman-a-Montreal-Ouest-1-300x200.jpeg 300w, https:\/\/versastyledesign.ca\/wp-content\/uploads\/2025\/12\/Renovation-du-hall-et-de-lescalier-dune-maison-Craftsman-a-Montreal-Ouest-1-768x512.jpeg 768w, https:\/\/versastyledesign.ca\/wp-content\/uploads\/2025\/12\/Renovation-du-hall-et-de-lescalier-dune-maison-Craftsman-a-Montreal-Ouest-1.jpeg 1280w\" sizes=\"auto, (max-width: 1024px) 100vw, 1024px\" \/><\/figure>\n\n\n\n<p><\/p>\n\n\n\n<div class=\"wp-block-buttons is-horizontal is-content-justification-center is-layout-flex wp-container-core-buttons-is-layout-499968f5 wp-block-buttons-is-layout-flex\">\n<div class=\"wp-block-button button-custom\"><a class=\"wp-block-button__link has-background wp-element-button\" href=\"https:\/\/versastyledesign.ca\/fr\/portfolio-de-design\/metamorphose-dun-entree-et-escalier-a-montreal-ouest\/\" style=\"background-color:#d53652\">Voir le portfolio<\/a><\/div>\n<\/div>\n<\/div>\n<\/div>\n\n\n\n<div style=\"height:50px\" aria-hidden=\"true\" class=\"wp-block-spacer\"><\/div>\n\n\n\n<h2 class=\"wp-block-heading\" id=\"avisevaluation-pour-le-design-dun-salon-dune-salle-a-manger-et-dune-cuisine-a-aire-ouverte-a-boucherville-e5592b0a-38f9-4244-9c37-1fec6caf3b88\">Avis-\u00e9valuation pour le design d&rsquo;un salon, d&rsquo;une salle \u00e0 manger et d&rsquo;une cuisine \u00e0 aire ouverte \u00e0 Boucherville<\/h2>\n\n\n\n<blockquote class=\"wp-block-quote is-layout-flow wp-block-quote-is-layout-flow\">\n<p>J\u2019ai r\u00e9cemment d\u00e9m\u00e9nag\u00e9 de l\u2019Ontario vers la r\u00e9gion de Montr\u00e9al et Lucie a \u00e9t\u00e9 d\u2019une grande aide dans l\u2019am\u00e9nagement de ma nouvelle maison pour que je me sente comme chez moi (mais en mieux!). Elle a fait de bons choix de peinture et nous a aid\u00e9s \u00e0 acheter de nouveaux tapis et meubles pour compl\u00e9ter les zones. Nous utiliserons certainement les services de Lucie dans l\u2019avenir.<\/p>\n<cite><strong>Christine Rodriguez<\/strong><\/cite><\/blockquote>\n\n\n\n<div class=\"wp-block-columns is-layout-flex wp-container-core-columns-is-layout-9d6595d7 wp-block-columns-is-layout-flex\">\n<div class=\"wp-block-column is-layout-flow wp-block-column-is-layout-flow\"><div class=\"wp-block-image\">\n<figure class=\"aligncenter size-large\"><img loading=\"lazy\" decoding=\"async\" width=\"900\" height=\"600\" src=\"https:\/\/versastyledesign.ca\/wp-content\/uploads\/2020\/03\/design-salons-salles-a-manger-boucherville-04_2.jpg\" alt=\"Revue du design du salon\" class=\"wp-image-20111\" srcset=\"https:\/\/versastyledesign.ca\/wp-content\/uploads\/2020\/03\/design-salons-salles-a-manger-boucherville-04_2.jpg 900w, https:\/\/versastyledesign.ca\/wp-content\/uploads\/2020\/03\/design-salons-salles-a-manger-boucherville-04_2-300x200.jpg 300w, https:\/\/versastyledesign.ca\/wp-content\/uploads\/2020\/03\/design-salons-salles-a-manger-boucherville-04_2-768x512.jpg 768w\" sizes=\"auto, (max-width: 900px) 100vw, 900px\" \/><\/figure>\n<\/div><\/div>\n\n\n\n<div class=\"wp-block-column is-layout-flow wp-block-column-is-layout-flow\">\n<figure class=\"wp-block-image size-large\"><img loading=\"lazy\" decoding=\"async\" width=\"650\" height=\"433\" src=\"https:\/\/versastyledesign.ca\/wp-content\/uploads\/2020\/03\/design-de-cuisine-a-montreal006.jpg\" alt=\"Revue du design de la salle \u00e0 manger et de la cuisine \u00e0 aire ouverte \u00e0 Boucherville\" class=\"wp-image-20184\" srcset=\"https:\/\/versastyledesign.ca\/wp-content\/uploads\/2020\/03\/design-de-cuisine-a-montreal006.jpg 650w, https:\/\/versastyledesign.ca\/wp-content\/uploads\/2020\/03\/design-de-cuisine-a-montreal006-300x200.jpg 300w\" sizes=\"auto, (max-width: 650px) 100vw, 650px\" \/><\/figure>\n<\/div>\n<\/div>\n\n\n\n<div class=\"wp-block-columns is-layout-flex wp-container-core-columns-is-layout-9d6595d7 wp-block-columns-is-layout-flex\">\n<div class=\"wp-block-column is-layout-flow wp-block-column-is-layout-flow\">\n<div class=\"wp-block-buttons is-horizontal is-content-justification-center is-layout-flex wp-container-core-buttons-is-layout-499968f5 wp-block-buttons-is-layout-flex\">\n<div class=\"wp-block-button button-custom\"><a class=\"wp-block-button__link has-background wp-element-button\" href=\"https:\/\/versastyledesign.ca\/design-portfolio\/living-room-and-dining-room-design-in-boucherville\/\" style=\"background-color:#d53652\">Voir le portfolio<\/a><\/div>\n<\/div>\n<\/div>\n\n\n\n<div class=\"wp-block-column is-layout-flow wp-block-column-is-layout-flow\">\n<div class=\"wp-block-buttons is-horizontal is-content-justification-center is-layout-flex wp-container-core-buttons-is-layout-499968f5 wp-block-buttons-is-layout-flex\">\n<div class=\"wp-block-button button-custom\"><a class=\"wp-block-button__link has-background wp-element-button\" href=\"https:\/\/versastyledesign.ca\/?page_id=9741\" style=\"background-color:#d53652\">Voir le portfolio<\/a><\/div>\n<\/div>\n<\/div>\n<\/div>\n\n\n\n<div style=\"height:50px\" aria-hidden=\"true\" class=\"wp-block-spacer\"><\/div>\n\n\n\n<h2 class=\"wp-block-heading\" id=\"avisevaluation-pour-le-design-dun-salon-dune-chambre-a-coucher-et-dune-salle-deau-a-lorraine-qc-019d1757-3de6-47d0-bab7-5a0f9f84e3e8\">Avis-\u00e9valuation pour le design d&rsquo;un salon, d&rsquo;une chambre \u00e0 coucher et d&rsquo;une salle d&rsquo;eau \u00e0 Lorraine, Qc<\/h2>\n\n\n\n<blockquote class=\"wp-block-quote is-layout-flow wp-block-quote-is-layout-flow\">\n<p>J\u2019ai contact\u00e9 Lucie Pitt de Versa Style Design pour repenser tout le premier \u00e9tage de ma maison. Puisque toutes les pi\u00e8ces sont dans un espace presque ouvert, elle a d\u00fb prendre en consid\u00e9ration ma cuisine qui \u00e9tait d\u00e9j\u00e0 compl\u00e9t\u00e9e. J\u2019ai un go\u00fbt tr\u00e8s \u00e9clectique et Lucie a vraiment li\u00e9 les \u00e9l\u00e9ments de mon d\u00e9cor avec brio. Le d\u00e9fi \u00e9tait d\u2019int\u00e9grer des meubles classiques dans mon salon et ma salle \u00e0 manger avec un espace de lecture plus confortable et moderne. Les r\u00e9sultats sont \u00e9tonnants !!! Les \u00e9l\u00e9ments \u2018mid-century modern\u2019 font un effet WOW! Le mur en brique du foyer a \u00e9t\u00e9 peinte en noir et les murs adjacents de couleur taupe et cr\u00e8me. Je souhaitais conserver deux merveilleuses chaises classiques que Lucie a recouvertes d\u2019un tissus de motif \u2018Paisley\u2019 qui est dans la m\u00eame palette de couleurs que mon canap\u00e9 et mes deux chaises en cuir. Finalement, l\u2019\u00e9l\u00e9ment qui enveloppe le tout, c\u2019est le beau tapis g\u00e9om\u00e9trique qu\u2019elle a propos\u00e9. J\u2019\u00e9tais absolument ravi des r\u00e9sultats et je la recommanderais pour sa cr\u00e9ativit\u00e9, son honn\u00eatet\u00e9 et son \u00e9nergie.<\/p>\n<cite><strong>Johanne Lapointe<\/strong><\/cite><\/blockquote>\n\n\n\n<div class=\"wp-block-columns is-layout-flex wp-container-core-columns-is-layout-9d6595d7 wp-block-columns-is-layout-flex\">\n<div class=\"wp-block-column is-layout-flow wp-block-column-is-layout-flow\"><div class=\"wp-block-image\">\n<figure class=\"aligncenter size-large\"><img loading=\"lazy\" decoding=\"async\" width=\"682\" height=\"900\" src=\"https:\/\/versastyledesign.ca\/wp-content\/uploads\/2020\/03\/salon-salle-a-manger-lorraine-0001.jpg\" alt=\"\" class=\"wp-image-20124\" srcset=\"https:\/\/versastyledesign.ca\/wp-content\/uploads\/2020\/03\/salon-salle-a-manger-lorraine-0001.jpg 682w, https:\/\/versastyledesign.ca\/wp-content\/uploads\/2020\/03\/salon-salle-a-manger-lorraine-0001-227x300.jpg 227w\" sizes=\"auto, (max-width: 682px) 100vw, 682px\" \/><\/figure>\n<\/div>\n\n\n<p><\/p>\n\n\n\n<div class=\"wp-block-buttons is-horizontal is-content-justification-center is-layout-flex wp-container-core-buttons-is-layout-499968f5 wp-block-buttons-is-layout-flex\">\n<div class=\"wp-block-button button-custom\"><a class=\"wp-block-button__link has-background wp-element-button\" href=\"https:\/\/versastyledesign.ca\/fr\/portfolio-de-design\/design-interieur-de-salon-a-lorraine\/\" style=\"background-color:#d53652\">Voir le portfolio<\/a><\/div>\n<\/div>\n<\/div>\n\n\n\n<div class=\"wp-block-column is-layout-flow wp-block-column-is-layout-flow\"><div class=\"wp-block-image\">\n<figure class=\"aligncenter size-medium\"><img loading=\"lazy\" decoding=\"async\" width=\"222\" height=\"300\" src=\"https:\/\/versastyledesign.ca\/wp-content\/uploads\/2019\/11\/Versa-style-design-portfolio-2-3-222x300.jpg\" alt=\"Versa-style-design-portfolio-2-3\" class=\"wp-image-13511\" srcset=\"https:\/\/versastyledesign.ca\/wp-content\/uploads\/2019\/11\/Versa-style-design-portfolio-2-3-222x300.jpg 222w, https:\/\/versastyledesign.ca\/wp-content\/uploads\/2019\/11\/Versa-style-design-portfolio-2-3-758x1024.jpg 758w, https:\/\/versastyledesign.ca\/wp-content\/uploads\/2019\/11\/Versa-style-design-portfolio-2-3-768x1037.jpg 768w, https:\/\/versastyledesign.ca\/wp-content\/uploads\/2019\/11\/Versa-style-design-portfolio-2-3.jpg 850w\" sizes=\"auto, (max-width: 222px) 100vw, 222px\" \/><\/figure>\n<\/div>\n\n\n<p><\/p>\n\n\n\n<div class=\"wp-block-buttons is-horizontal is-content-justification-center is-layout-flex wp-container-core-buttons-is-layout-499968f5 wp-block-buttons-is-layout-flex\">\n<div class=\"wp-block-button button-custom\"><a class=\"wp-block-button__link has-background wp-element-button\" href=\"https:\/\/versastyledesign.ca\/fr\/portfolio-de-design\/design-de-chambre-des-maitres-a-lorraine\/\" style=\"background-color:#d53652\">Voir le portfolio<\/a><\/div>\n<\/div>\n<\/div>\n\n\n\n<div class=\"wp-block-column is-layout-flow wp-block-column-is-layout-flow\"><div class=\"wp-block-image\">\n<figure class=\"aligncenter size-large\"><img loading=\"lazy\" decoding=\"async\" width=\"435\" height=\"653\" src=\"https:\/\/versastyledesign.ca\/wp-content\/uploads\/2019\/12\/renovation-salle-deau-a-lorraine-quebec-02.jpg\" alt=\"\" class=\"wp-image-17259\" srcset=\"https:\/\/versastyledesign.ca\/wp-content\/uploads\/2019\/12\/renovation-salle-deau-a-lorraine-quebec-02.jpg 435w, https:\/\/versastyledesign.ca\/wp-content\/uploads\/2019\/12\/renovation-salle-deau-a-lorraine-quebec-02-200x300.jpg 200w\" sizes=\"auto, (max-width: 435px) 100vw, 435px\" \/><\/figure>\n<\/div>\n\n\n<p><\/p>\n\n\n\n<div class=\"wp-block-buttons is-horizontal is-content-justification-center is-layout-flex wp-container-core-buttons-is-layout-499968f5 wp-block-buttons-is-layout-flex\">\n<div class=\"wp-block-button button-custom\"><a class=\"wp-block-button__link has-background wp-element-button\" href=\"https:\/\/versastyledesign.ca\/fr\/portfolio-de-design\/renovation-salle-deau-a-lorraine-quebec\/\" style=\"background-color:#d53652\">Voir le portfolio<\/a><\/div>\n<\/div>\n<\/div>\n<\/div>\n\n\n\n<div style=\"height:50px\" aria-hidden=\"true\" class=\"wp-block-spacer\"><\/div>\n\n\n\n<h2 class=\"wp-block-heading\" id=\"avisevaluation-pour-le-design-dune-cuisine-et-dune-salle-deau-a-outremont-qc-6be6ec2b-3ae4-4d6a-a9b0-b4079eac033f\">Avis-\u00e9valuation pour le design d&rsquo;une cuisine et d&rsquo;une salle d&rsquo;eau \u00e0 Outremont, Qc<\/h2>\n\n\n\n<blockquote class=\"wp-block-quote is-layout-flow wp-block-quote-is-layout-flow\">\n<p>L&rsquo;\u00e9nergie, le professionnalisme et le dynamisme de Lucie m&rsquo;ont aid\u00e9 \u00e0 concr\u00e9tiser la cuisine et la salle d&rsquo;eau de mes r\u00eaves avec un r\u00e9sultat bien au-del\u00e0 de mes attentes! Elle m&rsquo;a aid\u00e9 \u00e0 clarifier ce que je voulais et m&rsquo;a rassur\u00e9e tout au long du processus.<\/p>\n<cite><strong>Marie-Eve Archambault<\/strong><\/cite><\/blockquote>\n\n\n\n<div class=\"wp-block-columns is-layout-flex wp-container-core-columns-is-layout-9d6595d7 wp-block-columns-is-layout-flex\">\n<div class=\"wp-block-column is-layout-flow wp-block-column-is-layout-flow\"><div class=\"wp-block-image\">\n<figure class=\"aligncenter size-large\"><img loading=\"lazy\" decoding=\"async\" width=\"1024\" height=\"682\" src=\"https:\/\/versastyledesign.ca\/wp-content\/uploads\/2026\/04\/Renovation-dune-cuisine-a-Outremont-Montreal-2-1024x682.jpg\" alt=\"Renovation dune cuisine a Outremont Montreal\" class=\"wp-image-32089\" srcset=\"https:\/\/versastyledesign.ca\/wp-content\/uploads\/2026\/04\/Renovation-dune-cuisine-a-Outremont-Montreal-2-1024x682.jpg 1024w, https:\/\/versastyledesign.ca\/wp-content\/uploads\/2026\/04\/Renovation-dune-cuisine-a-Outremont-Montreal-2-300x200.jpg 300w, https:\/\/versastyledesign.ca\/wp-content\/uploads\/2026\/04\/Renovation-dune-cuisine-a-Outremont-Montreal-2-768x512.jpg 768w, https:\/\/versastyledesign.ca\/wp-content\/uploads\/2026\/04\/Renovation-dune-cuisine-a-Outremont-Montreal-2.jpg 1250w\" sizes=\"auto, (max-width: 1024px) 100vw, 1024px\" \/><\/figure>\n<\/div><\/div>\n\n\n\n<div class=\"wp-block-column is-layout-flow wp-block-column-is-layout-flow\"><div class=\"wp-block-image\">\n<figure class=\"aligncenter size-medium\"><img loading=\"lazy\" decoding=\"async\" width=\"200\" height=\"300\" src=\"https:\/\/versastyledesign.ca\/wp-content\/uploads\/2026\/04\/Renovation-dune-salle-deau-a-Outremont-Montreal-3-200x300.jpg\" alt=\"Renovation dune salle deau a Outremont, Montreal\" class=\"wp-image-32170\" srcset=\"https:\/\/versastyledesign.ca\/wp-content\/uploads\/2026\/04\/Renovation-dune-salle-deau-a-Outremont-Montreal-3-200x300.jpg 200w, https:\/\/versastyledesign.ca\/wp-content\/uploads\/2026\/04\/Renovation-dune-salle-deau-a-Outremont-Montreal-3-682x1024.jpg 682w, https:\/\/versastyledesign.ca\/wp-content\/uploads\/2026\/04\/Renovation-dune-salle-deau-a-Outremont-Montreal-3-768x1152.jpg 768w, https:\/\/versastyledesign.ca\/wp-content\/uploads\/2026\/04\/Renovation-dune-salle-deau-a-Outremont-Montreal-3.jpg 833w\" sizes=\"auto, (max-width: 200px) 100vw, 200px\" \/><\/figure>\n<\/div><\/div>\n<\/div>\n\n\n\n<div class=\"wp-block-columns is-layout-flex wp-container-core-columns-is-layout-9d6595d7 wp-block-columns-is-layout-flex\">\n<div class=\"wp-block-column is-layout-flow wp-block-column-is-layout-flow\">\n<div class=\"wp-block-buttons is-horizontal is-content-justification-center is-layout-flex wp-container-core-buttons-is-layout-499968f5 wp-block-buttons-is-layout-flex\">\n<div class=\"wp-block-button button-custom\"><a class=\"wp-block-button__link has-background wp-element-button\" href=\"https:\/\/versastyledesign.ca\/fr\/portfolio-de-design\/renovation-dune-cuisine-a-outremont\/\" style=\"background-color:#d53652\">Voir le portfolio<\/a><\/div>\n<\/div>\n<\/div>\n\n\n\n<div class=\"wp-block-column is-layout-flow wp-block-column-is-layout-flow\">\n<div class=\"wp-block-buttons is-horizontal is-content-justification-center is-layout-flex wp-container-core-buttons-is-layout-499968f5 wp-block-buttons-is-layout-flex\">\n<div class=\"wp-block-button button-custom\"><a class=\"wp-block-button__link has-background wp-element-button\" href=\"https:\/\/versastyledesign.ca\/fr\/portfolio-de-design\/renovation-salle-deau-a-outremont-montreal\/\" style=\"background-color:#d53652\">Voir le portfolio<\/a><\/div>\n<\/div>\n<\/div>\n<\/div>\n\n\n\n<div style=\"height:50px\" aria-hidden=\"true\" class=\"wp-block-spacer\"><\/div>\n\n\n\n<h2 class=\"wp-block-heading\" id=\"avisevaluation-pour-le-design-dune-chambre-a-coucher-dun-salon-dune-salle-a-manger-et-dun-bureau-a-domicile-a-brossard-qc-400ff23e-4298-44f0-a560-9c2993a0c558\">Avis-\u00e9valuation pour le design d&rsquo;une chambre \u00e0 coucher, d&rsquo;un salon, d&rsquo;une salle \u00e0 manger et d&rsquo;un bureau \u00e0 domicile \u00e0 Brossard, Qc<\/h2>\n\n\n\n<div class=\"wp-block-columns is-layout-flex wp-container-core-columns-is-layout-9d6595d7 wp-block-columns-is-layout-flex\">\n<div class=\"wp-block-column is-layout-flow wp-block-column-is-layout-flow\"><div class=\"wp-block-image\">\n<figure class=\"aligncenter size-full is-resized\"><img loading=\"lazy\" decoding=\"async\" width=\"488\" height=\"650\" src=\"https:\/\/versastyledesign.ca\/wp-content\/uploads\/2020\/03\/Versa-style-design-portfolio-1_2-1.jpg\" alt=\"\" class=\"wp-image-20262\" style=\"width:366px;height:488px\" srcset=\"https:\/\/versastyledesign.ca\/wp-content\/uploads\/2020\/03\/Versa-style-design-portfolio-1_2-1.jpg 488w, https:\/\/versastyledesign.ca\/wp-content\/uploads\/2020\/03\/Versa-style-design-portfolio-1_2-1-225x300.jpg 225w\" sizes=\"auto, (max-width: 488px) 100vw, 488px\" \/><\/figure>\n<\/div>\n\n\n<p><\/p>\n<\/div>\n\n\n\n<div class=\"wp-block-column is-layout-flow wp-block-column-is-layout-flow\">\n<blockquote class=\"wp-block-quote is-layout-flow wp-block-quote-is-layout-flow\">\n<p>Lucie est une formidable consultante, elle fait partie int\u00e9grante de la conception de ma nouvelle maison. Lucie m&rsquo;a guid\u00e9 dans le processus de prise de d\u00e9cision, depuis le choix des couleurs, la conception de la salle, la s\u00e9lection des \u0153uvres d&rsquo;art, etc. et \u00e9tait une excellente interm\u00e9diaire pour les articles sur mesure. Lucie a \u00e9t\u00e9 pr\u00e9sente d\u00e8s le d\u00e9but de l\u2019aventure et a \u00e9t\u00e9 disponible pour mes nombreuses questions. Je n&rsquo;h\u00e9siterais pas \u00e0 recommander!<\/p>\n<cite><strong>Lyn Johnson<\/strong><\/cite><\/blockquote>\n<\/div>\n<\/div>\n\n\n\n<div class=\"wp-block-buttons is-horizontal is-content-justification-center is-layout-flex wp-container-core-buttons-is-layout-499968f5 wp-block-buttons-is-layout-flex\">\n<div class=\"wp-block-button button-custom\"><a class=\"wp-block-button__link has-background wp-element-button\" href=\"\/fr\/portfolio-de-design\/design-de-chambre-a-coucher-a-brossard-2\/\" style=\"background-color:#d53652\">Voir le portfolio<\/a><\/div>\n<\/div>\n\n\n\n<div style=\"height:50px\" aria-hidden=\"true\" class=\"wp-block-spacer\"><\/div>\n\n\n\n<h2 class=\"wp-block-heading\" id=\"avisevaluation-pour-le-design-dune-chambre-a-coucher-dune-cuisine-dun-salon-et-dune-salle-a-manger-a-montreal-qc-ecde4a01-a7ef-4691-8e62-35711dac06b1\">Avis-\u00e9valuation pour le design d&rsquo;une chambre \u00e0 coucher, d&rsquo;une cuisine, d&rsquo;un salon et d&rsquo;une salle \u00e0 manger \u00e0 Montr\u00e9al, Qc<\/h2>\n\n\n<div class=\"wp-block-image\">\n<figure class=\"aligncenter is-resized\"><img loading=\"lazy\" decoding=\"async\" width=\"491\" height=\"650\" src=\"https:\/\/versastyledesign.ca\/wp-content\/uploads\/2020\/03\/Versa-style-design-portfolio-01_1.jpg\" alt=\"\" class=\"wp-image-20217\" style=\"width:246px;height:325px\" srcset=\"https:\/\/versastyledesign.ca\/wp-content\/uploads\/2020\/03\/Versa-style-design-portfolio-01_1.jpg 491w, https:\/\/versastyledesign.ca\/wp-content\/uploads\/2020\/03\/Versa-style-design-portfolio-01_1-227x300.jpg 227w\" sizes=\"auto, (max-width: 491px) 100vw, 491px\" \/><\/figure>\n<\/div>\n\n\n<blockquote class=\"wp-block-quote is-layout-flow wp-block-quote-is-layout-flow\">\n<p>C\u2019est la troisi\u00e8me fois que je demande \u00e0 Lucie de venir m\u2019aider \u00e0 prendre mes d\u00e9cisions concernant des changements que je veux apporter \u00e0 mon condo.<\/p>\n\n\n\n<p>Lucie travaille tr\u00e8s rapidement et est de bon conseil. J\u2019aime lorsqu\u2019elle dessine ses croquis. Comme je suis visuelle, cela m\u2019aide \u00e9norm\u00e9ment \u00e0 comprendre ce qu\u2019elle veut me dire. Surtout, elle ne m\u2019impose jamais son seul point de vue.<\/p>\n\n\n\n<p>Bravo Lucie!<\/p>\n<cite><strong>Claire Tardif<\/strong><\/cite><\/blockquote>\n\n\n\n<div class=\"wp-block-buttons is-horizontal is-content-justification-center is-layout-flex wp-container-core-buttons-is-layout-499968f5 wp-block-buttons-is-layout-flex\">\n<div class=\"wp-block-button button-custom\"><a class=\"wp-block-button__link has-background wp-element-button\" href=\"\/fr\/portfolio-de-design\/design-de-chambre-a-coucher-a-rosemont\/\" style=\"background-color:#d53652\">Voir le portfolio<\/a><\/div>\n<\/div>\n\n\n\n<div style=\"height:50px\" aria-hidden=\"true\" class=\"wp-block-spacer\"><\/div>\n\n\n\n<h2 class=\"wp-block-heading\" id=\"avisevaluation-pour-le-design-dune-salle-de-bain-a-ileperrot-qc--14ef57b5-6775-4c74-94ab-f8349368db4d\">Avis-\u00e9valuation pour le design d&rsquo;une salle de bain \u00e0 Ile-Perrot, Qc.<\/h2>\n\n\n\n<div class=\"wp-block-columns is-layout-flex wp-container-core-columns-is-layout-9d6595d7 wp-block-columns-is-layout-flex\">\n<div class=\"wp-block-column is-layout-flow wp-block-column-is-layout-flow\"><div class=\"wp-block-image\">\n<figure class=\"aligncenter size-full is-resized\"><img loading=\"lazy\" decoding=\"async\" width=\"333\" height=\"650\" src=\"https:\/\/versastyledesign.ca\/wp-content\/uploads\/2020\/04\/complete-bathroom-renovation-in-pierrefond-montreal-1.jpg\" alt=\"\" class=\"wp-image-20469\" style=\"width:250px;height:488px\" srcset=\"https:\/\/versastyledesign.ca\/wp-content\/uploads\/2020\/04\/complete-bathroom-renovation-in-pierrefond-montreal-1.jpg 333w, https:\/\/versastyledesign.ca\/wp-content\/uploads\/2020\/04\/complete-bathroom-renovation-in-pierrefond-montreal-1-154x300.jpg 154w\" sizes=\"auto, (max-width: 333px) 100vw, 333px\" \/><\/figure>\n<\/div><\/div>\n\n\n\n<div class=\"wp-block-column is-layout-flow wp-block-column-is-layout-flow\">\n<blockquote class=\"wp-block-quote is-layout-flow wp-block-quote-is-layout-flow\">\n<p>\u00c0 partir du moment o\u00f9 nous avons contact\u00e9 madame Pitt , elle a communiqu\u00e9 avec nous dans un d\u00e9lai tr\u00e8s rapide. Elle a pris le temps d&rsquo;\u00e9couter nos demandes, tout en nous conseillant judicieusement. Ses propositions ont r\u00e9pondu \u00e0 nos besoins et nos go\u00fbts. Merci beaucoup Lucie,<\/p>\n<cite><strong>Guy Bonneau<\/strong><\/cite><\/blockquote>\n\n\n\n<div class=\"wp-block-buttons is-horizontal is-content-justification-center is-layout-flex wp-container-core-buttons-is-layout-499968f5 wp-block-buttons-is-layout-flex\">\n<div class=\"wp-block-button button-custom\"><a class=\"wp-block-button__link has-background wp-element-button\" href=\"https:\/\/versastyledesign.ca\/fr\/portfolio-de-design\/renovation-complete-salle-de-bain-pierrefond-montreal\/\" style=\"background-color:#d53652\">Voir le portfolio<\/a><\/div>\n<\/div>\n<\/div>\n<\/div>\n\n\n\n<div style=\"height:50px\" aria-hidden=\"true\" class=\"wp-block-spacer\"><\/div>\n\n\n\n<h2 class=\"wp-block-heading\">Design d&rsquo;une buanderie, salle de bain, atelier et zone de jeu dans un sous-sol \u00e0 verdun<\/h2>\n\n\n\n<blockquote class=\"wp-block-quote is-layout-flow wp-block-quote-is-layout-flow\">\n<p>Super belle exp\u00e9rience avec cette entreprise. La formule propos\u00e9e par Mme Pitt est unique et permet d&rsquo;arriver rapidement \u00e0 un design qui tient compte de TOUTES nos contraintes et envies! Elle a pass\u00e9 la journ\u00e9e avec nous pour discuter et dessiner les plans d&rsquo;am\u00e9nagement sur place. \u00c0 la fin de la journ\u00e9e, nous avions explor\u00e9 tellement d&rsquo;options pour optimiser l&rsquo;utilisation de l&rsquo;espace et le rangement de notre sous-sol \u00e0 vocation multiple! Cette \u00e9volution du projet n&rsquo;aurait jamais \u00e9t\u00e9 possible dans un contexte d&rsquo;\u00e9change de courriels!!! En plus, elle est super agr\u00e9able et \u00e0 l&rsquo;\u00e9coute pour respecter NOS besoins et NOS go\u00fbts. Nous aurons certainement recours \u00e0 ses services pour de futurs projets!<\/p>\n<cite><strong>Gabrielle Dhavernas et Maxim&nbsp;Latour, Verdun, Montr\u00e9al<\/strong><\/cite><\/blockquote>\n\n\n\n<div style=\"height:50px\" aria-hidden=\"true\" class=\"wp-block-spacer\"><\/div>\n\n\n\n<h2 class=\"wp-block-heading\">\u00c9valuation pour le design d\u2019un condo neuf \u00e0 Montr\u00e9al<\/h2>\n\n\n\n<blockquote class=\"wp-block-quote is-layout-flow wp-block-quote-is-layout-flow\">\n<p>Je n&rsquo;avais aucune exp\u00e9rience pr\u00e9alable avec l&#8217;embauche d&rsquo;une designer d&rsquo;int\u00e9rieur. J&rsquo;ai trouv\u00e9 Lucie Pitt sur internet et son expertise professionnelle a \u00e9t\u00e9 extr\u00eamement utile. Je viens d&rsquo;acheter un condo et j&rsquo;avais besoin d&rsquo;aide pour choisir les couleurs de peinture, l&rsquo;am\u00e9nagement des pi\u00e8ces et l&rsquo;organisation des placard et garde-robes. Elle m&rsquo;a guid\u00e9 en fonction de mes pr\u00e9f\u00e9rences personnelles. Elle est efficace et &nbsp;comp\u00e9tente et je la recommande fortement.<\/p>\n<cite><strong>Catherine Clement<\/strong><\/cite><\/blockquote>\n\n\n\n<div style=\"height:50px\" aria-hidden=\"true\" class=\"wp-block-spacer\"><\/div>\n\n\n\n<h2 class=\"wp-block-heading\">Avis-\u00e9valuation pour un design de sous-sol, de chambres et d&rsquo;une salle de bain \u00e0 Montr\u00e9al<\/h2>\n\n\n\n<blockquote class=\"wp-block-quote is-layout-flow wp-block-quote-is-layout-flow\">\n<p>Notre exp\u00e9rience avec Lucie a \u00e9t\u00e9 tr\u00e8s positive. C&rsquo;est une designer extraordinaire, tellement professionnelle et fiable. Elle a compris exactement ce que nous voulions et elle nous a s\u00e9curis\u00e9s et orient\u00e9s dans nos plans de r\u00e9novation. Lucie a toujours une solution inattendue. Je recommande fortement Lucie pour la conception de vos plans de r\u00e9novations r\u00e9sidentielles.<\/p>\n<cite><strong>Laurent Srey et Erin Louis-Seize, Montr\u00e9al<\/strong><\/cite><\/blockquote>\n\n\n\n<div style=\"height:50px\" aria-hidden=\"true\" class=\"wp-block-spacer\"><\/div>\n\n\n\n<h2 class=\"wp-block-heading\">Avis-\u00e9valuation sur la planification d&rsquo;un nouvel appartement<\/h2>\n\n\n\n<blockquote class=\"wp-block-quote is-layout-flow wp-block-quote-is-layout-flow\">\n<p>Nous avons embauch\u00e9 Lucie de Versa Style Design et avons appr\u00e9ci\u00e9 sa fa\u00e7on de travailler,&nbsp;entre autres, pour le choix des couleurs et pour l&rsquo;implantation des meubles au sol.&nbsp;<\/p>\n\n\n\n<p>Nous quittons une maison pour emm\u00e9nager dans un appartement, ce n&rsquo;est pas simple, car nous sommes attach\u00e9s \u00e0 nos biens.&nbsp; Son travail nous a \u00e9norm\u00e9ment aid\u00e9s dans la planification de notre am\u00e9nagement. Une personne avec qui il est facile de travailler et que nous recommandons fortement.<\/p>\n<cite><strong>Normand Lapointe et Sylvie Durand, Westmount<\/strong><\/cite><\/blockquote>\n\n\n\n<div style=\"height:50px\" aria-hidden=\"true\" class=\"wp-block-spacer\"><\/div>\n\n\n\n<h2 class=\"wp-block-heading\">Conception-design d\u2019une salle de bain, salon et salle \u00e0 manger, les placards et la chambre des ma\u00eetres \u00e0 Ville Mont-Royal<\/h2>\n\n\n\n<blockquote class=\"wp-block-quote is-layout-flow wp-block-quote-is-layout-flow\">\n<p>Ce fut un grand plaisir de travailler avec Lucie. Elle nous a principalement aid\u00e9 \u00e0 planifier nos options de rangement et aussi la conception de notre salon, mais a \u00e9galement \u00e9t\u00e9 en mesure de r\u00e9pondre \u00e0 diverses questions que nous avions. Son processus est clair et bien structur\u00e9. En une seule journ\u00e9e, nous avons re\u00e7u tous les \u00e9l\u00e9ments cl\u00e9s que nous attendions&nbsp;! Tous les \u00e9l\u00e9ments ont \u00e9t\u00e9 clairement expos\u00e9s avec des plans \u00e0 l\u2019appui, des options, les m\u00e9thodes recommand\u00e9es et de la documentation. Elle a de grandes capacit\u00e9s d\u2019\u00e9coute et peut tr\u00e8s rapidement comprendre ce que nous recherchons. Nous recommandons fortement ses services&nbsp;!<\/p>\n<cite><strong>Joy Visentin et Ariel Miranda Tiznado<\/strong><\/cite><\/blockquote>\n\n\n\n<div style=\"height:50px\" aria-hidden=\"true\" class=\"wp-block-spacer\"><\/div>\n\n\n\n<h2 class=\"wp-block-heading\">Design de salle de bain \u00e0 Ahuntsic, Montr\u00e9al<\/h2>\n\n\n\n<blockquote class=\"wp-block-quote is-layout-flow wp-block-quote-is-layout-flow\">\n<p>Nous avons fait appel \u00e0 Lucie Pitt \u00e0 l&rsquo;automne 2023 pour un projet de r\u00e9novation compl\u00e8te de salle de bain. Avec professionnalisme,&nbsp;attention, proactivit\u00e9 et \u00e9coute, elle a su mener \u00e0 terme et dans un court d\u00e9lai le design de notre salle de bain.&nbsp;<\/p>\n\n\n\n<p>Elle r\u00e9pondait rapidement \u00e0 nos questions par courriel, \u00e9tait pr\u00e9sente avec nous aux salles de montre afin de nous guider dans nos achats de produits.&nbsp; Ses nombreux conseils ont su nous \u00e9clairer sur plusieurs aspects de la r\u00e9novation. Enfin, c&rsquo;est avec enthousiasme que nous la recommandons vivement.<\/p>\n<cite><strong>Vincent Gagn\u00e9&nbsp;et&nbsp;Laurence Bathalon<\/strong><\/cite><\/blockquote>\n\n\n\n<div style=\"height:50px\" aria-hidden=\"true\" class=\"wp-block-spacer\"><\/div>\n\n\n\n<h2 class=\"wp-block-heading\">T\u00e9moignage sur l&rsquo;optimisation d&rsquo;espace pour un petit condo<\/h2>\n\n\n\n<blockquote class=\"wp-block-quote is-layout-flow wp-block-quote-is-layout-flow\">\n<p>Lucie Pitt est exactement ce dont nous avions besoin pour r\u00e9soudre le manque de rangement dans notre petit condo. Elle nous a aid\u00e9s avec l&rsquo;optimisation de notre cuisine et de notre salon incluant un plan d&rsquo;am\u00e9nagement tr\u00e8s d\u00e9taill\u00e9 pour les armoires et le mobilier. Elle a vraiment \u00e9cout\u00e9 tous nos besoins et nos d\u00e9sirs concernant le design. Je recommande fortement ses services !<\/p>\n<cite><strong>Anike Vanagas et Alex<\/strong><\/cite><\/blockquote>\n\n\n\n<div style=\"height:50px\" aria-hidden=\"true\" class=\"wp-block-spacer\"><\/div>\n\n\n\n<div class=\"wp-block-columns is-layout-flex wp-container-core-columns-is-layout-9d6595d7 wp-block-columns-is-layout-flex\">\n<div class=\"wp-block-column is-layout-flow wp-block-column-is-layout-flow\">\n<h2 class=\"wp-block-heading\">Design de cuisine \u00e0 Montr\u00e9al<\/h2>\n\n\n\n<blockquote class=\"wp-block-quote is-layout-flow wp-block-quote-is-layout-flow\">\n<p>Nous avons beaucoup appr\u00e9ci\u00e9 les services de designer re\u00e7us. Mme Pitt a su comprendre nos besoins tr\u00e8s rapidement et il a \u00e9t\u00e9 facile de s\u2019entendre, sur les modifications n\u00e9cessaires.&nbsp;Elle nous a en plus donn\u00e9 d\u2019excellents conseils pour les mat\u00e9riaux. Je retravaillerais avec elle avec grand plaisir!<\/p>\n<cite><strong>Judith Trickey et Alain Mass\u00e9<\/strong><\/cite><\/blockquote>\n<\/div>\n\n\n\n<div class=\"wp-block-column is-layout-flow wp-block-column-is-layout-flow\">\n<h2 class=\"wp-block-heading\">Design de chambre, salon et placard \u00e0 Montr\u00e9al<\/h2>\n\n\n\n<blockquote class=\"wp-block-quote is-layout-flow wp-block-quote-is-layout-flow\">\n<p>Merci Lucie! Nous nous sommes sentis \u00e9cout\u00e9s tes propositions nous ont beaucoup plu et tu nous as \u00e9vit\u00e9 beaucoup de r\u00e9novations inutiles qu&rsquo;on croyait devoir faire<\/p>\n<cite><strong>Hugues Simard et Marie-Claude<\/strong><\/cite><\/blockquote>\n<\/div>\n<\/div>\n\n\n\n<div style=\"height:50px\" aria-hidden=\"true\" class=\"wp-block-spacer\"><\/div>\n\n\n\n<div class=\"wp-block-columns is-layout-flex wp-container-core-columns-is-layout-9d6595d7 wp-block-columns-is-layout-flex\">\n<div class=\"wp-block-column is-layout-flow wp-block-column-is-layout-flow\">\n<h2 class=\"wp-block-heading\">Design de maison enti\u00e8re \u00e0 Lachine<\/h2>\n\n\n\n<blockquote class=\"wp-block-quote is-layout-flow wp-block-quote-is-layout-flow\">\n<p>Lucie a fait du bon boulot ! Elle \u00e9tait attachante et a \u00e9t\u00e9 tr\u00e8s efficace. Elle a su faire des plans d&rsquo;am\u00e9nagement tr\u00e8s clairs et concis de la disposition de chaque pi\u00e8ce, ce qui a vraiment simplifi\u00e9 ce dont nous avions besoin et nous a donn\u00e9 de bonnes id\u00e9es pour notre espace. Nous avons h\u00e2te de continuer \u00e0 travailler avec elle !<\/p>\n<cite><strong>Farren Larsen et Meghan Picado<\/strong><\/cite><\/blockquote>\n<\/div>\n\n\n\n<div class=\"wp-block-column is-layout-flow wp-block-column-is-layout-flow\">\n<h2 class=\"wp-block-heading\" id=\"renovation-complete-dune-maison-a-ville-saintlaurent-957e9a4b-6e1c-4bb8-9419-d212e695dc55\">R\u00e9novation compl\u00e8te d&rsquo;une maison \u00e0 Ville Saint-Laurent<\/h2>\n\n\n\n<blockquote class=\"wp-block-quote is-layout-flow wp-block-quote-is-layout-flow\">\n<p>Mon \u00e9poux et moi \u00e9tions surpass\u00e9s pour l&rsquo;optimisation de notre petit espace. Lucie nous a non seulement produit un plan d&rsquo;am\u00e9nagement&nbsp;intelligent&nbsp;mais elle a aussi offert des pr\u00e9cieux conseils et une bonne orientation pour toutes les r\u00e9novations effectu\u00e9es.<\/p>\n\n\n\n<p>Nous sommes ravis d&rsquo;avoir travaill\u00e9 avec Lucie et nous recommandons grandement ses services!<\/p>\n<cite><strong>Joana deCastro&nbsp;et Charlie<\/strong><\/cite><\/blockquote>\n<\/div>\n<\/div>\n\n\n\n<div style=\"height:50px\" aria-hidden=\"true\" class=\"wp-block-spacer\"><\/div>\n\n\n\n<div class=\"wp-block-columns is-layout-flex wp-container-core-columns-is-layout-9d6595d7 wp-block-columns-is-layout-flex\">\n<div class=\"wp-block-column is-layout-flow wp-block-column-is-layout-flow\">\n<h2 class=\"wp-block-heading\" id=\"avisevaluation-pour-le-design-dun-espace-exterieur-a-brossard-214a583d-2caf-4ba5-ad51-8f8e593b6208\">Design de salle de bains \u00e0 Pierrefonds, Qc<\/h2>\n\n\n\n<blockquote class=\"wp-block-quote is-layout-flow wp-block-quote-is-layout-flow\">\n<p>Lucie est tr\u00e8s professionnelle. Nous avons travaill\u00e9 avec elle pour une r\u00e9novation de salle de bains et elle nous a aid\u00e9s \u00e0 d\u00e9terminer le style que nous voulions, les accessoires, la vanit\u00e9 et la plomberie.<\/p>\n\n\n\n<p>Dans l&rsquo;ensemble, une excellente coop\u00e9ration et tr\u00e8s r\u00e9active. Je retravaillerais certainement avec elle. Nous la recommanderons \u00e9galement \u00e0 nos amis et \u00e0 notre famille.<\/p>\n<cite><strong>Nico Doiron<\/strong><\/cite><\/blockquote>\n<\/div>\n\n\n\n<div class=\"wp-block-column is-layout-flow wp-block-column-is-layout-flow\">\n<h2 class=\"wp-block-heading\" id=\"avisevaluation-pour-le-design-dune-nouvelle-maison-a-montreal-qc-21406779-b50e-4c9b-b7a0-7e72b9c917cb\">Design d&rsquo;un bureau \u00e0 domicile \u00e0 Montr\u00e9al, Qc<\/h2>\n\n\n\n<blockquote class=\"wp-block-quote is-layout-flow wp-block-quote-is-layout-flow\">\n<p>Service tr\u00e8s professionnel, grande efficacit\u00e9, \u00e0 l&rsquo;\u00e9coute des besoins. Nul besoin de changer tout le mobilier, quelques ajustements et ajouts font toute la diff\u00e9rence. Malgr\u00e9 l&rsquo;espace restreint, mon salon-bureau semble plus grand et l&rsquo;\u00e9nergie circule mieux. Je n&rsquo;ai pas encore eu le temps de mettre en place toutes les suggestions, mais j&rsquo;ai commenc\u00e9 et le r\u00e9sultat est d\u00e9j\u00e0 satisfaisant. Un grand merci !<\/p>\n<cite><strong>Julie Paquin<\/strong><\/cite><\/blockquote>\n<\/div>\n<\/div>\n\n\n\n<div style=\"height:50px\" aria-hidden=\"true\" class=\"wp-block-spacer\"><\/div>\n\n\n\n<div class=\"wp-block-columns is-layout-flex wp-container-core-columns-is-layout-9d6595d7 wp-block-columns-is-layout-flex\">\n<div class=\"wp-block-column is-layout-flow wp-block-column-is-layout-flow\">\n<h2 class=\"wp-block-heading\" id=\"avisevaluation-pour-le-design-dun-espace-exterieur-a-brossard-214a583d-2caf-4ba5-ad51-8f8e593b6208\">Design d&rsquo;une chambre et salle de bains de sous-sol \u00e0 Montr\u00e9al, Qc<\/h2>\n\n\n\n<blockquote class=\"wp-block-quote is-layout-flow wp-block-quote-is-layout-flow\">\n<p>Designer \u00e0 l&rsquo;\u00e9coute des besoins et des envies des clients ; nous sommes tr\u00e8s satisfaits des solutions propos\u00e9es et des plans pr\u00e9cis cr\u00e9\u00e9s le jour m\u00eame de la visite.&nbsp;<\/p>\n\n\n\n<p>Nous recommandons&nbsp;Lucie !<\/p>\n<cite><strong>Caroline Gagn\u00e9<\/strong><\/cite><\/blockquote>\n<\/div>\n\n\n\n<div class=\"wp-block-column is-layout-flow wp-block-column-is-layout-flow\">\n<h2 class=\"wp-block-heading\" id=\"avisevaluation-pour-le-design-dune-nouvelle-maison-a-montreal-qc-21406779-b50e-4c9b-b7a0-7e72b9c917cb\">Design d&rsquo;une terrasse ext\u00e9rieure&nbsp;\u00e0 l&rsquo;\u00cele des S\u0153urs, Verdun, Qc<\/h2>\n\n\n\n<blockquote class=\"wp-block-quote is-layout-flow wp-block-quote-is-layout-flow\">\n<p>J&rsquo;ai ador\u00e9 le service professionnel de Lucie. Elle a parfaitement r\u00e9pondu \u00e0 notre besoin.&nbsp;<\/p>\n\n\n\n<p>Particuli\u00e8rement efficace, Lucie nous a propos\u00e9 plusieurs options tr\u00e8s int\u00e9ressantes pour l&rsquo;am\u00e9nagement de notre terrasse ext\u00e9rieure.&nbsp;<\/p>\n\n\n\n<p>Je recommande fortement ses services. Merci Lucie et au plaisir !<\/p>\n<cite><strong>Claudie Roy et Jean-Ren\u00e9<\/strong><\/cite><\/blockquote>\n<\/div>\n<\/div>\n\n\n\n<div style=\"height:50px\" aria-hidden=\"true\" class=\"wp-block-spacer\"><\/div>\n\n\n\n<div class=\"wp-block-columns is-layout-flex wp-container-core-columns-is-layout-9d6595d7 wp-block-columns-is-layout-flex\">\n<div class=\"wp-block-column is-layout-flow wp-block-column-is-layout-flow\">\n<h2 class=\"wp-block-heading\" id=\"avisevaluation-pour-le-design-dun-espace-exterieur-a-brossard-214a583d-2caf-4ba5-ad51-8f8e593b6208\">Avis-\u00e9valuation pour le design d\u2019un espace ext\u00e9rieur \u00e0 Brossard<\/h2>\n\n\n\n<blockquote class=\"wp-block-quote is-layout-flow wp-block-quote-is-layout-flow\">\n<p>Lucie est extr\u00eamement professionnelle, sympathique et talentueuse. Elle a \u00e9t\u00e9 capable de capturer ce que j&rsquo;avais en t\u00eate, a ajout\u00e9 d&rsquo;excellentes suggestions et a d\u00e9pass\u00e9 mes attentes. Excellente exp\u00e9rience et excellent service.<\/p>\n<cite><strong>Jeanne Bernier<\/strong><\/cite><\/blockquote>\n<\/div>\n\n\n\n<div class=\"wp-block-column is-layout-flow wp-block-column-is-layout-flow\">\n<h2 class=\"wp-block-heading\">Chambre des Ma\u00eetres, Bureau, Chambre d\u2019invit\u00e9s, Salle de bain et buanderie \u00e0 Montr\u00e9al<\/h2>\n\n\n\n<blockquote class=\"wp-block-quote is-layout-flow wp-block-quote-is-layout-flow\">\n<p>Lucie nous a donn\u00e9 d&rsquo;excellents conseils. Elle est \u00e0 l&rsquo;\u00e9coute, ouverte \u00e0&nbsp; nos demandes et \u00e0 nos souhaits et a su r\u00e9pondre \u00e0 ce que nous d\u00e9sirions. Ses plans nous ont permis de mieux visualiser nos espaces et de finaliser nos r\u00e9flexions.<\/p>\n<cite><strong>Pierrick Pugeaud et Fran\u00e7ois Demers<\/strong><\/cite><\/blockquote>\n<\/div>\n<\/div>\n\n\n\n<div style=\"height:50px\" aria-hidden=\"true\" class=\"wp-block-spacer\"><\/div>\n\n\n\n<h2 class=\"wp-block-heading\">Design d&rsquo;une maison \u00e0&nbsp;Saint-Lazare<\/h2>\n\n\n\n<blockquote class=\"wp-block-quote is-layout-flow wp-block-quote-is-layout-flow\">\n<p>Lucie a travaill\u00e9 dans des situations tr\u00e8s difficiles la maison \u00e9tait compl\u00e8tement d\u00e9molie et elle n&rsquo;avait pas vu les meubles. Malgr\u00e9 ces contraintes elle a su proposer des plans d&rsquo;une simplicit\u00e9 \u00e0 surprendre. Elle m&rsquo;a laiss\u00e9 avec de tr\u00e8s bonnes id\u00e9es ainsi que des plans \u00e0 main lev\u00e9e pour compl\u00e9ter les projets. Elle est de bon conseil, a une tr\u00e8s bonne \u00e9coute et surtout est raffin\u00e9e dans ses recommandations ce qui m&rsquo;a plu.<\/p>\n<cite><strong>Johane Verdier<\/strong><\/cite><\/blockquote>\n\n\n\n<div style=\"height:50px\" aria-hidden=\"true\" class=\"wp-block-spacer\"><\/div>\n\n\n\n<h2 class=\"wp-block-heading\" id=\"avisevaluation-pour-le-design-dune-nouvelle-maison-a-montreal-qc-21406779-b50e-4c9b-b7a0-7e72b9c917cb\">Avis-\u00e9valuation pour le design d&rsquo;une nouvelle maison \u00e0 Montr\u00e9al, Qc<\/h2>\n\n\n\n<blockquote class=\"wp-block-quote is-layout-flow wp-block-quote-is-layout-flow\">\n<p>J&rsquo;ai eu l&rsquo;opportunit\u00e9 de b\u00e9n\u00e9ficier des conseils de Lucie pour l&rsquo;am\u00e9nagement et la d\u00e9coration de notre nouvelle maison (couleurs, am\u00e9nagement d&rsquo;espace, s\u00e9lection de meubles, habillage de fen\u00eatres, etc). J&rsquo;ai ador\u00e9 travailler avec elle ! Elle est professionnelle et efficace, elle s&rsquo;adapte facilement \u00e0 nos go\u00fbts et notre budget et elle nous a vraiment donn\u00e9 beaucoup d&rsquo;id\u00e9es pour r\u00e9am\u00e9nager nos espaces. Je la recommande vivement!<\/p>\n<cite><strong>V\u00e9ronique Proulx<\/strong><\/cite><\/blockquote>\n\n\n\n<div style=\"height:50px\" aria-hidden=\"true\" class=\"wp-block-spacer\"><\/div>\n\n\n\n<h2 class=\"wp-block-heading\">Design d&rsquo;une salle de bain avec douche \u00e0 vapeur<\/h2>\n\n\n\n<blockquote class=\"wp-block-quote is-layout-flow wp-block-quote-is-layout-flow\">\n<p>Nous avons fait appel \u00e0 Lucie pour nous aider \u00e0 r\u00e9am\u00e9nager notre salle de bain des ma\u00eetres. De la premi\u00e8re rencontre jusqu&rsquo;au jour de sa pr\u00e9sentation, nous nous sommes sentis soutenus, valoris\u00e9s et nos pr\u00e9f\u00e9rences \u00e9taient sa priorit\u00e9 num\u00e9ro 1 ! Elle prend le temps de vous \u00e9couter et de vous conna\u00eetre. C&rsquo;est le meilleur investissement que nous ayons fait pour notre projet. Nous la recommandons vivement.<\/p>\n<cite><strong><em>Tonia Gallo et Dominic Vaccaro<\/em><\/strong><\/cite><\/blockquote>\n\n\n\n<div style=\"height:50px\" aria-hidden=\"true\" class=\"wp-block-spacer\"><\/div>\n\n\n\n<h2 class=\"wp-block-heading\" id=\"evaluation-pour-deux-chambres-dados-sur-le-plateau-montreal-qc-a881ba44-ce68-4eb6-8a56-01f36e01861f\">\u00c9valuation pour deux chambres d&rsquo;ados sur Le Plateau, Montr\u00e9al, Qc<\/h2>\n\n\n\n<blockquote class=\"wp-block-quote is-layout-flow wp-block-quote-is-layout-flow\">\n<p>Je recommande les services de Lucie sans h\u00e9sitation ! J&rsquo;ai fait appel \u00e0 Lucie pour qu&rsquo;elle nous donne des id\u00e9es pour les chambres de mes filles.&nbsp;Elle a \u00e9cout\u00e9 attentivement et a rapidement compris ce qu&rsquo;on voulait. Elle a tout de suite produit des esquisses sous diff\u00e9rents angles, les deux pi\u00e8ces.&nbsp;Mes filles ont ador\u00e9 ce qu&rsquo;elle nous a propos\u00e9. Nous sommes maintenant pr\u00eates \u00e0 passer \u00e0 l&rsquo;action car nous savons exactement ce qu&rsquo;il nous faut.&nbsp;C&rsquo;est motivant, excitant et \u00e7a n&rsquo;a pas de prix ! Merci Lucie !<\/p>\n<cite><strong>Karina, Mila et L\u00e9na Pourreaux<\/strong><\/cite><\/blockquote>\n\n\n\n<div style=\"height:50px\" aria-hidden=\"true\" class=\"wp-block-spacer\"><\/div>\n\n\n\n<h2 class=\"wp-block-heading\" id=\"avisevaluation-du-relooking-de-cuisine-economique-au-centreville-de-montreal-ab0f03cd-5eff-4080-9c3d-7f1ae33446e8\">Avis-\u00e9valuation du relooking de cuisine \u00e9conomique au centre-ville de Montr\u00e9al<\/h2>\n\n\n\n<blockquote class=\"wp-block-quote is-layout-flow wp-block-quote-is-layout-flow\">\n<p>J&rsquo;ai engag\u00e9 Lucie pour la consulter sur les couleurs de peinture d&rsquo;un condo que j&rsquo;ai r\u00e9cemment achet\u00e9 et qui avait des sols sombres, des comptoirs charg\u00e9s ainsi que des armoires de cuisine en m\u00e9lamine orange. Je lui ai \u00e9galement demand\u00e9 de m&rsquo;aider \u00e0 choisir les carreaux pour un dosseret que j&rsquo;ai ajout\u00e9 \u00e0 la cuisine. Lucie a r\u00e9pondu rapidement \u00e0 mes courriels, \u00e9tait amicale et surtout, tr\u00e8s utile. Je recommanderais ses services pour vos besoins de conception de maison.<\/p>\n<cite><strong>Louise Newall<\/strong><\/cite><\/blockquote>\n\n\n\n<div style=\"height:50px\" aria-hidden=\"true\" class=\"wp-block-spacer\"><\/div>\n\n\n\n<h2 class=\"wp-block-heading\" id=\"avisevaluation-pour-le-design-dune-salle-de-bain-dun-bureau-a-domicile-et-dune-cuisine-a-sainthenri-montreal-b299422e-ab0a-4c12-8de2-0ee0016d3cc5\">Avis-\u00e9valuation pour le design d&rsquo;une salle de bain, d&rsquo;un bureau \u00e0 domicile et d&rsquo;une cuisine \u00e0 Saint-Henri, Montr\u00e9al<\/h2>\n\n\n\n<blockquote class=\"wp-block-quote is-layout-flow wp-block-quote-is-layout-flow\">\n<p>En cons\u00e9quence \u00e0 COVID, mon mari et moi travaillons tous les deux \u00e0 domicile. Toutefois, notre condo n&rsquo;est pas vraiment am\u00e9nag\u00e9 pour que deux personnes travaillent en m\u00eame temps. Nous avons contact\u00e9 Lucie. La port\u00e9e de notre projet \u00e9tait de cr\u00e9er deux postes de travail et d&rsquo;ajouter plus de rangement intelligent \u00e0 notre cuisine et notre salle de bain. Lucie \u00e9tait incroyablement professionnelle et a rapidement \u00e9t\u00e9 en mesure de capturer et de refl\u00e9ter nos besoins dans sa conception. Elle a \u00e9galement pris en compte le budget et la valeur de revente. Nous ne pouvons pas \u00eatre plus heureux avec son travail! L&rsquo;ensemble du processus s&rsquo;est d\u00e9roul\u00e9 sans douleur et sans tracas ! C\u2019est un succ\u00e8s!<\/p>\n<cite><strong>Xiao Ai Cai et Perrin Martin<\/strong><\/cite><\/blockquote>\n\n\n\n<div style=\"height:50px\" aria-hidden=\"true\" class=\"wp-block-spacer\"><\/div>\n\n\n\n<h2 class=\"wp-block-heading\" id=\"avisevaluation-pour-le-design-dun-salon-et-dune-salle-a-manger-sur-le-plateau-montreal-72ae66f7-a1c0-4025-8593-30190a6da67d\">Avis-\u00e9valuation pour le design d&rsquo;un salon et d&rsquo;une salle \u00e0 manger sur le Plateau, Montr\u00e9al<\/h2>\n\n\n\n<blockquote class=\"wp-block-quote is-layout-flow wp-block-quote-is-layout-flow\">\n<p>J\u2019avais besoin de repenser et de revitaliser ma salle \u00e0 manger et mon salon. Le service qui m\u2019a \u00e9t\u00e9 rendu \u00e9tait professionnel, courtois et serviable. Mon condo a l\u2019air neuf et confortable. Nouveaux meubles et cadres artistiques. Un travail tr\u00e8s bien fait.<\/p>\n<cite><strong>Patrick Di Giacomo<\/strong><\/cite><\/blockquote>\n\n\n\n<div style=\"height:50px\" aria-hidden=\"true\" class=\"wp-block-spacer\"><\/div>\n\n\n\n<div class=\"wp-block-columns is-layout-flex wp-container-core-columns-is-layout-9d6595d7 wp-block-columns-is-layout-flex\">\n<div class=\"wp-block-column is-layout-flow wp-block-column-is-layout-flow\">\n<h2 class=\"wp-block-heading\" id=\"avisevaluation-pour-le-design-dune-salle-de-bain-a-montreal-0a74bb11-553b-4c98-9fa5-0879885e4572\">Avis-\u00e9valuation pour le design d&rsquo;une salle de bain \u00e0 Montr\u00e9al<\/h2>\n\n\n\n<blockquote class=\"wp-block-quote is-layout-flow wp-block-quote-is-layout-flow\">\n<p>Lucie nous a donn\u00e9 de pr\u00e9cieux conseils pour organiser notre projet de salle de bain. Elle a clairement r\u00e9pondu \u00e0 nos questions et nous a propos\u00e9 des beaux croquis qui se sont av\u00e9r\u00e9s pratiques et fonctionnels.<\/p>\n<cite><strong>Martine Grenier<\/strong><\/cite><\/blockquote>\n<\/div>\n\n\n\n<div class=\"wp-block-column is-layout-flow wp-block-column-is-layout-flow\">\n<h2 class=\"wp-block-heading\" id=\"avisevaluation-pour-le-design-dun-salon-dune-salle-a-manger-dune-chambre-a-coucher-et-dune-salle-de-bain-a-westmount-8f07431e-ad09-4f64-8381-be71e5f2927a\">Avis-\u00e9valuation pour le design d&rsquo;un salon, d&rsquo;une salle \u00e0 manger, d&rsquo;une chambre \u00e0 coucher et d&rsquo;une salle de bain \u00e0 Westmount<\/h2>\n\n\n\n<blockquote class=\"wp-block-quote is-layout-flow wp-block-quote-is-layout-flow\">\n<p>J&rsquo;ai appr\u00e9ci\u00e9 les services et les connaissances de cette designer. Elle comprend les besoins de son client et met tout en \u0153uvre pour y r\u00e9pondre. J&rsquo;ai utilis\u00e9 cette personne pour deux maisons diff\u00e9rentes et je la recommande vivement.<\/p>\n<cite><strong>Michelle Riopel<\/strong><\/cite><\/blockquote>\n<\/div>\n<\/div>\n\n\n\n<div style=\"height:50px\" aria-hidden=\"true\" class=\"wp-block-spacer\"><\/div>\n\n\n\n<h2 class=\"wp-block-heading\" id=\"avisevaluation-pour-le-design-dun-salon-et-de-la-salle-a-manger-concept-a-aire-ouverte-sur-le-plateau-montreal-2598281f-181a-4e3f-84d7-f0a3808123b8\">Avis-\u00e9valuation pour le design d&rsquo;un salon et de la salle \u00e0 manger, concept \u00e0 aire ouverte sur le Plateau, Montr\u00e9al<\/h2>\n\n\n\n<blockquote class=\"wp-block-quote is-layout-flow wp-block-quote-is-layout-flow\">\n<p>Lucie est une professionnelle offrant des services qui se traduisent par une simple consultation jusqu\u2019\u00e0 des services cl\u00e9s en main complets en fonction de votre budget et de vos besoins. J\u2019ai trouv\u00e9 son style de travail accommodant et fluide. Sp\u00e9cifiquement, elle m\u2019a aid\u00e9 \u00e0 am\u00e9liorer mon petit salon et salle \u00e0 manger \u00e0 aire-ouverte. Elle m\u2019a aid\u00e9 \u00e0 garder mon attention sur les priorit\u00e9s et points probl\u00e9matiques qui m\u2019avais motiv\u00e9 a lui contact\u00e9. Elle a un bon jugement et propose des solutions r\u00e9alistes et travaille efficacement lors de la conception des plans d\u2019attaque.<\/p>\n<cite><strong>Mengzhou Li<\/strong><\/cite><\/blockquote>\n\n\n\n<div style=\"height:50px\" aria-hidden=\"true\" class=\"wp-block-spacer\"><\/div>\n\n\n\n<h2 class=\"wp-block-heading\" id=\"avisevaluation-pour-le-design-dune-cuisine-et-dun-salon-a-greenfield-park-cdd40f6f-5389-40c0-a694-27d432e0ffdb\">Avis-\u00e9valuation pour le design d&rsquo;une cuisine et d&rsquo;un salon \u00e0 Greenfield Park<\/h2>\n\n\n\n<blockquote class=\"wp-block-quote is-layout-flow wp-block-quote-is-layout-flow\">\n<p>Je les ai embauch\u00e9s pour une consultation. Je ferai le travail moi-m\u00eame.<\/p>\n\n\n\n<p>Lucie est tr\u00e8s professionnelle, sympathique et est bien pr\u00e9par\u00e9e. Elle consid\u00e8re votre personnalit\u00e9, votre budget et vos id\u00e9es de design en y ajoutant une touche de son excellent style de design. Cette formule vous permettra d\u2019atteindre le r\u00e9sultat souhait\u00e9. Je recommanderais Lucie sans h\u00e9sitation.<\/p>\n<cite><strong>Judy Ellerton<\/strong><\/cite><\/blockquote>\n\n\n\n<div style=\"height:50px\" aria-hidden=\"true\" class=\"wp-block-spacer\"><\/div>\n\n\n\n<h2 class=\"wp-block-heading\" id=\"avisevaluation-pour-le-design-dun-salon-dune-salle-a-manger-et-dune-chambre-a-coucher-sur-le-plateau-montreal-1686f68c-6cce-4616-b83a-e6b519b477a7\">Avis-\u00e9valuation pour le design d&rsquo;un salon, d&rsquo;une salle \u00e0 manger et d&rsquo;une chambre \u00e0 coucher sur le Plateau, Montr\u00e9al<\/h2>\n\n\n\n<blockquote class=\"wp-block-quote is-layout-flow wp-block-quote-is-layout-flow\">\n<p>Premi\u00e8rement, nous avons embauch\u00e9 Lucie pour des conseils d\u2019am\u00e9nagement pour notre entr\u00e9e et couloir et pour envisager l\u2019ajout d\u2019une deuxi\u00e8me chambre dans l\u2019espace \u00e0 aire ouverte de notre condo. Lucie \u00e9tait extr\u00eamement professionnelle et efficace. Elle a r\u00e9pondu \u00e0 nos courriels de mani\u00e8re coh\u00e9rente dans les 48 heures et m\u00eame parfois plus t\u00f4t, et elle a \u00e9t\u00e9 imm\u00e9diatement transparente sur les frais qu\u2019elle facture et son processus (elle inclut \u00e9galement ces informations dans son site Web, ce qui est vraiment fantastique). Lorsqu\u2019elle est venue pour la consultation, elle n\u2019a pas perdu de temps et s\u2019est mise au travail. Elle a con\u00e7u un nouvel am\u00e9nagement pour notre espace et fourni des suggestions et des esquisses pour visualiser \u00e0 quoi ressembleraient les changements. Elle a ensuite approch\u00e9 des entreprises qui pourraient faire le travail et nous a fourni leurs coordonn\u00e9es. Gr\u00e2ce \u00e0 cette consultation, nous nous sentions rassur\u00e9s et savions que cette d\u00e9marche allait faire avancer notre projet. Si nous avons besoin d\u2019aide dans l\u2019avenir, nous l\u2019engagerons \u00e0 nouveau.<\/p>\n<cite><strong>Alexandra Gifuni<\/strong><\/cite><\/blockquote>\n\n\n\n<div style=\"height:50px\" aria-hidden=\"true\" class=\"wp-block-spacer\"><\/div>\n\n\n\n<h2 class=\"wp-block-heading\" id=\"avisevaluation-pour-la-consultation-de-couleur-sur-le-plateau-montreal-eeff9d2f-1892-44d5-b605-2893e2e8e4a1\">Avis-\u00e9valuation pour la consultation de couleur sur Le Plateau, Montr\u00e9al<\/h2>\n\n\n\n<blockquote class=\"wp-block-quote is-layout-flow wp-block-quote-is-layout-flow\">\n<p>Nous \u00e9tions compl\u00e8tement emb\u00eat\u00e9s sur la s\u00e9lection des couleurs de peinture, nous avons donc pris contact. Elle a imm\u00e9diatement saisi l\u2019opportunit\u00e9 et a offert les conseils pratiques dont nous avions d\u00e9sesp\u00e9r\u00e9ment besoin, posant des questions au fur et \u00e0 mesure et offrant des options. En conclusion: nous \u00e9tions perdus, mais elle nous a sauv\u00e9s!<\/p>\n<cite><strong>Daniel Shumski<\/strong><\/cite><\/blockquote>\n\n\n\n<div style=\"height:50px\" aria-hidden=\"true\" class=\"wp-block-spacer\"><\/div>\n\n\n\n<h2 class=\"wp-block-heading\" id=\"avisevaluation-pour-le-design-dun-salon-et-dune-salle-a-manger-a-ville-saintlaurent-8b7b2bb2-c821-4a0a-a538-3433b012a123\">Avis-\u00e9valuation pour le design d&rsquo;un salon et d&rsquo;une salle \u00e0 manger \u00e0 Ville Saint-Laurent<\/h2>\n\n\n\n<blockquote class=\"wp-block-quote is-layout-flow wp-block-quote-is-layout-flow\">\n<p>J\u2019ai engag\u00e9 Lucie pour m\u2019aider \u00e0 refaire un salon \/ salle \u00e0 manger. Elle est une designer talentueuse et a fait des croquis d\u00e9taill\u00e9s pour moi en une heure. En quelques jours seulement, elle m\u2019a envoy\u00e9 un Guide d\u2019achat d\u00e9taill\u00e9 avec tous les diff\u00e9rents items que je devais acheter, des images d\u2019exemples avec des mesures et m\u00eame des informations sur quels magasins vendaient actuellement des articles similaires! Elle a accompli en quelques heures ce qui m\u2019aurait pris des mois pour faire des recherches! J\u2019ai senti qu\u2019elle se souciait vraiment du bonheur de son client et qu\u2019elle allait au-del\u00e0 des attentes.<\/p>\n<cite><strong>Karen Shapiro<\/strong><\/cite><\/blockquote>\n\n\n\n<div style=\"height:50px\" aria-hidden=\"true\" class=\"wp-block-spacer\"><\/div>\n\n\n\n<h2 class=\"wp-block-heading\" id=\"avisevaluation-pour-le-design-dun-bureau-a-domicile-a-montreal-807eea8b-3450-4b0b-9a3d-64631df1f59f\">Avis-\u00e9valuation pour le design d&rsquo;un bureau \u00e0 domicile \u00e0 Montr\u00e9al<\/h2>\n\n\n\n<blockquote class=\"wp-block-quote is-layout-flow wp-block-quote-is-layout-flow\">\n<p>Lucie \u00e9tait professionnelle, comp\u00e9tente et efficace. Elle \u00e9tait organis\u00e9e, transparente et a fait des efforts visibles pour travailler selon nos param\u00e8tres et notre budget. Son exp\u00e9rience et son \u00ab savoir-faire \u00bb nous ont \u00e9t\u00e9 pr\u00e9cieux. Merci Lucie!<\/p>\n<cite><strong>Tanya Bergevin<\/strong><\/cite><\/blockquote>\n\n\n\n<div style=\"height:50px\" aria-hidden=\"true\" class=\"wp-block-spacer\"><\/div>\n\n\n\n<div style=\"height:50px\" aria-hidden=\"true\" class=\"wp-block-spacer\"><\/div>\n\n\n\n<h2 class=\"wp-block-heading\" id=\"avisevaluation-pour-le-design-dune-salle-de-lavage-a-saintleonard-5f74a81d-4aec-49eb-9b7e-7250c37a7001\">Avis-\u00e9valuation pour le design d&rsquo;une salle de lavage \u00e0 Saint-Leonard<\/h2>\n\n\n\n<blockquote class=\"wp-block-quote is-layout-flow wp-block-quote-is-layout-flow\">\n<p>Nous avons engag\u00e9 Lucie pour nous aider \u00e0 r\u00e9nover notre salle de lavage et une chambre d\u2019enfant. Le d\u00e9fi \u00e9tait de rendre une chambre de 9 x 12 pieds, pr\u00e9sentement occup\u00e9e par une enfant de 4 ans, confortable pour accueillir sa s\u0153ur, nouvelle-n\u00e9e, tout en gardant un d\u00e9cor de princesse. Lucie a su nous guider dans le r\u00e9am\u00e9nagement des meubles pour cr\u00e9er un espace plus spacieux pour le jeu. Elle a \u00e9galement chang\u00e9 la couleur des murs pour \u00e9gayer la zone. Elle a dessin\u00e9 des plans sur place et a aid\u00e9 \u00e0 r\u00e9organiser le placard pour accueillir des v\u00eatements suppl\u00e9mentaires. Elle est \u00e9galement venue nous assister pour choisir les \u00e9l\u00e9ments de d\u00e9cor. Nous sommes vraiment satisfaits de son professionnalisme et elle a pu nous faire \u00e9conomiser 15% au magasin gr\u00e2ce \u00e0 ses recherches et ses nombreux contacts. Son service s\u2019est rentabilis\u00e9 avec les r\u00e9ductions auxquelles nous avons eu acc\u00e8s. Nous avons plus de projets et nous l\u2019appellerons \u00e0 nouveau. Je le recommande vivement.<\/p>\n<cite><strong>Ida Donatelli<\/strong><\/cite><\/blockquote>\n\n\n\n<div style=\"height:50px\" aria-hidden=\"true\" class=\"wp-block-spacer\"><\/div>\n\n\n\n<h2 class=\"wp-block-heading\" id=\"avisevaluation-pour-le-design-dune-chambre-a-coucher-dun-salon-dune-salle-a-manger-concept-a-aire-ouverte-a-montreal-6e49f9bb-5e30-4baa-843f-d8d1db907c0c\">Avis-\u00e9valuation pour le design d&rsquo;une chambre \u00e0 coucher, d&rsquo;un salon, d&rsquo;une salle \u00e0 manger concept \u00e0 aire ouverte \u00e0 Montr\u00e9al<\/h2>\n\n\n\n<blockquote class=\"wp-block-quote is-layout-flow wp-block-quote-is-layout-flow\">\n<p>Lucie a su saisir et comprendre exactement la vision que j&rsquo;avais. Elle a su m&rsquo;aider \u00e0 d\u00e9corer, en respectant mon budget et a su me r\u00e9f\u00e9rer aux bons magasins.<\/p>\n<cite><strong>Zalika Dia<\/strong><\/cite><\/blockquote>\n\n\n\n<div style=\"height:50px\" aria-hidden=\"true\" class=\"wp-block-spacer\"><\/div>\n\n\n\n<h2 class=\"wp-block-heading\" id=\"avisevaluation-pour-le-design-dune-cuisine-a-griffintown-bbca19db-cba8-48b1-af9a-a7ce06ee4e8f\">Avis-\u00e9valuation pour le design d&rsquo;une cuisine \u00e0 Griffintown<\/h2>\n\n\n\n<blockquote class=\"wp-block-quote is-layout-flow wp-block-quote-is-layout-flow\">\n<p>J\u2019ai embauch\u00e9 Lucie Pitt, chez Versa Style Design, pour repenser ma petite cuisine de condo. Peu de temps apr\u00e8s notre premier contact par courriel, nous nous sommes rencontr\u00e9es, elle m\u2019a \u00e9cout\u00e9 et m\u2019a propos\u00e9 plusieurs id\u00e9es. Elle m\u2019a fait un suivi en me soumettant des recommandations plus pr\u00e9cises, m\u2019a r\u00e9f\u00e9r\u00e9 un entrepreneur n \u00b0 1 (que je n\u2019ai pas utilis\u00e9) et en a recommand\u00e9 un autre qui r\u00e9pondait \u00e0 mes besoins. C\u2019\u00e9tait ma premi\u00e8re exp\u00e9rience avec un designer et je suis tr\u00e8s satisfaite. Je recommande vivement Mme. Pitt pour son \u00e9coute attentive \u00e0 mes besoins, la qualit\u00e9 de son travail et le suivi des r\u00e9novations pour assurer tant qualit\u00e9 que satisfaction.<\/p>\n<cite><strong>Beverly Redmond<\/strong><\/cite><\/blockquote>\n\n\n\n<div style=\"height:50px\" aria-hidden=\"true\" class=\"wp-block-spacer\"><\/div>\n\n\n\n<h2 class=\"wp-block-heading\" id=\"avisevaluation-dune-consultation-de-couleur-plancher-et-dhabillage-des-fenetres-a-villeraysaintmichel-montreal-c0a295fc-6faf-415c-9538-058418faab0b\">Avis-\u00e9valuation d\u2019une consultation de couleur, plancher et d\u2019habillage des fen\u00eatres \u00e0 Villeray-Saint-Michel, Montr\u00e9al<\/h2>\n\n\n\n<blockquote class=\"wp-block-quote is-layout-flow wp-block-quote-is-layout-flow\">\n<p>Nous avons contact\u00e9 Lucie pour nous aider \u00e0 choisir les couleurs des murs, les rev\u00eatements de sol, les parures de fen\u00eatres et autres \u00e9l\u00e9ments de design. Elle a un \u0153il incroyable et un go\u00fbt impeccable. Nous avons ador\u00e9 tout ce qu\u2019elle a sugg\u00e9r\u00e9. Sa personnalit\u00e9 chaleureuse, son professionnalisme et ses connaissances ont rendu cette exp\u00e9rience agr\u00e9able. Elle \u00e9tait consciente de notre budget et nous a aid\u00e9 \u00e0 maximiser nos dollars sans compromettre le style. Elle a fait des pieds et des mains pour s\u2019assurer que nous \u00e9tions satisfaits. Lucie nous a orient\u00e9 dans la planification de nos achats pour tous les articles n\u00e9cessaires pour compl\u00e9ter le look souhait\u00e9. Nous recommandons Versa Style Design \u00e0 toute personne int\u00e9ress\u00e9e par l\u2019embauche d\u2019une designer d\u2019int\u00e9rieur. Merci Lucie!<\/p>\n<cite><strong>Adriana et Rosa Ricciardi<\/strong><\/cite><\/blockquote>\n\n\n\n<div style=\"height:50px\" aria-hidden=\"true\" class=\"wp-block-spacer\"><\/div>\n\n\n\n<h2 class=\"wp-block-heading\" id=\"avisevaluation-pour-le-design-dun-salon-dune-salle-a-manger-et-dune-chambre-a-coucher-a-saintbruno-qc-c66b36c4-5974-4287-b70c-c31145c8e4ff\">Avis-\u00e9valuation pour le design d&rsquo;un salon, d&rsquo;une salle \u00e0 manger et d&rsquo;une chambre \u00e0 coucher \u00e0 Saint-Bruno, Qc<\/h2>\n\n\n\n<p><\/p>\n\n\n\n<blockquote class=\"wp-block-quote is-layout-flow wp-block-quote-is-layout-flow\">\n<p>J&rsquo;avais \u00e9t\u00e9 enchant\u00e9e par le travail effectu\u00e9 par Lucie dans la phase I de mon projet et je l&rsquo;ai \u00e9t\u00e9 tout autant par la phase II, c&rsquo;est \u00e0 dire pour le magasinage. Si vous aimez magasinez, vous adorerez Lucie car elle vous donne tous les outils pour que votre passion soit productive. Si, comme moi, vous d\u00e9testez le shopping, alors la f\u00e9e Lucie saura vous accompagner pour que cette corv\u00e9e devienne un plaisir. Elle est tellement bien pr\u00e9par\u00e9e (\u00e9chantillons de vos couleurs, liste d\u00e9taill\u00e9e, notes et croquis) que les vendeurs en sont estomaqu\u00e9s. Le temps investi se r\u00e9v\u00e8le tr\u00e8s avantageux car si vous ne trouvez pas les articles recherch\u00e9s, vous les trouverez rapidement gr\u00e2ce aux conseils g\u00e9n\u00e9reux de Lucie qui est aussi un excellent professeur. Sans jamais juger, elle vous explique pourquoi cela convient ou pas, avec beaucoup de d\u00e9licatesse. Elle m&rsquo;a aussi offert, parce que j&rsquo;\u00e9tais trop fatigu\u00e9e pour continuer, de faire de la recherche elle-m\u00eame pour les luminaires et franchement, \u00e7a valait le co\u00fbt ! Donc, je suis absolument emball\u00e9e par les services de Lucie et quand je serai pr\u00eate pour proc\u00e9der \u00e0 la phase III de mon projet de d\u00e9coration, c&rsquo;est assur\u00e9ment \u00e0 elle que je ferai appel, pour son \u0153il avis\u00e9, son professionnalisme, ses conseils judicieux et son expertise qui nous permet d&rsquo;avoir un int\u00e9rieur chaleureux, au go\u00fbt du jour, confortable et pratique. Je vous la recommande sans aucune restriction.<\/p>\n<cite><strong>Manon Tr\u00e9panier<\/strong><\/cite><\/blockquote>\n\n\n\n<div style=\"height:50px\" aria-hidden=\"true\" class=\"wp-block-spacer\"><\/div>\n\n\n\n<h2 class=\"wp-block-heading\" id=\"avisevaluation-pour-le-service-de-home-staging-a-montreal-f1d532cd-1077-43bd-b296-e22cdd9def3c\">Avis-\u00e9valuation pour le service de \u00ab\u00a0home staging\u00a0\u00bb \u00e0 Montr\u00e9al<\/h2>\n\n\n\n<blockquote class=\"wp-block-quote is-layout-flow wp-block-quote-is-layout-flow\">\n<p>C&rsquo;\u00e9tait un plaisir de faire affaire avec Lucie. Le niveau de professionnalisme dont elle a fait preuve est absolument indispensable dans ce domaine. J&rsquo;appr\u00e9cie l&rsquo;attention port\u00e9e aux d\u00e9tails et la passion dont elle fait preuve lorsqu&rsquo;elle travaille sur un projet. J&rsquo;ai eu le plaisir de faire affaire avec Lucie de Versa Style Design et j&rsquo;ai h\u00e2te de retravailler avec elle!<\/p>\n<cite><strong>Marzia Koudedia<\/strong><\/cite><\/blockquote>\n\n\n\n<div style=\"height:50px\" aria-hidden=\"true\" class=\"wp-block-spacer\"><\/div>\n\n\n\n<div class=\"wp-block-columns is-layout-flex wp-container-core-columns-is-layout-9d6595d7 wp-block-columns-is-layout-flex\">\n<div class=\"wp-block-column is-layout-flow wp-block-column-is-layout-flow\">\n<h2 class=\"wp-block-heading\" id=\"avisevaluation-pour-des-services-de-home-staging-a-montreal-ba02be37-136d-49a7-949e-db5428438391\">Avis-\u00e9valuation pour des services de \u00ab\u00a0home staging\u00a0\u00bb \u00e0 Montr\u00e9al<\/h2>\n\n\n\n<blockquote class=\"wp-block-quote is-layout-flow wp-block-quote-is-layout-flow\">\n<p>Lucie, une vrai passionn\u00e9e de son travail! La t\u00eate pleine d&rsquo;id\u00e9es, elle vous fera part de ses pens\u00e9es pour vos projets et ce, en l&rsquo;instant d&rsquo;un seul rendez-vous!<\/p>\n<cite><strong>Vanessa Binet Realtor \/ Courtier Immobilier<\/strong><\/cite><\/blockquote>\n<\/div>\n\n\n\n<div class=\"wp-block-column is-layout-flow wp-block-column-is-layout-flow\">\n<h2 class=\"wp-block-heading\" id=\"avisevaluation-pour-le-design-dune-salle-de-bain-a-repentigny-qc-abb323a7-1a7f-4a5c-8d6b-25eeb11301c5\">Avis-\u00e9valuation pour le design d&rsquo;une salle de bain \u00e0 Repentigny, Qc<\/h2>\n\n\n\n<blockquote class=\"wp-block-quote is-layout-flow wp-block-quote-is-layout-flow\">\n<p>Lucie a fait un excellent travail en \u00e9valuant nos besoins, en fournissant des croquis et des d\u00e9tails, m\u00eame en aidant \u00e0 acheter les mat\u00e9riaux pour mettre \u00e0 niveau et actualiser une salle de bain principale vieille d\u2019une vingtaine d\u2019ann\u00e9es. Bon travail!<\/p>\n<cite><strong>Jean-Louis et Denise T\u00e9trault<\/strong><\/cite><\/blockquote>\n<\/div>\n<\/div>\n\n\n\n<p><\/p>\n\n\n\n<div style=\"height:50px\" aria-hidden=\"true\" class=\"wp-block-spacer\"><\/div>\n\n\n\n<h2 class=\"wp-block-heading\" id=\"avisevaluation-pour-le-home-staging-a-montreal-fb22e3e0-6f74-4755-ba98-a4b9aed06f21\">Avis-\u00e9valuation pour le \u00ab\u00a0Home Staging\u00a0\u00bb \u00e0 Montr\u00e9al<\/h2>\n\n\n\n<blockquote class=\"wp-block-quote is-layout-flow wp-block-quote-is-layout-flow\">\n<p>Nous avons lou\u00e9 les services de Versa Style Design pour un \u00ab home staging \u00bb dans le but de vendre notre maison. Les recommandations de Lucie \u00e9taient de rafra\u00eechir les placards de la cuisine avec une nouvelle couche de peinture et de d\u00e9placer les meubles du salon pour ouvrir l\u2019espace en d\u00e9gageant le hall d&rsquo;entr\u00e9e. Nous avons suivi ses conseils et avons vendu la maison en quelques semaines.<\/p>\n<cite><strong>H\u00e9l\u00e8ne Vigneault<\/strong><\/cite><\/blockquote>\n\n\n\n<div style=\"height:50px\" aria-hidden=\"true\" class=\"wp-block-spacer\"><\/div>\n\n\n\n<h2 class=\"wp-block-heading\" id=\"avisevaluation-pour-le-design-dun-soussol-et-dune-chambre-a-coucher-a-rivieredesprairies-montreal-ffe064f3-9b1c-4dea-aa98-7659782385e0\">Avis-\u00e9valuation pour le design d&rsquo;un sous-sol et d&rsquo;une chambre \u00e0 coucher \u00e0 Rivi\u00e8re-des-Prairies, Montr\u00e9al<\/h2>\n\n\n\n<blockquote class=\"wp-block-quote is-layout-flow wp-block-quote-is-layout-flow\">\n<p>J&rsquo;ai eu d&rsquo;excellents services de Versa Style Design. La designer m&rsquo;a fourni des recommandations tr\u00e8s int\u00e9ressantes et m&rsquo;a conseill\u00e9 tant sur la conception de la maison (sous-sol et chambre) que sur les choix de couleurs. Les frais de conception sont raisonnables. Lucie Pitt a r\u00e9pondu \u00e0 mes demandes en quelques jours. Une personne tr\u00e8s professionnelle. Gr\u00e2ce \u00e0 Versa Style Design, ma maison est agr\u00e9able, douce et organis\u00e9e.<\/p>\n<cite><strong>Zakia Attab<\/strong><\/cite><\/blockquote>\n\n\n\n<div style=\"height:50px\" aria-hidden=\"true\" class=\"wp-block-spacer\"><\/div>\n\n\n\n<h2 class=\"wp-block-heading\" id=\"avisevaluation-pour-le-design-dune-suite-de-chambre-a-coucher-a-brossard-quebec-97b8520d-01b6-49c0-9c9f-717c1d64baf2\">Avis-\u00e9valuation pour le design d&rsquo;une suite de chambre \u00e0 coucher \u00e0 Brossard, Qu\u00e9bec<\/h2>\n\n\n\n<blockquote class=\"wp-block-quote is-layout-flow wp-block-quote-is-layout-flow\">\n<p>Nous avons \u00e9t\u00e9 extr\u00eamement satisfaits du r\u00e9sultat de notre projet. Travailler avec Lucie Pitt de Versa Style Design a \u00e9t\u00e9 un plaisir. Lucie a con\u00e7u un design qui correspondait \u00e0 notre budget, \u00e0 notre style et d\u00e9passait nos attentes. J\u2019ajouterais que nous sommes des clients tr\u00e8s difficiles et difficiles \u00e0 satisfaire. Mon mari et moi avons de connaissances dans le domaine du design et nous avons compris tr\u00e8s t\u00f4t que nous ne serions pas en accord sur beaucoup d\u2019\u00e9l\u00e9ments. Il y avait tout simplement trop de possibilit\u00e9s! Toutefois, Lucie nous a gard\u00e9s sur terre et a orient\u00e9 nos \u00e9nergies sur la t\u00e2che. Le r\u00e9sultat est un design qui nous convient parfaitement!<\/p>\n<cite><strong>Laurie Swailes and Jamie Newman<\/strong><\/cite><\/blockquote>\n\n\n\n<div style=\"height:50px\" aria-hidden=\"true\" class=\"wp-block-spacer\"><\/div>\n\n\n\n<div class=\"wp-block-columns is-layout-flex wp-container-core-columns-is-layout-9d6595d7 wp-block-columns-is-layout-flex\">\n<div class=\"wp-block-column is-layout-flow wp-block-column-is-layout-flow\">\n<h2 class=\"wp-block-heading\" id=\"avisevaluation-pour-le-design-dune-cuisine-et-dun-bureau-a-longueuil-quebec-36544bff-d707-4edf-866e-aaa459865e57\">Avis-\u00e9valuation pour le design d&rsquo;une cuisine et d&rsquo;un bureau \u00e0 Longueuil, Qu\u00e9bec<\/h2>\n\n\n\n<blockquote class=\"wp-block-quote is-layout-flow wp-block-quote-is-layout-flow\">\n<p>Projet: r\u00e9am\u00e9nager ma cuisine et mon Espace de cr\u00e9ation\/bureau. Cr\u00e9er des espaces de rangement et un syst\u00e8me de classement. Lucie est respectueuse, efficace, et tellement gentille.<\/p>\n<cite><strong>Chantal Th\u00e9rien<\/strong><\/cite><\/blockquote>\n<\/div>\n\n\n\n<div class=\"wp-block-column is-layout-flow wp-block-column-is-layout-flow\">\n<h2 class=\"wp-block-heading\" id=\"avisevaluation-pour-le-design-dune-chambre-dun-soussol-dun-salon-dune-salle-a-manger-dune-salle-de-bain-et-dune-chambre-denfant-a-saintleonard-qc-044a78da-0bda-4d4d-87dd-cc4f06962efe\">Avis-\u00e9valuation pour le design d&rsquo;une chambre, d&rsquo;un sous-sol, d&rsquo;un salon, d&rsquo;une salle \u00e0 manger, d&rsquo;une salle de bain et d&rsquo;une chambre d&rsquo;enfant \u00e0 Saint-Leonard, Qc<\/h2>\n\n\n\n<blockquote class=\"wp-block-quote is-layout-flow wp-block-quote-is-layout-flow\">\n<p>Il est merveilleux de faire affaire avec Lucie. Extr\u00eamement comp\u00e9tente et conseils tr\u00e8s utiles. Elle fera tout son possible pour vous rendre heureux.<\/p>\n<cite><strong>Marysa Crisci<\/strong><\/cite><\/blockquote>\n<\/div>\n<\/div>\n\n\n\n<div style=\"height:50px\" aria-hidden=\"true\" class=\"wp-block-spacer\"><\/div>\n\n\n\n<h2 class=\"wp-block-heading\" id=\"avisevaluation-pour-le-design-dun-salon-et-dune-cuisine-a-longueuil-qc-bfef9981-4f20-4b4a-add1-bf41f6bdf570\">Avis-\u00e9valuation pour le design d&rsquo;un salon et d&rsquo;une cuisine \u00e0 Longueuil, Qc<\/h2>\n\n\n\n<blockquote class=\"wp-block-quote is-layout-flow wp-block-quote-is-layout-flow\">\n<p>Lucie a toujours \u00e9t\u00e9 r\u00e9active, se rendant disponible rapidement. Elle nous a aid\u00e9s \u00e0 mieux comprendre les interactions entre les couleurs, l\u2019organisation du mobilier, nous a offert des conseils que nous appliquons d\u00e9sormais lorsque nous pensons \u00e0 r\u00e9organiser les choses. Suivi complet de nos commandes \u00e9galement, service sans souci.<\/p>\n<cite><strong>Stephan Michon<\/strong><\/cite><\/blockquote>\n\n\n\n<div style=\"height:50px\" aria-hidden=\"true\" class=\"wp-block-spacer\"><\/div>\n\n\n\n<h2 class=\"wp-block-heading\" id=\"avisevaluation-pour-le-design-dun-soussol-et-dun-bureau-a-montreal-qc-3a0e165a-4a17-4f59-8811-df18c0d23a20\">Avis-\u00e9valuation pour le design d&rsquo;un sous-sol et d&rsquo;un bureau \u00e0 Montr\u00e9al, Qc<\/h2>\n\n\n\n<blockquote class=\"wp-block-quote is-layout-flow wp-block-quote-is-layout-flow\">\n<p>Il y a un an, Versa Style Design est venu chez moi travailler sur mon sous-sol &#8230; en 4 heures Lucy, a planifi\u00e9 dans mon garage une salle de sport, et dans la salle familiale du sous-sol, un bureau pour mon entreprise \u00e0 domicile avec de nombreux d\u00e9tails et options &#8230;. Le lendemain, j&rsquo;avais dans mon mail les plans des deux pi\u00e8ces, avec toutes les sp\u00e9cifications &#8230; C&rsquo;\u00e9tait tellement pr\u00e9cis (lumi\u00e8res, emplacement des meubles, \u00e9tag\u00e8res de rangement et plus &#8230;) que j&rsquo;ai corrig\u00e9 tout en un week-end &#8230; et c&rsquo;est magnifique. Ma transformation \u00e9tait peu co\u00fbteuse, facile \u00e0 cr\u00e9er et \u00e0 mettre en place &#8230; merci pour l&rsquo;excellent travail.<\/p>\n<cite><strong>Genevi\u00e8ve Dery<\/strong><\/cite><\/blockquote>\n\n\n\n<div style=\"height:50px\" aria-hidden=\"true\" class=\"wp-block-spacer\"><\/div>\n\n\n\n<h2 class=\"wp-block-heading\" id=\"avisevaluation-pour-le-design-dun-soussol-et-dune-cuisine-a-saintjeansurrichelieu-qc-96b77fb6-2ca6-4d42-b7c5-00ae043ab917\">Avis-\u00e9valuation pour le design d&rsquo;un sous-sol et d&rsquo;une cuisine \u00e0 Saint-Jean-sur-Richelieu, Qc<\/h2>\n\n\n\n<blockquote class=\"wp-block-quote is-layout-flow wp-block-quote-is-layout-flow\">\n<p>Nous avons appr\u00e9ci\u00e9 son \u00e9coute active, sa rapidit\u00e9 d\u2019ex\u00e9cution, ses choix de solutions et son approche.&nbsp; Travailler avec Lucie est tr\u00e8s agr\u00e9able et stimulant.&nbsp; Elle est repartie en nous laissant plusieurs solutions pour un projet que nous croyons qu\u2019il n\u2019y en avait pas tellement.&nbsp; Merci Lucie.<\/p>\n<cite><strong>Genevi\u00e8ve Beloin et \u00c9ric<\/strong><\/cite><\/blockquote>\n\n\n\n<div style=\"height:50px\" aria-hidden=\"true\" class=\"wp-block-spacer\"><\/div>\n\n\n\n<h2 class=\"wp-block-heading\" id=\"avisevaluation-pour-le-design-dun-soussol-a-montreal-qc-a322924b-7859-473e-bb34-20c571620e6b\">Avis-\u00e9valuation pour le design d&rsquo;un sous-sol \u00e0 Montr\u00e9al, Qc<\/h2>\n\n\n\n<blockquote class=\"wp-block-quote is-layout-flow wp-block-quote-is-layout-flow\">\n<p>Lucie est une designer et humaine exceptionnelle, elle sait s&rsquo;adapter parfaitement \u00e0 ses clients. Vous avez un projet? N&rsquo;h\u00e9sitez pas, appelez l\u00e0! Merci Lucie pour tout \ud83d\ude0a<\/p>\n<cite><strong>Nelly Roux<\/strong><\/cite><\/blockquote>\n\n\n\n<div style=\"height:50px\" aria-hidden=\"true\" class=\"wp-block-spacer\"><\/div>\n\n\n\n<div class=\"wp-block-columns is-layout-flex wp-container-core-columns-is-layout-9d6595d7 wp-block-columns-is-layout-flex\">\n<div class=\"wp-block-column is-layout-flow wp-block-column-is-layout-flow\">\n<h2 class=\"wp-block-heading\" id=\"avisevaluation-pour-le-design-dune-cuisine-a-montreal-3c368091-510b-4f8d-9760-97f8b4ee6110\">Avis-\u00e9valuation pour le design d&rsquo;une cuisine \u00e0 Montr\u00e9al<\/h2>\n\n\n\n<blockquote class=\"wp-block-quote is-layout-flow wp-block-quote-is-layout-flow\">\n<p>Tr\u00e8s \u00e0 l\u2019\u00e9coute des besoins du client. Nous avons \u00e9t\u00e9 tr\u00e8s satisfaits du service pour le design de notre cuisine.<\/p>\n<cite><strong>Manon Gauthier<\/strong><\/cite><\/blockquote>\n<\/div>\n\n\n\n<div class=\"wp-block-column is-layout-flow wp-block-column-is-layout-flow\">\n<h2 class=\"wp-block-heading\" id=\"avisevaluation-pour-le-design-dune-cuisine-a-montreal-688285cc-a3ef-4f34-8562-dc240f2838ed\">Avis-\u00e9valuation pour le design d&rsquo;une cuisine \u00e0 Montr\u00e9al<\/h2>\n\n\n\n<blockquote class=\"wp-block-quote is-layout-flow wp-block-quote-is-layout-flow\">\n<p>Nous avons demand\u00e9 Lucie pour les plans de notre nouvelle cuisine !!!&nbsp; Quelle femme professionnelle et pleine d&rsquo;id\u00e9es!!! Je vous la recommande chaudement. J&rsquo;ai trop hate de voir ce qu&rsquo;elle nous sugg\u00e8re comme c\u00e9ramique, couleurs&#8230;<\/p>\n<cite><strong>Julie Th\u00e9riault<\/strong><\/cite><\/blockquote>\n<\/div>\n<\/div>\n\n\n\n<div style=\"height:50px\" aria-hidden=\"true\" class=\"wp-block-spacer\"><\/div>\n\n\n\n<h2 class=\"wp-block-heading\" id=\"avisevaluation-pour-le-design-dune-cuisine-a-montreal-c4033346-2242-48bf-bb27-db5c76ce0b96\">Avis-\u00e9valuation pour le design d&rsquo;une cuisine \u00e0 Montr\u00e9al<\/h2>\n\n\n\n<blockquote class=\"wp-block-quote is-layout-flow wp-block-quote-is-layout-flow\">\n<p>Nous avons rencontr\u00e9 Lucie dans le but d\u2019avoir des id\u00e9es pour notre toute petite cuisine. Aussit\u00f4t, nous avons remarqu\u00e9 qu&rsquo;elle \u00e9tait vraiment harmonie avec nos envies et notre budget. Nous avons \u00e9t\u00e9 impressionn\u00e9s quand nous avons constater qu&rsquo;en peu de temps, elle avait des croquis pr\u00eats pour faciliter notre visualisation de la cuisine.&nbsp;<\/p>\n\n\n\n<p>Lucie est professionnelle et tr\u00e8s talentueuse. De plus, il est tr\u00e8s facile de parler avec elle puisqu\u2019elle est r\u00e9ellement \u00e0 \u00e9coute de vos besoins et d\u00e9sirs. Nous avons eu une excellente exp\u00e9rience. Sandra et Ivan<\/p>\n<cite><strong>Sandra Elster-Wotchinski<\/strong><\/cite><\/blockquote>\n\n\n\n<div style=\"height:50px\" aria-hidden=\"true\" class=\"wp-block-spacer\"><\/div>\n\n\n\n<h2 class=\"wp-block-heading\" id=\"avisevaluation-pour-le-design-dune-cuisine-a-montreal-qc-95fc313f-859d-4f0f-a5e4-aaacc75e9140\">Avis-\u00e9valuation pour le design d&rsquo;une cuisine \u00e0 Montr\u00e9al, Qc<\/h2>\n\n\n\n<blockquote class=\"wp-block-quote is-layout-flow wp-block-quote-is-layout-flow\">\n<p>Lucie est tr\u00e8s disponible et r\u00e9active. Nous avons fait appel \u00e0 elle pour des conseils d&rsquo;am\u00e9nagement et la r\u00e9novation de notre cuisine et elle nous a donn\u00e9 des conseils tr\u00e8s pr\u00e9cieux et adapt\u00e9s \u00e0 nos envies et notre budget. Elle nous a mis \u00e0 disposition de nombreuses ressources, ce qui nous laisse la libert\u00e9 de faire nous-m\u00eames nos travaux ou de passer par des professionnels. Je recommande vivement ses services!<\/p>\n<cite><strong>St\u00e9phanie Kraess<\/strong><\/cite><\/blockquote>\n\n\n\n<div style=\"height:50px\" aria-hidden=\"true\" class=\"wp-block-spacer\"><\/div>\n\n\n\n<h2 class=\"wp-block-heading\" id=\"avisevaluation-pour-la-consultation-des-couleurs-a-saintjerome-qc--c87714ca-18e9-44bb-9560-88d9a67aa22c\">Avis-\u00e9valuation pour la consultation des couleurs \u00e0 Saint-J\u00e9rome, Qc.<\/h2>\n\n\n\n<blockquote class=\"wp-block-quote is-layout-flow wp-block-quote-is-layout-flow\">\n<p>Excellente designer! Sait \u00e9couter ses clients et sait les \u00e9pater! J\u2019adore sa vision du design!&nbsp; Je la conseille fortement !!<\/p>\n<cite><strong>France Comeau<\/strong><\/cite><\/blockquote>\n\n\n\n<div style=\"height:50px\" aria-hidden=\"true\" class=\"wp-block-spacer\"><\/div>\n\n\n\n<h2 class=\"wp-block-heading\" id=\"avisevaluation-pour-le-design-dune-cuisine-a-boucherville-qc-aba34aa0-c62b-43b2-8288-97ca326cd5ad\">Avis-\u00e9valuation pour le design d&rsquo;une cuisine \u00e0 Boucherville, Qc<\/h2>\n\n\n\n<p><\/p>\n\n\n\n<blockquote class=\"wp-block-quote is-layout-flow wp-block-quote-is-layout-flow\">\n<p>J&rsquo;ai eu la joie de recevoir le service couleurs de Lucie Pitt il y a quelques ann\u00e9es. J&rsquo;avais tellement appr\u00e9ci\u00e9 l&rsquo;exp\u00e9rience que j&rsquo;ai redemand\u00e9 le m\u00eame service pour ma nouvelle demeure. Elle est \u00e0 l&rsquo;\u00e9coute de nos go\u00fbts et besoins. Elle r\u00e9ussit \u00e0 agencer des trucs qu&rsquo;on n&rsquo;aurait pas pens\u00e9 pouvoir garder. Je suis heureuse de m&rsquo;\u00e9viter des erreurs de r\u00e9novations et choix de couleurs. Nous avons gagn\u00e9 un temps pr\u00e9cieux et \u00e9vit\u00e9 des co\u00fbts inutiles.<\/p>\n<cite><strong>Helene Brillard<\/strong><\/cite><\/blockquote>\n\n\n\n<div style=\"height:50px\" aria-hidden=\"true\" class=\"wp-block-spacer\"><\/div>\n<p><a href=\"\/\/www.pinterest.com\/pin\/create\/button\/\" data-pin-do=\"buttonBookmark\" data-pin-color=\"red\" data-pin-height=\"128\"><img decoding=\"async\" src=\"\/\/assets.pinterest.com\/images\/pidgets\/pinit_fg_en_rect_red_28.png\" \/><\/a><\/p>","protected":false},"excerpt":{"rendered":"<p>Avis sur la transformation contemporaine d\u2019une cuisine et d\u2019une salle d\u2019eau \u00e0 Montr\u00e9al-Ouest \u00c7a a \u00e9t\u00e9 un r\u00e9el plaisir de travailler avec Lucie pour la r\u00e9novation de notre cuisine et de notre petite salle d\u2019eau. Elle a vraiment rendu tout le processus beaucoup moins stressant pour nous. Elle nous a accompagn\u00e9s \u00e0 chaque \u00e9tape : [&hellip;]<\/p>\n","protected":false},"author":2,"featured_media":20996,"parent":0,"menu_order":0,"comment_status":"closed","ping_status":"closed","template":"","meta":{"advgb_blocks_editor_width":"","advgb_blocks_columns_visual_guide":"","_genesis_hide_title":false,"_genesis_hide_breadcrumbs":false,"_genesis_hide_singular_image":false,"_genesis_hide_footer_widgets":false,"_genesis_custom_body_class":"","_genesis_custom_post_class":"","_genesis_layout":"","footnotes":""},"class_list":{"0":"post-21343","1":"page","2":"type-page","3":"status-publish","4":"has-post-thumbnail","6":"entry"},"yoast_head":"<!-- This site is optimized with the Yoast SEO plugin v27.5 - https:\/\/yoast.com\/product\/yoast-seo-wordpress\/ -->\n<title>Avis-\u00e9valuations et t\u00e9moignages - Versa Style Design<\/title>\n<meta name=\"description\" content=\"From the very beginning, Lucie was very quick to reply to my request and to set up an initial meeting. This was the first indication of her attention to her client&#039;s needs.\" \/>\n<meta name=\"robots\" content=\"index, follow, max-snippet:-1, max-image-preview:large, max-video-preview:-1\" \/>\n<link rel=\"canonical\" href=\"https:\/\/versastyledesign.ca\/fr\/avis-evaluations-et-temoignages\/\" \/>\n<meta property=\"og:locale\" content=\"fr_CA\" \/>\n<meta property=\"og:type\" content=\"article\" \/>\n<meta property=\"og:title\" content=\"Avis-\u00e9valuations et t\u00e9moignages - Versa Style Design\" \/>\n<meta property=\"og:description\" content=\"From the very beginning, Lucie was very quick to reply to my request and to set up an initial meeting. This was the first indication of her attention to her client&#039;s needs.\" \/>\n<meta property=\"og:url\" content=\"https:\/\/versastyledesign.ca\/fr\/avis-evaluations-et-temoignages\/\" \/>\n<meta property=\"og:site_name\" content=\"Versa Style Design\" \/>\n<meta property=\"article:publisher\" content=\"https:\/\/www.facebook.com\/Versastyledesign?ref=hl\" \/>\n<meta property=\"article:modified_time\" content=\"2026-04-18T04:15:03+00:00\" \/>\n<meta property=\"og:image\" content=\"https:\/\/versastyledesign.ca\/wp-content\/uploads\/2020\/12\/portfolio-renovation-cuisine-montreal-est93.jpg\" \/>\n\t<meta property=\"og:image:width\" content=\"1280\" \/>\n\t<meta property=\"og:image:height\" content=\"960\" \/>\n\t<meta property=\"og:image:type\" content=\"image\/jpeg\" \/>\n<meta name=\"twitter:label1\" content=\"Estimation du temps de lecture\" \/>\n\t<meta name=\"twitter:data1\" content=\"14 minutes\" \/>\n<script type=\"application\/ld+json\" class=\"yoast-schema-graph\">{\"@context\":\"https:\\\/\\\/schema.org\",\"@graph\":[{\"@type\":\"WebPage\",\"@id\":\"https:\\\/\\\/versastyledesign.ca\\\/fr\\\/avis-evaluations-et-temoignages\\\/\",\"url\":\"https:\\\/\\\/versastyledesign.ca\\\/fr\\\/avis-evaluations-et-temoignages\\\/\",\"name\":\"Avis-\u00e9valuations et t\u00e9moignages - Versa Style Design\",\"isPartOf\":{\"@id\":\"http:\\\/\\\/new.versastyledesign.ca\\\/fr\\\/#website\"},\"primaryImageOfPage\":{\"@id\":\"https:\\\/\\\/versastyledesign.ca\\\/fr\\\/avis-evaluations-et-temoignages\\\/#primaryimage\"},\"image\":{\"@id\":\"https:\\\/\\\/versastyledesign.ca\\\/fr\\\/avis-evaluations-et-temoignages\\\/#primaryimage\"},\"thumbnailUrl\":\"https:\\\/\\\/versastyledesign.ca\\\/wp-content\\\/uploads\\\/2020\\\/12\\\/portfolio-renovation-cuisine-montreal-est93.jpg\",\"datePublished\":\"2021-02-01T04:33:31+00:00\",\"dateModified\":\"2026-04-18T04:15:03+00:00\",\"description\":\"From the very beginning, Lucie was very quick to reply to my request and to set up an initial meeting. This was the first indication of her attention to her client's needs.\",\"breadcrumb\":{\"@id\":\"https:\\\/\\\/versastyledesign.ca\\\/fr\\\/avis-evaluations-et-temoignages\\\/#breadcrumb\"},\"inLanguage\":\"fr-CA\",\"potentialAction\":[{\"@type\":\"ReadAction\",\"target\":[\"https:\\\/\\\/versastyledesign.ca\\\/fr\\\/avis-evaluations-et-temoignages\\\/\"]}]},{\"@type\":\"ImageObject\",\"inLanguage\":\"fr-CA\",\"@id\":\"https:\\\/\\\/versastyledesign.ca\\\/fr\\\/avis-evaluations-et-temoignages\\\/#primaryimage\",\"url\":\"https:\\\/\\\/versastyledesign.ca\\\/wp-content\\\/uploads\\\/2020\\\/12\\\/portfolio-renovation-cuisine-montreal-est93.jpg\",\"contentUrl\":\"https:\\\/\\\/versastyledesign.ca\\\/wp-content\\\/uploads\\\/2020\\\/12\\\/portfolio-renovation-cuisine-montreal-est93.jpg\",\"width\":1280,\"height\":960,\"caption\":\"portfolio-renovation-cuisine-montreal-est93\"},{\"@type\":\"BreadcrumbList\",\"@id\":\"https:\\\/\\\/versastyledesign.ca\\\/fr\\\/avis-evaluations-et-temoignages\\\/#breadcrumb\",\"itemListElement\":[{\"@type\":\"ListItem\",\"position\":1,\"name\":\"Accueil\",\"item\":\"http:\\\/\\\/new.versastyledesign.ca\\\/fr\\\/\"},{\"@type\":\"ListItem\",\"position\":2,\"name\":\"Avis-\u00e9valuations et t\u00e9moignages\"}]},{\"@type\":\"WebSite\",\"@id\":\"http:\\\/\\\/new.versastyledesign.ca\\\/fr\\\/#website\",\"url\":\"http:\\\/\\\/new.versastyledesign.ca\\\/fr\\\/\",\"name\":\"Versa Style Design\",\"description\":\"Design d&#039;int\u00e9rieur et r\u00e9novations \u00e0 Montr\u00e9al\",\"publisher\":{\"@id\":\"http:\\\/\\\/new.versastyledesign.ca\\\/fr\\\/#organization\"},\"potentialAction\":[{\"@type\":\"SearchAction\",\"target\":{\"@type\":\"EntryPoint\",\"urlTemplate\":\"http:\\\/\\\/new.versastyledesign.ca\\\/fr\\\/?s={search_term_string}\"},\"query-input\":{\"@type\":\"PropertyValueSpecification\",\"valueRequired\":true,\"valueName\":\"search_term_string\"}}],\"inLanguage\":\"fr-CA\"},{\"@type\":\"Organization\",\"@id\":\"http:\\\/\\\/new.versastyledesign.ca\\\/fr\\\/#organization\",\"name\":\"Versa Style Design\",\"url\":\"http:\\\/\\\/new.versastyledesign.ca\\\/fr\\\/\",\"logo\":{\"@type\":\"ImageObject\",\"inLanguage\":\"fr-CA\",\"@id\":\"http:\\\/\\\/new.versastyledesign.ca\\\/fr\\\/#\\\/schema\\\/logo\\\/image\\\/\",\"url\":\"https:\\\/\\\/versastyledesign.ca\\\/wp-content\\\/uploads\\\/2019\\\/11\\\/Versa-Style-Design-logo.jpg\",\"contentUrl\":\"https:\\\/\\\/versastyledesign.ca\\\/wp-content\\\/uploads\\\/2019\\\/11\\\/Versa-Style-Design-logo.jpg\",\"width\":2099,\"height\":670,\"caption\":\"Versa Style Design\"},\"image\":{\"@id\":\"http:\\\/\\\/new.versastyledesign.ca\\\/fr\\\/#\\\/schema\\\/logo\\\/image\\\/\"},\"sameAs\":[\"https:\\\/\\\/www.facebook.com\\\/Versastyledesign?ref=hl\",\"https:\\\/\\\/x.com\\\/luciepitt\",\"https:\\\/\\\/www.instagram.com\\\/versastyledesign\\\/\",\"https:\\\/\\\/www.linkedin.com\\\/in\\\/lucie-pitt-54b0ba85\",\"https:\\\/\\\/www.pinterest.com\\\/versastyledesign\\\/\"]}]}<\/script>\n<!-- \/ Yoast SEO plugin. -->","yoast_head_json":{"title":"Avis-\u00e9valuations et t\u00e9moignages - Versa Style Design","description":"From the very beginning, Lucie was very quick to reply to my request and to set up an initial meeting. This was the first indication of her attention to her client's needs.","robots":{"index":"index","follow":"follow","max-snippet":"max-snippet:-1","max-image-preview":"max-image-preview:large","max-video-preview":"max-video-preview:-1"},"canonical":"https:\/\/versastyledesign.ca\/fr\/avis-evaluations-et-temoignages\/","og_locale":"fr_CA","og_type":"article","og_title":"Avis-\u00e9valuations et t\u00e9moignages - Versa Style Design","og_description":"From the very beginning, Lucie was very quick to reply to my request and to set up an initial meeting. This was the first indication of her attention to her client's needs.","og_url":"https:\/\/versastyledesign.ca\/fr\/avis-evaluations-et-temoignages\/","og_site_name":"Versa Style Design","article_publisher":"https:\/\/www.facebook.com\/Versastyledesign?ref=hl","article_modified_time":"2026-04-18T04:15:03+00:00","og_image":[{"width":1280,"height":960,"url":"https:\/\/versastyledesign.ca\/wp-content\/uploads\/2020\/12\/portfolio-renovation-cuisine-montreal-est93.jpg","type":"image\/jpeg"}],"twitter_misc":{"Estimation du temps de lecture":"14 minutes"},"schema":{"@context":"https:\/\/schema.org","@graph":[{"@type":"WebPage","@id":"https:\/\/versastyledesign.ca\/fr\/avis-evaluations-et-temoignages\/","url":"https:\/\/versastyledesign.ca\/fr\/avis-evaluations-et-temoignages\/","name":"Avis-\u00e9valuations et t\u00e9moignages - Versa Style Design","isPartOf":{"@id":"http:\/\/new.versastyledesign.ca\/fr\/#website"},"primaryImageOfPage":{"@id":"https:\/\/versastyledesign.ca\/fr\/avis-evaluations-et-temoignages\/#primaryimage"},"image":{"@id":"https:\/\/versastyledesign.ca\/fr\/avis-evaluations-et-temoignages\/#primaryimage"},"thumbnailUrl":"https:\/\/versastyledesign.ca\/wp-content\/uploads\/2020\/12\/portfolio-renovation-cuisine-montreal-est93.jpg","datePublished":"2021-02-01T04:33:31+00:00","dateModified":"2026-04-18T04:15:03+00:00","description":"From the very beginning, Lucie was very quick to reply to my request and to set up an initial meeting. This was the first indication of her attention to her client's needs.","breadcrumb":{"@id":"https:\/\/versastyledesign.ca\/fr\/avis-evaluations-et-temoignages\/#breadcrumb"},"inLanguage":"fr-CA","potentialAction":[{"@type":"ReadAction","target":["https:\/\/versastyledesign.ca\/fr\/avis-evaluations-et-temoignages\/"]}]},{"@type":"ImageObject","inLanguage":"fr-CA","@id":"https:\/\/versastyledesign.ca\/fr\/avis-evaluations-et-temoignages\/#primaryimage","url":"https:\/\/versastyledesign.ca\/wp-content\/uploads\/2020\/12\/portfolio-renovation-cuisine-montreal-est93.jpg","contentUrl":"https:\/\/versastyledesign.ca\/wp-content\/uploads\/2020\/12\/portfolio-renovation-cuisine-montreal-est93.jpg","width":1280,"height":960,"caption":"portfolio-renovation-cuisine-montreal-est93"},{"@type":"BreadcrumbList","@id":"https:\/\/versastyledesign.ca\/fr\/avis-evaluations-et-temoignages\/#breadcrumb","itemListElement":[{"@type":"ListItem","position":1,"name":"Accueil","item":"http:\/\/new.versastyledesign.ca\/fr\/"},{"@type":"ListItem","position":2,"name":"Avis-\u00e9valuations et t\u00e9moignages"}]},{"@type":"WebSite","@id":"http:\/\/new.versastyledesign.ca\/fr\/#website","url":"http:\/\/new.versastyledesign.ca\/fr\/","name":"Versa Style Design","description":"Design d&#039;int\u00e9rieur et r\u00e9novations \u00e0 Montr\u00e9al","publisher":{"@id":"http:\/\/new.versastyledesign.ca\/fr\/#organization"},"potentialAction":[{"@type":"SearchAction","target":{"@type":"EntryPoint","urlTemplate":"http:\/\/new.versastyledesign.ca\/fr\/?s={search_term_string}"},"query-input":{"@type":"PropertyValueSpecification","valueRequired":true,"valueName":"search_term_string"}}],"inLanguage":"fr-CA"},{"@type":"Organization","@id":"http:\/\/new.versastyledesign.ca\/fr\/#organization","name":"Versa Style Design","url":"http:\/\/new.versastyledesign.ca\/fr\/","logo":{"@type":"ImageObject","inLanguage":"fr-CA","@id":"http:\/\/new.versastyledesign.ca\/fr\/#\/schema\/logo\/image\/","url":"https:\/\/versastyledesign.ca\/wp-content\/uploads\/2019\/11\/Versa-Style-Design-logo.jpg","contentUrl":"https:\/\/versastyledesign.ca\/wp-content\/uploads\/2019\/11\/Versa-Style-Design-logo.jpg","width":2099,"height":670,"caption":"Versa Style Design"},"image":{"@id":"http:\/\/new.versastyledesign.ca\/fr\/#\/schema\/logo\/image\/"},"sameAs":["https:\/\/www.facebook.com\/Versastyledesign?ref=hl","https:\/\/x.com\/luciepitt","https:\/\/www.instagram.com\/versastyledesign\/","https:\/\/www.linkedin.com\/in\/lucie-pitt-54b0ba85","https:\/\/www.pinterest.com\/versastyledesign\/"]}]}},"coauthors":[],"author_meta":{"author_link":"https:\/\/versastyledesign.ca\/fr\/author\/lucie-pitt\/","display_name":"Lucie Pitt"},"relative_dates":{"created":"Posted 5 ann\u00e9es ago","modified":"Updated 2 semaines ago"},"absolute_dates":{"created":"Posted on 1 f\u00e9vrier 2021","modified":"Updated on 18 avril 2026"},"absolute_dates_time":{"created":"Posted on 1 f\u00e9vrier 2021 4 h 33 min","modified":"Updated on 18 avril 2026 0 h 15 min"},"featured_img_caption":"","featured_img":"https:\/\/versastyledesign.ca\/wp-content\/uploads\/2020\/12\/portfolio-renovation-cuisine-montreal-est93.jpg","series_order":"","_links":{"self":[{"href":"https:\/\/versastyledesign.ca\/fr\/wp-json\/wp\/v2\/pages\/21343","targetHints":{"allow":["GET"]}}],"collection":[{"href":"https:\/\/versastyledesign.ca\/fr\/wp-json\/wp\/v2\/pages"}],"about":[{"href":"https:\/\/versastyledesign.ca\/fr\/wp-json\/wp\/v2\/types\/page"}],"author":[{"embeddable":true,"href":"https:\/\/versastyledesign.ca\/fr\/wp-json\/wp\/v2\/users\/2"}],"replies":[{"embeddable":true,"href":"https:\/\/versastyledesign.ca\/fr\/wp-json\/wp\/v2\/comments?post=21343"}],"version-history":[{"count":43,"href":"https:\/\/versastyledesign.ca\/fr\/wp-json\/wp\/v2\/pages\/21343\/revisions"}],"predecessor-version":[{"id":32188,"href":"https:\/\/versastyledesign.ca\/fr\/wp-json\/wp\/v2\/pages\/21343\/revisions\/32188"}],"wp:featuredmedia":[{"embeddable":true,"href":"https:\/\/versastyledesign.ca\/fr\/wp-json\/wp\/v2\/media\/20996"}],"wp:attachment":[{"href":"https:\/\/versastyledesign.ca\/fr\/wp-json\/wp\/v2\/media?parent=21343"}],"curies":[{"name":"wp","href":"https:\/\/api.w.org\/{rel}","templated":true}]}}