{"id":21423,"date":"2021-02-12T16:50:25","date_gmt":"2021-02-12T16:50:25","guid":{"rendered":"https:\/\/versastyledesign.ca\/?page_id=21423"},"modified":"2023-08-26T13:03:08","modified_gmt":"2023-08-26T17:03:08","slug":"salon-et-salle-a-manger-a-aire-ouverte-coloree-a-montreal","status":"publish","type":"page","link":"https:\/\/versastyledesign.ca\/fr\/portfolio-de-design\/salon-et-salle-a-manger-a-aire-ouverte-coloree-a-montreal\/","title":{"rendered":"Salon et salle \u00e0 manger \u00e0 aire ouverte color\u00e9e \u00e0 Montr\u00e9al"},"content":{"rendered":"\n<div class=\"wp-block-columns is-layout-flex wp-container-core-columns-is-layout-9d6595d7 wp-block-columns-is-layout-flex\">\n<div class=\"wp-block-column is-layout-flow wp-block-column-is-layout-flow\">\n<p><strong>Emplacement: <\/strong>Montr\u00e9al, Qu\u00e9bec&nbsp;<\/p>\n\n\n\n<p><strong>Service de design <\/strong>: Design \u00e0 aire ouverte, coussins sur-mesure, accessoires, plan d&rsquo;\u00e9clairage et achats, habillage de fen\u00eatre sur-mesure, palette de couleurs et consultation pour les finitions, recrutement de professionnels et n\u00e9gociation, gestion de projet<\/p>\n\n\n\n<p><strong>Mat\u00e9riaux utilis\u00e9s <\/strong>: Peinture Sherwin William, plancher de ch\u00eane teint naturel, tapis bourgogne , \u0153uvres d&rsquo;art originales, table basse en bois teinte fonc\u00e9e, table \u00e0 manger teint\u00e9e fonc\u00e9e, lumi\u00e8re de salle \u00e0 manger faite de verre clair suspendu, tuiles grises 12 x 24 pour le plancher de la cuisine, console en bois teint\u00e9e noir, lampe de table et lampe sur pied en acier inoxydable avec abat-jour en coton blanc, chaises Parsons en cuir brun fonc\u00e9, divan modulaire recouvert d\u2019un tissu gris p\u00e2le moderne, coussins sur-mesure en velours multicolores, lampe sur pied en tissu rouge.<\/p>\n<\/div>\n\n\n\n<div class=\"wp-block-column is-layout-flow wp-block-column-is-layout-flow\">\n<figure class=\"wp-block-image size-large\"><img loading=\"lazy\" decoding=\"async\" width=\"600\" height=\"800\" src=\"https:\/\/versastyledesign.ca\/wp-content\/uploads\/2021\/02\/portfolio-design-salon-salle-a-manger-concept-aire-ouverte-53.jpg\" alt=\"Salon et salle \u00e0 manger \u00e0 aire ouverte color\u00e9e \u00e0 Montr\u00e9al\" class=\"wp-image-21427\" srcset=\"https:\/\/versastyledesign.ca\/wp-content\/uploads\/2021\/02\/portfolio-design-salon-salle-a-manger-concept-aire-ouverte-53.jpg 600w, https:\/\/versastyledesign.ca\/wp-content\/uploads\/2021\/02\/portfolio-design-salon-salle-a-manger-concept-aire-ouverte-53-225x300.jpg 225w\" sizes=\"auto, (max-width: 600px) 100vw, 600px\" \/><\/figure>\n<\/div>\n<\/div>\n\n\n\n<p><strong>Notre mandat <\/strong>: La cliente souhaitait ajouter beaucoup de couleur et d&rsquo;\u00e9nergie \u00e0 son loft \u00ab beige \u00bb. Elle souhaitait cr\u00e9er une harmonie et une fluidit\u00e9 entre la cuisine, la salle \u00e0 manger et le salon\u2026 tout un d\u00e9fi! Malgr\u00e9 un mur tr\u00e8s g\u00e9n\u00e9reux en fenestration, le condo \u00e9tait sombre et d\u00e9primant (voir photos avant). Nous avons commenc\u00e9 par la production d\u2019un plan qui nous a permis d\u2019organiser l\u2019\u00e9clairage sur rail mont\u00e9 sur le plafond en b\u00e9ton, puis nous avons recommand\u00e9 plusieurs lampes comme celle en tissu rouge dramatique. Nous avons recrut\u00e9 les peintres pour l\u2019application d\u2019une nouvelle palette de couleurs fra\u00eeches; soit du blanc et du bleu vif; rehauss\u00e9e par des touches de couleur r\u00e9parties dans tout l\u2019espace. Nous avons s\u00e9lectionn\u00e9 un tapis rouge fonc\u00e9 pour ajouter de l&rsquo;\u00e9clat \u00e0 la salle \u00e0 manger. Le tapis divise visuellement l\u2019espace, d\u00e9finit le lieu de la salle \u00e0 manger, sans toutefois nuire \u00e0 la fluidit\u00e9 de l\u2019esth\u00e9tisme. Nous avons assist\u00e9 la cliente dans toutes les s\u00e9lections de mat\u00e9riaux, finitions, tissus des coussins et avons sugg\u00e9r\u00e9 l\u2019habillage de fen\u00eatre qui permet de laisser entrer la lumi\u00e8re, par un joli voilage, sans toutefois satisfaire le regard des curieux \u00e0 l\u2019ext\u00e9rieur; \u00e9l\u00e9gance et intimit\u00e9! Ils adoucissent et \u00e9quilibrent \u00e9galement les structures en b\u00e9ton brut. L&rsquo;espace de vie entier est \u00e9pur\u00e9, plus lumineux et beaucoup plus int\u00e9ressant qu&rsquo;il ne l&rsquo;\u00e9tait au d\u00e9but du projet.<\/p>\n\n\n\n<div style=\"height:100px\" aria-hidden=\"true\" class=\"wp-block-spacer\"><\/div>\n\n\n\n<h2 class=\"wp-block-heading\">Design de salon et de salle \u00e0 manger par Versa Style Design<\/h2>\n\n\n\n<figure class=\"wp-block-gallery has-nested-images columns-4 is-cropped wp-block-gallery-1 is-layout-flex wp-block-gallery-is-layout-flex\">\n<figure class=\"wp-block-image size-large\"><a href=\"https:\/\/versastyledesign.ca\/wp-content\/uploads\/2023\/08\/portfolio-design-salon-salle-a-manger-concept-aire-ouverte-montreal-81-1018x1024.jpg\"><img loading=\"lazy\" decoding=\"async\" width=\"1018\" height=\"1024\" data-id=\"26002\" src=\"https:\/\/versastyledesign.ca\/wp-content\/uploads\/2023\/08\/portfolio-design-salon-salle-a-manger-concept-aire-ouverte-montreal-81-1018x1024.jpg\" alt=\"\" class=\"wp-image-26002\" srcset=\"https:\/\/versastyledesign.ca\/wp-content\/uploads\/2023\/08\/portfolio-design-salon-salle-a-manger-concept-aire-ouverte-montreal-81-1018x1024.jpg 1018w, https:\/\/versastyledesign.ca\/wp-content\/uploads\/2023\/08\/portfolio-design-salon-salle-a-manger-concept-aire-ouverte-montreal-81-298x300.jpg 298w, https:\/\/versastyledesign.ca\/wp-content\/uploads\/2023\/08\/portfolio-design-salon-salle-a-manger-concept-aire-ouverte-montreal-81-200x200.jpg 200w, https:\/\/versastyledesign.ca\/wp-content\/uploads\/2023\/08\/portfolio-design-salon-salle-a-manger-concept-aire-ouverte-montreal-81-768x773.jpg 768w, https:\/\/versastyledesign.ca\/wp-content\/uploads\/2023\/08\/portfolio-design-salon-salle-a-manger-concept-aire-ouverte-montreal-81.jpg 1272w\" sizes=\"auto, (max-width: 1018px) 100vw, 1018px\" \/><\/a><\/figure>\n\n\n\n<figure class=\"wp-block-image size-large\"><a href=\"https:\/\/versastyledesign.ca\/wp-content\/uploads\/2023\/08\/portfolio-design-salon-salle-a-manger-concept-aire-ouverte-montreal-82-1024x697.jpg\"><img loading=\"lazy\" decoding=\"async\" width=\"1024\" height=\"697\" data-id=\"26004\" src=\"https:\/\/versastyledesign.ca\/wp-content\/uploads\/2023\/08\/portfolio-design-salon-salle-a-manger-concept-aire-ouverte-montreal-82-1024x697.jpg\" alt=\"\" class=\"wp-image-26004\" srcset=\"https:\/\/versastyledesign.ca\/wp-content\/uploads\/2023\/08\/portfolio-design-salon-salle-a-manger-concept-aire-ouverte-montreal-82-1024x697.jpg 1024w, https:\/\/versastyledesign.ca\/wp-content\/uploads\/2023\/08\/portfolio-design-salon-salle-a-manger-concept-aire-ouverte-montreal-82-300x204.jpg 300w, https:\/\/versastyledesign.ca\/wp-content\/uploads\/2023\/08\/portfolio-design-salon-salle-a-manger-concept-aire-ouverte-montreal-82-768x523.jpg 768w, https:\/\/versastyledesign.ca\/wp-content\/uploads\/2023\/08\/portfolio-design-salon-salle-a-manger-concept-aire-ouverte-montreal-82.jpg 1280w\" sizes=\"auto, (max-width: 1024px) 100vw, 1024px\" \/><\/a><\/figure>\n\n\n\n<figure class=\"wp-block-image size-large\"><a href=\"https:\/\/versastyledesign.ca\/wp-content\/uploads\/2023\/08\/portfolio-design-salon-salle-a-manger-concept-aire-ouverte-montreal-83-rotated.jpg\"><img loading=\"lazy\" decoding=\"async\" width=\"758\" height=\"1024\" data-id=\"26006\" src=\"https:\/\/versastyledesign.ca\/wp-content\/uploads\/2023\/08\/portfolio-design-salon-salle-a-manger-concept-aire-ouverte-montreal-83-758x1024.jpg\" alt=\"\" class=\"wp-image-26006\" srcset=\"https:\/\/versastyledesign.ca\/wp-content\/uploads\/2023\/08\/portfolio-design-salon-salle-a-manger-concept-aire-ouverte-montreal-83-758x1024.jpg 758w, https:\/\/versastyledesign.ca\/wp-content\/uploads\/2023\/08\/portfolio-design-salon-salle-a-manger-concept-aire-ouverte-montreal-83-222x300.jpg 222w, https:\/\/versastyledesign.ca\/wp-content\/uploads\/2023\/08\/portfolio-design-salon-salle-a-manger-concept-aire-ouverte-montreal-83-768x1038.jpg 768w, https:\/\/versastyledesign.ca\/wp-content\/uploads\/2023\/08\/portfolio-design-salon-salle-a-manger-concept-aire-ouverte-montreal-83-rotated.jpg 947w\" sizes=\"auto, (max-width: 758px) 100vw, 758px\" \/><\/a><\/figure>\n\n\n\n<figure class=\"wp-block-image size-large\"><a href=\"https:\/\/versastyledesign.ca\/wp-content\/uploads\/2023\/08\/portfolio-design-salon-salle-a-manger-concept-aire-ouverte-montreal-84-768x1024.jpg\"><img loading=\"lazy\" decoding=\"async\" width=\"768\" height=\"1024\" data-id=\"26008\" src=\"https:\/\/versastyledesign.ca\/wp-content\/uploads\/2023\/08\/portfolio-design-salon-salle-a-manger-concept-aire-ouverte-montreal-84-768x1024.jpg\" alt=\"\" class=\"wp-image-26008\" srcset=\"https:\/\/versastyledesign.ca\/wp-content\/uploads\/2023\/08\/portfolio-design-salon-salle-a-manger-concept-aire-ouverte-montreal-84-768x1024.jpg 768w, https:\/\/versastyledesign.ca\/wp-content\/uploads\/2023\/08\/portfolio-design-salon-salle-a-manger-concept-aire-ouverte-montreal-84-225x300.jpg 225w, https:\/\/versastyledesign.ca\/wp-content\/uploads\/2023\/08\/portfolio-design-salon-salle-a-manger-concept-aire-ouverte-montreal-84.jpg 960w\" sizes=\"auto, (max-width: 768px) 100vw, 768px\" \/><\/a><\/figure>\n\n\n\n<figure class=\"wp-block-image size-large\"><a href=\"https:\/\/versastyledesign.ca\/wp-content\/uploads\/2023\/08\/portfolio-design-salon-salle-a-manger-concept-aire-ouverte-montreal-85-768x1024.jpg\"><img loading=\"lazy\" decoding=\"async\" width=\"768\" height=\"1024\" data-id=\"26010\" src=\"https:\/\/versastyledesign.ca\/wp-content\/uploads\/2023\/08\/portfolio-design-salon-salle-a-manger-concept-aire-ouverte-montreal-85-768x1024.jpg\" alt=\"\" class=\"wp-image-26010\" srcset=\"https:\/\/versastyledesign.ca\/wp-content\/uploads\/2023\/08\/portfolio-design-salon-salle-a-manger-concept-aire-ouverte-montreal-85-768x1024.jpg 768w, https:\/\/versastyledesign.ca\/wp-content\/uploads\/2023\/08\/portfolio-design-salon-salle-a-manger-concept-aire-ouverte-montreal-85-225x300.jpg 225w, https:\/\/versastyledesign.ca\/wp-content\/uploads\/2023\/08\/portfolio-design-salon-salle-a-manger-concept-aire-ouverte-montreal-85.jpg 960w\" sizes=\"auto, (max-width: 768px) 100vw, 768px\" \/><\/a><\/figure>\n\n\n\n<figure class=\"wp-block-image size-large\"><a href=\"https:\/\/versastyledesign.ca\/wp-content\/uploads\/2023\/08\/portfolio-design-salon-salle-a-manger-concept-aire-ouverte-montreal-86-768x1024.jpg\"><img loading=\"lazy\" decoding=\"async\" width=\"768\" height=\"1024\" data-id=\"26012\" src=\"https:\/\/versastyledesign.ca\/wp-content\/uploads\/2023\/08\/portfolio-design-salon-salle-a-manger-concept-aire-ouverte-montreal-86-768x1024.jpg\" alt=\"\" class=\"wp-image-26012\" srcset=\"https:\/\/versastyledesign.ca\/wp-content\/uploads\/2023\/08\/portfolio-design-salon-salle-a-manger-concept-aire-ouverte-montreal-86-768x1024.jpg 768w, https:\/\/versastyledesign.ca\/wp-content\/uploads\/2023\/08\/portfolio-design-salon-salle-a-manger-concept-aire-ouverte-montreal-86-225x300.jpg 225w, https:\/\/versastyledesign.ca\/wp-content\/uploads\/2023\/08\/portfolio-design-salon-salle-a-manger-concept-aire-ouverte-montreal-86.jpg 960w\" sizes=\"auto, (max-width: 768px) 100vw, 768px\" \/><\/a><\/figure>\n\n\n\n<figure class=\"wp-block-image size-large\"><a href=\"https:\/\/versastyledesign.ca\/wp-content\/uploads\/2023\/08\/portfolio-design-salon-salle-a-manger-concept-aire-ouverte-montreal-87-1024x775.jpg\"><img loading=\"lazy\" decoding=\"async\" width=\"1024\" height=\"775\" data-id=\"26014\" src=\"https:\/\/versastyledesign.ca\/wp-content\/uploads\/2023\/08\/portfolio-design-salon-salle-a-manger-concept-aire-ouverte-montreal-87-1024x775.jpg\" alt=\"\" class=\"wp-image-26014\" srcset=\"https:\/\/versastyledesign.ca\/wp-content\/uploads\/2023\/08\/portfolio-design-salon-salle-a-manger-concept-aire-ouverte-montreal-87-1024x775.jpg 1024w, https:\/\/versastyledesign.ca\/wp-content\/uploads\/2023\/08\/portfolio-design-salon-salle-a-manger-concept-aire-ouverte-montreal-87-300x227.jpg 300w, https:\/\/versastyledesign.ca\/wp-content\/uploads\/2023\/08\/portfolio-design-salon-salle-a-manger-concept-aire-ouverte-montreal-87-768x581.jpg 768w, https:\/\/versastyledesign.ca\/wp-content\/uploads\/2023\/08\/portfolio-design-salon-salle-a-manger-concept-aire-ouverte-montreal-87.jpg 1280w\" sizes=\"auto, (max-width: 1024px) 100vw, 1024px\" \/><\/a><\/figure>\n\n\n\n<figure class=\"wp-block-image size-large\"><a href=\"https:\/\/versastyledesign.ca\/wp-content\/uploads\/2023\/08\/portfolio-design-salon-salle-a-manger-concept-aire-ouverte-montreal-88-1024x828.jpg\"><img loading=\"lazy\" decoding=\"async\" width=\"1024\" height=\"828\" data-id=\"26016\" src=\"https:\/\/versastyledesign.ca\/wp-content\/uploads\/2023\/08\/portfolio-design-salon-salle-a-manger-concept-aire-ouverte-montreal-88-1024x828.jpg\" alt=\"\" class=\"wp-image-26016\" srcset=\"https:\/\/versastyledesign.ca\/wp-content\/uploads\/2023\/08\/portfolio-design-salon-salle-a-manger-concept-aire-ouverte-montreal-88-1024x828.jpg 1024w, https:\/\/versastyledesign.ca\/wp-content\/uploads\/2023\/08\/portfolio-design-salon-salle-a-manger-concept-aire-ouverte-montreal-88-300x243.jpg 300w, https:\/\/versastyledesign.ca\/wp-content\/uploads\/2023\/08\/portfolio-design-salon-salle-a-manger-concept-aire-ouverte-montreal-88-768x621.jpg 768w, https:\/\/versastyledesign.ca\/wp-content\/uploads\/2023\/08\/portfolio-design-salon-salle-a-manger-concept-aire-ouverte-montreal-88.jpg 1280w\" sizes=\"auto, (max-width: 1024px) 100vw, 1024px\" \/><\/a><\/figure>\n\n\n\n<figure class=\"wp-block-image size-large\"><a href=\"https:\/\/versastyledesign.ca\/wp-content\/uploads\/2023\/08\/portfolio-design-salon-salle-a-manger-concept-aire-ouverte-montreal-89-768x1024.jpg\"><img loading=\"lazy\" decoding=\"async\" width=\"768\" height=\"1024\" data-id=\"26018\" src=\"https:\/\/versastyledesign.ca\/wp-content\/uploads\/2023\/08\/portfolio-design-salon-salle-a-manger-concept-aire-ouverte-montreal-89-768x1024.jpg\" alt=\"\" class=\"wp-image-26018\" srcset=\"https:\/\/versastyledesign.ca\/wp-content\/uploads\/2023\/08\/portfolio-design-salon-salle-a-manger-concept-aire-ouverte-montreal-89-768x1024.jpg 768w, https:\/\/versastyledesign.ca\/wp-content\/uploads\/2023\/08\/portfolio-design-salon-salle-a-manger-concept-aire-ouverte-montreal-89-225x300.jpg 225w, https:\/\/versastyledesign.ca\/wp-content\/uploads\/2023\/08\/portfolio-design-salon-salle-a-manger-concept-aire-ouverte-montreal-89.jpg 960w\" sizes=\"auto, (max-width: 768px) 100vw, 768px\" \/><\/a><\/figure>\n\n\n\n<figure class=\"wp-block-image size-large\"><a href=\"https:\/\/versastyledesign.ca\/wp-content\/uploads\/2023\/08\/portfolio-design-salon-salle-a-manger-concept-aire-ouverte-montreal-90-1024x682.jpg\"><img loading=\"lazy\" decoding=\"async\" width=\"1024\" height=\"682\" data-id=\"26020\" src=\"https:\/\/versastyledesign.ca\/wp-content\/uploads\/2023\/08\/portfolio-design-salon-salle-a-manger-concept-aire-ouverte-montreal-90-1024x682.jpg\" alt=\"\" class=\"wp-image-26020\" srcset=\"https:\/\/versastyledesign.ca\/wp-content\/uploads\/2023\/08\/portfolio-design-salon-salle-a-manger-concept-aire-ouverte-montreal-90-1024x682.jpg 1024w, https:\/\/versastyledesign.ca\/wp-content\/uploads\/2023\/08\/portfolio-design-salon-salle-a-manger-concept-aire-ouverte-montreal-90-300x200.jpg 300w, https:\/\/versastyledesign.ca\/wp-content\/uploads\/2023\/08\/portfolio-design-salon-salle-a-manger-concept-aire-ouverte-montreal-90-768x511.jpg 768w, https:\/\/versastyledesign.ca\/wp-content\/uploads\/2023\/08\/portfolio-design-salon-salle-a-manger-concept-aire-ouverte-montreal-90.jpg 1280w\" sizes=\"auto, (max-width: 1024px) 100vw, 1024px\" \/><\/a><\/figure>\n\n\n\n<figure class=\"wp-block-image size-large\"><a href=\"https:\/\/versastyledesign.ca\/wp-content\/uploads\/2023\/08\/portfolio-design-salon-salle-a-manger-concept-aire-ouverte-montreal-91-1024x694.jpg\"><img loading=\"lazy\" decoding=\"async\" width=\"1024\" height=\"694\" data-id=\"26022\" src=\"https:\/\/versastyledesign.ca\/wp-content\/uploads\/2023\/08\/portfolio-design-salon-salle-a-manger-concept-aire-ouverte-montreal-91-1024x694.jpg\" alt=\"\" class=\"wp-image-26022\" srcset=\"https:\/\/versastyledesign.ca\/wp-content\/uploads\/2023\/08\/portfolio-design-salon-salle-a-manger-concept-aire-ouverte-montreal-91-1024x694.jpg 1024w, https:\/\/versastyledesign.ca\/wp-content\/uploads\/2023\/08\/portfolio-design-salon-salle-a-manger-concept-aire-ouverte-montreal-91-300x203.jpg 300w, https:\/\/versastyledesign.ca\/wp-content\/uploads\/2023\/08\/portfolio-design-salon-salle-a-manger-concept-aire-ouverte-montreal-91-768x520.jpg 768w, https:\/\/versastyledesign.ca\/wp-content\/uploads\/2023\/08\/portfolio-design-salon-salle-a-manger-concept-aire-ouverte-montreal-91.jpg 1280w\" sizes=\"auto, (max-width: 1024px) 100vw, 1024px\" \/><\/a><\/figure>\n<\/figure>\n\n\n\n<div style=\"height:100px\" aria-hidden=\"true\" class=\"wp-block-spacer\"><\/div>\n\n\n\n<h2 class=\"wp-block-heading\">Portfolio avant et apr\u00e8s par Versa Style Design<\/h2>\n\n\n\n<figure class=\"wp-block-gallery has-nested-images columns-5 is-cropped wp-block-gallery-2 is-layout-flex wp-block-gallery-is-layout-flex\">\n<figure class=\"wp-block-image size-large\"><a href=\"https:\/\/versastyledesign.ca\/wp-content\/uploads\/2021\/02\/portfolio-design-salon-salle-a-manger-concept-aire-ouverte-montreal-avant-93-646x1024.jpg\"><img loading=\"lazy\" decoding=\"async\" width=\"646\" height=\"1024\" data-id=\"21462\" src=\"https:\/\/versastyledesign.ca\/wp-content\/uploads\/2021\/02\/portfolio-design-salon-salle-a-manger-concept-aire-ouverte-montreal-avant-93-646x1024.jpg\" alt=\"\" class=\"wp-image-21462\" srcset=\"https:\/\/versastyledesign.ca\/wp-content\/uploads\/2021\/02\/portfolio-design-salon-salle-a-manger-concept-aire-ouverte-montreal-avant-93-646x1024.jpg 646w, https:\/\/versastyledesign.ca\/wp-content\/uploads\/2021\/02\/portfolio-design-salon-salle-a-manger-concept-aire-ouverte-montreal-avant-93-189x300.jpg 189w, https:\/\/versastyledesign.ca\/wp-content\/uploads\/2021\/02\/portfolio-design-salon-salle-a-manger-concept-aire-ouverte-montreal-avant-93-768x1217.jpg 768w, https:\/\/versastyledesign.ca\/wp-content\/uploads\/2021\/02\/portfolio-design-salon-salle-a-manger-concept-aire-ouverte-montreal-avant-93.jpg 808w\" sizes=\"auto, (max-width: 646px) 100vw, 646px\" \/><\/a><\/figure>\n\n\n\n<figure class=\"wp-block-image size-large\"><a href=\"https:\/\/versastyledesign.ca\/wp-content\/uploads\/2021\/02\/portfolio-design-salon-salle-a-manger-concept-aire-ouverte-montreal-avant-92-680x1024.jpg\"><img loading=\"lazy\" decoding=\"async\" width=\"680\" height=\"1024\" data-id=\"21460\" src=\"https:\/\/versastyledesign.ca\/wp-content\/uploads\/2021\/02\/portfolio-design-salon-salle-a-manger-concept-aire-ouverte-montreal-avant-92-680x1024.jpg\" alt=\"\" class=\"wp-image-21460\" srcset=\"https:\/\/versastyledesign.ca\/wp-content\/uploads\/2021\/02\/portfolio-design-salon-salle-a-manger-concept-aire-ouverte-montreal-avant-92-680x1024.jpg 680w, https:\/\/versastyledesign.ca\/wp-content\/uploads\/2021\/02\/portfolio-design-salon-salle-a-manger-concept-aire-ouverte-montreal-avant-92-199x300.jpg 199w, https:\/\/versastyledesign.ca\/wp-content\/uploads\/2021\/02\/portfolio-design-salon-salle-a-manger-concept-aire-ouverte-montreal-avant-92-768x1157.jpg 768w, https:\/\/versastyledesign.ca\/wp-content\/uploads\/2021\/02\/portfolio-design-salon-salle-a-manger-concept-aire-ouverte-montreal-avant-92.jpg 850w\" sizes=\"auto, (max-width: 680px) 100vw, 680px\" \/><\/a><\/figure>\n\n\n\n<figure class=\"wp-block-image size-large\"><a href=\"https:\/\/versastyledesign.ca\/wp-content\/uploads\/2021\/02\/portfolio-design-salon-salle-a-manger-concept-aire-ouverte-montreal-avant-94-1024x768.jpg\"><img loading=\"lazy\" decoding=\"async\" width=\"1024\" height=\"768\" data-id=\"21464\" src=\"https:\/\/versastyledesign.ca\/wp-content\/uploads\/2021\/02\/portfolio-design-salon-salle-a-manger-concept-aire-ouverte-montreal-avant-94-1024x768.jpg\" alt=\"\" class=\"wp-image-21464\" srcset=\"https:\/\/versastyledesign.ca\/wp-content\/uploads\/2021\/02\/portfolio-design-salon-salle-a-manger-concept-aire-ouverte-montreal-avant-94-1024x768.jpg 1024w, https:\/\/versastyledesign.ca\/wp-content\/uploads\/2021\/02\/portfolio-design-salon-salle-a-manger-concept-aire-ouverte-montreal-avant-94-300x225.jpg 300w, https:\/\/versastyledesign.ca\/wp-content\/uploads\/2021\/02\/portfolio-design-salon-salle-a-manger-concept-aire-ouverte-montreal-avant-94-768x576.jpg 768w, https:\/\/versastyledesign.ca\/wp-content\/uploads\/2021\/02\/portfolio-design-salon-salle-a-manger-concept-aire-ouverte-montreal-avant-94.jpg 1280w\" sizes=\"auto, (max-width: 1024px) 100vw, 1024px\" \/><\/a><\/figure>\n\n\n\n<figure class=\"wp-block-image size-large\"><a href=\"https:\/\/versastyledesign.ca\/wp-content\/uploads\/2021\/02\/portfolio-design-salon-salle-a-manger-concept-aire-ouverte-montreal-89-768x1024.jpg\"><img loading=\"lazy\" decoding=\"async\" width=\"768\" height=\"1024\" data-id=\"21446\" src=\"https:\/\/versastyledesign.ca\/wp-content\/uploads\/2021\/02\/portfolio-design-salon-salle-a-manger-concept-aire-ouverte-montreal-89-768x1024.jpg\" alt=\"portfolio-design-salon-salle-a-manger-concept-aire-ouverte-montreal\" class=\"wp-image-21446\" srcset=\"https:\/\/versastyledesign.ca\/wp-content\/uploads\/2021\/02\/portfolio-design-salon-salle-a-manger-concept-aire-ouverte-montreal-89-768x1024.jpg 768w, https:\/\/versastyledesign.ca\/wp-content\/uploads\/2021\/02\/portfolio-design-salon-salle-a-manger-concept-aire-ouverte-montreal-89-225x300.jpg 225w, https:\/\/versastyledesign.ca\/wp-content\/uploads\/2021\/02\/portfolio-design-salon-salle-a-manger-concept-aire-ouverte-montreal-89.jpg 960w\" sizes=\"auto, (max-width: 768px) 100vw, 768px\" \/><\/a><\/figure>\n\n\n\n<figure class=\"wp-block-image size-large\"><a href=\"https:\/\/versastyledesign.ca\/wp-content\/uploads\/2021\/02\/portfolio-design-salon-salle-a-manger-concept-aire-ouverte-montreal-avant-95-1024x768.jpg\"><img loading=\"lazy\" decoding=\"async\" width=\"1024\" height=\"768\" data-id=\"21466\" src=\"https:\/\/versastyledesign.ca\/wp-content\/uploads\/2021\/02\/portfolio-design-salon-salle-a-manger-concept-aire-ouverte-montreal-avant-95-1024x768.jpg\" alt=\"\" class=\"wp-image-21466\" srcset=\"https:\/\/versastyledesign.ca\/wp-content\/uploads\/2021\/02\/portfolio-design-salon-salle-a-manger-concept-aire-ouverte-montreal-avant-95-1024x768.jpg 1024w, https:\/\/versastyledesign.ca\/wp-content\/uploads\/2021\/02\/portfolio-design-salon-salle-a-manger-concept-aire-ouverte-montreal-avant-95-300x225.jpg 300w, https:\/\/versastyledesign.ca\/wp-content\/uploads\/2021\/02\/portfolio-design-salon-salle-a-manger-concept-aire-ouverte-montreal-avant-95-768x576.jpg 768w, https:\/\/versastyledesign.ca\/wp-content\/uploads\/2021\/02\/portfolio-design-salon-salle-a-manger-concept-aire-ouverte-montreal-avant-95.jpg 1280w\" sizes=\"auto, (max-width: 1024px) 100vw, 1024px\" \/><\/a><\/figure>\n\n\n\n<figure class=\"wp-block-image size-large\"><a href=\"https:\/\/versastyledesign.ca\/wp-content\/uploads\/2021\/02\/portfolio-design-salon-salle-a-manger-concept-aire-ouverte-montreal-81-1018x1024.jpg\"><img loading=\"lazy\" decoding=\"async\" width=\"1018\" height=\"1024\" data-id=\"21430\" src=\"https:\/\/versastyledesign.ca\/wp-content\/uploads\/2021\/02\/portfolio-design-salon-salle-a-manger-concept-aire-ouverte-montreal-81-1018x1024.jpg\" alt=\"portfolio-design-salon-salle-a-manger-concept-aire-ouverte-montreal\" class=\"wp-image-21430\" srcset=\"https:\/\/versastyledesign.ca\/wp-content\/uploads\/2021\/02\/portfolio-design-salon-salle-a-manger-concept-aire-ouverte-montreal-81-1018x1024.jpg 1018w, https:\/\/versastyledesign.ca\/wp-content\/uploads\/2021\/02\/portfolio-design-salon-salle-a-manger-concept-aire-ouverte-montreal-81-298x300.jpg 298w, https:\/\/versastyledesign.ca\/wp-content\/uploads\/2021\/02\/portfolio-design-salon-salle-a-manger-concept-aire-ouverte-montreal-81-200x200.jpg 200w, https:\/\/versastyledesign.ca\/wp-content\/uploads\/2021\/02\/portfolio-design-salon-salle-a-manger-concept-aire-ouverte-montreal-81-768x773.jpg 768w, https:\/\/versastyledesign.ca\/wp-content\/uploads\/2021\/02\/portfolio-design-salon-salle-a-manger-concept-aire-ouverte-montreal-81.jpg 1272w\" sizes=\"auto, (max-width: 1018px) 100vw, 1018px\" \/><\/a><\/figure>\n\n\n\n<figure class=\"wp-block-image size-large\"><a href=\"https:\/\/versastyledesign.ca\/wp-content\/uploads\/2021\/02\/portfolio-design-salon-salle-a-manger-concept-aire-ouverte-montreal-avant-96-1024x768.jpg\"><img loading=\"lazy\" decoding=\"async\" width=\"1024\" height=\"768\" data-id=\"21468\" src=\"https:\/\/versastyledesign.ca\/wp-content\/uploads\/2021\/02\/portfolio-design-salon-salle-a-manger-concept-aire-ouverte-montreal-avant-96-1024x768.jpg\" alt=\"\" class=\"wp-image-21468\" srcset=\"https:\/\/versastyledesign.ca\/wp-content\/uploads\/2021\/02\/portfolio-design-salon-salle-a-manger-concept-aire-ouverte-montreal-avant-96-1024x768.jpg 1024w, https:\/\/versastyledesign.ca\/wp-content\/uploads\/2021\/02\/portfolio-design-salon-salle-a-manger-concept-aire-ouverte-montreal-avant-96-300x225.jpg 300w, https:\/\/versastyledesign.ca\/wp-content\/uploads\/2021\/02\/portfolio-design-salon-salle-a-manger-concept-aire-ouverte-montreal-avant-96-768x576.jpg 768w, https:\/\/versastyledesign.ca\/wp-content\/uploads\/2021\/02\/portfolio-design-salon-salle-a-manger-concept-aire-ouverte-montreal-avant-96.jpg 1280w\" sizes=\"auto, (max-width: 1024px) 100vw, 1024px\" \/><\/a><\/figure>\n\n\n\n<figure class=\"wp-block-image size-large\"><a href=\"https:\/\/versastyledesign.ca\/wp-content\/uploads\/2021\/02\/portfolio-design-salon-salle-a-manger-concept-aire-ouverte-montreal-82-1024x697.jpg\"><img loading=\"lazy\" decoding=\"async\" width=\"1024\" height=\"697\" data-id=\"21432\" src=\"https:\/\/versastyledesign.ca\/wp-content\/uploads\/2021\/02\/portfolio-design-salon-salle-a-manger-concept-aire-ouverte-montreal-82-1024x697.jpg\" alt=\"portfolio-design-salon-salle-a-manger-concept-aire-ouverte-montreal\" class=\"wp-image-21432\" srcset=\"https:\/\/versastyledesign.ca\/wp-content\/uploads\/2021\/02\/portfolio-design-salon-salle-a-manger-concept-aire-ouverte-montreal-82-1024x697.jpg 1024w, https:\/\/versastyledesign.ca\/wp-content\/uploads\/2021\/02\/portfolio-design-salon-salle-a-manger-concept-aire-ouverte-montreal-82-300x204.jpg 300w, https:\/\/versastyledesign.ca\/wp-content\/uploads\/2021\/02\/portfolio-design-salon-salle-a-manger-concept-aire-ouverte-montreal-82-768x523.jpg 768w, https:\/\/versastyledesign.ca\/wp-content\/uploads\/2021\/02\/portfolio-design-salon-salle-a-manger-concept-aire-ouverte-montreal-82.jpg 1280w\" sizes=\"auto, (max-width: 1024px) 100vw, 1024px\" \/><\/a><\/figure>\n\n\n\n<figure class=\"wp-block-image size-large\"><a href=\"https:\/\/versastyledesign.ca\/wp-content\/uploads\/2021\/02\/portfolio-design-salon-salle-a-manger-concept-aire-ouverte-montreal-avant-97-768x1024.jpg\"><img loading=\"lazy\" decoding=\"async\" width=\"768\" height=\"1024\" data-id=\"21470\" src=\"https:\/\/versastyledesign.ca\/wp-content\/uploads\/2021\/02\/portfolio-design-salon-salle-a-manger-concept-aire-ouverte-montreal-avant-97-768x1024.jpg\" alt=\"\" class=\"wp-image-21470\" srcset=\"https:\/\/versastyledesign.ca\/wp-content\/uploads\/2021\/02\/portfolio-design-salon-salle-a-manger-concept-aire-ouverte-montreal-avant-97-768x1024.jpg 768w, https:\/\/versastyledesign.ca\/wp-content\/uploads\/2021\/02\/portfolio-design-salon-salle-a-manger-concept-aire-ouverte-montreal-avant-97-225x300.jpg 225w, https:\/\/versastyledesign.ca\/wp-content\/uploads\/2021\/02\/portfolio-design-salon-salle-a-manger-concept-aire-ouverte-montreal-avant-97.jpg 960w\" sizes=\"auto, (max-width: 768px) 100vw, 768px\" \/><\/a><\/figure>\n\n\n\n<figure class=\"wp-block-image size-large\"><a href=\"https:\/\/versastyledesign.ca\/wp-content\/uploads\/2021\/02\/portfolio-design-salon-salle-a-manger-concept-aire-ouverte-montreal-86-768x1024.jpg\"><img loading=\"lazy\" decoding=\"async\" width=\"768\" height=\"1024\" data-id=\"21425\" src=\"https:\/\/versastyledesign.ca\/wp-content\/uploads\/2021\/02\/portfolio-design-salon-salle-a-manger-concept-aire-ouverte-montreal-86-768x1024.jpg\" alt=\"portfolio-design-salon-salle-a-manger-concept-aire-ouverte-montreal\" class=\"wp-image-21425\" srcset=\"https:\/\/versastyledesign.ca\/wp-content\/uploads\/2021\/02\/portfolio-design-salon-salle-a-manger-concept-aire-ouverte-montreal-86-768x1024.jpg 768w, https:\/\/versastyledesign.ca\/wp-content\/uploads\/2021\/02\/portfolio-design-salon-salle-a-manger-concept-aire-ouverte-montreal-86-225x300.jpg 225w, https:\/\/versastyledesign.ca\/wp-content\/uploads\/2021\/02\/portfolio-design-salon-salle-a-manger-concept-aire-ouverte-montreal-86.jpg 960w\" sizes=\"auto, (max-width: 768px) 100vw, 768px\" \/><\/a><\/figure>\n\n\n\n<figure class=\"wp-block-image size-large\"><a href=\"https:\/\/versastyledesign.ca\/wp-content\/uploads\/2021\/02\/portfolio-design-salon-salle-a-manger-concept-aire-ouverte-montreal-avant-98-768x1024.jpg\"><img loading=\"lazy\" decoding=\"async\" width=\"768\" height=\"1024\" data-id=\"21472\" src=\"https:\/\/versastyledesign.ca\/wp-content\/uploads\/2021\/02\/portfolio-design-salon-salle-a-manger-concept-aire-ouverte-montreal-avant-98-768x1024.jpg\" alt=\"\" class=\"wp-image-21472\" srcset=\"https:\/\/versastyledesign.ca\/wp-content\/uploads\/2021\/02\/portfolio-design-salon-salle-a-manger-concept-aire-ouverte-montreal-avant-98-768x1024.jpg 768w, https:\/\/versastyledesign.ca\/wp-content\/uploads\/2021\/02\/portfolio-design-salon-salle-a-manger-concept-aire-ouverte-montreal-avant-98-225x300.jpg 225w, https:\/\/versastyledesign.ca\/wp-content\/uploads\/2021\/02\/portfolio-design-salon-salle-a-manger-concept-aire-ouverte-montreal-avant-98.jpg 960w\" sizes=\"auto, (max-width: 768px) 100vw, 768px\" \/><\/a><\/figure>\n\n\n\n<figure class=\"wp-block-image size-large\"><a href=\"https:\/\/versastyledesign.ca\/wp-content\/uploads\/2021\/02\/montreal-living-room-dining-room-open-plan-design-portfolio-79-1024x682.jpg\"><img loading=\"lazy\" decoding=\"async\" width=\"1024\" height=\"682\" data-id=\"21416\" src=\"https:\/\/versastyledesign.ca\/wp-content\/uploads\/2021\/02\/montreal-living-room-dining-room-open-plan-design-portfolio-79-1024x682.jpg\" alt=\"montreal-living-room-dining-room-open-plan-design-portfolio\" class=\"wp-image-21416\" srcset=\"https:\/\/versastyledesign.ca\/wp-content\/uploads\/2021\/02\/montreal-living-room-dining-room-open-plan-design-portfolio-79-1024x682.jpg 1024w, https:\/\/versastyledesign.ca\/wp-content\/uploads\/2021\/02\/montreal-living-room-dining-room-open-plan-design-portfolio-79-300x200.jpg 300w, https:\/\/versastyledesign.ca\/wp-content\/uploads\/2021\/02\/montreal-living-room-dining-room-open-plan-design-portfolio-79-768x511.jpg 768w, https:\/\/versastyledesign.ca\/wp-content\/uploads\/2021\/02\/montreal-living-room-dining-room-open-plan-design-portfolio-79.jpg 1280w\" sizes=\"auto, (max-width: 1024px) 100vw, 1024px\" \/><\/a><\/figure>\n\n\n\n<figure class=\"wp-block-image size-large\"><a href=\"https:\/\/versastyledesign.ca\/wp-content\/uploads\/2021\/02\/portfolio-design-salon-salle-a-manger-concept-aire-ouverte-montreal-avant-99-1024x785.jpg\"><img loading=\"lazy\" decoding=\"async\" width=\"1024\" height=\"785\" data-id=\"21474\" src=\"https:\/\/versastyledesign.ca\/wp-content\/uploads\/2021\/02\/portfolio-design-salon-salle-a-manger-concept-aire-ouverte-montreal-avant-99-1024x785.jpg\" alt=\"\" class=\"wp-image-21474\" srcset=\"https:\/\/versastyledesign.ca\/wp-content\/uploads\/2021\/02\/portfolio-design-salon-salle-a-manger-concept-aire-ouverte-montreal-avant-99-1024x785.jpg 1024w, https:\/\/versastyledesign.ca\/wp-content\/uploads\/2021\/02\/portfolio-design-salon-salle-a-manger-concept-aire-ouverte-montreal-avant-99-300x230.jpg 300w, https:\/\/versastyledesign.ca\/wp-content\/uploads\/2021\/02\/portfolio-design-salon-salle-a-manger-concept-aire-ouverte-montreal-avant-99-768x589.jpg 768w, https:\/\/versastyledesign.ca\/wp-content\/uploads\/2021\/02\/portfolio-design-salon-salle-a-manger-concept-aire-ouverte-montreal-avant-99.jpg 1280w\" sizes=\"auto, (max-width: 1024px) 100vw, 1024px\" \/><\/a><\/figure>\n\n\n\n<figure class=\"wp-block-image size-large\"><a href=\"https:\/\/versastyledesign.ca\/wp-content\/uploads\/2021\/02\/portfolio-design-salon-salle-a-manger-concept-aire-ouverte-montreal-91-1024x694.jpg\"><img loading=\"lazy\" decoding=\"async\" width=\"1024\" height=\"694\" data-id=\"21450\" src=\"https:\/\/versastyledesign.ca\/wp-content\/uploads\/2021\/02\/portfolio-design-salon-salle-a-manger-concept-aire-ouverte-montreal-91-1024x694.jpg\" alt=\"portfolio-design-salon-salle-a-manger-concept-aire-ouverte-montreal\" class=\"wp-image-21450\" srcset=\"https:\/\/versastyledesign.ca\/wp-content\/uploads\/2021\/02\/portfolio-design-salon-salle-a-manger-concept-aire-ouverte-montreal-91-1024x694.jpg 1024w, https:\/\/versastyledesign.ca\/wp-content\/uploads\/2021\/02\/portfolio-design-salon-salle-a-manger-concept-aire-ouverte-montreal-91-300x203.jpg 300w, https:\/\/versastyledesign.ca\/wp-content\/uploads\/2021\/02\/portfolio-design-salon-salle-a-manger-concept-aire-ouverte-montreal-91-768x520.jpg 768w, https:\/\/versastyledesign.ca\/wp-content\/uploads\/2021\/02\/portfolio-design-salon-salle-a-manger-concept-aire-ouverte-montreal-91.jpg 1280w\" sizes=\"auto, (max-width: 1024px) 100vw, 1024px\" \/><\/a><\/figure>\n<\/figure>\n\n\n\n<div style=\"height:100px\" aria-hidden=\"true\" class=\"wp-block-spacer\"><\/div>\n\n\n\n<div class=\"wp-block-columns is-layout-flex wp-container-core-columns-is-layout-9d6595d7 wp-block-columns-is-layout-flex\">\n<div class=\"wp-block-column is-layout-flow wp-block-column-is-layout-flow\"><div class=\"wp-block-image\">\n<figure class=\"aligncenter size-large\"><img loading=\"lazy\" decoding=\"async\" width=\"850\" height=\"599\" src=\"https:\/\/versastyledesign.ca\/wp-content\/uploads\/2019\/11\/Design-de-salons-et-salles-a-manger-a-montreal-04.jpg\" alt=\"Design de salons et de salles \u00e0 manger \u00e0 Montr\u00e9al\" class=\"wp-image-13778\" srcset=\"https:\/\/versastyledesign.ca\/wp-content\/uploads\/2019\/11\/Design-de-salons-et-salles-a-manger-a-montreal-04.jpg 850w, https:\/\/versastyledesign.ca\/wp-content\/uploads\/2019\/11\/Design-de-salons-et-salles-a-manger-a-montreal-04-300x211.jpg 300w, https:\/\/versastyledesign.ca\/wp-content\/uploads\/2019\/11\/Design-de-salons-et-salles-a-manger-a-montreal-04-768x541.jpg 768w\" sizes=\"auto, (max-width: 850px) 100vw, 850px\" \/><\/figure>\n<\/div><\/div>\n\n\n\n<div class=\"wp-block-column is-layout-flow wp-block-column-is-layout-flow\">\n<h2 class=\"wp-block-heading has-text-align-center\">Design de salons et de salles \u00e0 manger \u00e0 Montr\u00e9al<\/h2>\n\n\n\n<p class=\"has-text-align-center\">Pour en savoir plus sur nos services de design de salon et de salle \u00e0 manger dans la grande r\u00e9gion de Montr\u00e9al. <\/p>\n\n\n\n<div class=\"wp-block-button button-custom aligncenter\"><a class=\"wp-block-button__link has-background wp-element-button\" href=\"\/?page_id=11782\" style=\"background-color:#d53652\">Salons et salles \u00e0 manger<\/a><\/div>\n<\/div>\n<\/div>\n\n\n\n<div style=\"height:50px\" aria-hidden=\"true\" class=\"wp-block-spacer\"><\/div>\n\n\n\n<h2 class=\"wp-block-heading\"><strong>\u00cates-vous situ\u00e9 dans la grande r\u00e9gion de Montr\u00e9al?<\/strong><\/h2>\n\n\n\n<p class=\"has-text-align-center\"><strong>Donnez vie \u00e0 votre projet de design avec Lucie.<\/strong><\/p>\n\n\n\n<div class=\"wp-block-buttons is-content-justification-center is-layout-flex wp-container-core-buttons-is-layout-16018d1d wp-block-buttons-is-layout-flex\">\n<div class=\"wp-block-button button-inverse\"><a class=\"wp-block-button__link has-text-color has-background has-link-color wp-element-button\" href=\"\/fr\/forfait-de-design-interieur\/versa-style-design-premiere-consultation\/\" style=\"color:#d53652;background-color:#f3f3f3\">Premi\u00e8re consultation<\/a><\/div>\n<\/div>\n\n\n\n<div style=\"height:25px\" aria-hidden=\"true\" class=\"wp-block-spacer\"><\/div>\n<p><a href=\"\/\/www.pinterest.com\/pin\/create\/button\/\" data-pin-do=\"buttonBookmark\" data-pin-color=\"red\" data-pin-height=\"128\"><img decoding=\"async\" src=\"\/\/assets.pinterest.com\/images\/pidgets\/pinit_fg_en_rect_red_28.png\" \/><\/a><\/p>","protected":false},"excerpt":{"rendered":"<p>Emplacement: Montr\u00e9al, Qu\u00e9bec&nbsp; Service de design : Design \u00e0 aire ouverte, coussins sur-mesure, accessoires, plan d&rsquo;\u00e9clairage et achats, habillage de fen\u00eatre sur-mesure, palette de couleurs et consultation pour les finitions, recrutement de professionnels et n\u00e9gociation, gestion de projet Mat\u00e9riaux utilis\u00e9s : Peinture Sherwin William, plancher de ch\u00eane teint naturel, tapis bourgogne , \u0153uvres d&rsquo;art originales, [&hellip;]<\/p>\n","protected":false},"author":2,"featured_media":21439,"parent":1840,"menu_order":0,"comment_status":"closed","ping_status":"closed","template":"","meta":{"advgb_blocks_editor_width":"","advgb_blocks_columns_visual_guide":"","_genesis_hide_title":false,"_genesis_hide_breadcrumbs":false,"_genesis_hide_singular_image":false,"_genesis_hide_footer_widgets":false,"_genesis_custom_body_class":"","_genesis_custom_post_class":"","_genesis_layout":"","footnotes":""},"class_list":{"0":"post-21423","1":"page","2":"type-page","3":"status-publish","4":"has-post-thumbnail","6":"entry"},"yoast_head":"<!-- This site is optimized with the Yoast SEO plugin v27.5 - https:\/\/yoast.com\/product\/yoast-seo-wordpress\/ -->\n<title>Salon et salle \u00e0 manger \u00e0 aire ouverte color\u00e9e \u00e0 Montr\u00e9al - Versa Style Design<\/title>\n<meta name=\"description\" content=\"La cliente souhaitait cr\u00e9er une harmonie et une fluidit\u00e9 entre la cuisine, la salle \u00e0 manger et le salon\u2026 tout un d\u00e9fi!\" \/>\n<meta name=\"robots\" content=\"index, follow, max-snippet:-1, max-image-preview:large, max-video-preview:-1\" \/>\n<link rel=\"canonical\" href=\"https:\/\/versastyledesign.ca\/fr\/portfolio-de-design\/salon-et-salle-a-manger-a-aire-ouverte-coloree-a-montreal\/\" \/>\n<meta property=\"og:locale\" content=\"fr_CA\" \/>\n<meta property=\"og:type\" content=\"article\" \/>\n<meta property=\"og:title\" content=\"Salon et salle \u00e0 manger \u00e0 aire ouverte color\u00e9e \u00e0 Montr\u00e9al - Versa Style Design\" \/>\n<meta property=\"og:description\" content=\"La cliente souhaitait cr\u00e9er une harmonie et une fluidit\u00e9 entre la cuisine, la salle \u00e0 manger et le salon\u2026 tout un d\u00e9fi!\" \/>\n<meta property=\"og:url\" content=\"https:\/\/versastyledesign.ca\/fr\/portfolio-de-design\/salon-et-salle-a-manger-a-aire-ouverte-coloree-a-montreal\/\" \/>\n<meta property=\"og:site_name\" content=\"Versa Style Design\" \/>\n<meta property=\"article:publisher\" content=\"https:\/\/www.facebook.com\/Versastyledesign?ref=hl\" \/>\n<meta property=\"article:modified_time\" content=\"2023-08-26T17:03:08+00:00\" \/>\n<meta property=\"og:image\" content=\"https:\/\/new.versastyledesign.ca\/wp-content\/uploads\/2021\/02\/portfolio-design-salon-salle-a-manger-concept-aire-ouverte-montreal-86-1.jpg\" \/>\n\t<meta property=\"og:image:width\" content=\"960\" \/>\n\t<meta property=\"og:image:height\" content=\"1280\" \/>\n\t<meta property=\"og:image:type\" content=\"image\/jpeg\" \/>\n<meta name=\"twitter:label1\" content=\"Estimation du temps de lecture\" \/>\n\t<meta name=\"twitter:data1\" content=\"7 minutes\" \/>\n<script type=\"application\/ld+json\" class=\"yoast-schema-graph\">{\"@context\":\"https:\\\/\\\/schema.org\",\"@graph\":[{\"@type\":\"WebPage\",\"@id\":\"https:\\\/\\\/versastyledesign.ca\\\/fr\\\/portfolio-de-design\\\/salon-et-salle-a-manger-a-aire-ouverte-coloree-a-montreal\\\/\",\"url\":\"https:\\\/\\\/versastyledesign.ca\\\/fr\\\/portfolio-de-design\\\/salon-et-salle-a-manger-a-aire-ouverte-coloree-a-montreal\\\/\",\"name\":\"Salon et salle \u00e0 manger \u00e0 aire ouverte color\u00e9e \u00e0 Montr\u00e9al - Versa Style Design\",\"isPartOf\":{\"@id\":\"http:\\\/\\\/new.versastyledesign.ca\\\/fr\\\/#website\"},\"primaryImageOfPage\":{\"@id\":\"https:\\\/\\\/versastyledesign.ca\\\/fr\\\/portfolio-de-design\\\/salon-et-salle-a-manger-a-aire-ouverte-coloree-a-montreal\\\/#primaryimage\"},\"image\":{\"@id\":\"https:\\\/\\\/versastyledesign.ca\\\/fr\\\/portfolio-de-design\\\/salon-et-salle-a-manger-a-aire-ouverte-coloree-a-montreal\\\/#primaryimage\"},\"thumbnailUrl\":\"https:\\\/\\\/versastyledesign.ca\\\/wp-content\\\/uploads\\\/2021\\\/02\\\/portfolio-design-salon-salle-a-manger-concept-aire-ouverte-montreal-86-1.jpg\",\"datePublished\":\"2021-02-12T16:50:25+00:00\",\"dateModified\":\"2023-08-26T17:03:08+00:00\",\"description\":\"La cliente souhaitait cr\u00e9er une harmonie et une fluidit\u00e9 entre la cuisine, la salle \u00e0 manger et le salon\u2026 tout un d\u00e9fi!\",\"breadcrumb\":{\"@id\":\"https:\\\/\\\/versastyledesign.ca\\\/fr\\\/portfolio-de-design\\\/salon-et-salle-a-manger-a-aire-ouverte-coloree-a-montreal\\\/#breadcrumb\"},\"inLanguage\":\"fr-CA\",\"potentialAction\":[{\"@type\":\"ReadAction\",\"target\":[\"https:\\\/\\\/versastyledesign.ca\\\/fr\\\/portfolio-de-design\\\/salon-et-salle-a-manger-a-aire-ouverte-coloree-a-montreal\\\/\"]}]},{\"@type\":\"ImageObject\",\"inLanguage\":\"fr-CA\",\"@id\":\"https:\\\/\\\/versastyledesign.ca\\\/fr\\\/portfolio-de-design\\\/salon-et-salle-a-manger-a-aire-ouverte-coloree-a-montreal\\\/#primaryimage\",\"url\":\"https:\\\/\\\/versastyledesign.ca\\\/wp-content\\\/uploads\\\/2021\\\/02\\\/portfolio-design-salon-salle-a-manger-concept-aire-ouverte-montreal-86-1.jpg\",\"contentUrl\":\"https:\\\/\\\/versastyledesign.ca\\\/wp-content\\\/uploads\\\/2021\\\/02\\\/portfolio-design-salon-salle-a-manger-concept-aire-ouverte-montreal-86-1.jpg\",\"width\":960,\"height\":1280,\"caption\":\"portfolio-design-salon-salle-a-manger-concept-aire-ouverte-montreal\"},{\"@type\":\"BreadcrumbList\",\"@id\":\"https:\\\/\\\/versastyledesign.ca\\\/fr\\\/portfolio-de-design\\\/salon-et-salle-a-manger-a-aire-ouverte-coloree-a-montreal\\\/#breadcrumb\",\"itemListElement\":[{\"@type\":\"ListItem\",\"position\":1,\"name\":\"Accueil\",\"item\":\"http:\\\/\\\/new.versastyledesign.ca\\\/fr\\\/\"},{\"@type\":\"ListItem\",\"position\":2,\"name\":\"Portfolio de Design\",\"item\":\"http:\\\/\\\/new.versastyledesign.ca\\\/fr\\\/design-portfolio\\\/\"},{\"@type\":\"ListItem\",\"position\":3,\"name\":\"Salon et salle \u00e0 manger \u00e0 aire ouverte color\u00e9e \u00e0 Montr\u00e9al\"}]},{\"@type\":\"WebSite\",\"@id\":\"http:\\\/\\\/new.versastyledesign.ca\\\/fr\\\/#website\",\"url\":\"http:\\\/\\\/new.versastyledesign.ca\\\/fr\\\/\",\"name\":\"Versa Style Design\",\"description\":\"Design d&#039;int\u00e9rieur et r\u00e9novations \u00e0 Montr\u00e9al\",\"publisher\":{\"@id\":\"http:\\\/\\\/new.versastyledesign.ca\\\/fr\\\/#organization\"},\"potentialAction\":[{\"@type\":\"SearchAction\",\"target\":{\"@type\":\"EntryPoint\",\"urlTemplate\":\"http:\\\/\\\/new.versastyledesign.ca\\\/fr\\\/?s={search_term_string}\"},\"query-input\":{\"@type\":\"PropertyValueSpecification\",\"valueRequired\":true,\"valueName\":\"search_term_string\"}}],\"inLanguage\":\"fr-CA\"},{\"@type\":\"Organization\",\"@id\":\"http:\\\/\\\/new.versastyledesign.ca\\\/fr\\\/#organization\",\"name\":\"Versa Style Design\",\"url\":\"http:\\\/\\\/new.versastyledesign.ca\\\/fr\\\/\",\"logo\":{\"@type\":\"ImageObject\",\"inLanguage\":\"fr-CA\",\"@id\":\"http:\\\/\\\/new.versastyledesign.ca\\\/fr\\\/#\\\/schema\\\/logo\\\/image\\\/\",\"url\":\"https:\\\/\\\/versastyledesign.ca\\\/wp-content\\\/uploads\\\/2019\\\/11\\\/Versa-Style-Design-logo.jpg\",\"contentUrl\":\"https:\\\/\\\/versastyledesign.ca\\\/wp-content\\\/uploads\\\/2019\\\/11\\\/Versa-Style-Design-logo.jpg\",\"width\":2099,\"height\":670,\"caption\":\"Versa Style Design\"},\"image\":{\"@id\":\"http:\\\/\\\/new.versastyledesign.ca\\\/fr\\\/#\\\/schema\\\/logo\\\/image\\\/\"},\"sameAs\":[\"https:\\\/\\\/www.facebook.com\\\/Versastyledesign?ref=hl\",\"https:\\\/\\\/x.com\\\/luciepitt\",\"https:\\\/\\\/www.instagram.com\\\/versastyledesign\\\/\",\"https:\\\/\\\/www.linkedin.com\\\/in\\\/lucie-pitt-54b0ba85\",\"https:\\\/\\\/www.pinterest.com\\\/versastyledesign\\\/\"]}]}<\/script>\n<!-- \/ Yoast SEO plugin. -->","yoast_head_json":{"title":"Salon et salle \u00e0 manger \u00e0 aire ouverte color\u00e9e \u00e0 Montr\u00e9al - Versa Style Design","description":"La cliente souhaitait cr\u00e9er une harmonie et une fluidit\u00e9 entre la cuisine, la salle \u00e0 manger et le salon\u2026 tout un d\u00e9fi!","robots":{"index":"index","follow":"follow","max-snippet":"max-snippet:-1","max-image-preview":"max-image-preview:large","max-video-preview":"max-video-preview:-1"},"canonical":"https:\/\/versastyledesign.ca\/fr\/portfolio-de-design\/salon-et-salle-a-manger-a-aire-ouverte-coloree-a-montreal\/","og_locale":"fr_CA","og_type":"article","og_title":"Salon et salle \u00e0 manger \u00e0 aire ouverte color\u00e9e \u00e0 Montr\u00e9al - Versa Style Design","og_description":"La cliente souhaitait cr\u00e9er une harmonie et une fluidit\u00e9 entre la cuisine, la salle \u00e0 manger et le salon\u2026 tout un d\u00e9fi!","og_url":"https:\/\/versastyledesign.ca\/fr\/portfolio-de-design\/salon-et-salle-a-manger-a-aire-ouverte-coloree-a-montreal\/","og_site_name":"Versa Style Design","article_publisher":"https:\/\/www.facebook.com\/Versastyledesign?ref=hl","article_modified_time":"2023-08-26T17:03:08+00:00","og_image":[{"width":960,"height":1280,"url":"https:\/\/new.versastyledesign.ca\/wp-content\/uploads\/2021\/02\/portfolio-design-salon-salle-a-manger-concept-aire-ouverte-montreal-86-1.jpg","type":"image\/jpeg"}],"twitter_misc":{"Estimation du temps de lecture":"7 minutes"},"schema":{"@context":"https:\/\/schema.org","@graph":[{"@type":"WebPage","@id":"https:\/\/versastyledesign.ca\/fr\/portfolio-de-design\/salon-et-salle-a-manger-a-aire-ouverte-coloree-a-montreal\/","url":"https:\/\/versastyledesign.ca\/fr\/portfolio-de-design\/salon-et-salle-a-manger-a-aire-ouverte-coloree-a-montreal\/","name":"Salon et salle \u00e0 manger \u00e0 aire ouverte color\u00e9e \u00e0 Montr\u00e9al - Versa Style Design","isPartOf":{"@id":"http:\/\/new.versastyledesign.ca\/fr\/#website"},"primaryImageOfPage":{"@id":"https:\/\/versastyledesign.ca\/fr\/portfolio-de-design\/salon-et-salle-a-manger-a-aire-ouverte-coloree-a-montreal\/#primaryimage"},"image":{"@id":"https:\/\/versastyledesign.ca\/fr\/portfolio-de-design\/salon-et-salle-a-manger-a-aire-ouverte-coloree-a-montreal\/#primaryimage"},"thumbnailUrl":"https:\/\/versastyledesign.ca\/wp-content\/uploads\/2021\/02\/portfolio-design-salon-salle-a-manger-concept-aire-ouverte-montreal-86-1.jpg","datePublished":"2021-02-12T16:50:25+00:00","dateModified":"2023-08-26T17:03:08+00:00","description":"La cliente souhaitait cr\u00e9er une harmonie et une fluidit\u00e9 entre la cuisine, la salle \u00e0 manger et le salon\u2026 tout un d\u00e9fi!","breadcrumb":{"@id":"https:\/\/versastyledesign.ca\/fr\/portfolio-de-design\/salon-et-salle-a-manger-a-aire-ouverte-coloree-a-montreal\/#breadcrumb"},"inLanguage":"fr-CA","potentialAction":[{"@type":"ReadAction","target":["https:\/\/versastyledesign.ca\/fr\/portfolio-de-design\/salon-et-salle-a-manger-a-aire-ouverte-coloree-a-montreal\/"]}]},{"@type":"ImageObject","inLanguage":"fr-CA","@id":"https:\/\/versastyledesign.ca\/fr\/portfolio-de-design\/salon-et-salle-a-manger-a-aire-ouverte-coloree-a-montreal\/#primaryimage","url":"https:\/\/versastyledesign.ca\/wp-content\/uploads\/2021\/02\/portfolio-design-salon-salle-a-manger-concept-aire-ouverte-montreal-86-1.jpg","contentUrl":"https:\/\/versastyledesign.ca\/wp-content\/uploads\/2021\/02\/portfolio-design-salon-salle-a-manger-concept-aire-ouverte-montreal-86-1.jpg","width":960,"height":1280,"caption":"portfolio-design-salon-salle-a-manger-concept-aire-ouverte-montreal"},{"@type":"BreadcrumbList","@id":"https:\/\/versastyledesign.ca\/fr\/portfolio-de-design\/salon-et-salle-a-manger-a-aire-ouverte-coloree-a-montreal\/#breadcrumb","itemListElement":[{"@type":"ListItem","position":1,"name":"Accueil","item":"http:\/\/new.versastyledesign.ca\/fr\/"},{"@type":"ListItem","position":2,"name":"Portfolio de Design","item":"http:\/\/new.versastyledesign.ca\/fr\/design-portfolio\/"},{"@type":"ListItem","position":3,"name":"Salon et salle \u00e0 manger \u00e0 aire ouverte color\u00e9e \u00e0 Montr\u00e9al"}]},{"@type":"WebSite","@id":"http:\/\/new.versastyledesign.ca\/fr\/#website","url":"http:\/\/new.versastyledesign.ca\/fr\/","name":"Versa Style Design","description":"Design d&#039;int\u00e9rieur et r\u00e9novations \u00e0 Montr\u00e9al","publisher":{"@id":"http:\/\/new.versastyledesign.ca\/fr\/#organization"},"potentialAction":[{"@type":"SearchAction","target":{"@type":"EntryPoint","urlTemplate":"http:\/\/new.versastyledesign.ca\/fr\/?s={search_term_string}"},"query-input":{"@type":"PropertyValueSpecification","valueRequired":true,"valueName":"search_term_string"}}],"inLanguage":"fr-CA"},{"@type":"Organization","@id":"http:\/\/new.versastyledesign.ca\/fr\/#organization","name":"Versa Style Design","url":"http:\/\/new.versastyledesign.ca\/fr\/","logo":{"@type":"ImageObject","inLanguage":"fr-CA","@id":"http:\/\/new.versastyledesign.ca\/fr\/#\/schema\/logo\/image\/","url":"https:\/\/versastyledesign.ca\/wp-content\/uploads\/2019\/11\/Versa-Style-Design-logo.jpg","contentUrl":"https:\/\/versastyledesign.ca\/wp-content\/uploads\/2019\/11\/Versa-Style-Design-logo.jpg","width":2099,"height":670,"caption":"Versa Style Design"},"image":{"@id":"http:\/\/new.versastyledesign.ca\/fr\/#\/schema\/logo\/image\/"},"sameAs":["https:\/\/www.facebook.com\/Versastyledesign?ref=hl","https:\/\/x.com\/luciepitt","https:\/\/www.instagram.com\/versastyledesign\/","https:\/\/www.linkedin.com\/in\/lucie-pitt-54b0ba85","https:\/\/www.pinterest.com\/versastyledesign\/"]}]}},"coauthors":[],"author_meta":{"author_link":"https:\/\/versastyledesign.ca\/fr\/author\/lucie-pitt\/","display_name":"Lucie Pitt"},"relative_dates":{"created":"Posted 5 ann\u00e9es ago","modified":"Updated 3 ann\u00e9es ago"},"absolute_dates":{"created":"Posted on 12 f\u00e9vrier 2021","modified":"Updated on 26 ao\u00fbt 2023"},"absolute_dates_time":{"created":"Posted on 12 f\u00e9vrier 2021 16 h 50 min","modified":"Updated on 26 ao\u00fbt 2023 13 h 03 min"},"featured_img_caption":"","featured_img":"https:\/\/versastyledesign.ca\/wp-content\/uploads\/2021\/02\/portfolio-design-salon-salle-a-manger-concept-aire-ouverte-montreal-86-1.jpg","series_order":"","_links":{"self":[{"href":"https:\/\/versastyledesign.ca\/fr\/wp-json\/wp\/v2\/pages\/21423","targetHints":{"allow":["GET"]}}],"collection":[{"href":"https:\/\/versastyledesign.ca\/fr\/wp-json\/wp\/v2\/pages"}],"about":[{"href":"https:\/\/versastyledesign.ca\/fr\/wp-json\/wp\/v2\/types\/page"}],"author":[{"embeddable":true,"href":"https:\/\/versastyledesign.ca\/fr\/wp-json\/wp\/v2\/users\/2"}],"replies":[{"embeddable":true,"href":"https:\/\/versastyledesign.ca\/fr\/wp-json\/wp\/v2\/comments?post=21423"}],"version-history":[{"count":5,"href":"https:\/\/versastyledesign.ca\/fr\/wp-json\/wp\/v2\/pages\/21423\/revisions"}],"predecessor-version":[{"id":26027,"href":"https:\/\/versastyledesign.ca\/fr\/wp-json\/wp\/v2\/pages\/21423\/revisions\/26027"}],"up":[{"embeddable":true,"href":"https:\/\/versastyledesign.ca\/fr\/wp-json\/wp\/v2\/pages\/1840"}],"wp:featuredmedia":[{"embeddable":true,"href":"https:\/\/versastyledesign.ca\/fr\/wp-json\/wp\/v2\/media\/21439"}],"wp:attachment":[{"href":"https:\/\/versastyledesign.ca\/fr\/wp-json\/wp\/v2\/media?parent=21423"}],"curies":[{"name":"wp","href":"https:\/\/api.w.org\/{rel}","templated":true}]}}