{"id":23243,"date":"2022-03-16T12:01:17","date_gmt":"2022-03-16T16:01:17","guid":{"rendered":"https:\/\/versastyledesign.ca\/?page_id=23243"},"modified":"2023-08-26T14:26:36","modified_gmt":"2023-08-26T18:26:36","slug":"design-descalier-a-boucherville-quebec","status":"publish","type":"page","link":"https:\/\/versastyledesign.ca\/fr\/portfolio-de-design\/design-descalier-a-boucherville-quebec\/","title":{"rendered":"Design d&rsquo;escalier \u00e0 Boucherville, Qu\u00e9bec"},"content":{"rendered":"\n<div class=\"wp-block-columns is-layout-flex wp-container-core-columns-is-layout-9d6595d7 wp-block-columns-is-layout-flex\">\n<div class=\"wp-block-column is-layout-flow wp-block-column-is-layout-flow\">\n<p><strong>Emplacement : <\/strong>Boucherville, Qc<\/p>\n\n\n\n<p><strong>Service de conception :<\/strong> recommandations de couleurs et de finitions<\/p>\n\n\n\n<p><strong>Mat\u00e9riaux utilis\u00e9s : <\/strong>peinture Sherwin Williams, photographies en noir et blanc dans des cadres en verre<\/p>\n\n\n\n<p><strong>Notre mandat :<\/strong> Les clients souhaitaient un escalier lumineux et contemporain menant au deuxi\u00e8me \u00e9tage. Nous avons recommand\u00e9 la palette gris p\u00e2le et blanc et peint les contremarches et les moulures de l&rsquo;escalier.<\/p>\n<\/div>\n\n\n\n<div class=\"wp-block-column is-layout-flow wp-block-column-is-layout-flow\">\n<figure class=\"wp-block-image size-full\"><img loading=\"lazy\" decoding=\"async\" width=\"567\" height=\"850\" src=\"https:\/\/versastyledesign.ca\/wp-content\/uploads\/2022\/03\/design-descalier-a-Boucherville-10.jpg\" alt=\"Design d'escalier \u00e0 Boucherville, Qu\u00e9bec\" class=\"wp-image-23244\" srcset=\"https:\/\/versastyledesign.ca\/wp-content\/uploads\/2022\/03\/design-descalier-a-Boucherville-10.jpg 567w, https:\/\/versastyledesign.ca\/wp-content\/uploads\/2022\/03\/design-descalier-a-Boucherville-10-200x300.jpg 200w\" sizes=\"auto, (max-width: 567px) 100vw, 567px\" \/><\/figure>\n<\/div>\n<\/div>\n\n\n\n<div style=\"height:50px\" aria-hidden=\"true\" class=\"wp-block-spacer\"><\/div>\n\n\n\n<h2 class=\"wp-block-heading\">Portfolio avant et apr\u00e8s de design d&rsquo;escalier \u00e0 Boucherville<br>par Versa Style Design<\/h2>\n\n\n\n<figure class=\"wp-block-gallery has-nested-images columns-default is-cropped wp-block-gallery-1 is-layout-flex wp-block-gallery-is-layout-flex\">\n<figure class=\"wp-block-image size-large\"><a href=\"https:\/\/versastyledesign.ca\/wp-content\/uploads\/2022\/03\/design-descalier-a-Boucherville-1-768x1024.jpg\"><img loading=\"lazy\" decoding=\"async\" width=\"768\" height=\"1024\" data-id=\"23254\" src=\"https:\/\/versastyledesign.ca\/wp-content\/uploads\/2022\/03\/design-descalier-a-Boucherville-1-768x1024.jpg\" alt=\"\" class=\"wp-image-23254\" srcset=\"https:\/\/versastyledesign.ca\/wp-content\/uploads\/2022\/03\/design-descalier-a-Boucherville-1-768x1024.jpg 768w, https:\/\/versastyledesign.ca\/wp-content\/uploads\/2022\/03\/design-descalier-a-Boucherville-1-225x300.jpg 225w, https:\/\/versastyledesign.ca\/wp-content\/uploads\/2022\/03\/design-descalier-a-Boucherville-1.jpg 960w\" sizes=\"auto, (max-width: 768px) 100vw, 768px\" \/><\/a><\/figure>\n\n\n\n<figure class=\"wp-block-image size-large\"><a href=\"https:\/\/versastyledesign.ca\/wp-content\/uploads\/2022\/03\/design-descalier-a-Boucherville-7-682x1024.jpg\"><img loading=\"lazy\" decoding=\"async\" width=\"682\" height=\"1024\" data-id=\"23247\" src=\"https:\/\/versastyledesign.ca\/wp-content\/uploads\/2022\/03\/design-descalier-a-Boucherville-7-682x1024.jpg\" alt=\"\" class=\"wp-image-23247\" srcset=\"https:\/\/versastyledesign.ca\/wp-content\/uploads\/2022\/03\/design-descalier-a-Boucherville-7-682x1024.jpg 682w, https:\/\/versastyledesign.ca\/wp-content\/uploads\/2022\/03\/design-descalier-a-Boucherville-7-200x300.jpg 200w, https:\/\/versastyledesign.ca\/wp-content\/uploads\/2022\/03\/design-descalier-a-Boucherville-7-768x1152.jpg 768w, https:\/\/versastyledesign.ca\/wp-content\/uploads\/2022\/03\/design-descalier-a-Boucherville-7.jpg 853w\" sizes=\"auto, (max-width: 682px) 100vw, 682px\" \/><\/a><\/figure>\n\n\n\n<figure class=\"wp-block-image size-large\"><a href=\"https:\/\/versastyledesign.ca\/wp-content\/uploads\/2022\/03\/design-descalier-a-Boucherville-11-682x1024.jpg\"><img loading=\"lazy\" decoding=\"async\" width=\"682\" height=\"1024\" data-id=\"23252\" src=\"https:\/\/versastyledesign.ca\/wp-content\/uploads\/2022\/03\/design-descalier-a-Boucherville-11-682x1024.jpg\" alt=\"\" class=\"wp-image-23252\" srcset=\"https:\/\/versastyledesign.ca\/wp-content\/uploads\/2022\/03\/design-descalier-a-Boucherville-11-682x1024.jpg 682w, https:\/\/versastyledesign.ca\/wp-content\/uploads\/2022\/03\/design-descalier-a-Boucherville-11-200x300.jpg 200w, https:\/\/versastyledesign.ca\/wp-content\/uploads\/2022\/03\/design-descalier-a-Boucherville-11-768x1152.jpg 768w, https:\/\/versastyledesign.ca\/wp-content\/uploads\/2022\/03\/design-descalier-a-Boucherville-11.jpg 853w\" sizes=\"auto, (max-width: 682px) 100vw, 682px\" \/><\/a><\/figure>\n\n\n\n<figure class=\"wp-block-image size-large\"><a href=\"https:\/\/versastyledesign.ca\/wp-content\/uploads\/2022\/03\/design-descalier-a-Boucherville-3-768x1024.jpg\"><img loading=\"lazy\" decoding=\"async\" width=\"768\" height=\"1024\" data-id=\"23256\" src=\"https:\/\/versastyledesign.ca\/wp-content\/uploads\/2022\/03\/design-descalier-a-Boucherville-3-768x1024.jpg\" alt=\"\" class=\"wp-image-23256\" srcset=\"https:\/\/versastyledesign.ca\/wp-content\/uploads\/2022\/03\/design-descalier-a-Boucherville-3-768x1024.jpg 768w, https:\/\/versastyledesign.ca\/wp-content\/uploads\/2022\/03\/design-descalier-a-Boucherville-3-225x300.jpg 225w, https:\/\/versastyledesign.ca\/wp-content\/uploads\/2022\/03\/design-descalier-a-Boucherville-3.jpg 960w\" sizes=\"auto, (max-width: 768px) 100vw, 768px\" \/><\/a><\/figure>\n\n\n\n<figure class=\"wp-block-image size-large\"><a href=\"https:\/\/versastyledesign.ca\/wp-content\/uploads\/2022\/03\/design-descalier-a-Boucherville-9-682x1024.jpg\"><img loading=\"lazy\" decoding=\"async\" width=\"682\" height=\"1024\" data-id=\"23250\" src=\"https:\/\/versastyledesign.ca\/wp-content\/uploads\/2022\/03\/design-descalier-a-Boucherville-9-682x1024.jpg\" alt=\"\" class=\"wp-image-23250\" srcset=\"https:\/\/versastyledesign.ca\/wp-content\/uploads\/2022\/03\/design-descalier-a-Boucherville-9-682x1024.jpg 682w, https:\/\/versastyledesign.ca\/wp-content\/uploads\/2022\/03\/design-descalier-a-Boucherville-9-200x300.jpg 200w, https:\/\/versastyledesign.ca\/wp-content\/uploads\/2022\/03\/design-descalier-a-Boucherville-9-768x1152.jpg 768w, https:\/\/versastyledesign.ca\/wp-content\/uploads\/2022\/03\/design-descalier-a-Boucherville-9.jpg 853w\" sizes=\"auto, (max-width: 682px) 100vw, 682px\" \/><\/a><\/figure>\n\n\n\n<figure class=\"wp-block-image size-large\"><a href=\"https:\/\/versastyledesign.ca\/wp-content\/uploads\/2022\/03\/design-descalier-a-Boucherville-5-673x1024.jpg\"><img loading=\"lazy\" decoding=\"async\" width=\"673\" height=\"1024\" data-id=\"23246\" src=\"https:\/\/versastyledesign.ca\/wp-content\/uploads\/2022\/03\/design-descalier-a-Boucherville-5-673x1024.jpg\" alt=\"\" class=\"wp-image-23246\" srcset=\"https:\/\/versastyledesign.ca\/wp-content\/uploads\/2022\/03\/design-descalier-a-Boucherville-5-673x1024.jpg 673w, https:\/\/versastyledesign.ca\/wp-content\/uploads\/2022\/03\/design-descalier-a-Boucherville-5-197x300.jpg 197w, https:\/\/versastyledesign.ca\/wp-content\/uploads\/2022\/03\/design-descalier-a-Boucherville-5-768x1169.jpg 768w, https:\/\/versastyledesign.ca\/wp-content\/uploads\/2022\/03\/design-descalier-a-Boucherville-5.jpg 841w\" sizes=\"auto, (max-width: 673px) 100vw, 673px\" \/><\/a><\/figure>\n<\/figure>\n\n\n\n<div style=\"height:100px\" aria-hidden=\"true\" class=\"wp-block-spacer\"><\/div>\n\n\n\n<div class=\"wp-block-columns are-vertically-aligned-center is-layout-flex wp-container-core-columns-is-layout-9d6595d7 wp-block-columns-is-layout-flex\">\n<div class=\"wp-block-column is-vertically-aligned-center is-layout-flow wp-block-column-is-layout-flow\">\n<figure class=\"wp-block-image size-full\"><img loading=\"lazy\" decoding=\"async\" width=\"833\" height=\"1250\" src=\"https:\/\/versastyledesign.ca\/wp-content\/uploads\/2026\/04\/Design-dune-entree-vestibule-dans-lOuest-de-Montreal.jpg\" alt=\"Design dune entree vestibule dans lOuest de Montreal\" class=\"wp-image-32145\" srcset=\"https:\/\/versastyledesign.ca\/wp-content\/uploads\/2026\/04\/Design-dune-entree-vestibule-dans-lOuest-de-Montreal.jpg 833w, https:\/\/versastyledesign.ca\/wp-content\/uploads\/2026\/04\/Design-dune-entree-vestibule-dans-lOuest-de-Montreal-200x300.jpg 200w, https:\/\/versastyledesign.ca\/wp-content\/uploads\/2026\/04\/Design-dune-entree-vestibule-dans-lOuest-de-Montreal-682x1024.jpg 682w, https:\/\/versastyledesign.ca\/wp-content\/uploads\/2026\/04\/Design-dune-entree-vestibule-dans-lOuest-de-Montreal-768x1152.jpg 768w\" sizes=\"auto, (max-width: 833px) 100vw, 833px\" \/><\/figure>\n<\/div>\n\n\n\n<div class=\"wp-block-column is-vertically-aligned-center is-layout-flow wp-block-column-is-layout-flow\">\n<h2 class=\"wp-block-heading has-text-align-center\">Portfolio de design d\u2019int\u00e9rieur de vestibules, de couloirs et d\u2019escaliers \u00e0 Montr\u00e9al<\/h2>\n\n\n\n<p class=\"has-text-align-center\">Pour voir nos portfolios de design de vestibules, de couloirs et d&rsquo;escaliers dans la r\u00e9gion du Grand Montr\u00e9al.<\/p>\n\n\n\n<div class=\"wp-block-buttons is-content-justification-center is-layout-flex wp-container-core-buttons-is-layout-16018d1d wp-block-buttons-is-layout-flex\">\n<div class=\"wp-block-button button-custom\"><a class=\"wp-block-button__link has-background wp-element-button\" href=\"\/fr?page_id=23437\" style=\"background-color:#d53652\">Voir les portfolios<\/a><\/div>\n<\/div>\n<\/div>\n<\/div>\n\n\n\n<div style=\"height:50px\" aria-hidden=\"true\" class=\"wp-block-spacer\"><\/div>\n\n\n\n<h2 class=\"wp-block-heading\"><strong>\u00cates-vous situ\u00e9 dans la grande r\u00e9gion de Montr\u00e9al?<\/strong><\/h2>\n\n\n\n<p class=\"has-text-align-center\"><strong>Donnez vie \u00e0 votre projet de design avec Lucie.<\/strong><\/p>\n\n\n\n<div class=\"wp-block-buttons is-content-justification-center is-layout-flex wp-container-core-buttons-is-layout-16018d1d wp-block-buttons-is-layout-flex\">\n<div class=\"wp-block-button button-inverse\"><a class=\"wp-block-button__link has-text-color has-background has-link-color wp-element-button\" href=\"\/fr\/forfait-de-design-interieur\/versa-style-design-premiere-consultation\/\" style=\"color:#d53652;background-color:#f3f3f3\">Premi\u00e8re consultation<\/a><\/div>\n<\/div>\n\n\n\n<div style=\"height:25px\" aria-hidden=\"true\" class=\"wp-block-spacer\"><\/div>\n<p><a href=\"\/\/www.pinterest.com\/pin\/create\/button\/\" data-pin-do=\"buttonBookmark\" data-pin-color=\"red\" data-pin-height=\"128\"><img decoding=\"async\" src=\"\/\/assets.pinterest.com\/images\/pidgets\/pinit_fg_en_rect_red_28.png\" \/><\/a><\/p>","protected":false},"excerpt":{"rendered":"<p>Emplacement : Boucherville, Qc Service de conception : recommandations de couleurs et de finitions Mat\u00e9riaux utilis\u00e9s : peinture Sherwin Williams, photographies en noir et blanc dans des cadres en verre Notre mandat : Les clients souhaitaient un escalier lumineux et contemporain menant au deuxi\u00e8me \u00e9tage. Nous avons recommand\u00e9 la palette gris p\u00e2le et blanc et [&hellip;]<\/p>\n","protected":false},"author":2,"featured_media":23244,"parent":1840,"menu_order":0,"comment_status":"closed","ping_status":"closed","template":"","meta":{"advgb_blocks_editor_width":"","advgb_blocks_columns_visual_guide":"","_genesis_hide_title":false,"_genesis_hide_breadcrumbs":false,"_genesis_hide_singular_image":false,"_genesis_hide_footer_widgets":false,"_genesis_custom_body_class":"","_genesis_custom_post_class":"","_genesis_layout":"","footnotes":""},"class_list":{"0":"post-23243","1":"page","2":"type-page","3":"status-publish","4":"has-post-thumbnail","6":"entry"},"yoast_head":"<!-- This site is optimized with the Yoast SEO plugin v27.4 - https:\/\/yoast.com\/product\/yoast-seo-wordpress\/ -->\n<title>Design d&#039;escalier \u00e0 Boucherville, Qu\u00e9bec - Versa Style Design<\/title>\n<meta name=\"description\" content=\"Les clients souhaitaient un escalier lumineux et contemporain menant au deuxi\u00e8me \u00e9tage.\" \/>\n<meta name=\"robots\" content=\"index, follow, max-snippet:-1, max-image-preview:large, max-video-preview:-1\" \/>\n<link rel=\"canonical\" href=\"https:\/\/versastyledesign.ca\/fr\/portfolio-de-design\/design-descalier-a-boucherville-quebec\/\" \/>\n<meta property=\"og:locale\" content=\"fr_CA\" \/>\n<meta property=\"og:type\" content=\"article\" \/>\n<meta property=\"og:title\" content=\"Design d&#039;escalier \u00e0 Boucherville, Qu\u00e9bec - Versa Style Design\" \/>\n<meta property=\"og:description\" content=\"Les clients souhaitaient un escalier lumineux et contemporain menant au deuxi\u00e8me \u00e9tage.\" \/>\n<meta property=\"og:url\" content=\"https:\/\/versastyledesign.ca\/fr\/portfolio-de-design\/design-descalier-a-boucherville-quebec\/\" \/>\n<meta property=\"og:site_name\" content=\"Versa Style Design\" \/>\n<meta property=\"article:publisher\" content=\"https:\/\/www.facebook.com\/Versastyledesign?ref=hl\" \/>\n<meta property=\"article:modified_time\" content=\"2023-08-26T18:26:36+00:00\" \/>\n<meta property=\"og:image\" content=\"http:\/\/new.versastyledesign.ca\/wp-content\/uploads\/2022\/03\/design-descalier-a-Boucherville-10.jpg\" \/>\n\t<meta property=\"og:image:width\" content=\"567\" \/>\n\t<meta property=\"og:image:height\" content=\"850\" \/>\n\t<meta property=\"og:image:type\" content=\"image\/jpeg\" \/>\n<meta name=\"twitter:label1\" content=\"Estimation du temps de lecture\" \/>\n\t<meta name=\"twitter:data1\" content=\"2 minutes\" \/>\n<script type=\"application\/ld+json\" class=\"yoast-schema-graph\">{\"@context\":\"https:\\\/\\\/schema.org\",\"@graph\":[{\"@type\":\"WebPage\",\"@id\":\"https:\\\/\\\/versastyledesign.ca\\\/fr\\\/portfolio-de-design\\\/design-descalier-a-boucherville-quebec\\\/\",\"url\":\"https:\\\/\\\/versastyledesign.ca\\\/fr\\\/portfolio-de-design\\\/design-descalier-a-boucherville-quebec\\\/\",\"name\":\"Design d'escalier \u00e0 Boucherville, Qu\u00e9bec - Versa Style Design\",\"isPartOf\":{\"@id\":\"http:\\\/\\\/new.versastyledesign.ca\\\/fr\\\/#website\"},\"primaryImageOfPage\":{\"@id\":\"https:\\\/\\\/versastyledesign.ca\\\/fr\\\/portfolio-de-design\\\/design-descalier-a-boucherville-quebec\\\/#primaryimage\"},\"image\":{\"@id\":\"https:\\\/\\\/versastyledesign.ca\\\/fr\\\/portfolio-de-design\\\/design-descalier-a-boucherville-quebec\\\/#primaryimage\"},\"thumbnailUrl\":\"https:\\\/\\\/versastyledesign.ca\\\/wp-content\\\/uploads\\\/2022\\\/03\\\/design-descalier-a-Boucherville-10.jpg\",\"datePublished\":\"2022-03-16T16:01:17+00:00\",\"dateModified\":\"2023-08-26T18:26:36+00:00\",\"description\":\"Les clients souhaitaient un escalier lumineux et contemporain menant au deuxi\u00e8me \u00e9tage.\",\"breadcrumb\":{\"@id\":\"https:\\\/\\\/versastyledesign.ca\\\/fr\\\/portfolio-de-design\\\/design-descalier-a-boucherville-quebec\\\/#breadcrumb\"},\"inLanguage\":\"fr-CA\",\"potentialAction\":[{\"@type\":\"ReadAction\",\"target\":[\"https:\\\/\\\/versastyledesign.ca\\\/fr\\\/portfolio-de-design\\\/design-descalier-a-boucherville-quebec\\\/\"]}]},{\"@type\":\"ImageObject\",\"inLanguage\":\"fr-CA\",\"@id\":\"https:\\\/\\\/versastyledesign.ca\\\/fr\\\/portfolio-de-design\\\/design-descalier-a-boucherville-quebec\\\/#primaryimage\",\"url\":\"https:\\\/\\\/versastyledesign.ca\\\/wp-content\\\/uploads\\\/2022\\\/03\\\/design-descalier-a-Boucherville-10.jpg\",\"contentUrl\":\"https:\\\/\\\/versastyledesign.ca\\\/wp-content\\\/uploads\\\/2022\\\/03\\\/design-descalier-a-Boucherville-10.jpg\",\"width\":567,\"height\":850,\"caption\":\"design-descalier-a-Boucherville\"},{\"@type\":\"BreadcrumbList\",\"@id\":\"https:\\\/\\\/versastyledesign.ca\\\/fr\\\/portfolio-de-design\\\/design-descalier-a-boucherville-quebec\\\/#breadcrumb\",\"itemListElement\":[{\"@type\":\"ListItem\",\"position\":1,\"name\":\"Accueil\",\"item\":\"http:\\\/\\\/new.versastyledesign.ca\\\/fr\\\/\"},{\"@type\":\"ListItem\",\"position\":2,\"name\":\"Portfolio de Design\",\"item\":\"http:\\\/\\\/new.versastyledesign.ca\\\/fr\\\/design-portfolio\\\/\"},{\"@type\":\"ListItem\",\"position\":3,\"name\":\"Design d&#8217;escalier \u00e0 Boucherville, Qu\u00e9bec\"}]},{\"@type\":\"WebSite\",\"@id\":\"http:\\\/\\\/new.versastyledesign.ca\\\/fr\\\/#website\",\"url\":\"http:\\\/\\\/new.versastyledesign.ca\\\/fr\\\/\",\"name\":\"Versa Style Design\",\"description\":\"Design d&#039;int\u00e9rieur et r\u00e9novations \u00e0 Montr\u00e9al\",\"publisher\":{\"@id\":\"http:\\\/\\\/new.versastyledesign.ca\\\/fr\\\/#organization\"},\"potentialAction\":[{\"@type\":\"SearchAction\",\"target\":{\"@type\":\"EntryPoint\",\"urlTemplate\":\"http:\\\/\\\/new.versastyledesign.ca\\\/fr\\\/?s={search_term_string}\"},\"query-input\":{\"@type\":\"PropertyValueSpecification\",\"valueRequired\":true,\"valueName\":\"search_term_string\"}}],\"inLanguage\":\"fr-CA\"},{\"@type\":\"Organization\",\"@id\":\"http:\\\/\\\/new.versastyledesign.ca\\\/fr\\\/#organization\",\"name\":\"Versa Style Design\",\"url\":\"http:\\\/\\\/new.versastyledesign.ca\\\/fr\\\/\",\"logo\":{\"@type\":\"ImageObject\",\"inLanguage\":\"fr-CA\",\"@id\":\"http:\\\/\\\/new.versastyledesign.ca\\\/fr\\\/#\\\/schema\\\/logo\\\/image\\\/\",\"url\":\"https:\\\/\\\/versastyledesign.ca\\\/wp-content\\\/uploads\\\/2019\\\/11\\\/Versa-Style-Design-logo.jpg\",\"contentUrl\":\"https:\\\/\\\/versastyledesign.ca\\\/wp-content\\\/uploads\\\/2019\\\/11\\\/Versa-Style-Design-logo.jpg\",\"width\":2099,\"height\":670,\"caption\":\"Versa Style Design\"},\"image\":{\"@id\":\"http:\\\/\\\/new.versastyledesign.ca\\\/fr\\\/#\\\/schema\\\/logo\\\/image\\\/\"},\"sameAs\":[\"https:\\\/\\\/www.facebook.com\\\/Versastyledesign?ref=hl\",\"https:\\\/\\\/x.com\\\/luciepitt\",\"https:\\\/\\\/www.instagram.com\\\/versastyledesign\\\/\",\"https:\\\/\\\/www.linkedin.com\\\/in\\\/lucie-pitt-54b0ba85\",\"https:\\\/\\\/www.pinterest.com\\\/versastyledesign\\\/\"]}]}<\/script>\n<!-- \/ Yoast SEO plugin. -->","yoast_head_json":{"title":"Design d'escalier \u00e0 Boucherville, Qu\u00e9bec - Versa Style Design","description":"Les clients souhaitaient un escalier lumineux et contemporain menant au deuxi\u00e8me \u00e9tage.","robots":{"index":"index","follow":"follow","max-snippet":"max-snippet:-1","max-image-preview":"max-image-preview:large","max-video-preview":"max-video-preview:-1"},"canonical":"https:\/\/versastyledesign.ca\/fr\/portfolio-de-design\/design-descalier-a-boucherville-quebec\/","og_locale":"fr_CA","og_type":"article","og_title":"Design d'escalier \u00e0 Boucherville, Qu\u00e9bec - Versa Style Design","og_description":"Les clients souhaitaient un escalier lumineux et contemporain menant au deuxi\u00e8me \u00e9tage.","og_url":"https:\/\/versastyledesign.ca\/fr\/portfolio-de-design\/design-descalier-a-boucherville-quebec\/","og_site_name":"Versa Style Design","article_publisher":"https:\/\/www.facebook.com\/Versastyledesign?ref=hl","article_modified_time":"2023-08-26T18:26:36+00:00","og_image":[{"width":567,"height":850,"url":"http:\/\/new.versastyledesign.ca\/wp-content\/uploads\/2022\/03\/design-descalier-a-Boucherville-10.jpg","type":"image\/jpeg"}],"twitter_misc":{"Estimation du temps de lecture":"2 minutes"},"schema":{"@context":"https:\/\/schema.org","@graph":[{"@type":"WebPage","@id":"https:\/\/versastyledesign.ca\/fr\/portfolio-de-design\/design-descalier-a-boucherville-quebec\/","url":"https:\/\/versastyledesign.ca\/fr\/portfolio-de-design\/design-descalier-a-boucherville-quebec\/","name":"Design d'escalier \u00e0 Boucherville, Qu\u00e9bec - Versa Style Design","isPartOf":{"@id":"http:\/\/new.versastyledesign.ca\/fr\/#website"},"primaryImageOfPage":{"@id":"https:\/\/versastyledesign.ca\/fr\/portfolio-de-design\/design-descalier-a-boucherville-quebec\/#primaryimage"},"image":{"@id":"https:\/\/versastyledesign.ca\/fr\/portfolio-de-design\/design-descalier-a-boucherville-quebec\/#primaryimage"},"thumbnailUrl":"https:\/\/versastyledesign.ca\/wp-content\/uploads\/2022\/03\/design-descalier-a-Boucherville-10.jpg","datePublished":"2022-03-16T16:01:17+00:00","dateModified":"2023-08-26T18:26:36+00:00","description":"Les clients souhaitaient un escalier lumineux et contemporain menant au deuxi\u00e8me \u00e9tage.","breadcrumb":{"@id":"https:\/\/versastyledesign.ca\/fr\/portfolio-de-design\/design-descalier-a-boucherville-quebec\/#breadcrumb"},"inLanguage":"fr-CA","potentialAction":[{"@type":"ReadAction","target":["https:\/\/versastyledesign.ca\/fr\/portfolio-de-design\/design-descalier-a-boucherville-quebec\/"]}]},{"@type":"ImageObject","inLanguage":"fr-CA","@id":"https:\/\/versastyledesign.ca\/fr\/portfolio-de-design\/design-descalier-a-boucherville-quebec\/#primaryimage","url":"https:\/\/versastyledesign.ca\/wp-content\/uploads\/2022\/03\/design-descalier-a-Boucherville-10.jpg","contentUrl":"https:\/\/versastyledesign.ca\/wp-content\/uploads\/2022\/03\/design-descalier-a-Boucherville-10.jpg","width":567,"height":850,"caption":"design-descalier-a-Boucherville"},{"@type":"BreadcrumbList","@id":"https:\/\/versastyledesign.ca\/fr\/portfolio-de-design\/design-descalier-a-boucherville-quebec\/#breadcrumb","itemListElement":[{"@type":"ListItem","position":1,"name":"Accueil","item":"http:\/\/new.versastyledesign.ca\/fr\/"},{"@type":"ListItem","position":2,"name":"Portfolio de Design","item":"http:\/\/new.versastyledesign.ca\/fr\/design-portfolio\/"},{"@type":"ListItem","position":3,"name":"Design d&#8217;escalier \u00e0 Boucherville, Qu\u00e9bec"}]},{"@type":"WebSite","@id":"http:\/\/new.versastyledesign.ca\/fr\/#website","url":"http:\/\/new.versastyledesign.ca\/fr\/","name":"Versa Style Design","description":"Design d&#039;int\u00e9rieur et r\u00e9novations \u00e0 Montr\u00e9al","publisher":{"@id":"http:\/\/new.versastyledesign.ca\/fr\/#organization"},"potentialAction":[{"@type":"SearchAction","target":{"@type":"EntryPoint","urlTemplate":"http:\/\/new.versastyledesign.ca\/fr\/?s={search_term_string}"},"query-input":{"@type":"PropertyValueSpecification","valueRequired":true,"valueName":"search_term_string"}}],"inLanguage":"fr-CA"},{"@type":"Organization","@id":"http:\/\/new.versastyledesign.ca\/fr\/#organization","name":"Versa Style Design","url":"http:\/\/new.versastyledesign.ca\/fr\/","logo":{"@type":"ImageObject","inLanguage":"fr-CA","@id":"http:\/\/new.versastyledesign.ca\/fr\/#\/schema\/logo\/image\/","url":"https:\/\/versastyledesign.ca\/wp-content\/uploads\/2019\/11\/Versa-Style-Design-logo.jpg","contentUrl":"https:\/\/versastyledesign.ca\/wp-content\/uploads\/2019\/11\/Versa-Style-Design-logo.jpg","width":2099,"height":670,"caption":"Versa Style Design"},"image":{"@id":"http:\/\/new.versastyledesign.ca\/fr\/#\/schema\/logo\/image\/"},"sameAs":["https:\/\/www.facebook.com\/Versastyledesign?ref=hl","https:\/\/x.com\/luciepitt","https:\/\/www.instagram.com\/versastyledesign\/","https:\/\/www.linkedin.com\/in\/lucie-pitt-54b0ba85","https:\/\/www.pinterest.com\/versastyledesign\/"]}]}},"coauthors":[],"author_meta":{"author_link":"https:\/\/versastyledesign.ca\/fr\/author\/lucie-pitt\/","display_name":"Lucie Pitt"},"relative_dates":{"created":"Posted 4 ann\u00e9es ago","modified":"Updated 3 ann\u00e9es ago"},"absolute_dates":{"created":"Posted on 16 mars 2022","modified":"Updated on 26 ao\u00fbt 2023"},"absolute_dates_time":{"created":"Posted on 16 mars 2022 12 h 01 min","modified":"Updated on 26 ao\u00fbt 2023 14 h 26 min"},"featured_img_caption":"","featured_img":"https:\/\/versastyledesign.ca\/wp-content\/uploads\/2022\/03\/design-descalier-a-Boucherville-10.jpg","series_order":"","_links":{"self":[{"href":"https:\/\/versastyledesign.ca\/fr\/wp-json\/wp\/v2\/pages\/23243","targetHints":{"allow":["GET"]}}],"collection":[{"href":"https:\/\/versastyledesign.ca\/fr\/wp-json\/wp\/v2\/pages"}],"about":[{"href":"https:\/\/versastyledesign.ca\/fr\/wp-json\/wp\/v2\/types\/page"}],"author":[{"embeddable":true,"href":"https:\/\/versastyledesign.ca\/fr\/wp-json\/wp\/v2\/users\/2"}],"replies":[{"embeddable":true,"href":"https:\/\/versastyledesign.ca\/fr\/wp-json\/wp\/v2\/comments?post=23243"}],"version-history":[{"count":5,"href":"https:\/\/versastyledesign.ca\/fr\/wp-json\/wp\/v2\/pages\/23243\/revisions"}],"predecessor-version":[{"id":26408,"href":"https:\/\/versastyledesign.ca\/fr\/wp-json\/wp\/v2\/pages\/23243\/revisions\/26408"}],"up":[{"embeddable":true,"href":"https:\/\/versastyledesign.ca\/fr\/wp-json\/wp\/v2\/pages\/1840"}],"wp:featuredmedia":[{"embeddable":true,"href":"https:\/\/versastyledesign.ca\/fr\/wp-json\/wp\/v2\/media\/23244"}],"wp:attachment":[{"href":"https:\/\/versastyledesign.ca\/fr\/wp-json\/wp\/v2\/media?parent=23243"}],"curies":[{"name":"wp","href":"https:\/\/api.w.org\/{rel}","templated":true}]}}