{"id":23346,"date":"2022-03-16T14:36:04","date_gmt":"2022-03-16T18:36:04","guid":{"rendered":"https:\/\/versastyledesign.ca\/?page_id=23346"},"modified":"2023-08-26T14:25:56","modified_gmt":"2023-08-26T18:25:56","slug":"design-descaliers-et-couloirs-a-ste-therese-quebec","status":"publish","type":"page","link":"https:\/\/versastyledesign.ca\/fr\/portfolio-de-design\/design-descaliers-et-couloirs-a-ste-therese-quebec\/","title":{"rendered":"Design d&rsquo;escaliers et couloirs \u00e0 Ste-Th\u00e9r\u00e8se, Qu\u00e9bec"},"content":{"rendered":"\n<div class=\"wp-block-columns is-layout-flex wp-container-core-columns-is-layout-9d6595d7 wp-block-columns-is-layout-flex\">\n<div class=\"wp-block-column is-layout-flow wp-block-column-is-layout-flow\">\n<p><strong>Emplacement : <\/strong>Ste-Th\u00e9r\u00e8se, Qc<\/p>\n\n\n\n<p><strong>Service de conception&nbsp;: <\/strong>Recommandations de couleurs et de finitions, tapis de passage sur mesure et installation de mur de galerie<\/p>\n\n\n\n<p><strong>Mat\u00e9riaux utilis\u00e9s :<\/strong> Cadres antiques de diff\u00e9rentes formes et tailles, lambris et garnitures murales classiques, tapis d&rsquo;escaliers et de passage en laine <\/p>\n\n\n\n<p><strong>Notre mandat :<\/strong> La cliente souhaitait \u00e9gayer son escalier menant au deuxi\u00e8me \u00e9tage et d\u00e9corer le couloir de l&rsquo;\u00e9tage. Elle estimait que l&rsquo;escalier \u00e9tait fade et que le palier \u00e0 l&rsquo;\u00e9tage manquait de personnalit\u00e9. En accord avec les go\u00fbts de la cliente pour le style classique et \u00ab\u00a0French Country\u00a0\u00bb, nous avons recommand\u00e9 un tapis sur-mesure sur les marches qui suit le couloir \u00e0 l&rsquo;\u00e9tage vers les chambres.<\/p>\n<\/div>\n\n\n\n<div class=\"wp-block-column is-layout-flow wp-block-column-is-layout-flow\">\n<figure class=\"wp-block-image size-full\"><img loading=\"lazy\" decoding=\"async\" width=\"566\" height=\"850\" src=\"https:\/\/versastyledesign.ca\/wp-content\/uploads\/2022\/03\/design-de-couloir-a-Sainte-Therese-8.jpg\" alt=\"Design d'escaliers et couloirs \u00e0 Ste-Th\u00e9r\u00e8se, Qu\u00e9bec\" class=\"wp-image-23347\" srcset=\"https:\/\/versastyledesign.ca\/wp-content\/uploads\/2022\/03\/design-de-couloir-a-Sainte-Therese-8.jpg 566w, https:\/\/versastyledesign.ca\/wp-content\/uploads\/2022\/03\/design-de-couloir-a-Sainte-Therese-8-200x300.jpg 200w\" sizes=\"auto, (max-width: 566px) 100vw, 566px\" \/><\/figure>\n<\/div>\n<\/div>\n\n\n\n<p>Le tapis sur-mesure ajoute de l&rsquo;int\u00e9r\u00eat, \u00e9claire et ancre l&rsquo;espace. Nous avons \u00e9galement install\u00e9 un mur de galerie entier d&rsquo;au moins 30 cadres de diff\u00e9rentes tailles et formes contenant des souvenirs de voyages et de moments pass\u00e9s en famille pour personnaliser le couloir. Il existe maintenant un int\u00e9r\u00eat visuel, et les escaliers et le couloir sont chaleureux et accueillants.<\/p>\n\n\n\n<div style=\"height:50px\" aria-hidden=\"true\" class=\"wp-block-spacer\"><\/div>\n\n\n\n<h2 class=\"wp-block-heading\">Portfolio de design avant et apr\u00e8s d&rsquo;escaliers et de couloirs<br>par Versa Style Design<\/h2>\n\n\n\n<figure class=\"wp-block-gallery has-nested-images columns-default is-cropped wp-block-gallery-1 is-layout-flex wp-block-gallery-is-layout-flex\">\n<figure class=\"wp-block-image size-large\"><a href=\"https:\/\/versastyledesign.ca\/wp-content\/uploads\/2022\/03\/design-de-couloir-a-Sainte-Therese-1-750x1024.jpg\"><img loading=\"lazy\" decoding=\"async\" width=\"750\" height=\"1024\" data-id=\"23349\" src=\"https:\/\/versastyledesign.ca\/wp-content\/uploads\/2022\/03\/design-de-couloir-a-Sainte-Therese-1-750x1024.jpg\" alt=\"\" class=\"wp-image-23349\" srcset=\"https:\/\/versastyledesign.ca\/wp-content\/uploads\/2022\/03\/design-de-couloir-a-Sainte-Therese-1-750x1024.jpg 750w, https:\/\/versastyledesign.ca\/wp-content\/uploads\/2022\/03\/design-de-couloir-a-Sainte-Therese-1-220x300.jpg 220w, https:\/\/versastyledesign.ca\/wp-content\/uploads\/2022\/03\/design-de-couloir-a-Sainte-Therese-1-768x1049.jpg 768w, https:\/\/versastyledesign.ca\/wp-content\/uploads\/2022\/03\/design-de-couloir-a-Sainte-Therese-1.jpg 937w\" sizes=\"auto, (max-width: 750px) 100vw, 750px\" \/><\/a><\/figure>\n\n\n\n<figure class=\"wp-block-image size-large\"><a href=\"https:\/\/versastyledesign.ca\/wp-content\/uploads\/2022\/03\/design-de-couloir-a-Sainte-Therese-9-682x1024.jpg\"><img loading=\"lazy\" decoding=\"async\" width=\"682\" height=\"1024\" data-id=\"23359\" src=\"https:\/\/versastyledesign.ca\/wp-content\/uploads\/2022\/03\/design-de-couloir-a-Sainte-Therese-9-682x1024.jpg\" alt=\"\" class=\"wp-image-23359\" srcset=\"https:\/\/versastyledesign.ca\/wp-content\/uploads\/2022\/03\/design-de-couloir-a-Sainte-Therese-9-682x1024.jpg 682w, https:\/\/versastyledesign.ca\/wp-content\/uploads\/2022\/03\/design-de-couloir-a-Sainte-Therese-9-200x300.jpg 200w, https:\/\/versastyledesign.ca\/wp-content\/uploads\/2022\/03\/design-de-couloir-a-Sainte-Therese-9-768x1154.jpg 768w, https:\/\/versastyledesign.ca\/wp-content\/uploads\/2022\/03\/design-de-couloir-a-Sainte-Therese-9.jpg 852w\" sizes=\"auto, (max-width: 682px) 100vw, 682px\" \/><\/a><\/figure>\n\n\n\n<figure class=\"wp-block-image size-large\"><a href=\"https:\/\/versastyledesign.ca\/wp-content\/uploads\/2022\/03\/design-de-couloir-a-Sainte-Therese-7-768x1024.jpg\"><img loading=\"lazy\" decoding=\"async\" width=\"768\" height=\"1024\" data-id=\"23357\" src=\"https:\/\/versastyledesign.ca\/wp-content\/uploads\/2022\/03\/design-de-couloir-a-Sainte-Therese-7-768x1024.jpg\" alt=\"\" class=\"wp-image-23357\" srcset=\"https:\/\/versastyledesign.ca\/wp-content\/uploads\/2022\/03\/design-de-couloir-a-Sainte-Therese-7-768x1024.jpg 768w, https:\/\/versastyledesign.ca\/wp-content\/uploads\/2022\/03\/design-de-couloir-a-Sainte-Therese-7-225x300.jpg 225w, https:\/\/versastyledesign.ca\/wp-content\/uploads\/2022\/03\/design-de-couloir-a-Sainte-Therese-7.jpg 960w\" sizes=\"auto, (max-width: 768px) 100vw, 768px\" \/><\/a><\/figure>\n\n\n\n<figure class=\"wp-block-image size-large\"><a href=\"https:\/\/versastyledesign.ca\/wp-content\/uploads\/2022\/03\/design-de-couloir-a-Sainte-Therese-5-682x1024.jpg\"><img loading=\"lazy\" decoding=\"async\" width=\"682\" height=\"1024\" data-id=\"23351\" src=\"https:\/\/versastyledesign.ca\/wp-content\/uploads\/2022\/03\/design-de-couloir-a-Sainte-Therese-5-682x1024.jpg\" alt=\"\" class=\"wp-image-23351\" srcset=\"https:\/\/versastyledesign.ca\/wp-content\/uploads\/2022\/03\/design-de-couloir-a-Sainte-Therese-5-682x1024.jpg 682w, https:\/\/versastyledesign.ca\/wp-content\/uploads\/2022\/03\/design-de-couloir-a-Sainte-Therese-5-200x300.jpg 200w, https:\/\/versastyledesign.ca\/wp-content\/uploads\/2022\/03\/design-de-couloir-a-Sainte-Therese-5-768x1154.jpg 768w, https:\/\/versastyledesign.ca\/wp-content\/uploads\/2022\/03\/design-de-couloir-a-Sainte-Therese-5.jpg 852w\" sizes=\"auto, (max-width: 682px) 100vw, 682px\" \/><\/a><\/figure>\n\n\n\n<figure class=\"wp-block-image size-large\"><a href=\"https:\/\/versastyledesign.ca\/wp-content\/uploads\/2022\/03\/design-de-couloir-a-Sainte-Therese-11-682x1024.jpg\"><img loading=\"lazy\" decoding=\"async\" width=\"682\" height=\"1024\" data-id=\"23355\" src=\"https:\/\/versastyledesign.ca\/wp-content\/uploads\/2022\/03\/design-de-couloir-a-Sainte-Therese-11-682x1024.jpg\" alt=\"\" class=\"wp-image-23355\" srcset=\"https:\/\/versastyledesign.ca\/wp-content\/uploads\/2022\/03\/design-de-couloir-a-Sainte-Therese-11-682x1024.jpg 682w, https:\/\/versastyledesign.ca\/wp-content\/uploads\/2022\/03\/design-de-couloir-a-Sainte-Therese-11-200x300.jpg 200w, https:\/\/versastyledesign.ca\/wp-content\/uploads\/2022\/03\/design-de-couloir-a-Sainte-Therese-11-768x1154.jpg 768w, https:\/\/versastyledesign.ca\/wp-content\/uploads\/2022\/03\/design-de-couloir-a-Sainte-Therese-11.jpg 852w\" sizes=\"auto, (max-width: 682px) 100vw, 682px\" \/><\/a><\/figure>\n\n\n\n<figure class=\"wp-block-image size-large\"><a href=\"https:\/\/versastyledesign.ca\/wp-content\/uploads\/2022\/03\/design-de-couloir-a-Sainte-Therese-3-695x1024.jpg\"><img loading=\"lazy\" decoding=\"async\" width=\"695\" height=\"1024\" data-id=\"23353\" src=\"https:\/\/versastyledesign.ca\/wp-content\/uploads\/2022\/03\/design-de-couloir-a-Sainte-Therese-3-695x1024.jpg\" alt=\"\" class=\"wp-image-23353\" srcset=\"https:\/\/versastyledesign.ca\/wp-content\/uploads\/2022\/03\/design-de-couloir-a-Sainte-Therese-3-695x1024.jpg 695w, https:\/\/versastyledesign.ca\/wp-content\/uploads\/2022\/03\/design-de-couloir-a-Sainte-Therese-3-204x300.jpg 204w, https:\/\/versastyledesign.ca\/wp-content\/uploads\/2022\/03\/design-de-couloir-a-Sainte-Therese-3-768x1131.jpg 768w, https:\/\/versastyledesign.ca\/wp-content\/uploads\/2022\/03\/design-de-couloir-a-Sainte-Therese-3.jpg 869w\" sizes=\"auto, (max-width: 695px) 100vw, 695px\" \/><\/a><\/figure>\n<\/figure>\n\n\n\n<div style=\"height:100px\" aria-hidden=\"true\" class=\"wp-block-spacer\"><\/div>\n\n\n\n<div class=\"wp-block-columns are-vertically-aligned-center is-layout-flex wp-container-core-columns-is-layout-9d6595d7 wp-block-columns-is-layout-flex\">\n<div class=\"wp-block-column is-vertically-aligned-center is-layout-flow wp-block-column-is-layout-flow\">\n<figure class=\"wp-block-image size-full\"><img loading=\"lazy\" decoding=\"async\" width=\"833\" height=\"1250\" src=\"https:\/\/versastyledesign.ca\/wp-content\/uploads\/2026\/04\/Design-dune-entree-vestibule-dans-lOuest-de-Montreal.jpg\" alt=\"Design dune entree vestibule dans lOuest de Montreal\" class=\"wp-image-32145\" srcset=\"https:\/\/versastyledesign.ca\/wp-content\/uploads\/2026\/04\/Design-dune-entree-vestibule-dans-lOuest-de-Montreal.jpg 833w, https:\/\/versastyledesign.ca\/wp-content\/uploads\/2026\/04\/Design-dune-entree-vestibule-dans-lOuest-de-Montreal-200x300.jpg 200w, https:\/\/versastyledesign.ca\/wp-content\/uploads\/2026\/04\/Design-dune-entree-vestibule-dans-lOuest-de-Montreal-682x1024.jpg 682w, https:\/\/versastyledesign.ca\/wp-content\/uploads\/2026\/04\/Design-dune-entree-vestibule-dans-lOuest-de-Montreal-768x1152.jpg 768w\" sizes=\"auto, (max-width: 833px) 100vw, 833px\" \/><\/figure>\n<\/div>\n\n\n\n<div class=\"wp-block-column is-vertically-aligned-center is-layout-flow wp-block-column-is-layout-flow\">\n<h2 class=\"wp-block-heading has-text-align-center\">Portfolio de design d\u2019int\u00e9rieur de vestibules, de couloirs et d\u2019escaliers \u00e0 Montr\u00e9al<\/h2>\n\n\n\n<p class=\"has-text-align-center\">Pour voir nos portfolios de design de vestibules, de couloirs et d&rsquo;escaliers dans la r\u00e9gion du Grand Montr\u00e9al.<\/p>\n\n\n\n<div class=\"wp-block-buttons is-content-justification-center is-layout-flex wp-container-core-buttons-is-layout-16018d1d wp-block-buttons-is-layout-flex\">\n<div class=\"wp-block-button button-custom\"><a class=\"wp-block-button__link has-background wp-element-button\" href=\"\/fr?page_id=23437\" style=\"background-color:#d53652\">Voir les portfolios<\/a><\/div>\n<\/div>\n<\/div>\n<\/div>\n\n\n\n<div style=\"height:50px\" aria-hidden=\"true\" class=\"wp-block-spacer\"><\/div>\n\n\n\n<h2 class=\"wp-block-heading\"><strong>\u00cates-vous situ\u00e9 dans la grande r\u00e9gion de Montr\u00e9al?<\/strong><\/h2>\n\n\n\n<p class=\"has-text-align-center\"><strong>Donnez vie \u00e0 votre projet de design avec Lucie.<\/strong><\/p>\n\n\n\n<div class=\"wp-block-buttons is-content-justification-center is-layout-flex wp-container-core-buttons-is-layout-16018d1d wp-block-buttons-is-layout-flex\">\n<div class=\"wp-block-button button-inverse\"><a class=\"wp-block-button__link has-text-color has-background has-link-color wp-element-button\" href=\"\/fr\/forfait-de-design-interieur\/versa-style-design-premiere-consultation\/\" style=\"color:#d53652;background-color:#f3f3f3\">Premi\u00e8re consultation<\/a><\/div>\n<\/div>\n\n\n\n<div style=\"height:25px\" aria-hidden=\"true\" class=\"wp-block-spacer\"><\/div>\n<p><a href=\"\/\/www.pinterest.com\/pin\/create\/button\/\" data-pin-do=\"buttonBookmark\" data-pin-color=\"red\" data-pin-height=\"128\"><img decoding=\"async\" src=\"\/\/assets.pinterest.com\/images\/pidgets\/pinit_fg_en_rect_red_28.png\" \/><\/a><\/p>","protected":false},"excerpt":{"rendered":"<p>Emplacement : Ste-Th\u00e9r\u00e8se, Qc Service de conception&nbsp;: Recommandations de couleurs et de finitions, tapis de passage sur mesure et installation de mur de galerie Mat\u00e9riaux utilis\u00e9s : Cadres antiques de diff\u00e9rentes formes et tailles, lambris et garnitures murales classiques, tapis d&rsquo;escaliers et de passage en laine Notre mandat : La cliente souhaitait \u00e9gayer son escalier [&hellip;]<\/p>\n","protected":false},"author":2,"featured_media":23347,"parent":1840,"menu_order":0,"comment_status":"closed","ping_status":"closed","template":"","meta":{"advgb_blocks_editor_width":"","advgb_blocks_columns_visual_guide":"","_genesis_hide_title":false,"_genesis_hide_breadcrumbs":false,"_genesis_hide_singular_image":false,"_genesis_hide_footer_widgets":false,"_genesis_custom_body_class":"","_genesis_custom_post_class":"","_genesis_layout":"","footnotes":""},"class_list":{"0":"post-23346","1":"page","2":"type-page","3":"status-publish","4":"has-post-thumbnail","6":"entry"},"yoast_head":"<!-- This site is optimized with the Yoast SEO plugin v27.4 - https:\/\/yoast.com\/product\/yoast-seo-wordpress\/ -->\n<title>Design d&#039;escaliers et couloirs \u00e0 Ste-Th\u00e9r\u00e8se, Qu\u00e9bec - Versa Style Design<\/title>\n<meta name=\"description\" content=\"La cliente souhaitait \u00e9gayer son escalier menant au deuxi\u00e8me \u00e9tage et d\u00e9corer le couloir de l&#039;\u00e9tage.\" \/>\n<meta name=\"robots\" content=\"index, follow, max-snippet:-1, max-image-preview:large, max-video-preview:-1\" \/>\n<link rel=\"canonical\" href=\"https:\/\/versastyledesign.ca\/fr\/portfolio-de-design\/design-descaliers-et-couloirs-a-ste-therese-quebec\/\" \/>\n<meta property=\"og:locale\" content=\"fr_CA\" \/>\n<meta property=\"og:type\" content=\"article\" \/>\n<meta property=\"og:title\" content=\"Design d&#039;escaliers et couloirs \u00e0 Ste-Th\u00e9r\u00e8se, Qu\u00e9bec - Versa Style Design\" \/>\n<meta property=\"og:description\" content=\"La cliente souhaitait \u00e9gayer son escalier menant au deuxi\u00e8me \u00e9tage et d\u00e9corer le couloir de l&#039;\u00e9tage.\" \/>\n<meta property=\"og:url\" content=\"https:\/\/versastyledesign.ca\/fr\/portfolio-de-design\/design-descaliers-et-couloirs-a-ste-therese-quebec\/\" \/>\n<meta property=\"og:site_name\" content=\"Versa Style Design\" \/>\n<meta property=\"article:publisher\" content=\"https:\/\/www.facebook.com\/Versastyledesign?ref=hl\" \/>\n<meta property=\"article:modified_time\" content=\"2023-08-26T18:25:56+00:00\" \/>\n<meta property=\"og:image\" content=\"http:\/\/new.versastyledesign.ca\/wp-content\/uploads\/2022\/03\/design-de-couloir-a-Sainte-Therese-8.jpg\" \/>\n\t<meta property=\"og:image:width\" content=\"566\" \/>\n\t<meta property=\"og:image:height\" content=\"850\" \/>\n\t<meta property=\"og:image:type\" content=\"image\/jpeg\" \/>\n<meta name=\"twitter:label1\" content=\"Estimation du temps de lecture\" \/>\n\t<meta name=\"twitter:data1\" content=\"3 minutes\" \/>\n<script type=\"application\/ld+json\" class=\"yoast-schema-graph\">{\"@context\":\"https:\\\/\\\/schema.org\",\"@graph\":[{\"@type\":\"WebPage\",\"@id\":\"https:\\\/\\\/versastyledesign.ca\\\/fr\\\/portfolio-de-design\\\/design-descaliers-et-couloirs-a-ste-therese-quebec\\\/\",\"url\":\"https:\\\/\\\/versastyledesign.ca\\\/fr\\\/portfolio-de-design\\\/design-descaliers-et-couloirs-a-ste-therese-quebec\\\/\",\"name\":\"Design d'escaliers et couloirs \u00e0 Ste-Th\u00e9r\u00e8se, Qu\u00e9bec - Versa Style Design\",\"isPartOf\":{\"@id\":\"http:\\\/\\\/new.versastyledesign.ca\\\/fr\\\/#website\"},\"primaryImageOfPage\":{\"@id\":\"https:\\\/\\\/versastyledesign.ca\\\/fr\\\/portfolio-de-design\\\/design-descaliers-et-couloirs-a-ste-therese-quebec\\\/#primaryimage\"},\"image\":{\"@id\":\"https:\\\/\\\/versastyledesign.ca\\\/fr\\\/portfolio-de-design\\\/design-descaliers-et-couloirs-a-ste-therese-quebec\\\/#primaryimage\"},\"thumbnailUrl\":\"https:\\\/\\\/versastyledesign.ca\\\/wp-content\\\/uploads\\\/2022\\\/03\\\/design-de-couloir-a-Sainte-Therese-8.jpg\",\"datePublished\":\"2022-03-16T18:36:04+00:00\",\"dateModified\":\"2023-08-26T18:25:56+00:00\",\"description\":\"La cliente souhaitait \u00e9gayer son escalier menant au deuxi\u00e8me \u00e9tage et d\u00e9corer le couloir de l'\u00e9tage.\",\"breadcrumb\":{\"@id\":\"https:\\\/\\\/versastyledesign.ca\\\/fr\\\/portfolio-de-design\\\/design-descaliers-et-couloirs-a-ste-therese-quebec\\\/#breadcrumb\"},\"inLanguage\":\"fr-CA\",\"potentialAction\":[{\"@type\":\"ReadAction\",\"target\":[\"https:\\\/\\\/versastyledesign.ca\\\/fr\\\/portfolio-de-design\\\/design-descaliers-et-couloirs-a-ste-therese-quebec\\\/\"]}]},{\"@type\":\"ImageObject\",\"inLanguage\":\"fr-CA\",\"@id\":\"https:\\\/\\\/versastyledesign.ca\\\/fr\\\/portfolio-de-design\\\/design-descaliers-et-couloirs-a-ste-therese-quebec\\\/#primaryimage\",\"url\":\"https:\\\/\\\/versastyledesign.ca\\\/wp-content\\\/uploads\\\/2022\\\/03\\\/design-de-couloir-a-Sainte-Therese-8.jpg\",\"contentUrl\":\"https:\\\/\\\/versastyledesign.ca\\\/wp-content\\\/uploads\\\/2022\\\/03\\\/design-de-couloir-a-Sainte-Therese-8.jpg\",\"width\":566,\"height\":850,\"caption\":\"design-de-couloir-a-Sainte-Therese\"},{\"@type\":\"BreadcrumbList\",\"@id\":\"https:\\\/\\\/versastyledesign.ca\\\/fr\\\/portfolio-de-design\\\/design-descaliers-et-couloirs-a-ste-therese-quebec\\\/#breadcrumb\",\"itemListElement\":[{\"@type\":\"ListItem\",\"position\":1,\"name\":\"Accueil\",\"item\":\"http:\\\/\\\/new.versastyledesign.ca\\\/fr\\\/\"},{\"@type\":\"ListItem\",\"position\":2,\"name\":\"Portfolio de Design\",\"item\":\"http:\\\/\\\/new.versastyledesign.ca\\\/fr\\\/design-portfolio\\\/\"},{\"@type\":\"ListItem\",\"position\":3,\"name\":\"Design d&#8217;escaliers et couloirs \u00e0 Ste-Th\u00e9r\u00e8se, Qu\u00e9bec\"}]},{\"@type\":\"WebSite\",\"@id\":\"http:\\\/\\\/new.versastyledesign.ca\\\/fr\\\/#website\",\"url\":\"http:\\\/\\\/new.versastyledesign.ca\\\/fr\\\/\",\"name\":\"Versa Style Design\",\"description\":\"Design d&#039;int\u00e9rieur et r\u00e9novations \u00e0 Montr\u00e9al\",\"publisher\":{\"@id\":\"http:\\\/\\\/new.versastyledesign.ca\\\/fr\\\/#organization\"},\"potentialAction\":[{\"@type\":\"SearchAction\",\"target\":{\"@type\":\"EntryPoint\",\"urlTemplate\":\"http:\\\/\\\/new.versastyledesign.ca\\\/fr\\\/?s={search_term_string}\"},\"query-input\":{\"@type\":\"PropertyValueSpecification\",\"valueRequired\":true,\"valueName\":\"search_term_string\"}}],\"inLanguage\":\"fr-CA\"},{\"@type\":\"Organization\",\"@id\":\"http:\\\/\\\/new.versastyledesign.ca\\\/fr\\\/#organization\",\"name\":\"Versa Style Design\",\"url\":\"http:\\\/\\\/new.versastyledesign.ca\\\/fr\\\/\",\"logo\":{\"@type\":\"ImageObject\",\"inLanguage\":\"fr-CA\",\"@id\":\"http:\\\/\\\/new.versastyledesign.ca\\\/fr\\\/#\\\/schema\\\/logo\\\/image\\\/\",\"url\":\"https:\\\/\\\/versastyledesign.ca\\\/wp-content\\\/uploads\\\/2019\\\/11\\\/Versa-Style-Design-logo.jpg\",\"contentUrl\":\"https:\\\/\\\/versastyledesign.ca\\\/wp-content\\\/uploads\\\/2019\\\/11\\\/Versa-Style-Design-logo.jpg\",\"width\":2099,\"height\":670,\"caption\":\"Versa Style Design\"},\"image\":{\"@id\":\"http:\\\/\\\/new.versastyledesign.ca\\\/fr\\\/#\\\/schema\\\/logo\\\/image\\\/\"},\"sameAs\":[\"https:\\\/\\\/www.facebook.com\\\/Versastyledesign?ref=hl\",\"https:\\\/\\\/x.com\\\/luciepitt\",\"https:\\\/\\\/www.instagram.com\\\/versastyledesign\\\/\",\"https:\\\/\\\/www.linkedin.com\\\/in\\\/lucie-pitt-54b0ba85\",\"https:\\\/\\\/www.pinterest.com\\\/versastyledesign\\\/\"]}]}<\/script>\n<!-- \/ Yoast SEO plugin. -->","yoast_head_json":{"title":"Design d'escaliers et couloirs \u00e0 Ste-Th\u00e9r\u00e8se, Qu\u00e9bec - Versa Style Design","description":"La cliente souhaitait \u00e9gayer son escalier menant au deuxi\u00e8me \u00e9tage et d\u00e9corer le couloir de l'\u00e9tage.","robots":{"index":"index","follow":"follow","max-snippet":"max-snippet:-1","max-image-preview":"max-image-preview:large","max-video-preview":"max-video-preview:-1"},"canonical":"https:\/\/versastyledesign.ca\/fr\/portfolio-de-design\/design-descaliers-et-couloirs-a-ste-therese-quebec\/","og_locale":"fr_CA","og_type":"article","og_title":"Design d'escaliers et couloirs \u00e0 Ste-Th\u00e9r\u00e8se, Qu\u00e9bec - Versa Style Design","og_description":"La cliente souhaitait \u00e9gayer son escalier menant au deuxi\u00e8me \u00e9tage et d\u00e9corer le couloir de l'\u00e9tage.","og_url":"https:\/\/versastyledesign.ca\/fr\/portfolio-de-design\/design-descaliers-et-couloirs-a-ste-therese-quebec\/","og_site_name":"Versa Style Design","article_publisher":"https:\/\/www.facebook.com\/Versastyledesign?ref=hl","article_modified_time":"2023-08-26T18:25:56+00:00","og_image":[{"width":566,"height":850,"url":"http:\/\/new.versastyledesign.ca\/wp-content\/uploads\/2022\/03\/design-de-couloir-a-Sainte-Therese-8.jpg","type":"image\/jpeg"}],"twitter_misc":{"Estimation du temps de lecture":"3 minutes"},"schema":{"@context":"https:\/\/schema.org","@graph":[{"@type":"WebPage","@id":"https:\/\/versastyledesign.ca\/fr\/portfolio-de-design\/design-descaliers-et-couloirs-a-ste-therese-quebec\/","url":"https:\/\/versastyledesign.ca\/fr\/portfolio-de-design\/design-descaliers-et-couloirs-a-ste-therese-quebec\/","name":"Design d'escaliers et couloirs \u00e0 Ste-Th\u00e9r\u00e8se, Qu\u00e9bec - Versa Style Design","isPartOf":{"@id":"http:\/\/new.versastyledesign.ca\/fr\/#website"},"primaryImageOfPage":{"@id":"https:\/\/versastyledesign.ca\/fr\/portfolio-de-design\/design-descaliers-et-couloirs-a-ste-therese-quebec\/#primaryimage"},"image":{"@id":"https:\/\/versastyledesign.ca\/fr\/portfolio-de-design\/design-descaliers-et-couloirs-a-ste-therese-quebec\/#primaryimage"},"thumbnailUrl":"https:\/\/versastyledesign.ca\/wp-content\/uploads\/2022\/03\/design-de-couloir-a-Sainte-Therese-8.jpg","datePublished":"2022-03-16T18:36:04+00:00","dateModified":"2023-08-26T18:25:56+00:00","description":"La cliente souhaitait \u00e9gayer son escalier menant au deuxi\u00e8me \u00e9tage et d\u00e9corer le couloir de l'\u00e9tage.","breadcrumb":{"@id":"https:\/\/versastyledesign.ca\/fr\/portfolio-de-design\/design-descaliers-et-couloirs-a-ste-therese-quebec\/#breadcrumb"},"inLanguage":"fr-CA","potentialAction":[{"@type":"ReadAction","target":["https:\/\/versastyledesign.ca\/fr\/portfolio-de-design\/design-descaliers-et-couloirs-a-ste-therese-quebec\/"]}]},{"@type":"ImageObject","inLanguage":"fr-CA","@id":"https:\/\/versastyledesign.ca\/fr\/portfolio-de-design\/design-descaliers-et-couloirs-a-ste-therese-quebec\/#primaryimage","url":"https:\/\/versastyledesign.ca\/wp-content\/uploads\/2022\/03\/design-de-couloir-a-Sainte-Therese-8.jpg","contentUrl":"https:\/\/versastyledesign.ca\/wp-content\/uploads\/2022\/03\/design-de-couloir-a-Sainte-Therese-8.jpg","width":566,"height":850,"caption":"design-de-couloir-a-Sainte-Therese"},{"@type":"BreadcrumbList","@id":"https:\/\/versastyledesign.ca\/fr\/portfolio-de-design\/design-descaliers-et-couloirs-a-ste-therese-quebec\/#breadcrumb","itemListElement":[{"@type":"ListItem","position":1,"name":"Accueil","item":"http:\/\/new.versastyledesign.ca\/fr\/"},{"@type":"ListItem","position":2,"name":"Portfolio de Design","item":"http:\/\/new.versastyledesign.ca\/fr\/design-portfolio\/"},{"@type":"ListItem","position":3,"name":"Design d&#8217;escaliers et couloirs \u00e0 Ste-Th\u00e9r\u00e8se, Qu\u00e9bec"}]},{"@type":"WebSite","@id":"http:\/\/new.versastyledesign.ca\/fr\/#website","url":"http:\/\/new.versastyledesign.ca\/fr\/","name":"Versa Style Design","description":"Design d&#039;int\u00e9rieur et r\u00e9novations \u00e0 Montr\u00e9al","publisher":{"@id":"http:\/\/new.versastyledesign.ca\/fr\/#organization"},"potentialAction":[{"@type":"SearchAction","target":{"@type":"EntryPoint","urlTemplate":"http:\/\/new.versastyledesign.ca\/fr\/?s={search_term_string}"},"query-input":{"@type":"PropertyValueSpecification","valueRequired":true,"valueName":"search_term_string"}}],"inLanguage":"fr-CA"},{"@type":"Organization","@id":"http:\/\/new.versastyledesign.ca\/fr\/#organization","name":"Versa Style Design","url":"http:\/\/new.versastyledesign.ca\/fr\/","logo":{"@type":"ImageObject","inLanguage":"fr-CA","@id":"http:\/\/new.versastyledesign.ca\/fr\/#\/schema\/logo\/image\/","url":"https:\/\/versastyledesign.ca\/wp-content\/uploads\/2019\/11\/Versa-Style-Design-logo.jpg","contentUrl":"https:\/\/versastyledesign.ca\/wp-content\/uploads\/2019\/11\/Versa-Style-Design-logo.jpg","width":2099,"height":670,"caption":"Versa Style Design"},"image":{"@id":"http:\/\/new.versastyledesign.ca\/fr\/#\/schema\/logo\/image\/"},"sameAs":["https:\/\/www.facebook.com\/Versastyledesign?ref=hl","https:\/\/x.com\/luciepitt","https:\/\/www.instagram.com\/versastyledesign\/","https:\/\/www.linkedin.com\/in\/lucie-pitt-54b0ba85","https:\/\/www.pinterest.com\/versastyledesign\/"]}]}},"coauthors":[],"author_meta":{"author_link":"https:\/\/versastyledesign.ca\/fr\/author\/lucie-pitt\/","display_name":"Lucie Pitt"},"relative_dates":{"created":"Posted 4 ann\u00e9es ago","modified":"Updated 3 ann\u00e9es ago"},"absolute_dates":{"created":"Posted on 16 mars 2022","modified":"Updated on 26 ao\u00fbt 2023"},"absolute_dates_time":{"created":"Posted on 16 mars 2022 14 h 36 min","modified":"Updated on 26 ao\u00fbt 2023 14 h 25 min"},"featured_img_caption":"","featured_img":"https:\/\/versastyledesign.ca\/wp-content\/uploads\/2022\/03\/design-de-couloir-a-Sainte-Therese-8.jpg","series_order":"","_links":{"self":[{"href":"https:\/\/versastyledesign.ca\/fr\/wp-json\/wp\/v2\/pages\/23346","targetHints":{"allow":["GET"]}}],"collection":[{"href":"https:\/\/versastyledesign.ca\/fr\/wp-json\/wp\/v2\/pages"}],"about":[{"href":"https:\/\/versastyledesign.ca\/fr\/wp-json\/wp\/v2\/types\/page"}],"author":[{"embeddable":true,"href":"https:\/\/versastyledesign.ca\/fr\/wp-json\/wp\/v2\/users\/2"}],"replies":[{"embeddable":true,"href":"https:\/\/versastyledesign.ca\/fr\/wp-json\/wp\/v2\/comments?post=23346"}],"version-history":[{"count":5,"href":"https:\/\/versastyledesign.ca\/fr\/wp-json\/wp\/v2\/pages\/23346\/revisions"}],"predecessor-version":[{"id":26405,"href":"https:\/\/versastyledesign.ca\/fr\/wp-json\/wp\/v2\/pages\/23346\/revisions\/26405"}],"up":[{"embeddable":true,"href":"https:\/\/versastyledesign.ca\/fr\/wp-json\/wp\/v2\/pages\/1840"}],"wp:featuredmedia":[{"embeddable":true,"href":"https:\/\/versastyledesign.ca\/fr\/wp-json\/wp\/v2\/media\/23347"}],"wp:attachment":[{"href":"https:\/\/versastyledesign.ca\/fr\/wp-json\/wp\/v2\/media?parent=23346"}],"curies":[{"name":"wp","href":"https:\/\/api.w.org\/{rel}","templated":true}]}}