{"id":23437,"date":"2022-03-25T11:37:44","date_gmt":"2022-03-25T15:37:44","guid":{"rendered":"https:\/\/versastyledesign.ca\/portfolio-de-design\/montreal-entrance-vestibules-halls-and-stairs-interior-design-portfolio\/"},"modified":"2026-04-17T23:42:49","modified_gmt":"2026-04-18T03:42:49","slug":"portfolio-de-design-dinterieur-de-vestibules-dentree-de-couloirs-et-descaliers-a-montreal","status":"publish","type":"page","link":"https:\/\/versastyledesign.ca\/fr\/portfolio-de-design\/portfolio-de-design-dinterieur-de-vestibules-dentree-de-couloirs-et-descaliers-a-montreal\/","title":{"rendered":"Portfolio de design d&rsquo;int\u00e9rieur de vestibules, de couloirs et d&rsquo;escaliers \u00e0 Montr\u00e9al"},"content":{"rendered":"\n<div class=\"wp-block-columns is-layout-flex wp-container-core-columns-is-layout-9d6595d7 wp-block-columns-is-layout-flex\">\n<div class=\"wp-block-column is-layout-flow wp-block-column-is-layout-flow\">\n<div style=\"height:50px\" aria-hidden=\"true\" class=\"wp-block-spacer\"><\/div>\n\n\n\n<h4 class=\"wp-block-heading\">Design de vestibule au Plateau-Mont-Royal de Montr\u00e9al<\/h4>\n\n\n\n<figure class=\"wp-block-image size-large\"><img loading=\"lazy\" decoding=\"async\" width=\"1024\" height=\"767\" src=\"https:\/\/versastyledesign.ca\/wp-content\/uploads\/2022\/06\/Design-de-vestibule-a-Montreal-Le-Plateau-5-1024x767.jpg\" alt=\"Design-de-vestibule-a-Montreal-Le-Plateau\" class=\"wp-image-23770\" srcset=\"https:\/\/versastyledesign.ca\/wp-content\/uploads\/2022\/06\/Design-de-vestibule-a-Montreal-Le-Plateau-5-1024x767.jpg 1024w, https:\/\/versastyledesign.ca\/wp-content\/uploads\/2022\/06\/Design-de-vestibule-a-Montreal-Le-Plateau-5-300x225.jpg 300w, https:\/\/versastyledesign.ca\/wp-content\/uploads\/2022\/06\/Design-de-vestibule-a-Montreal-Le-Plateau-5-768x575.jpg 768w, https:\/\/versastyledesign.ca\/wp-content\/uploads\/2022\/06\/Design-de-vestibule-a-Montreal-Le-Plateau-5.jpg 1280w\" sizes=\"auto, (max-width: 1024px) 100vw, 1024px\" \/><\/figure>\n\n\n\n<p><\/p>\n\n\n\n<p class=\"has-text-align-center\">Avec une famille grandissante, nos clients commen\u00e7aient \u00e0 se sentir d\u00e9pass\u00e9s par l\u2019encombrement et la d\u00e9sorganisation de l\u2019entr\u00e9e-vestibule principale.<\/p>\n\n\n\n<div class=\"wp-block-buttons is-content-justification-center is-layout-flex wp-container-core-buttons-is-layout-16018d1d wp-block-buttons-is-layout-flex\">\n<div class=\"wp-block-button button-custom\"><a class=\"wp-block-button__link has-text-color wp-element-button\" href=\"https:\/\/versastyledesign.ca\/fr\/portfolio-de-design\/design-de-vestibule-au-plateau-mont-royal-de-montreal\/\" style=\"color:#d53652\">Voir le portfolio<\/a><\/div>\n<\/div>\n<\/div>\n\n\n\n<div class=\"wp-block-column is-layout-flow wp-block-column-is-layout-flow\">\n<div style=\"height:50px\" aria-hidden=\"true\" class=\"wp-block-spacer\"><\/div>\n\n\n\n<h4 class=\"wp-block-heading\">M\u00e9tamorphose d\u2019un entr\u00e9e et escalier \u00e0 Montr\u00e9al-Ouest<\/h4>\n\n\n\n<figure class=\"wp-block-image size-large\"><img loading=\"lazy\" decoding=\"async\" width=\"1024\" height=\"683\" src=\"https:\/\/versastyledesign.ca\/wp-content\/uploads\/2025\/12\/Renovation-du-hall-et-de-lescalier-dune-maison-Craftsman-a-Montreal-Ouest-1-1024x683.jpeg\" alt=\"Renovation du hall et de lescalier dune maison Craftsman a Montreal-Ouest\" class=\"wp-image-31572\" srcset=\"https:\/\/versastyledesign.ca\/wp-content\/uploads\/2025\/12\/Renovation-du-hall-et-de-lescalier-dune-maison-Craftsman-a-Montreal-Ouest-1-1024x683.jpeg 1024w, https:\/\/versastyledesign.ca\/wp-content\/uploads\/2025\/12\/Renovation-du-hall-et-de-lescalier-dune-maison-Craftsman-a-Montreal-Ouest-1-300x200.jpeg 300w, https:\/\/versastyledesign.ca\/wp-content\/uploads\/2025\/12\/Renovation-du-hall-et-de-lescalier-dune-maison-Craftsman-a-Montreal-Ouest-1-768x512.jpeg 768w, https:\/\/versastyledesign.ca\/wp-content\/uploads\/2025\/12\/Renovation-du-hall-et-de-lescalier-dune-maison-Craftsman-a-Montreal-Ouest-1.jpeg 1280w\" sizes=\"auto, (max-width: 1024px) 100vw, 1024px\" \/><\/figure>\n\n\n\n<p><\/p>\n\n\n\n<p class=\"has-text-align-center\">Les clients souhaitaient illuminer l\u2019escalier menant \u00e0 l\u2019\u00e9tage, tout en pr\u00e9servant le caract\u00e8re du bois d\u2019origine.<\/p>\n\n\n\n<div class=\"wp-block-buttons is-content-justification-center is-layout-flex wp-container-core-buttons-is-layout-16018d1d wp-block-buttons-is-layout-flex\">\n<div class=\"wp-block-button button-custom\"><a class=\"wp-block-button__link has-text-color wp-element-button\" href=\"https:\/\/versastyledesign.ca\/fr\/portfolio-de-design\/metamorphose-dun-entree-et-escalier-a-montreal-ouest\/\" style=\"color:#d53652\">Voir le portfolio<\/a><\/div>\n<\/div>\n<\/div>\n<\/div>\n\n\n\n<div class=\"wp-block-columns is-layout-flex wp-container-core-columns-is-layout-9d6595d7 wp-block-columns-is-layout-flex\">\n<div class=\"wp-block-column is-layout-flow wp-block-column-is-layout-flow\">\n<div style=\"height:50px\" aria-hidden=\"true\" class=\"wp-block-spacer\"><\/div>\n\n\n\n<h4 class=\"wp-block-heading\">Design d\u2019entr\u00e9e \u00e0 Pointe-Claire, Montr\u00e9al<\/h4>\n\n\n\n<figure class=\"wp-block-image size-large\"><img loading=\"lazy\" decoding=\"async\" width=\"738\" height=\"1024\" src=\"https:\/\/versastyledesign.ca\/wp-content\/uploads\/2024\/09\/Design-dentree-a-Pointe-Claire-Montreal-1-738x1024.jpg\" alt=\"Design dentree a Pointe-Claire Montreal\" class=\"wp-image-28865\" srcset=\"https:\/\/versastyledesign.ca\/wp-content\/uploads\/2024\/09\/Design-dentree-a-Pointe-Claire-Montreal-1-738x1024.jpg 738w, https:\/\/versastyledesign.ca\/wp-content\/uploads\/2024\/09\/Design-dentree-a-Pointe-Claire-Montreal-1-216x300.jpg 216w, https:\/\/versastyledesign.ca\/wp-content\/uploads\/2024\/09\/Design-dentree-a-Pointe-Claire-Montreal-1-768x1065.jpg 768w, https:\/\/versastyledesign.ca\/wp-content\/uploads\/2024\/09\/Design-dentree-a-Pointe-Claire-Montreal-1.jpg 901w\" sizes=\"auto, (max-width: 738px) 100vw, 738px\" \/><\/figure>\n\n\n\n<p><\/p>\n\n\n\n<p class=\"has-text-align-center\">Nos clients souhaitaient r\u00e9soudre leur probl\u00e8me de d\u00e9sorganisation dans l\u2019entr\u00e9e principale.<\/p>\n\n\n\n<div class=\"wp-block-buttons is-content-justification-center is-layout-flex wp-container-core-buttons-is-layout-16018d1d wp-block-buttons-is-layout-flex\">\n<div class=\"wp-block-button button-custom\"><a class=\"wp-block-button__link has-text-color wp-element-button\" href=\"https:\/\/versastyledesign.ca\/fr\/portfolio-de-design\/design-dentree-a-pointe-claire-montreal\/\" style=\"color:#d53652\">Voir le portfolio<\/a><\/div>\n<\/div>\n<\/div>\n\n\n\n<div class=\"wp-block-column is-layout-flow wp-block-column-is-layout-flow\">\n<div style=\"height:50px\" aria-hidden=\"true\" class=\"wp-block-spacer\"><\/div>\n\n\n\n<h4 class=\"wp-block-heading\">Design d\u2019une entr\u00e9e vestibule dans l\u2019Ouest de Montr\u00e9al<\/h4>\n\n\n\n<figure class=\"wp-block-image size-large\"><img loading=\"lazy\" decoding=\"async\" width=\"682\" height=\"1024\" src=\"https:\/\/versastyledesign.ca\/wp-content\/uploads\/2026\/04\/Design-dune-entree-vestibule-dans-lOuest-de-Montreal-682x1024.jpg\" alt=\"Design dune entree vestibule dans lOuest de Montreal\" class=\"wp-image-32145\" srcset=\"https:\/\/versastyledesign.ca\/wp-content\/uploads\/2026\/04\/Design-dune-entree-vestibule-dans-lOuest-de-Montreal-682x1024.jpg 682w, https:\/\/versastyledesign.ca\/wp-content\/uploads\/2026\/04\/Design-dune-entree-vestibule-dans-lOuest-de-Montreal-200x300.jpg 200w, https:\/\/versastyledesign.ca\/wp-content\/uploads\/2026\/04\/Design-dune-entree-vestibule-dans-lOuest-de-Montreal-768x1152.jpg 768w, https:\/\/versastyledesign.ca\/wp-content\/uploads\/2026\/04\/Design-dune-entree-vestibule-dans-lOuest-de-Montreal.jpg 833w\" sizes=\"auto, (max-width: 682px) 100vw, 682px\" \/><\/figure>\n\n\n\n<p><\/p>\n\n\n\n<p class=\"has-text-align-center\">Il s\u2019agissait d\u2019une fabuleuse cr\u00e9ation d\u2019une entr\u00e9e vestibule \u00e0 partir de z\u00e9ro.<\/p>\n\n\n\n<div class=\"wp-block-buttons is-content-justification-center is-layout-flex wp-container-core-buttons-is-layout-16018d1d wp-block-buttons-is-layout-flex\">\n<div class=\"wp-block-button button-custom\"><a class=\"wp-block-button__link has-text-color wp-element-button\" href=\"https:\/\/versastyledesign.ca\/fr\/portfolio-de-design\/design-dune-entree-vestibule-dans-louest-de-montreal\/\" style=\"color:#d53652\">Voir le portfolio<\/a><\/div>\n<\/div>\n<\/div>\n<\/div>\n\n\n\n<div class=\"wp-block-columns is-layout-flex wp-container-core-columns-is-layout-9d6595d7 wp-block-columns-is-layout-flex\">\n<div class=\"wp-block-column is-layout-flow wp-block-column-is-layout-flow\">\n<div style=\"height:50px\" aria-hidden=\"true\" class=\"wp-block-spacer\"><\/div>\n\n\n\n<h4 class=\"wp-block-heading\">Design de cage d\u2019escalier \u00e0 Saint-J\u00e9r\u00f4me, Qc<\/h4>\n\n\n<div class=\"wp-block-image is-resized\">\n<figure class=\"aligncenter size-large\"><img loading=\"lazy\" decoding=\"async\" width=\"768\" height=\"1024\" src=\"https:\/\/versastyledesign.ca\/wp-content\/uploads\/2022\/10\/Portfolio-de-design-de-cage-descalier-a-Saint-Jerome-3-768x1024.jpg\" alt=\"Portfolio-de-design-de-cage-descalier-a-Saint-Jerome-3\" class=\"wp-image-24366\" srcset=\"https:\/\/versastyledesign.ca\/wp-content\/uploads\/2022\/10\/Portfolio-de-design-de-cage-descalier-a-Saint-Jerome-3-768x1024.jpg 768w, https:\/\/versastyledesign.ca\/wp-content\/uploads\/2022\/10\/Portfolio-de-design-de-cage-descalier-a-Saint-Jerome-3-225x300.jpg 225w, https:\/\/versastyledesign.ca\/wp-content\/uploads\/2022\/10\/Portfolio-de-design-de-cage-descalier-a-Saint-Jerome-3.jpg 960w\" sizes=\"auto, (max-width: 768px) 100vw, 768px\" \/><\/figure>\n<\/div>\n\n\n<p class=\"has-text-align-center\">Notre cliente avait besoin d\u2019une strat\u00e9gie pour aider son petit chien de compagnie \u00e0 monter et descendre les escaliers vernis.<\/p>\n\n\n\n<div class=\"wp-block-buttons is-content-justification-center is-layout-flex wp-container-core-buttons-is-layout-16018d1d wp-block-buttons-is-layout-flex\">\n<div class=\"wp-block-button button-custom\"><a class=\"wp-block-button__link has-text-color wp-element-button\" href=\"https:\/\/versastyledesign.ca\/fr\/portfolio-de-design\/design-de-cage-descalier-a-saint-jerome-qc\/\" style=\"color:#d53652\">Voir le portfolio<\/a><\/div>\n<\/div>\n<\/div>\n\n\n\n<div class=\"wp-block-column is-layout-flow wp-block-column-is-layout-flow\">\n<div style=\"height:50px\" aria-hidden=\"true\" class=\"wp-block-spacer\"><\/div>\n\n\n\n<h4 class=\"wp-block-heading\">Design de couloir et d\u2019escaliers \u00e0 Westmount<\/h4>\n\n\n\n<figure class=\"wp-block-image size-large\"><img loading=\"lazy\" decoding=\"async\" width=\"677\" height=\"1024\" src=\"https:\/\/versastyledesign.ca\/wp-content\/uploads\/2024\/01\/Portfolio-de-design-de-couloirs-et-descaliers-de-Westmount-3-677x1024.jpg\" alt=\"Portfolio-de-design-de-couloirs-et-descaliers-de-Westmount\" class=\"wp-image-27326\" srcset=\"https:\/\/versastyledesign.ca\/wp-content\/uploads\/2024\/01\/Portfolio-de-design-de-couloirs-et-descaliers-de-Westmount-3-677x1024.jpg 677w, https:\/\/versastyledesign.ca\/wp-content\/uploads\/2024\/01\/Portfolio-de-design-de-couloirs-et-descaliers-de-Westmount-3-198x300.jpg 198w, https:\/\/versastyledesign.ca\/wp-content\/uploads\/2024\/01\/Portfolio-de-design-de-couloirs-et-descaliers-de-Westmount-3-768x1161.jpg 768w, https:\/\/versastyledesign.ca\/wp-content\/uploads\/2024\/01\/Portfolio-de-design-de-couloirs-et-descaliers-de-Westmount-3.jpg 827w\" sizes=\"auto, (max-width: 677px) 100vw, 677px\" \/><\/figure>\n\n\n\n<p><\/p>\n\n\n\n<p class=\"has-text-align-center\">Les clients souhaitaient un escalier lumineux et contemporain menant au deuxi\u00e8me \u00e9tage.<\/p>\n\n\n\n<div class=\"wp-block-buttons is-content-justification-center is-layout-flex wp-container-core-buttons-is-layout-16018d1d wp-block-buttons-is-layout-flex\">\n<div class=\"wp-block-button button-custom\"><a class=\"wp-block-button__link has-text-color wp-element-button\" href=\"https:\/\/versastyledesign.ca\/fr\/portfolio-de-design\/design-de-couloir-et-descaliers-a-westmount\/\" style=\"color:#d53652\">Voir le portfolio<\/a><\/div>\n<\/div>\n<\/div>\n<\/div>\n\n\n\n<div class=\"wp-block-columns is-layout-flex wp-container-core-columns-is-layout-9d6595d7 wp-block-columns-is-layout-flex\">\n<div class=\"wp-block-column is-layout-flow wp-block-column-is-layout-flow\">\n<div style=\"height:50px\" aria-hidden=\"true\" class=\"wp-block-spacer\"><\/div>\n\n\n\n<h4 class=\"wp-block-heading\">Relooking de hall d\u2019entr\u00e9e sur Le Plateau \u00e0 Montr\u00e9al<\/h4>\n\n\n\n<figure class=\"wp-block-image size-full\"><img loading=\"lazy\" decoding=\"async\" width=\"565\" height=\"850\" src=\"https:\/\/versastyledesign.ca\/wp-content\/uploads\/2022\/10\/Portfolio-avant-et-apres-de-relooking-de-hall-dentree-1.jpg\" alt=\"Portfolio-avant-et-apres-de-relooking-de-hall-dentree\" class=\"wp-image-24423\" srcset=\"https:\/\/versastyledesign.ca\/wp-content\/uploads\/2022\/10\/Portfolio-avant-et-apres-de-relooking-de-hall-dentree-1.jpg 565w, https:\/\/versastyledesign.ca\/wp-content\/uploads\/2022\/10\/Portfolio-avant-et-apres-de-relooking-de-hall-dentree-1-199x300.jpg 199w\" sizes=\"auto, (max-width: 565px) 100vw, 565px\" \/><\/figure>\n\n\n\n<p><\/p>\n\n\n\n<p class=\"has-text-align-center\">Notre cliente voulait que l\u2019entr\u00e9e principale de son condo fasse plus d\u2019effet.<\/p>\n\n\n\n<div class=\"wp-block-buttons is-content-justification-center is-layout-flex wp-container-core-buttons-is-layout-16018d1d wp-block-buttons-is-layout-flex\">\n<div class=\"wp-block-button button-custom\"><a class=\"wp-block-button__link has-text-color wp-element-button\" href=\"https:\/\/versastyledesign.ca\/fr\/portfolio-de-design\/relooking-de-hall-dentree-sur-le-plateau-a-montreal\/\" style=\"color:#d53652\">Voir le portfolio<\/a><\/div>\n<\/div>\n<\/div>\n\n\n\n<div class=\"wp-block-column is-layout-flow wp-block-column-is-layout-flow\">\n<div style=\"height:50px\" aria-hidden=\"true\" class=\"wp-block-spacer\"><\/div>\n\n\n\n<h4 class=\"wp-block-heading\">Design d\u2019escalier \u00e0 Boucherville, Qu\u00e9bec<\/h4>\n\n\n\n<figure class=\"wp-block-image size-full\"><img loading=\"lazy\" decoding=\"async\" width=\"567\" height=\"850\" src=\"https:\/\/versastyledesign.ca\/wp-content\/uploads\/2022\/03\/design-descalier-a-Boucherville-10.jpg\" alt=\"design-descalier-a-Boucherville\" class=\"wp-image-23244\" srcset=\"https:\/\/versastyledesign.ca\/wp-content\/uploads\/2022\/03\/design-descalier-a-Boucherville-10.jpg 567w, https:\/\/versastyledesign.ca\/wp-content\/uploads\/2022\/03\/design-descalier-a-Boucherville-10-200x300.jpg 200w\" sizes=\"auto, (max-width: 567px) 100vw, 567px\" \/><\/figure>\n\n\n\n<p><\/p>\n\n\n\n<p class=\"has-text-align-center\">Les clients souhaitaient un escalier lumineux et contemporain menant au deuxi\u00e8me \u00e9tage.<\/p>\n\n\n\n<div class=\"wp-block-buttons is-content-justification-center is-layout-flex wp-container-core-buttons-is-layout-16018d1d wp-block-buttons-is-layout-flex\">\n<div class=\"wp-block-button button-custom\"><a class=\"wp-block-button__link has-text-color wp-element-button\" href=\"https:\/\/versastyledesign.ca\/fr\/portfolio-de-design\/design-descalier-a-boucherville-quebec\/\" style=\"color:#d53652\">Voir le portfolio<\/a><\/div>\n<\/div>\n<\/div>\n<\/div>\n\n\n\n<div class=\"wp-block-columns is-layout-flex wp-container-core-columns-is-layout-9d6595d7 wp-block-columns-is-layout-flex\">\n<div class=\"wp-block-column is-layout-flow wp-block-column-is-layout-flow\">\n<div style=\"height:50px\" aria-hidden=\"true\" class=\"wp-block-spacer\"><\/div>\n\n\n\n<h4 class=\"wp-block-heading\">Maison Craftsman; Design d\u2019une entr\u00e9e-vestibule \u00e0 Montr\u00e9al-Ouest<\/h4>\n\n\n\n<figure class=\"wp-block-image size-full\"><img loading=\"lazy\" decoding=\"async\" width=\"423\" height=\"564\" src=\"https:\/\/versastyledesign.ca\/wp-content\/uploads\/2025\/10\/Maison-craftsman-design-entree-vestibule-a-Montreal-8-edited.jpg\" alt=\"Maison-craftsman-design-entree-vestibule-a-Montreal\" class=\"wp-image-31335\" srcset=\"https:\/\/versastyledesign.ca\/wp-content\/uploads\/2025\/10\/Maison-craftsman-design-entree-vestibule-a-Montreal-8-edited.jpg 423w, https:\/\/versastyledesign.ca\/wp-content\/uploads\/2025\/10\/Maison-craftsman-design-entree-vestibule-a-Montreal-8-edited-225x300.jpg 225w\" sizes=\"auto, (max-width: 423px) 100vw, 423px\" \/><\/figure>\n\n\n\n<p><\/p>\n\n\n\n<p class=\"has-text-align-center\">Les clients voulaient \u00e9claircir l\u2019espace gr\u00e2ce \u00e0 une palette plus claire et valoriser la lumi\u00e8re naturelle tout en conservant les boiseries de style \u00abCraftsman\u00bb et le caract\u00e8re classique de la maison.<\/p>\n\n\n\n<div class=\"wp-block-buttons is-content-justification-center is-layout-flex wp-container-core-buttons-is-layout-16018d1d wp-block-buttons-is-layout-flex\">\n<div class=\"wp-block-button button-custom\"><a class=\"wp-block-button__link has-text-color wp-element-button\" href=\"https:\/\/versastyledesign.ca\/fr\/portfolio-de-design\/maison-craftsman-design-dune-entree-vestibule-a-montreal-ouest\/\" style=\"color:#d53652\">Voir le portfolio<\/a><\/div>\n<\/div>\n<\/div>\n\n\n\n<div class=\"wp-block-column is-layout-flow wp-block-column-is-layout-flow\">\n<div style=\"height:50px\" aria-hidden=\"true\" class=\"wp-block-spacer\"><\/div>\n\n\n\n<h4 class=\"wp-block-heading\">Design d\u2019escaliers et couloirs \u00e0 Ste-Th\u00e9r\u00e8se, Qu\u00e9bec<\/h4>\n\n\n\n<figure class=\"wp-block-image size-full\"><img loading=\"lazy\" decoding=\"async\" width=\"566\" height=\"850\" src=\"https:\/\/versastyledesign.ca\/wp-content\/uploads\/2022\/03\/design-de-couloir-a-Sainte-Therese-8.jpg\" alt=\"design-de-couloir-a-Sainte-Therese\" class=\"wp-image-23347\" srcset=\"https:\/\/versastyledesign.ca\/wp-content\/uploads\/2022\/03\/design-de-couloir-a-Sainte-Therese-8.jpg 566w, https:\/\/versastyledesign.ca\/wp-content\/uploads\/2022\/03\/design-de-couloir-a-Sainte-Therese-8-200x300.jpg 200w\" sizes=\"auto, (max-width: 566px) 100vw, 566px\" \/><\/figure>\n\n\n\n<p><\/p>\n\n\n\n<p class=\"has-text-align-center\">La cliente souhaitait \u00e9gayer son escalier menant au deuxi\u00e8me \u00e9tage et d\u00e9corer le couloir de l\u2019\u00e9tage.<\/p>\n\n\n\n<div class=\"wp-block-buttons is-content-justification-center is-layout-flex wp-container-core-buttons-is-layout-16018d1d wp-block-buttons-is-layout-flex\">\n<div class=\"wp-block-button button-custom\"><a class=\"wp-block-button__link has-text-color wp-element-button\" href=\"https:\/\/versastyledesign.ca\/fr\/portfolio-de-design\/design-descaliers-et-couloirs-a-ste-therese-quebec\/\" style=\"color:#d53652\">Voir le portfolio<\/a><\/div>\n<\/div>\n<\/div>\n<\/div>\n\n\n\n<div style=\"height:50px\" aria-hidden=\"true\" class=\"wp-block-spacer\"><\/div>\n\n\n\n<blockquote class=\"wp-block-quote is-layout-flow wp-block-quote-is-layout-flow\">\n<p>J\u2019ai eu l\u2019opportunit\u00e9 et le plaisir de travailler avec Lucie. Je l\u2019ai trouv\u00e9e professionnelle, honn\u00eate et extr\u00eamement comp\u00e9tente. Elle a transform\u00e9 mon condo dans le vieux port; passant d\u2019un espace vide \u00e0 une demeure magnifiquement con\u00e7ue. Elle a pris le temps de comprendre ma vision et mes go\u00fbts. Des meubles jusqu\u2019aux accessoires, ses go\u00fbts et ses choix sont exceptionnels. Elle est \u00e9galement extr\u00eamement honn\u00eate. J\u2019ai \u00e9t\u00e9 surpris de recevoir un remboursement de sa part car l\u2019un des fournisseurs avec qui nous avions fait affaire nous avait surfactur\u00e9 et Lucie m\u2019a rapidement rembours\u00e9. J\u2019ai travaill\u00e9 avec plusieurs designers dans le pass\u00e9 et je trouve que Lucie se soucie vraiment de sa profession et de ses clients. Je la recommande vivement.<\/p>\n<cite><strong>Steve Clark<\/strong><\/cite><\/blockquote>\n\n\n\n<div style=\"height:50px\" aria-hidden=\"true\" class=\"wp-block-spacer\"><\/div>\n\n\n\n<h2 class=\"wp-block-heading has-text-align-center\">\u00cates-vous situ\u00e9 dans la r\u00e9gion du Grand Montr\u00e9al?<\/h2>\n\n\n\n<div class=\"wp-block-buttons is-content-justification-center is-layout-flex wp-container-core-buttons-is-layout-16018d1d wp-block-buttons-is-layout-flex\">\n<div class=\"wp-block-button button-inverse\"><a class=\"wp-block-button__link has-text-color has-background has-link-color wp-element-button\" href=\"\/fr\/forfait-de-design-interieur\/versa-style-design-premiere-consultation\/\" style=\"color:#d53652;background-color:#f3f3f3\">Premi\u00e8re consultation<\/a><\/div>\n<\/div>\n\n\n\n<div style=\"height:25px\" aria-hidden=\"true\" class=\"wp-block-spacer\"><\/div>\n<p><a href=\"\/\/www.pinterest.com\/pin\/create\/button\/\" data-pin-do=\"buttonBookmark\" data-pin-color=\"red\" data-pin-height=\"128\"><img decoding=\"async\" src=\"\/\/assets.pinterest.com\/images\/pidgets\/pinit_fg_en_rect_red_28.png\" \/><\/a><\/p>","protected":false},"excerpt":{"rendered":"<p>Design de vestibule au Plateau-Mont-Royal de Montr\u00e9al Avec une famille grandissante, nos clients commen\u00e7aient \u00e0 se sentir d\u00e9pass\u00e9s par l\u2019encombrement et la d\u00e9sorganisation de l\u2019entr\u00e9e-vestibule principale. M\u00e9tamorphose d\u2019un entr\u00e9e et escalier \u00e0 Montr\u00e9al-Ouest Les clients souhaitaient illuminer l\u2019escalier menant \u00e0 l\u2019\u00e9tage, tout en pr\u00e9servant le caract\u00e8re du bois d\u2019origine. Design d\u2019entr\u00e9e \u00e0 Pointe-Claire, Montr\u00e9al Nos [&hellip;]<\/p>\n","protected":false},"author":2,"featured_media":23265,"parent":1840,"menu_order":0,"comment_status":"closed","ping_status":"closed","template":"","meta":{"advgb_blocks_editor_width":"","advgb_blocks_columns_visual_guide":"","_genesis_hide_title":false,"_genesis_hide_breadcrumbs":false,"_genesis_hide_singular_image":false,"_genesis_hide_footer_widgets":false,"_genesis_custom_body_class":"","_genesis_custom_post_class":"","_genesis_layout":"","footnotes":""},"class_list":{"0":"post-23437","1":"page","2":"type-page","3":"status-publish","4":"has-post-thumbnail","6":"entry"},"yoast_head":"<!-- This site is optimized with the Yoast SEO plugin v27.4 - https:\/\/yoast.com\/product\/yoast-seo-wordpress\/ -->\n<title>Portfolio de design d&#039;int\u00e9rieur de vestibules, de couloirs et d&#039;escaliers \u00e0 Montr\u00e9al - Versa Style Design<\/title>\n<meta name=\"description\" content=\"Montreal entrance vestibules, halls, and stairs interior design portfolios by Versa Style Design\" \/>\n<meta name=\"robots\" content=\"index, follow, max-snippet:-1, max-image-preview:large, max-video-preview:-1\" \/>\n<link rel=\"canonical\" href=\"https:\/\/versastyledesign.ca\/fr\/portfolio-de-design\/portfolio-de-design-dinterieur-de-vestibules-dentree-de-couloirs-et-descaliers-a-montreal\/\" \/>\n<meta property=\"og:locale\" content=\"fr_CA\" \/>\n<meta property=\"og:type\" content=\"article\" \/>\n<meta property=\"og:title\" content=\"Portfolio de design d&#039;int\u00e9rieur de vestibules, de couloirs et d&#039;escaliers \u00e0 Montr\u00e9al - Versa Style Design\" \/>\n<meta property=\"og:description\" content=\"Montreal entrance vestibules, halls, and stairs interior design portfolios by Versa Style Design\" \/>\n<meta property=\"og:url\" content=\"https:\/\/versastyledesign.ca\/fr\/portfolio-de-design\/portfolio-de-design-dinterieur-de-vestibules-dentree-de-couloirs-et-descaliers-a-montreal\/\" \/>\n<meta property=\"og:site_name\" content=\"Versa Style Design\" \/>\n<meta property=\"article:publisher\" content=\"https:\/\/www.facebook.com\/Versastyledesign?ref=hl\" \/>\n<meta property=\"article:modified_time\" content=\"2026-04-18T03:42:49+00:00\" \/>\n<meta property=\"og:image\" content=\"https:\/\/versastyledesign.ca\/wp-content\/uploads\/2022\/03\/Staircase-design-in-Sainte-Therese-19.jpg\" \/>\n\t<meta property=\"og:image:width\" content=\"577\" \/>\n\t<meta property=\"og:image:height\" content=\"850\" \/>\n\t<meta property=\"og:image:type\" content=\"image\/jpeg\" \/>\n<meta name=\"twitter:label1\" content=\"Estimation du temps de lecture\" \/>\n\t<meta name=\"twitter:data1\" content=\"4 minutes\" \/>\n<script type=\"application\/ld+json\" class=\"yoast-schema-graph\">{\"@context\":\"https:\\\/\\\/schema.org\",\"@graph\":[{\"@type\":\"WebPage\",\"@id\":\"https:\\\/\\\/versastyledesign.ca\\\/fr\\\/portfolio-de-design\\\/portfolio-de-design-dinterieur-de-vestibules-dentree-de-couloirs-et-descaliers-a-montreal\\\/\",\"url\":\"https:\\\/\\\/versastyledesign.ca\\\/fr\\\/portfolio-de-design\\\/portfolio-de-design-dinterieur-de-vestibules-dentree-de-couloirs-et-descaliers-a-montreal\\\/\",\"name\":\"Portfolio de design d'int\u00e9rieur de vestibules, de couloirs et d'escaliers \u00e0 Montr\u00e9al - Versa Style Design\",\"isPartOf\":{\"@id\":\"http:\\\/\\\/new.versastyledesign.ca\\\/fr\\\/#website\"},\"primaryImageOfPage\":{\"@id\":\"https:\\\/\\\/versastyledesign.ca\\\/fr\\\/portfolio-de-design\\\/portfolio-de-design-dinterieur-de-vestibules-dentree-de-couloirs-et-descaliers-a-montreal\\\/#primaryimage\"},\"image\":{\"@id\":\"https:\\\/\\\/versastyledesign.ca\\\/fr\\\/portfolio-de-design\\\/portfolio-de-design-dinterieur-de-vestibules-dentree-de-couloirs-et-descaliers-a-montreal\\\/#primaryimage\"},\"thumbnailUrl\":\"https:\\\/\\\/versastyledesign.ca\\\/wp-content\\\/uploads\\\/2022\\\/03\\\/Staircase-design-in-Sainte-Therese-19.jpg\",\"datePublished\":\"2022-03-25T15:37:44+00:00\",\"dateModified\":\"2026-04-18T03:42:49+00:00\",\"description\":\"Montreal entrance vestibules, halls, and stairs interior design portfolios by Versa Style Design\",\"breadcrumb\":{\"@id\":\"https:\\\/\\\/versastyledesign.ca\\\/fr\\\/portfolio-de-design\\\/portfolio-de-design-dinterieur-de-vestibules-dentree-de-couloirs-et-descaliers-a-montreal\\\/#breadcrumb\"},\"inLanguage\":\"fr-CA\",\"potentialAction\":[{\"@type\":\"ReadAction\",\"target\":[\"https:\\\/\\\/versastyledesign.ca\\\/fr\\\/portfolio-de-design\\\/portfolio-de-design-dinterieur-de-vestibules-dentree-de-couloirs-et-descaliers-a-montreal\\\/\"]}]},{\"@type\":\"ImageObject\",\"inLanguage\":\"fr-CA\",\"@id\":\"https:\\\/\\\/versastyledesign.ca\\\/fr\\\/portfolio-de-design\\\/portfolio-de-design-dinterieur-de-vestibules-dentree-de-couloirs-et-descaliers-a-montreal\\\/#primaryimage\",\"url\":\"https:\\\/\\\/versastyledesign.ca\\\/wp-content\\\/uploads\\\/2022\\\/03\\\/Staircase-design-in-Sainte-Therese-19.jpg\",\"contentUrl\":\"https:\\\/\\\/versastyledesign.ca\\\/wp-content\\\/uploads\\\/2022\\\/03\\\/Staircase-design-in-Sainte-Therese-19.jpg\",\"width\":577,\"height\":850,\"caption\":\"Staircase-design-in-Sainte-Therese\"},{\"@type\":\"BreadcrumbList\",\"@id\":\"https:\\\/\\\/versastyledesign.ca\\\/fr\\\/portfolio-de-design\\\/portfolio-de-design-dinterieur-de-vestibules-dentree-de-couloirs-et-descaliers-a-montreal\\\/#breadcrumb\",\"itemListElement\":[{\"@type\":\"ListItem\",\"position\":1,\"name\":\"Accueil\",\"item\":\"http:\\\/\\\/new.versastyledesign.ca\\\/fr\\\/\"},{\"@type\":\"ListItem\",\"position\":2,\"name\":\"Portfolio de Design\",\"item\":\"http:\\\/\\\/new.versastyledesign.ca\\\/fr\\\/design-portfolio\\\/\"},{\"@type\":\"ListItem\",\"position\":3,\"name\":\"Portfolio de design d&#8217;int\u00e9rieur de vestibules, de couloirs et d&#8217;escaliers \u00e0 Montr\u00e9al\"}]},{\"@type\":\"WebSite\",\"@id\":\"http:\\\/\\\/new.versastyledesign.ca\\\/fr\\\/#website\",\"url\":\"http:\\\/\\\/new.versastyledesign.ca\\\/fr\\\/\",\"name\":\"Versa Style Design\",\"description\":\"Design d&#039;int\u00e9rieur et r\u00e9novations \u00e0 Montr\u00e9al\",\"publisher\":{\"@id\":\"http:\\\/\\\/new.versastyledesign.ca\\\/fr\\\/#organization\"},\"potentialAction\":[{\"@type\":\"SearchAction\",\"target\":{\"@type\":\"EntryPoint\",\"urlTemplate\":\"http:\\\/\\\/new.versastyledesign.ca\\\/fr\\\/?s={search_term_string}\"},\"query-input\":{\"@type\":\"PropertyValueSpecification\",\"valueRequired\":true,\"valueName\":\"search_term_string\"}}],\"inLanguage\":\"fr-CA\"},{\"@type\":\"Organization\",\"@id\":\"http:\\\/\\\/new.versastyledesign.ca\\\/fr\\\/#organization\",\"name\":\"Versa Style Design\",\"url\":\"http:\\\/\\\/new.versastyledesign.ca\\\/fr\\\/\",\"logo\":{\"@type\":\"ImageObject\",\"inLanguage\":\"fr-CA\",\"@id\":\"http:\\\/\\\/new.versastyledesign.ca\\\/fr\\\/#\\\/schema\\\/logo\\\/image\\\/\",\"url\":\"https:\\\/\\\/versastyledesign.ca\\\/wp-content\\\/uploads\\\/2019\\\/11\\\/Versa-Style-Design-logo.jpg\",\"contentUrl\":\"https:\\\/\\\/versastyledesign.ca\\\/wp-content\\\/uploads\\\/2019\\\/11\\\/Versa-Style-Design-logo.jpg\",\"width\":2099,\"height\":670,\"caption\":\"Versa Style Design\"},\"image\":{\"@id\":\"http:\\\/\\\/new.versastyledesign.ca\\\/fr\\\/#\\\/schema\\\/logo\\\/image\\\/\"},\"sameAs\":[\"https:\\\/\\\/www.facebook.com\\\/Versastyledesign?ref=hl\",\"https:\\\/\\\/x.com\\\/luciepitt\",\"https:\\\/\\\/www.instagram.com\\\/versastyledesign\\\/\",\"https:\\\/\\\/www.linkedin.com\\\/in\\\/lucie-pitt-54b0ba85\",\"https:\\\/\\\/www.pinterest.com\\\/versastyledesign\\\/\"]}]}<\/script>\n<!-- \/ Yoast SEO plugin. -->","yoast_head_json":{"title":"Portfolio de design d'int\u00e9rieur de vestibules, de couloirs et d'escaliers \u00e0 Montr\u00e9al - Versa Style Design","description":"Montreal entrance vestibules, halls, and stairs interior design portfolios by Versa Style Design","robots":{"index":"index","follow":"follow","max-snippet":"max-snippet:-1","max-image-preview":"max-image-preview:large","max-video-preview":"max-video-preview:-1"},"canonical":"https:\/\/versastyledesign.ca\/fr\/portfolio-de-design\/portfolio-de-design-dinterieur-de-vestibules-dentree-de-couloirs-et-descaliers-a-montreal\/","og_locale":"fr_CA","og_type":"article","og_title":"Portfolio de design d'int\u00e9rieur de vestibules, de couloirs et d'escaliers \u00e0 Montr\u00e9al - Versa Style Design","og_description":"Montreal entrance vestibules, halls, and stairs interior design portfolios by Versa Style Design","og_url":"https:\/\/versastyledesign.ca\/fr\/portfolio-de-design\/portfolio-de-design-dinterieur-de-vestibules-dentree-de-couloirs-et-descaliers-a-montreal\/","og_site_name":"Versa Style Design","article_publisher":"https:\/\/www.facebook.com\/Versastyledesign?ref=hl","article_modified_time":"2026-04-18T03:42:49+00:00","og_image":[{"width":577,"height":850,"url":"https:\/\/versastyledesign.ca\/wp-content\/uploads\/2022\/03\/Staircase-design-in-Sainte-Therese-19.jpg","type":"image\/jpeg"}],"twitter_misc":{"Estimation du temps de lecture":"4 minutes"},"schema":{"@context":"https:\/\/schema.org","@graph":[{"@type":"WebPage","@id":"https:\/\/versastyledesign.ca\/fr\/portfolio-de-design\/portfolio-de-design-dinterieur-de-vestibules-dentree-de-couloirs-et-descaliers-a-montreal\/","url":"https:\/\/versastyledesign.ca\/fr\/portfolio-de-design\/portfolio-de-design-dinterieur-de-vestibules-dentree-de-couloirs-et-descaliers-a-montreal\/","name":"Portfolio de design d'int\u00e9rieur de vestibules, de couloirs et d'escaliers \u00e0 Montr\u00e9al - Versa Style Design","isPartOf":{"@id":"http:\/\/new.versastyledesign.ca\/fr\/#website"},"primaryImageOfPage":{"@id":"https:\/\/versastyledesign.ca\/fr\/portfolio-de-design\/portfolio-de-design-dinterieur-de-vestibules-dentree-de-couloirs-et-descaliers-a-montreal\/#primaryimage"},"image":{"@id":"https:\/\/versastyledesign.ca\/fr\/portfolio-de-design\/portfolio-de-design-dinterieur-de-vestibules-dentree-de-couloirs-et-descaliers-a-montreal\/#primaryimage"},"thumbnailUrl":"https:\/\/versastyledesign.ca\/wp-content\/uploads\/2022\/03\/Staircase-design-in-Sainte-Therese-19.jpg","datePublished":"2022-03-25T15:37:44+00:00","dateModified":"2026-04-18T03:42:49+00:00","description":"Montreal entrance vestibules, halls, and stairs interior design portfolios by Versa Style Design","breadcrumb":{"@id":"https:\/\/versastyledesign.ca\/fr\/portfolio-de-design\/portfolio-de-design-dinterieur-de-vestibules-dentree-de-couloirs-et-descaliers-a-montreal\/#breadcrumb"},"inLanguage":"fr-CA","potentialAction":[{"@type":"ReadAction","target":["https:\/\/versastyledesign.ca\/fr\/portfolio-de-design\/portfolio-de-design-dinterieur-de-vestibules-dentree-de-couloirs-et-descaliers-a-montreal\/"]}]},{"@type":"ImageObject","inLanguage":"fr-CA","@id":"https:\/\/versastyledesign.ca\/fr\/portfolio-de-design\/portfolio-de-design-dinterieur-de-vestibules-dentree-de-couloirs-et-descaliers-a-montreal\/#primaryimage","url":"https:\/\/versastyledesign.ca\/wp-content\/uploads\/2022\/03\/Staircase-design-in-Sainte-Therese-19.jpg","contentUrl":"https:\/\/versastyledesign.ca\/wp-content\/uploads\/2022\/03\/Staircase-design-in-Sainte-Therese-19.jpg","width":577,"height":850,"caption":"Staircase-design-in-Sainte-Therese"},{"@type":"BreadcrumbList","@id":"https:\/\/versastyledesign.ca\/fr\/portfolio-de-design\/portfolio-de-design-dinterieur-de-vestibules-dentree-de-couloirs-et-descaliers-a-montreal\/#breadcrumb","itemListElement":[{"@type":"ListItem","position":1,"name":"Accueil","item":"http:\/\/new.versastyledesign.ca\/fr\/"},{"@type":"ListItem","position":2,"name":"Portfolio de Design","item":"http:\/\/new.versastyledesign.ca\/fr\/design-portfolio\/"},{"@type":"ListItem","position":3,"name":"Portfolio de design d&#8217;int\u00e9rieur de vestibules, de couloirs et d&#8217;escaliers \u00e0 Montr\u00e9al"}]},{"@type":"WebSite","@id":"http:\/\/new.versastyledesign.ca\/fr\/#website","url":"http:\/\/new.versastyledesign.ca\/fr\/","name":"Versa Style Design","description":"Design d&#039;int\u00e9rieur et r\u00e9novations \u00e0 Montr\u00e9al","publisher":{"@id":"http:\/\/new.versastyledesign.ca\/fr\/#organization"},"potentialAction":[{"@type":"SearchAction","target":{"@type":"EntryPoint","urlTemplate":"http:\/\/new.versastyledesign.ca\/fr\/?s={search_term_string}"},"query-input":{"@type":"PropertyValueSpecification","valueRequired":true,"valueName":"search_term_string"}}],"inLanguage":"fr-CA"},{"@type":"Organization","@id":"http:\/\/new.versastyledesign.ca\/fr\/#organization","name":"Versa Style Design","url":"http:\/\/new.versastyledesign.ca\/fr\/","logo":{"@type":"ImageObject","inLanguage":"fr-CA","@id":"http:\/\/new.versastyledesign.ca\/fr\/#\/schema\/logo\/image\/","url":"https:\/\/versastyledesign.ca\/wp-content\/uploads\/2019\/11\/Versa-Style-Design-logo.jpg","contentUrl":"https:\/\/versastyledesign.ca\/wp-content\/uploads\/2019\/11\/Versa-Style-Design-logo.jpg","width":2099,"height":670,"caption":"Versa Style Design"},"image":{"@id":"http:\/\/new.versastyledesign.ca\/fr\/#\/schema\/logo\/image\/"},"sameAs":["https:\/\/www.facebook.com\/Versastyledesign?ref=hl","https:\/\/x.com\/luciepitt","https:\/\/www.instagram.com\/versastyledesign\/","https:\/\/www.linkedin.com\/in\/lucie-pitt-54b0ba85","https:\/\/www.pinterest.com\/versastyledesign\/"]}]}},"coauthors":[],"author_meta":{"author_link":"https:\/\/versastyledesign.ca\/fr\/author\/lucie-pitt\/","display_name":"Lucie Pitt"},"relative_dates":{"created":"Posted 4 ann\u00e9es ago","modified":"Updated 1 semaine ago"},"absolute_dates":{"created":"Posted on 25 mars 2022","modified":"Updated on 17 avril 2026"},"absolute_dates_time":{"created":"Posted on 25 mars 2022 11 h 37 min","modified":"Updated on 17 avril 2026 23 h 42 min"},"featured_img_caption":"","featured_img":"https:\/\/versastyledesign.ca\/wp-content\/uploads\/2022\/03\/Staircase-design-in-Sainte-Therese-19.jpg","series_order":"","_links":{"self":[{"href":"https:\/\/versastyledesign.ca\/fr\/wp-json\/wp\/v2\/pages\/23437","targetHints":{"allow":["GET"]}}],"collection":[{"href":"https:\/\/versastyledesign.ca\/fr\/wp-json\/wp\/v2\/pages"}],"about":[{"href":"https:\/\/versastyledesign.ca\/fr\/wp-json\/wp\/v2\/types\/page"}],"author":[{"embeddable":true,"href":"https:\/\/versastyledesign.ca\/fr\/wp-json\/wp\/v2\/users\/2"}],"replies":[{"embeddable":true,"href":"https:\/\/versastyledesign.ca\/fr\/wp-json\/wp\/v2\/comments?post=23437"}],"version-history":[{"count":11,"href":"https:\/\/versastyledesign.ca\/fr\/wp-json\/wp\/v2\/pages\/23437\/revisions"}],"predecessor-version":[{"id":32157,"href":"https:\/\/versastyledesign.ca\/fr\/wp-json\/wp\/v2\/pages\/23437\/revisions\/32157"}],"up":[{"embeddable":true,"href":"https:\/\/versastyledesign.ca\/fr\/wp-json\/wp\/v2\/pages\/1840"}],"wp:featuredmedia":[{"embeddable":true,"href":"https:\/\/versastyledesign.ca\/fr\/wp-json\/wp\/v2\/media\/23265"}],"wp:attachment":[{"href":"https:\/\/versastyledesign.ca\/fr\/wp-json\/wp\/v2\/media?parent=23437"}],"curies":[{"name":"wp","href":"https:\/\/api.w.org\/{rel}","templated":true}]}}