{"id":24422,"date":"2022-10-26T10:50:40","date_gmt":"2022-10-26T14:50:40","guid":{"rendered":"https:\/\/versastyledesign.ca\/?page_id=24422"},"modified":"2023-08-26T13:19:44","modified_gmt":"2023-08-26T17:19:44","slug":"relooking-de-hall-dentree-sur-le-plateau-a-montreal","status":"publish","type":"page","link":"https:\/\/versastyledesign.ca\/fr\/portfolio-de-design\/relooking-de-hall-dentree-sur-le-plateau-a-montreal\/","title":{"rendered":"Relooking de hall d&rsquo;entr\u00e9e sur Le Plateau \u00e0 Montr\u00e9al"},"content":{"rendered":"\n<div class=\"wp-block-columns is-layout-flex wp-container-core-columns-is-layout-9d6595d7 wp-block-columns-is-layout-flex\">\n<div class=\"wp-block-column is-layout-flow wp-block-column-is-layout-flow\">\n<p><strong>Mandat<\/strong><\/p>\n\n\n\n<p>Notre cliente voulait que l&rsquo;entr\u00e9e principale de son condo fasse plus d&rsquo;effet.<\/p>\n\n\n\n<p>Il n&rsquo;y avait ni couleur, ni lumi\u00e8re, ni personnalit\u00e9, ni accueil. Nous avons augment\u00e9 la qualit\u00e9 et la quantit\u00e9 de l&rsquo;\u00e9clairage, et ajout\u00e9 de la peinture bleu vif et blanche sur les murs.<\/p>\n\n\n\n<p>L&rsquo;\u0153uvre d&rsquo;art s\u00e9lectionn\u00e9e et le mur bleu dynamique vous accueillent dans le condo avec style et ce facteur \u00ab\u00a0wow\u00a0\u00bb.<\/p>\n<\/div>\n\n\n\n<div class=\"wp-block-column is-layout-flow wp-block-column-is-layout-flow\"><div class=\"wp-block-image\">\n<figure class=\"aligncenter size-full is-resized\"><img loading=\"lazy\" decoding=\"async\" src=\"https:\/\/versastyledesign.ca\/wp-content\/uploads\/2022\/10\/Portfolio-avant-et-apres-de-relooking-de-hall-dentree-1.jpg\" alt=\"\" class=\"wp-image-24423\" style=\"width:283px;height:425px\" width=\"283\" height=\"425\" srcset=\"https:\/\/versastyledesign.ca\/wp-content\/uploads\/2022\/10\/Portfolio-avant-et-apres-de-relooking-de-hall-dentree-1.jpg 565w, https:\/\/versastyledesign.ca\/wp-content\/uploads\/2022\/10\/Portfolio-avant-et-apres-de-relooking-de-hall-dentree-1-199x300.jpg 199w\" sizes=\"auto, (max-width: 283px) 100vw, 283px\" \/><\/figure>\n<\/div><\/div>\n<\/div>\n\n\n\n<div style=\"height:25px\" aria-hidden=\"true\" class=\"wp-block-spacer\"><\/div>\n\n\n\n<h2 class=\"wp-block-heading\">Portfolio de relooking du hall d&rsquo;entr\u00e9e avant et apr\u00e8s<br>par Versa Style Design<\/h2>\n\n\n\n<figure class=\"wp-block-gallery has-nested-images columns-default is-cropped wp-block-gallery-1 is-layout-flex wp-block-gallery-is-layout-flex\">\n<figure class=\"wp-block-image size-large\"><a href=\"https:\/\/versastyledesign.ca\/wp-content\/uploads\/2022\/10\/Portfolio-avant-et-apres-de-relooking-de-hall-dentree-2.jpg\"><img loading=\"lazy\" decoding=\"async\" width=\"536\" height=\"850\" data-id=\"24425\" src=\"https:\/\/versastyledesign.ca\/wp-content\/uploads\/2022\/10\/Portfolio-avant-et-apres-de-relooking-de-hall-dentree-2.jpg\" alt=\"\" class=\"wp-image-24425\" srcset=\"https:\/\/versastyledesign.ca\/wp-content\/uploads\/2022\/10\/Portfolio-avant-et-apres-de-relooking-de-hall-dentree-2.jpg 536w, https:\/\/versastyledesign.ca\/wp-content\/uploads\/2022\/10\/Portfolio-avant-et-apres-de-relooking-de-hall-dentree-2-189x300.jpg 189w\" sizes=\"auto, (max-width: 536px) 100vw, 536px\" \/><\/a><\/figure>\n\n\n\n<figure class=\"wp-block-image size-large\"><a href=\"https:\/\/versastyledesign.ca\/wp-content\/uploads\/2022\/10\/Portfolio-avant-et-apres-de-relooking-de-hall-dentree-1-1.jpg\"><img loading=\"lazy\" decoding=\"async\" width=\"565\" height=\"850\" data-id=\"24427\" src=\"https:\/\/versastyledesign.ca\/wp-content\/uploads\/2022\/10\/Portfolio-avant-et-apres-de-relooking-de-hall-dentree-1-1.jpg\" alt=\"\" class=\"wp-image-24427\" srcset=\"https:\/\/versastyledesign.ca\/wp-content\/uploads\/2022\/10\/Portfolio-avant-et-apres-de-relooking-de-hall-dentree-1-1.jpg 565w, https:\/\/versastyledesign.ca\/wp-content\/uploads\/2022\/10\/Portfolio-avant-et-apres-de-relooking-de-hall-dentree-1-1-199x300.jpg 199w\" sizes=\"auto, (max-width: 565px) 100vw, 565px\" \/><\/a><\/figure>\n<\/figure>\n\n\n\n<div style=\"height:100px\" aria-hidden=\"true\" class=\"wp-block-spacer\"><\/div>\n\n\n\n<div class=\"wp-block-columns are-vertically-aligned-center is-layout-flex wp-container-core-columns-is-layout-9d6595d7 wp-block-columns-is-layout-flex\">\n<div class=\"wp-block-column is-vertically-aligned-center is-layout-flow wp-block-column-is-layout-flow\">\n<figure class=\"wp-block-image size-full\"><img loading=\"lazy\" decoding=\"async\" width=\"833\" height=\"1250\" src=\"https:\/\/versastyledesign.ca\/wp-content\/uploads\/2026\/04\/Design-dune-entree-vestibule-dans-lOuest-de-Montreal.jpg\" alt=\"Design dune entree vestibule dans lOuest de Montreal\" class=\"wp-image-32145\" srcset=\"https:\/\/versastyledesign.ca\/wp-content\/uploads\/2026\/04\/Design-dune-entree-vestibule-dans-lOuest-de-Montreal.jpg 833w, https:\/\/versastyledesign.ca\/wp-content\/uploads\/2026\/04\/Design-dune-entree-vestibule-dans-lOuest-de-Montreal-200x300.jpg 200w, https:\/\/versastyledesign.ca\/wp-content\/uploads\/2026\/04\/Design-dune-entree-vestibule-dans-lOuest-de-Montreal-682x1024.jpg 682w, https:\/\/versastyledesign.ca\/wp-content\/uploads\/2026\/04\/Design-dune-entree-vestibule-dans-lOuest-de-Montreal-768x1152.jpg 768w\" sizes=\"auto, (max-width: 833px) 100vw, 833px\" \/><\/figure>\n<\/div>\n\n\n\n<div class=\"wp-block-column is-vertically-aligned-center is-layout-flow wp-block-column-is-layout-flow\">\n<h2 class=\"wp-block-heading has-text-align-center\">Portfolio de design d\u2019int\u00e9rieur de vestibules, de couloirs et d\u2019escaliers \u00e0 Montr\u00e9al<\/h2>\n\n\n\n<p class=\"has-text-align-center\">Pour voir nos portfolios de design de vestibules, de couloirs et d&rsquo;escaliers dans la r\u00e9gion du Grand Montr\u00e9al.<\/p>\n\n\n\n<div class=\"wp-block-buttons is-content-justification-center is-layout-flex wp-container-core-buttons-is-layout-16018d1d wp-block-buttons-is-layout-flex\">\n<div class=\"wp-block-button button-custom\"><a class=\"wp-block-button__link has-background wp-element-button\" href=\"\/fr?page_id=23437\" style=\"background-color:#d53652\">Voir les portfolios<\/a><\/div>\n<\/div>\n<\/div>\n<\/div>\n\n\n\n<div style=\"height:50px\" aria-hidden=\"true\" class=\"wp-block-spacer\"><\/div>\n\n\n\n<h2 class=\"wp-block-heading\"><strong>\u00cates-vous situ\u00e9 dans la grande r\u00e9gion de Montr\u00e9al?<\/strong><\/h2>\n\n\n\n<p class=\"has-text-align-center\"><strong>Donnez vie \u00e0 votre projet de design avec Lucie.<\/strong><\/p>\n\n\n\n<div class=\"wp-block-buttons is-content-justification-center is-layout-flex wp-container-core-buttons-is-layout-16018d1d wp-block-buttons-is-layout-flex\">\n<div class=\"wp-block-button button-inverse\"><a class=\"wp-block-button__link has-text-color has-background has-link-color wp-element-button\" href=\"\/fr\/forfait-de-design-interieur\/versa-style-design-premiere-consultation\/\" style=\"color:#d53652;background-color:#f3f3f3\">Premi\u00e8re consultation<\/a><\/div>\n<\/div>\n\n\n\n<div style=\"height:25px\" aria-hidden=\"true\" class=\"wp-block-spacer\"><\/div>\n<p><a href=\"\/\/www.pinterest.com\/pin\/create\/button\/\" data-pin-do=\"buttonBookmark\" data-pin-color=\"red\" data-pin-height=\"128\"><img decoding=\"async\" src=\"\/\/assets.pinterest.com\/images\/pidgets\/pinit_fg_en_rect_red_28.png\" \/><\/a><\/p>","protected":false},"excerpt":{"rendered":"<p>Mandat Notre cliente voulait que l&rsquo;entr\u00e9e principale de son condo fasse plus d&rsquo;effet. Il n&rsquo;y avait ni couleur, ni lumi\u00e8re, ni personnalit\u00e9, ni accueil. Nous avons augment\u00e9 la qualit\u00e9 et la quantit\u00e9 de l&rsquo;\u00e9clairage, et ajout\u00e9 de la peinture bleu vif et blanche sur les murs. L&rsquo;\u0153uvre d&rsquo;art s\u00e9lectionn\u00e9e et le mur bleu dynamique vous [&hellip;]<\/p>\n","protected":false},"author":2,"featured_media":24423,"parent":1840,"menu_order":0,"comment_status":"closed","ping_status":"closed","template":"","meta":{"advgb_blocks_editor_width":"","advgb_blocks_columns_visual_guide":"","_genesis_hide_title":false,"_genesis_hide_breadcrumbs":false,"_genesis_hide_singular_image":false,"_genesis_hide_footer_widgets":false,"_genesis_custom_body_class":"","_genesis_custom_post_class":"","_genesis_layout":"","footnotes":""},"class_list":{"0":"post-24422","1":"page","2":"type-page","3":"status-publish","4":"has-post-thumbnail","6":"entry"},"yoast_head":"<!-- This site is optimized with the Yoast SEO plugin v27.4 - https:\/\/yoast.com\/product\/yoast-seo-wordpress\/ -->\n<title>Relooking de hall d&#039;entr\u00e9e sur Le Plateau \u00e0 Montr\u00e9al - Versa Style Design<\/title>\n<meta name=\"description\" content=\"Notre cliente voulait que l&#039;entr\u00e9e principale de son condo fasse plus d&#039;effet. Il n&#039;y avait ni couleur, ni lumi\u00e8re, ni personnalit\u00e9, ni accueil.\" \/>\n<meta name=\"robots\" content=\"index, follow, max-snippet:-1, max-image-preview:large, max-video-preview:-1\" \/>\n<link rel=\"canonical\" href=\"https:\/\/versastyledesign.ca\/fr\/portfolio-de-design\/relooking-de-hall-dentree-sur-le-plateau-a-montreal\/\" \/>\n<meta property=\"og:locale\" content=\"fr_CA\" \/>\n<meta property=\"og:type\" content=\"article\" \/>\n<meta property=\"og:title\" content=\"Relooking de hall d&#039;entr\u00e9e sur Le Plateau \u00e0 Montr\u00e9al - Versa Style Design\" \/>\n<meta property=\"og:description\" content=\"Notre cliente voulait que l&#039;entr\u00e9e principale de son condo fasse plus d&#039;effet. Il n&#039;y avait ni couleur, ni lumi\u00e8re, ni personnalit\u00e9, ni accueil.\" \/>\n<meta property=\"og:url\" content=\"https:\/\/versastyledesign.ca\/fr\/portfolio-de-design\/relooking-de-hall-dentree-sur-le-plateau-a-montreal\/\" \/>\n<meta property=\"og:site_name\" content=\"Versa Style Design\" \/>\n<meta property=\"article:publisher\" content=\"https:\/\/www.facebook.com\/Versastyledesign?ref=hl\" \/>\n<meta property=\"article:modified_time\" content=\"2023-08-26T17:19:44+00:00\" \/>\n<meta property=\"og:image\" content=\"https:\/\/new.versastyledesign.ca\/wp-content\/uploads\/2022\/10\/Portfolio-avant-et-apres-de-relooking-de-hall-dentree-1.jpg\" \/>\n\t<meta property=\"og:image:width\" content=\"565\" \/>\n\t<meta property=\"og:image:height\" content=\"850\" \/>\n\t<meta property=\"og:image:type\" content=\"image\/jpeg\" \/>\n<meta name=\"twitter:label1\" content=\"Estimation du temps de lecture\" \/>\n\t<meta name=\"twitter:data1\" content=\"1 minute\" \/>\n<script type=\"application\/ld+json\" class=\"yoast-schema-graph\">{\"@context\":\"https:\\\/\\\/schema.org\",\"@graph\":[{\"@type\":\"WebPage\",\"@id\":\"https:\\\/\\\/versastyledesign.ca\\\/fr\\\/portfolio-de-design\\\/relooking-de-hall-dentree-sur-le-plateau-a-montreal\\\/\",\"url\":\"https:\\\/\\\/versastyledesign.ca\\\/fr\\\/portfolio-de-design\\\/relooking-de-hall-dentree-sur-le-plateau-a-montreal\\\/\",\"name\":\"Relooking de hall d'entr\u00e9e sur Le Plateau \u00e0 Montr\u00e9al - Versa Style Design\",\"isPartOf\":{\"@id\":\"http:\\\/\\\/new.versastyledesign.ca\\\/fr\\\/#website\"},\"primaryImageOfPage\":{\"@id\":\"https:\\\/\\\/versastyledesign.ca\\\/fr\\\/portfolio-de-design\\\/relooking-de-hall-dentree-sur-le-plateau-a-montreal\\\/#primaryimage\"},\"image\":{\"@id\":\"https:\\\/\\\/versastyledesign.ca\\\/fr\\\/portfolio-de-design\\\/relooking-de-hall-dentree-sur-le-plateau-a-montreal\\\/#primaryimage\"},\"thumbnailUrl\":\"https:\\\/\\\/versastyledesign.ca\\\/wp-content\\\/uploads\\\/2022\\\/10\\\/Portfolio-avant-et-apres-de-relooking-de-hall-dentree-1.jpg\",\"datePublished\":\"2022-10-26T14:50:40+00:00\",\"dateModified\":\"2023-08-26T17:19:44+00:00\",\"description\":\"Notre cliente voulait que l'entr\u00e9e principale de son condo fasse plus d'effet. Il n'y avait ni couleur, ni lumi\u00e8re, ni personnalit\u00e9, ni accueil.\",\"breadcrumb\":{\"@id\":\"https:\\\/\\\/versastyledesign.ca\\\/fr\\\/portfolio-de-design\\\/relooking-de-hall-dentree-sur-le-plateau-a-montreal\\\/#breadcrumb\"},\"inLanguage\":\"fr-CA\",\"potentialAction\":[{\"@type\":\"ReadAction\",\"target\":[\"https:\\\/\\\/versastyledesign.ca\\\/fr\\\/portfolio-de-design\\\/relooking-de-hall-dentree-sur-le-plateau-a-montreal\\\/\"]}]},{\"@type\":\"ImageObject\",\"inLanguage\":\"fr-CA\",\"@id\":\"https:\\\/\\\/versastyledesign.ca\\\/fr\\\/portfolio-de-design\\\/relooking-de-hall-dentree-sur-le-plateau-a-montreal\\\/#primaryimage\",\"url\":\"https:\\\/\\\/versastyledesign.ca\\\/wp-content\\\/uploads\\\/2022\\\/10\\\/Portfolio-avant-et-apres-de-relooking-de-hall-dentree-1.jpg\",\"contentUrl\":\"https:\\\/\\\/versastyledesign.ca\\\/wp-content\\\/uploads\\\/2022\\\/10\\\/Portfolio-avant-et-apres-de-relooking-de-hall-dentree-1.jpg\",\"width\":565,\"height\":850,\"caption\":\"Portfolio-avant-et-apres-de-relooking-de-hall-dentree\"},{\"@type\":\"BreadcrumbList\",\"@id\":\"https:\\\/\\\/versastyledesign.ca\\\/fr\\\/portfolio-de-design\\\/relooking-de-hall-dentree-sur-le-plateau-a-montreal\\\/#breadcrumb\",\"itemListElement\":[{\"@type\":\"ListItem\",\"position\":1,\"name\":\"Accueil\",\"item\":\"http:\\\/\\\/new.versastyledesign.ca\\\/fr\\\/\"},{\"@type\":\"ListItem\",\"position\":2,\"name\":\"Portfolio de Design\",\"item\":\"http:\\\/\\\/new.versastyledesign.ca\\\/fr\\\/design-portfolio\\\/\"},{\"@type\":\"ListItem\",\"position\":3,\"name\":\"Relooking de hall d&#8217;entr\u00e9e sur Le Plateau \u00e0 Montr\u00e9al\"}]},{\"@type\":\"WebSite\",\"@id\":\"http:\\\/\\\/new.versastyledesign.ca\\\/fr\\\/#website\",\"url\":\"http:\\\/\\\/new.versastyledesign.ca\\\/fr\\\/\",\"name\":\"Versa Style Design\",\"description\":\"Design d&#039;int\u00e9rieur et r\u00e9novations \u00e0 Montr\u00e9al\",\"publisher\":{\"@id\":\"http:\\\/\\\/new.versastyledesign.ca\\\/fr\\\/#organization\"},\"potentialAction\":[{\"@type\":\"SearchAction\",\"target\":{\"@type\":\"EntryPoint\",\"urlTemplate\":\"http:\\\/\\\/new.versastyledesign.ca\\\/fr\\\/?s={search_term_string}\"},\"query-input\":{\"@type\":\"PropertyValueSpecification\",\"valueRequired\":true,\"valueName\":\"search_term_string\"}}],\"inLanguage\":\"fr-CA\"},{\"@type\":\"Organization\",\"@id\":\"http:\\\/\\\/new.versastyledesign.ca\\\/fr\\\/#organization\",\"name\":\"Versa Style Design\",\"url\":\"http:\\\/\\\/new.versastyledesign.ca\\\/fr\\\/\",\"logo\":{\"@type\":\"ImageObject\",\"inLanguage\":\"fr-CA\",\"@id\":\"http:\\\/\\\/new.versastyledesign.ca\\\/fr\\\/#\\\/schema\\\/logo\\\/image\\\/\",\"url\":\"https:\\\/\\\/versastyledesign.ca\\\/wp-content\\\/uploads\\\/2019\\\/11\\\/Versa-Style-Design-logo.jpg\",\"contentUrl\":\"https:\\\/\\\/versastyledesign.ca\\\/wp-content\\\/uploads\\\/2019\\\/11\\\/Versa-Style-Design-logo.jpg\",\"width\":2099,\"height\":670,\"caption\":\"Versa Style Design\"},\"image\":{\"@id\":\"http:\\\/\\\/new.versastyledesign.ca\\\/fr\\\/#\\\/schema\\\/logo\\\/image\\\/\"},\"sameAs\":[\"https:\\\/\\\/www.facebook.com\\\/Versastyledesign?ref=hl\",\"https:\\\/\\\/x.com\\\/luciepitt\",\"https:\\\/\\\/www.instagram.com\\\/versastyledesign\\\/\",\"https:\\\/\\\/www.linkedin.com\\\/in\\\/lucie-pitt-54b0ba85\",\"https:\\\/\\\/www.pinterest.com\\\/versastyledesign\\\/\"]}]}<\/script>\n<!-- \/ Yoast SEO plugin. -->","yoast_head_json":{"title":"Relooking de hall d'entr\u00e9e sur Le Plateau \u00e0 Montr\u00e9al - Versa Style Design","description":"Notre cliente voulait que l'entr\u00e9e principale de son condo fasse plus d'effet. Il n'y avait ni couleur, ni lumi\u00e8re, ni personnalit\u00e9, ni accueil.","robots":{"index":"index","follow":"follow","max-snippet":"max-snippet:-1","max-image-preview":"max-image-preview:large","max-video-preview":"max-video-preview:-1"},"canonical":"https:\/\/versastyledesign.ca\/fr\/portfolio-de-design\/relooking-de-hall-dentree-sur-le-plateau-a-montreal\/","og_locale":"fr_CA","og_type":"article","og_title":"Relooking de hall d'entr\u00e9e sur Le Plateau \u00e0 Montr\u00e9al - Versa Style Design","og_description":"Notre cliente voulait que l'entr\u00e9e principale de son condo fasse plus d'effet. Il n'y avait ni couleur, ni lumi\u00e8re, ni personnalit\u00e9, ni accueil.","og_url":"https:\/\/versastyledesign.ca\/fr\/portfolio-de-design\/relooking-de-hall-dentree-sur-le-plateau-a-montreal\/","og_site_name":"Versa Style Design","article_publisher":"https:\/\/www.facebook.com\/Versastyledesign?ref=hl","article_modified_time":"2023-08-26T17:19:44+00:00","og_image":[{"width":565,"height":850,"url":"https:\/\/new.versastyledesign.ca\/wp-content\/uploads\/2022\/10\/Portfolio-avant-et-apres-de-relooking-de-hall-dentree-1.jpg","type":"image\/jpeg"}],"twitter_misc":{"Estimation du temps de lecture":"1 minute"},"schema":{"@context":"https:\/\/schema.org","@graph":[{"@type":"WebPage","@id":"https:\/\/versastyledesign.ca\/fr\/portfolio-de-design\/relooking-de-hall-dentree-sur-le-plateau-a-montreal\/","url":"https:\/\/versastyledesign.ca\/fr\/portfolio-de-design\/relooking-de-hall-dentree-sur-le-plateau-a-montreal\/","name":"Relooking de hall d'entr\u00e9e sur Le Plateau \u00e0 Montr\u00e9al - Versa Style Design","isPartOf":{"@id":"http:\/\/new.versastyledesign.ca\/fr\/#website"},"primaryImageOfPage":{"@id":"https:\/\/versastyledesign.ca\/fr\/portfolio-de-design\/relooking-de-hall-dentree-sur-le-plateau-a-montreal\/#primaryimage"},"image":{"@id":"https:\/\/versastyledesign.ca\/fr\/portfolio-de-design\/relooking-de-hall-dentree-sur-le-plateau-a-montreal\/#primaryimage"},"thumbnailUrl":"https:\/\/versastyledesign.ca\/wp-content\/uploads\/2022\/10\/Portfolio-avant-et-apres-de-relooking-de-hall-dentree-1.jpg","datePublished":"2022-10-26T14:50:40+00:00","dateModified":"2023-08-26T17:19:44+00:00","description":"Notre cliente voulait que l'entr\u00e9e principale de son condo fasse plus d'effet. Il n'y avait ni couleur, ni lumi\u00e8re, ni personnalit\u00e9, ni accueil.","breadcrumb":{"@id":"https:\/\/versastyledesign.ca\/fr\/portfolio-de-design\/relooking-de-hall-dentree-sur-le-plateau-a-montreal\/#breadcrumb"},"inLanguage":"fr-CA","potentialAction":[{"@type":"ReadAction","target":["https:\/\/versastyledesign.ca\/fr\/portfolio-de-design\/relooking-de-hall-dentree-sur-le-plateau-a-montreal\/"]}]},{"@type":"ImageObject","inLanguage":"fr-CA","@id":"https:\/\/versastyledesign.ca\/fr\/portfolio-de-design\/relooking-de-hall-dentree-sur-le-plateau-a-montreal\/#primaryimage","url":"https:\/\/versastyledesign.ca\/wp-content\/uploads\/2022\/10\/Portfolio-avant-et-apres-de-relooking-de-hall-dentree-1.jpg","contentUrl":"https:\/\/versastyledesign.ca\/wp-content\/uploads\/2022\/10\/Portfolio-avant-et-apres-de-relooking-de-hall-dentree-1.jpg","width":565,"height":850,"caption":"Portfolio-avant-et-apres-de-relooking-de-hall-dentree"},{"@type":"BreadcrumbList","@id":"https:\/\/versastyledesign.ca\/fr\/portfolio-de-design\/relooking-de-hall-dentree-sur-le-plateau-a-montreal\/#breadcrumb","itemListElement":[{"@type":"ListItem","position":1,"name":"Accueil","item":"http:\/\/new.versastyledesign.ca\/fr\/"},{"@type":"ListItem","position":2,"name":"Portfolio de Design","item":"http:\/\/new.versastyledesign.ca\/fr\/design-portfolio\/"},{"@type":"ListItem","position":3,"name":"Relooking de hall d&#8217;entr\u00e9e sur Le Plateau \u00e0 Montr\u00e9al"}]},{"@type":"WebSite","@id":"http:\/\/new.versastyledesign.ca\/fr\/#website","url":"http:\/\/new.versastyledesign.ca\/fr\/","name":"Versa Style Design","description":"Design d&#039;int\u00e9rieur et r\u00e9novations \u00e0 Montr\u00e9al","publisher":{"@id":"http:\/\/new.versastyledesign.ca\/fr\/#organization"},"potentialAction":[{"@type":"SearchAction","target":{"@type":"EntryPoint","urlTemplate":"http:\/\/new.versastyledesign.ca\/fr\/?s={search_term_string}"},"query-input":{"@type":"PropertyValueSpecification","valueRequired":true,"valueName":"search_term_string"}}],"inLanguage":"fr-CA"},{"@type":"Organization","@id":"http:\/\/new.versastyledesign.ca\/fr\/#organization","name":"Versa Style Design","url":"http:\/\/new.versastyledesign.ca\/fr\/","logo":{"@type":"ImageObject","inLanguage":"fr-CA","@id":"http:\/\/new.versastyledesign.ca\/fr\/#\/schema\/logo\/image\/","url":"https:\/\/versastyledesign.ca\/wp-content\/uploads\/2019\/11\/Versa-Style-Design-logo.jpg","contentUrl":"https:\/\/versastyledesign.ca\/wp-content\/uploads\/2019\/11\/Versa-Style-Design-logo.jpg","width":2099,"height":670,"caption":"Versa Style Design"},"image":{"@id":"http:\/\/new.versastyledesign.ca\/fr\/#\/schema\/logo\/image\/"},"sameAs":["https:\/\/www.facebook.com\/Versastyledesign?ref=hl","https:\/\/x.com\/luciepitt","https:\/\/www.instagram.com\/versastyledesign\/","https:\/\/www.linkedin.com\/in\/lucie-pitt-54b0ba85","https:\/\/www.pinterest.com\/versastyledesign\/"]}]}},"coauthors":[],"author_meta":{"author_link":"https:\/\/versastyledesign.ca\/fr\/author\/lucie-pitt\/","display_name":"Lucie Pitt"},"relative_dates":{"created":"Posted 4 ann\u00e9es ago","modified":"Updated 3 ann\u00e9es ago"},"absolute_dates":{"created":"Posted on 26 octobre 2022","modified":"Updated on 26 ao\u00fbt 2023"},"absolute_dates_time":{"created":"Posted on 26 octobre 2022 10 h 50 min","modified":"Updated on 26 ao\u00fbt 2023 13 h 19 min"},"featured_img_caption":"","featured_img":"https:\/\/versastyledesign.ca\/wp-content\/uploads\/2022\/10\/Portfolio-avant-et-apres-de-relooking-de-hall-dentree-1.jpg","series_order":"","_links":{"self":[{"href":"https:\/\/versastyledesign.ca\/fr\/wp-json\/wp\/v2\/pages\/24422","targetHints":{"allow":["GET"]}}],"collection":[{"href":"https:\/\/versastyledesign.ca\/fr\/wp-json\/wp\/v2\/pages"}],"about":[{"href":"https:\/\/versastyledesign.ca\/fr\/wp-json\/wp\/v2\/types\/page"}],"author":[{"embeddable":true,"href":"https:\/\/versastyledesign.ca\/fr\/wp-json\/wp\/v2\/users\/2"}],"replies":[{"embeddable":true,"href":"https:\/\/versastyledesign.ca\/fr\/wp-json\/wp\/v2\/comments?post=24422"}],"version-history":[{"count":4,"href":"https:\/\/versastyledesign.ca\/fr\/wp-json\/wp\/v2\/pages\/24422\/revisions"}],"predecessor-version":[{"id":26116,"href":"https:\/\/versastyledesign.ca\/fr\/wp-json\/wp\/v2\/pages\/24422\/revisions\/26116"}],"up":[{"embeddable":true,"href":"https:\/\/versastyledesign.ca\/fr\/wp-json\/wp\/v2\/pages\/1840"}],"wp:featuredmedia":[{"embeddable":true,"href":"https:\/\/versastyledesign.ca\/fr\/wp-json\/wp\/v2\/media\/24423"}],"wp:attachment":[{"href":"https:\/\/versastyledesign.ca\/fr\/wp-json\/wp\/v2\/media?parent=24422"}],"curies":[{"name":"wp","href":"https:\/\/api.w.org\/{rel}","templated":true}]}}