{"id":24884,"date":"2022-01-19T11:01:03","date_gmt":"2022-01-19T16:01:03","guid":{"rendered":"https:\/\/versastyledesign.ca\/portfolio-de-design\/small-galley-kitchen-renovation-in-montreal-east\/"},"modified":"2023-08-26T14:25:13","modified_gmt":"2023-08-26T18:25:13","slug":"renovation-dune-petite-cuisine-a-montreal-est","status":"publish","type":"page","link":"https:\/\/versastyledesign.ca\/fr\/portfolio-de-design\/renovation-dune-petite-cuisine-a-montreal-est\/","title":{"rendered":"R\u00e9novation d&rsquo;une petite cuisine \u00e0 Montr\u00e9al-Est"},"content":{"rendered":"\n<div class=\"wp-block-columns is-layout-flex wp-container-core-columns-is-layout-9d6595d7 wp-block-columns-is-layout-flex\">\n<div class=\"wp-block-column is-layout-flow wp-block-column-is-layout-flow\">\n<p><strong>Lieu&nbsp;:&nbsp;<\/strong>Montr\u00e9al-Est<\/p>\n\n\n\n<p><strong><strong>Service de design :<\/strong> <\/strong>Conception de r\u00e9novation de cuisine, plans conceptuels et architecturaux, recommandations de finitions et d&rsquo;achats, recrutement de m\u00e9tiers et gestion de projet<\/p>\n<\/div>\n\n\n\n<div class=\"wp-block-column is-layout-flow wp-block-column-is-layout-flow\">\n<figure class=\"wp-block-image size-full\"><img loading=\"lazy\" decoding=\"async\" width=\"800\" height=\"642\" src=\"https:\/\/versastyledesign.ca\/wp-content\/uploads\/2022\/01\/Montreal-kitchen-makeover-portfolio-7.jpg\" alt=\"R\u00e9novation d'une petite cuisine \u00e0 Montr\u00e9al-Est\" class=\"wp-image-23044\" srcset=\"https:\/\/versastyledesign.ca\/wp-content\/uploads\/2022\/01\/Montreal-kitchen-makeover-portfolio-7.jpg 800w, https:\/\/versastyledesign.ca\/wp-content\/uploads\/2022\/01\/Montreal-kitchen-makeover-portfolio-7-300x241.jpg 300w, https:\/\/versastyledesign.ca\/wp-content\/uploads\/2022\/01\/Montreal-kitchen-makeover-portfolio-7-768x616.jpg 768w\" sizes=\"auto, (max-width: 800px) 100vw, 800px\" \/><\/figure>\n<\/div>\n<\/div>\n\n\n\n<p><strong><strong>Mat\u00e9riaux utilis\u00e9s :<\/strong> <\/strong>Comptoirs en quartz, dosseret de carreaux convexes blancs, carreaux de sol en c\u00e9ramique gris anthracite 12 x 24, armoires de cuisine \u00e0 panneau plat laqu\u00e9 blanc brillant, poign\u00e9es de porte et de tiroir noir mat, armoires de r\u00e9frig\u00e9rateur int\u00e9gr\u00e9es. \u00c9vier profond en acier inoxydable, robinet de cuisine extractible.<\/p>\n\n\n\n<p><strong><strong>Notre mandat :<\/strong> <\/strong>Le client souhaitait avoir une cuisine \u00e9pur\u00e9e, hautement fonctionnelle et tr\u00e8s lumineuse avec un style classique et intemporel. Nous avons cr\u00e9\u00e9 les plans avec un comptoir allong\u00e9 atteignant jusqu&rsquo;\u00e0 l&#8217;emplacement pr\u00e9c\u00e9dent de la tour micro-ondes. Elle a maintenant une surface de travail beaucoup plus grande pour la pr\u00e9paration des aliments. Nous avons \u00e9galement reconfigur\u00e9 son garde-manger sans rendez-vous avec des \u00e9tag\u00e8res r\u00e9tractables et un \u00e9clairage ad\u00e9quat. Nous avons recommand\u00e9 la palette de couleurs, la conception et la finition des armoires personnalis\u00e9es, les comptoirs en quartz \u00e0 faible entretien et l&rsquo;\u00e9vier spacieux en acier inoxydable de style commercial. La cliente est tr\u00e8s contente et tr\u00e8s motiv\u00e9e \u00e0 cuisiner pour elle et ses amis !<\/p>\n\n\n\n<div style=\"height:50px\" aria-hidden=\"true\" class=\"wp-block-spacer\"><\/div>\n\n\n\n<h2 class=\"wp-block-heading\">Portfolio de cuisine avant et apr\u00e8s Montr\u00e9al<br>par Versa Style Design<\/h2>\n\n\n\n<figure class=\"wp-block-gallery has-nested-images columns-5 is-cropped wp-block-gallery-1 is-layout-flex wp-block-gallery-is-layout-flex\">\n<figure class=\"wp-block-image size-large\"><a href=\"https:\/\/versastyledesign.ca\/wp-content\/uploads\/2023\/08\/portfolio-de-design-de-cuisine-a-montreal-17-768x1024.jpg\"><img loading=\"lazy\" decoding=\"async\" width=\"768\" height=\"1024\" data-id=\"26387\" src=\"https:\/\/versastyledesign.ca\/wp-content\/uploads\/2023\/08\/portfolio-de-design-de-cuisine-a-montreal-17-768x1024.jpg\" alt=\"\" class=\"wp-image-26387\" srcset=\"https:\/\/versastyledesign.ca\/wp-content\/uploads\/2023\/08\/portfolio-de-design-de-cuisine-a-montreal-17-768x1024.jpg 768w, https:\/\/versastyledesign.ca\/wp-content\/uploads\/2023\/08\/portfolio-de-design-de-cuisine-a-montreal-17-225x300.jpg 225w, https:\/\/versastyledesign.ca\/wp-content\/uploads\/2023\/08\/portfolio-de-design-de-cuisine-a-montreal-17.jpg 960w\" sizes=\"auto, (max-width: 768px) 100vw, 768px\" \/><\/a><\/figure>\n\n\n\n<figure class=\"wp-block-image size-large\"><a href=\"https:\/\/versastyledesign.ca\/wp-content\/uploads\/2023\/08\/portfolio-de-design-de-cuisine-a-montreal-1-768x1024.jpg\"><img loading=\"lazy\" decoding=\"async\" width=\"768\" height=\"1024\" data-id=\"26376\" src=\"https:\/\/versastyledesign.ca\/wp-content\/uploads\/2023\/08\/portfolio-de-design-de-cuisine-a-montreal-1-768x1024.jpg\" alt=\"\" class=\"wp-image-26376\" srcset=\"https:\/\/versastyledesign.ca\/wp-content\/uploads\/2023\/08\/portfolio-de-design-de-cuisine-a-montreal-1-768x1024.jpg 768w, https:\/\/versastyledesign.ca\/wp-content\/uploads\/2023\/08\/portfolio-de-design-de-cuisine-a-montreal-1-225x300.jpg 225w, https:\/\/versastyledesign.ca\/wp-content\/uploads\/2023\/08\/portfolio-de-design-de-cuisine-a-montreal-1.jpg 960w\" sizes=\"auto, (max-width: 768px) 100vw, 768px\" \/><\/a><\/figure>\n\n\n\n<figure class=\"wp-block-image size-large\"><a href=\"https:\/\/versastyledesign.ca\/wp-content\/uploads\/2023\/08\/portfolio-de-design-de-cuisine-a-montreal-3-672x1024.jpg\"><img loading=\"lazy\" decoding=\"async\" width=\"672\" height=\"1024\" data-id=\"26371\" src=\"https:\/\/versastyledesign.ca\/wp-content\/uploads\/2023\/08\/portfolio-de-design-de-cuisine-a-montreal-3-672x1024.jpg\" alt=\"\" class=\"wp-image-26371\" srcset=\"https:\/\/versastyledesign.ca\/wp-content\/uploads\/2023\/08\/portfolio-de-design-de-cuisine-a-montreal-3-672x1024.jpg 672w, https:\/\/versastyledesign.ca\/wp-content\/uploads\/2023\/08\/portfolio-de-design-de-cuisine-a-montreal-3-197x300.jpg 197w, https:\/\/versastyledesign.ca\/wp-content\/uploads\/2023\/08\/portfolio-de-design-de-cuisine-a-montreal-3-768x1170.jpg 768w, https:\/\/versastyledesign.ca\/wp-content\/uploads\/2023\/08\/portfolio-de-design-de-cuisine-a-montreal-3.jpg 840w\" sizes=\"auto, (max-width: 672px) 100vw, 672px\" \/><\/a><\/figure>\n\n\n\n<figure class=\"wp-block-image size-large\"><a href=\"https:\/\/versastyledesign.ca\/wp-content\/uploads\/2023\/08\/portfolio-de-design-de-cuisine-a-montreal-19-1024x727.jpg\"><img loading=\"lazy\" decoding=\"async\" width=\"1024\" height=\"727\" data-id=\"26389\" src=\"https:\/\/versastyledesign.ca\/wp-content\/uploads\/2023\/08\/portfolio-de-design-de-cuisine-a-montreal-19-1024x727.jpg\" alt=\"\" class=\"wp-image-26389\" srcset=\"https:\/\/versastyledesign.ca\/wp-content\/uploads\/2023\/08\/portfolio-de-design-de-cuisine-a-montreal-19-1024x727.jpg 1024w, https:\/\/versastyledesign.ca\/wp-content\/uploads\/2023\/08\/portfolio-de-design-de-cuisine-a-montreal-19-300x213.jpg 300w, https:\/\/versastyledesign.ca\/wp-content\/uploads\/2023\/08\/portfolio-de-design-de-cuisine-a-montreal-19-768x545.jpg 768w, https:\/\/versastyledesign.ca\/wp-content\/uploads\/2023\/08\/portfolio-de-design-de-cuisine-a-montreal-19.jpg 1280w\" sizes=\"auto, (max-width: 1024px) 100vw, 1024px\" \/><\/a><\/figure>\n\n\n\n<figure class=\"wp-block-image size-large\"><a href=\"https:\/\/versastyledesign.ca\/wp-content\/uploads\/2023\/08\/portfolio-de-design-de-cuisine-a-montreal-5-1024x862.jpg\"><img loading=\"lazy\" decoding=\"async\" width=\"1024\" height=\"862\" data-id=\"26375\" src=\"https:\/\/versastyledesign.ca\/wp-content\/uploads\/2023\/08\/portfolio-de-design-de-cuisine-a-montreal-5-1024x862.jpg\" alt=\"\" class=\"wp-image-26375\" srcset=\"https:\/\/versastyledesign.ca\/wp-content\/uploads\/2023\/08\/portfolio-de-design-de-cuisine-a-montreal-5-1024x862.jpg 1024w, https:\/\/versastyledesign.ca\/wp-content\/uploads\/2023\/08\/portfolio-de-design-de-cuisine-a-montreal-5-300x252.jpg 300w, https:\/\/versastyledesign.ca\/wp-content\/uploads\/2023\/08\/portfolio-de-design-de-cuisine-a-montreal-5-768x646.jpg 768w, https:\/\/versastyledesign.ca\/wp-content\/uploads\/2023\/08\/portfolio-de-design-de-cuisine-a-montreal-5.jpg 1280w\" sizes=\"auto, (max-width: 1024px) 100vw, 1024px\" \/><\/a><\/figure>\n\n\n\n<figure class=\"wp-block-image size-large\"><a href=\"https:\/\/versastyledesign.ca\/wp-content\/uploads\/2023\/08\/portfolio-de-design-de-cuisine-a-montreal-23-711x1024.jpg\"><img loading=\"lazy\" decoding=\"async\" width=\"711\" height=\"1024\" data-id=\"26393\" src=\"https:\/\/versastyledesign.ca\/wp-content\/uploads\/2023\/08\/portfolio-de-design-de-cuisine-a-montreal-23-711x1024.jpg\" alt=\"\" class=\"wp-image-26393\" srcset=\"https:\/\/versastyledesign.ca\/wp-content\/uploads\/2023\/08\/portfolio-de-design-de-cuisine-a-montreal-23-711x1024.jpg 711w, https:\/\/versastyledesign.ca\/wp-content\/uploads\/2023\/08\/portfolio-de-design-de-cuisine-a-montreal-23-208x300.jpg 208w, https:\/\/versastyledesign.ca\/wp-content\/uploads\/2023\/08\/portfolio-de-design-de-cuisine-a-montreal-23-768x1106.jpg 768w, https:\/\/versastyledesign.ca\/wp-content\/uploads\/2023\/08\/portfolio-de-design-de-cuisine-a-montreal-23.jpg 889w\" sizes=\"auto, (max-width: 711px) 100vw, 711px\" \/><\/a><\/figure>\n\n\n\n<figure class=\"wp-block-image size-large\"><a href=\"https:\/\/versastyledesign.ca\/wp-content\/uploads\/2023\/08\/portfolio-de-design-de-cuisine-a-montreal-9-768x1024.jpg\"><img loading=\"lazy\" decoding=\"async\" width=\"768\" height=\"1024\" data-id=\"26381\" src=\"https:\/\/versastyledesign.ca\/wp-content\/uploads\/2023\/08\/portfolio-de-design-de-cuisine-a-montreal-9-768x1024.jpg\" alt=\"\" class=\"wp-image-26381\" srcset=\"https:\/\/versastyledesign.ca\/wp-content\/uploads\/2023\/08\/portfolio-de-design-de-cuisine-a-montreal-9-768x1024.jpg 768w, https:\/\/versastyledesign.ca\/wp-content\/uploads\/2023\/08\/portfolio-de-design-de-cuisine-a-montreal-9-225x300.jpg 225w, https:\/\/versastyledesign.ca\/wp-content\/uploads\/2023\/08\/portfolio-de-design-de-cuisine-a-montreal-9.jpg 960w\" sizes=\"auto, (max-width: 768px) 100vw, 768px\" \/><\/a><\/figure>\n\n\n\n<figure class=\"wp-block-image size-large\"><a href=\"https:\/\/versastyledesign.ca\/wp-content\/uploads\/2023\/08\/portfolio-de-design-de-cuisine-a-montreal-11-768x1024.jpg\"><img loading=\"lazy\" decoding=\"async\" width=\"768\" height=\"1024\" data-id=\"26378\" src=\"https:\/\/versastyledesign.ca\/wp-content\/uploads\/2023\/08\/portfolio-de-design-de-cuisine-a-montreal-11-768x1024.jpg\" alt=\"\" class=\"wp-image-26378\" srcset=\"https:\/\/versastyledesign.ca\/wp-content\/uploads\/2023\/08\/portfolio-de-design-de-cuisine-a-montreal-11-768x1024.jpg 768w, https:\/\/versastyledesign.ca\/wp-content\/uploads\/2023\/08\/portfolio-de-design-de-cuisine-a-montreal-11-225x300.jpg 225w, https:\/\/versastyledesign.ca\/wp-content\/uploads\/2023\/08\/portfolio-de-design-de-cuisine-a-montreal-11.jpg 960w\" sizes=\"auto, (max-width: 768px) 100vw, 768px\" \/><\/a><\/figure>\n\n\n\n<figure class=\"wp-block-image size-large\"><a href=\"https:\/\/versastyledesign.ca\/wp-content\/uploads\/2023\/08\/portfolio-de-design-de-cuisine-a-montreal-25-768x1024.jpg\"><img loading=\"lazy\" decoding=\"async\" width=\"768\" height=\"1024\" data-id=\"26395\" src=\"https:\/\/versastyledesign.ca\/wp-content\/uploads\/2023\/08\/portfolio-de-design-de-cuisine-a-montreal-25-768x1024.jpg\" alt=\"\" class=\"wp-image-26395\" srcset=\"https:\/\/versastyledesign.ca\/wp-content\/uploads\/2023\/08\/portfolio-de-design-de-cuisine-a-montreal-25-768x1024.jpg 768w, https:\/\/versastyledesign.ca\/wp-content\/uploads\/2023\/08\/portfolio-de-design-de-cuisine-a-montreal-25-225x300.jpg 225w, https:\/\/versastyledesign.ca\/wp-content\/uploads\/2023\/08\/portfolio-de-design-de-cuisine-a-montreal-25.jpg 960w\" sizes=\"auto, (max-width: 768px) 100vw, 768px\" \/><\/a><\/figure>\n\n\n\n<figure class=\"wp-block-image size-large\"><a href=\"https:\/\/versastyledesign.ca\/wp-content\/uploads\/2023\/08\/portfolio-de-design-de-cuisine-a-montreal-7-1024x822.jpg\"><img loading=\"lazy\" decoding=\"async\" width=\"1024\" height=\"822\" data-id=\"26373\" src=\"https:\/\/versastyledesign.ca\/wp-content\/uploads\/2023\/08\/portfolio-de-design-de-cuisine-a-montreal-7-1024x822.jpg\" alt=\"\" class=\"wp-image-26373\" srcset=\"https:\/\/versastyledesign.ca\/wp-content\/uploads\/2023\/08\/portfolio-de-design-de-cuisine-a-montreal-7-1024x822.jpg 1024w, https:\/\/versastyledesign.ca\/wp-content\/uploads\/2023\/08\/portfolio-de-design-de-cuisine-a-montreal-7-300x241.jpg 300w, https:\/\/versastyledesign.ca\/wp-content\/uploads\/2023\/08\/portfolio-de-design-de-cuisine-a-montreal-7-768x616.jpg 768w, https:\/\/versastyledesign.ca\/wp-content\/uploads\/2023\/08\/portfolio-de-design-de-cuisine-a-montreal-7.jpg 1280w\" sizes=\"auto, (max-width: 1024px) 100vw, 1024px\" \/><\/a><\/figure>\n\n\n\n<figure class=\"wp-block-image size-large\"><a href=\"https:\/\/versastyledesign.ca\/wp-content\/uploads\/2023\/08\/portfolio-de-design-de-cuisine-a-montreal-21-768x1024.jpg\"><img loading=\"lazy\" decoding=\"async\" width=\"768\" height=\"1024\" data-id=\"26391\" src=\"https:\/\/versastyledesign.ca\/wp-content\/uploads\/2023\/08\/portfolio-de-design-de-cuisine-a-montreal-21-768x1024.jpg\" alt=\"\" class=\"wp-image-26391\" srcset=\"https:\/\/versastyledesign.ca\/wp-content\/uploads\/2023\/08\/portfolio-de-design-de-cuisine-a-montreal-21-768x1024.jpg 768w, https:\/\/versastyledesign.ca\/wp-content\/uploads\/2023\/08\/portfolio-de-design-de-cuisine-a-montreal-21-225x300.jpg 225w, https:\/\/versastyledesign.ca\/wp-content\/uploads\/2023\/08\/portfolio-de-design-de-cuisine-a-montreal-21.jpg 960w\" sizes=\"auto, (max-width: 768px) 100vw, 768px\" \/><\/a><\/figure>\n\n\n\n<figure class=\"wp-block-image size-large\"><a href=\"https:\/\/versastyledesign.ca\/wp-content\/uploads\/2023\/08\/portfolio-de-design-de-cuisine-a-montreal-13-669x1024.jpg\"><img loading=\"lazy\" decoding=\"async\" width=\"669\" height=\"1024\" data-id=\"26383\" src=\"https:\/\/versastyledesign.ca\/wp-content\/uploads\/2023\/08\/portfolio-de-design-de-cuisine-a-montreal-13-669x1024.jpg\" alt=\"\" class=\"wp-image-26383\" srcset=\"https:\/\/versastyledesign.ca\/wp-content\/uploads\/2023\/08\/portfolio-de-design-de-cuisine-a-montreal-13-669x1024.jpg 669w, https:\/\/versastyledesign.ca\/wp-content\/uploads\/2023\/08\/portfolio-de-design-de-cuisine-a-montreal-13-196x300.jpg 196w, https:\/\/versastyledesign.ca\/wp-content\/uploads\/2023\/08\/portfolio-de-design-de-cuisine-a-montreal-13-768x1176.jpg 768w, https:\/\/versastyledesign.ca\/wp-content\/uploads\/2023\/08\/portfolio-de-design-de-cuisine-a-montreal-13.jpg 836w\" sizes=\"auto, (max-width: 669px) 100vw, 669px\" \/><\/a><\/figure>\n\n\n\n<figure class=\"wp-block-image size-large\"><a href=\"https:\/\/versastyledesign.ca\/wp-content\/uploads\/2023\/08\/portfolio-de-design-de-cuisine-a-montreal-27-768x1024.jpg\"><img loading=\"lazy\" decoding=\"async\" width=\"768\" height=\"1024\" data-id=\"26397\" src=\"https:\/\/versastyledesign.ca\/wp-content\/uploads\/2023\/08\/portfolio-de-design-de-cuisine-a-montreal-27-768x1024.jpg\" alt=\"\" class=\"wp-image-26397\" srcset=\"https:\/\/versastyledesign.ca\/wp-content\/uploads\/2023\/08\/portfolio-de-design-de-cuisine-a-montreal-27-768x1024.jpg 768w, https:\/\/versastyledesign.ca\/wp-content\/uploads\/2023\/08\/portfolio-de-design-de-cuisine-a-montreal-27-225x300.jpg 225w, https:\/\/versastyledesign.ca\/wp-content\/uploads\/2023\/08\/portfolio-de-design-de-cuisine-a-montreal-27.jpg 960w\" sizes=\"auto, (max-width: 768px) 100vw, 768px\" \/><\/a><\/figure>\n\n\n\n<figure class=\"wp-block-image size-large\"><a href=\"https:\/\/versastyledesign.ca\/wp-content\/uploads\/2023\/08\/portfolio-de-design-de-cuisine-a-montreal-15-768x1024.jpg\"><img loading=\"lazy\" decoding=\"async\" width=\"768\" height=\"1024\" data-id=\"26384\" src=\"https:\/\/versastyledesign.ca\/wp-content\/uploads\/2023\/08\/portfolio-de-design-de-cuisine-a-montreal-15-768x1024.jpg\" alt=\"\" class=\"wp-image-26384\" srcset=\"https:\/\/versastyledesign.ca\/wp-content\/uploads\/2023\/08\/portfolio-de-design-de-cuisine-a-montreal-15-768x1024.jpg 768w, https:\/\/versastyledesign.ca\/wp-content\/uploads\/2023\/08\/portfolio-de-design-de-cuisine-a-montreal-15-225x300.jpg 225w, https:\/\/versastyledesign.ca\/wp-content\/uploads\/2023\/08\/portfolio-de-design-de-cuisine-a-montreal-15.jpg 960w\" sizes=\"auto, (max-width: 768px) 100vw, 768px\" \/><\/a><\/figure>\n\n\n\n<figure class=\"wp-block-image size-large\"><a href=\"https:\/\/versastyledesign.ca\/wp-content\/uploads\/2023\/08\/Portefeuille-de-design-de-cuisine-a-Montreal-631x1024.jpg\"><img loading=\"lazy\" decoding=\"async\" width=\"631\" height=\"1024\" data-id=\"26399\" src=\"https:\/\/versastyledesign.ca\/wp-content\/uploads\/2023\/08\/Portefeuille-de-design-de-cuisine-a-Montreal-631x1024.jpg\" alt=\"\" class=\"wp-image-26399\" srcset=\"https:\/\/versastyledesign.ca\/wp-content\/uploads\/2023\/08\/Portefeuille-de-design-de-cuisine-a-Montreal-631x1024.jpg 631w, https:\/\/versastyledesign.ca\/wp-content\/uploads\/2023\/08\/Portefeuille-de-design-de-cuisine-a-Montreal-185x300.jpg 185w, https:\/\/versastyledesign.ca\/wp-content\/uploads\/2023\/08\/Portefeuille-de-design-de-cuisine-a-Montreal-768x1246.jpg 768w, https:\/\/versastyledesign.ca\/wp-content\/uploads\/2023\/08\/Portefeuille-de-design-de-cuisine-a-Montreal.jpg 789w\" sizes=\"auto, (max-width: 631px) 100vw, 631px\" \/><\/a><\/figure>\n<\/figure>\n\n\n\n<blockquote class=\"wp-block-quote is-layout-flow wp-block-quote-is-layout-flow\">\n<p>Ce fut un grand plaisir de travailler avec Lucie. Son professionnalisme et son souci du d\u00e9tail sont in\u00e9gal\u00e9s. Je travaille avec elle depuis 2017 et sa patience et son \u00e9nergie sont exemplaires. Je suis tellement content de la fa\u00e7on dont mon salon et ma cuisine se sont av\u00e9r\u00e9s. Tr\u00e8s comp\u00e9tente et serviable.<\/p>\n<cite><strong>Kaoutar Dehbi<\/strong><\/cite><\/blockquote>\n\n\n\n<div style=\"height:50px\" aria-hidden=\"true\" class=\"wp-block-spacer\"><\/div>\n\n\n\n<div class=\"wp-block-columns has-2-columns is-layout-flex wp-container-core-columns-is-layout-9d6595d7 wp-block-columns-is-layout-flex\">\n<div class=\"wp-block-column is-layout-flow wp-block-column-is-layout-flow\"><div class=\"wp-block-image\">\n<figure class=\"aligncenter size-large\"><img loading=\"lazy\" decoding=\"async\" width=\"850\" height=\"542\" src=\"https:\/\/versastyledesign.ca\/wp-content\/uploads\/2019\/11\/Design-de-cuisine-a-montreal-04.jpg\" alt=\"\" class=\"wp-image-13711\" srcset=\"https:\/\/versastyledesign.ca\/wp-content\/uploads\/2019\/11\/Design-de-cuisine-a-montreal-04.jpg 850w, https:\/\/versastyledesign.ca\/wp-content\/uploads\/2019\/11\/Design-de-cuisine-a-montreal-04-300x191.jpg 300w, https:\/\/versastyledesign.ca\/wp-content\/uploads\/2019\/11\/Design-de-cuisine-a-montreal-04-768x490.jpg 768w\" sizes=\"auto, (max-width: 850px) 100vw, 850px\" \/><\/figure>\n<\/div><\/div>\n\n\n\n<div class=\"wp-block-column is-layout-flow wp-block-column-is-layout-flow\">\n<h2 class=\"wp-block-heading has-text-align-center\">Services de design de cuisine \u00e0 Montr\u00e9al<\/h2>\n\n\n\n<p class=\"has-text-align-center\">Pour en savoir plus sur nos services de design de cuisine dans la grande r\u00e9gion de Montr\u00e9al.<br><\/p>\n\n\n\n<div class=\"wp-block-button button-custom aligncenter\"><a class=\"wp-block-button__link has-background wp-element-button\" href=\"\/fr\/design-interieur\/design-dinterieur-de-cuisine-a-montreal\/\" style=\"background-color:#d53652\">Design de cuisine<\/a><\/div>\n<\/div>\n<\/div>\n\n\n\n<div style=\"height:50px\" aria-hidden=\"true\" class=\"wp-block-spacer\"><\/div>\n\n\n\n<h2 class=\"wp-block-heading\"><strong>\u00cates-vous situ\u00e9 dans la grande r\u00e9gion de Montr\u00e9al?<\/strong><\/h2>\n\n\n\n<p class=\"has-text-align-center\"><strong>Donnez vie \u00e0 votre projet de design avec Lucie.<\/strong><\/p>\n\n\n\n<div class=\"wp-block-buttons is-content-justification-center is-layout-flex wp-container-core-buttons-is-layout-16018d1d wp-block-buttons-is-layout-flex\">\n<div class=\"wp-block-button button-inverse\"><a class=\"wp-block-button__link has-text-color has-background has-link-color wp-element-button\" href=\"\/fr\/forfait-de-design-interieur\/versa-style-design-premiere-consultation\/\" style=\"color:#d53652;background-color:#f3f3f3\">Premi\u00e8re consultation<\/a><\/div>\n<\/div>\n\n\n\n<div style=\"height:25px\" aria-hidden=\"true\" class=\"wp-block-spacer\"><\/div>\n<p><a href=\"\/\/www.pinterest.com\/pin\/create\/button\/\" data-pin-do=\"buttonBookmark\" data-pin-color=\"red\" data-pin-height=\"128\"><img decoding=\"async\" src=\"\/\/assets.pinterest.com\/images\/pidgets\/pinit_fg_en_rect_red_28.png\" \/><\/a><\/p>","protected":false},"excerpt":{"rendered":"<p>Lieu&nbsp;:&nbsp;Montr\u00e9al-Est Service de design : Conception de r\u00e9novation de cuisine, plans conceptuels et architecturaux, recommandations de finitions et d&rsquo;achats, recrutement de m\u00e9tiers et gestion de projet Mat\u00e9riaux utilis\u00e9s : Comptoirs en quartz, dosseret de carreaux convexes blancs, carreaux de sol en c\u00e9ramique gris anthracite 12 x 24, armoires de cuisine \u00e0 panneau plat laqu\u00e9 blanc [&hellip;]<\/p>\n","protected":false},"author":2,"featured_media":23045,"parent":1840,"menu_order":0,"comment_status":"closed","ping_status":"closed","template":"","meta":{"advgb_blocks_editor_width":"","advgb_blocks_columns_visual_guide":"","_genesis_hide_title":false,"_genesis_hide_breadcrumbs":false,"_genesis_hide_singular_image":false,"_genesis_hide_footer_widgets":false,"_genesis_custom_body_class":"","_genesis_custom_post_class":"","_genesis_layout":"","footnotes":""},"class_list":{"0":"post-24884","1":"page","2":"type-page","3":"status-publish","4":"has-post-thumbnail","6":"entry"},"yoast_head":"<!-- This site is optimized with the Yoast SEO plugin v27.5 - https:\/\/yoast.com\/product\/yoast-seo-wordpress\/ -->\n<title>R\u00e9novation d&#039;une petite cuisine \u00e0 Montr\u00e9al-Est - Versa Style Design<\/title>\n<meta name=\"description\" content=\"Le client souhaitait avoir une cuisine \u00e9pur\u00e9e, hautement fonctionnelle et tr\u00e8s lumineuse au style classique et intemporel.\" \/>\n<meta name=\"robots\" content=\"index, follow, max-snippet:-1, max-image-preview:large, max-video-preview:-1\" \/>\n<link rel=\"canonical\" href=\"https:\/\/versastyledesign.ca\/fr\/portfolio-de-design\/renovation-dune-petite-cuisine-a-montreal-est\/\" \/>\n<meta property=\"og:locale\" content=\"fr_CA\" \/>\n<meta property=\"og:type\" content=\"article\" \/>\n<meta property=\"og:title\" content=\"R\u00e9novation d&#039;une petite cuisine \u00e0 Montr\u00e9al-Est - Versa Style Design\" \/>\n<meta property=\"og:description\" content=\"Le client souhaitait avoir une cuisine \u00e9pur\u00e9e, hautement fonctionnelle et tr\u00e8s lumineuse au style classique et intemporel.\" \/>\n<meta property=\"og:url\" content=\"https:\/\/versastyledesign.ca\/fr\/portfolio-de-design\/renovation-dune-petite-cuisine-a-montreal-est\/\" \/>\n<meta property=\"og:site_name\" content=\"Versa Style Design\" \/>\n<meta property=\"article:publisher\" content=\"https:\/\/www.facebook.com\/Versastyledesign?ref=hl\" \/>\n<meta property=\"article:modified_time\" content=\"2023-08-26T18:25:13+00:00\" \/>\n<meta property=\"og:image\" content=\"https:\/\/new.versastyledesign.ca\/wp-content\/uploads\/2022\/01\/Montreal-kitchen-makeover-portfolio-7.jpg\" \/>\n\t<meta property=\"og:image:width\" content=\"800\" \/>\n\t<meta property=\"og:image:height\" content=\"642\" \/>\n\t<meta property=\"og:image:type\" content=\"image\/jpeg\" \/>\n<meta name=\"twitter:label1\" content=\"Estimation du temps de lecture\" \/>\n\t<meta name=\"twitter:data1\" content=\"5 minutes\" \/>\n<script type=\"application\/ld+json\" class=\"yoast-schema-graph\">{\"@context\":\"https:\\\/\\\/schema.org\",\"@graph\":[{\"@type\":\"WebPage\",\"@id\":\"https:\\\/\\\/versastyledesign.ca\\\/fr\\\/portfolio-de-design\\\/renovation-dune-petite-cuisine-a-montreal-est\\\/\",\"url\":\"https:\\\/\\\/versastyledesign.ca\\\/fr\\\/portfolio-de-design\\\/renovation-dune-petite-cuisine-a-montreal-est\\\/\",\"name\":\"R\u00e9novation d'une petite cuisine \u00e0 Montr\u00e9al-Est - Versa Style Design\",\"isPartOf\":{\"@id\":\"http:\\\/\\\/new.versastyledesign.ca\\\/fr\\\/#website\"},\"primaryImageOfPage\":{\"@id\":\"https:\\\/\\\/versastyledesign.ca\\\/fr\\\/portfolio-de-design\\\/renovation-dune-petite-cuisine-a-montreal-est\\\/#primaryimage\"},\"image\":{\"@id\":\"https:\\\/\\\/versastyledesign.ca\\\/fr\\\/portfolio-de-design\\\/renovation-dune-petite-cuisine-a-montreal-est\\\/#primaryimage\"},\"thumbnailUrl\":\"https:\\\/\\\/versastyledesign.ca\\\/wp-content\\\/uploads\\\/2022\\\/01\\\/Montreal-kitchen-makeover-portfolio-7.jpg\",\"datePublished\":\"2022-01-19T16:01:03+00:00\",\"dateModified\":\"2023-08-26T18:25:13+00:00\",\"description\":\"Le client souhaitait avoir une cuisine \u00e9pur\u00e9e, hautement fonctionnelle et tr\u00e8s lumineuse au style classique et intemporel.\",\"breadcrumb\":{\"@id\":\"https:\\\/\\\/versastyledesign.ca\\\/fr\\\/portfolio-de-design\\\/renovation-dune-petite-cuisine-a-montreal-est\\\/#breadcrumb\"},\"inLanguage\":\"fr-CA\",\"potentialAction\":[{\"@type\":\"ReadAction\",\"target\":[\"https:\\\/\\\/versastyledesign.ca\\\/fr\\\/portfolio-de-design\\\/renovation-dune-petite-cuisine-a-montreal-est\\\/\"]}]},{\"@type\":\"ImageObject\",\"inLanguage\":\"fr-CA\",\"@id\":\"https:\\\/\\\/versastyledesign.ca\\\/fr\\\/portfolio-de-design\\\/renovation-dune-petite-cuisine-a-montreal-est\\\/#primaryimage\",\"url\":\"https:\\\/\\\/versastyledesign.ca\\\/wp-content\\\/uploads\\\/2022\\\/01\\\/Montreal-kitchen-makeover-portfolio-7.jpg\",\"contentUrl\":\"https:\\\/\\\/versastyledesign.ca\\\/wp-content\\\/uploads\\\/2022\\\/01\\\/Montreal-kitchen-makeover-portfolio-7.jpg\",\"width\":800,\"height\":642,\"caption\":\"Montreal-kitchen-makeover-portfolio-7\"},{\"@type\":\"BreadcrumbList\",\"@id\":\"https:\\\/\\\/versastyledesign.ca\\\/fr\\\/portfolio-de-design\\\/renovation-dune-petite-cuisine-a-montreal-est\\\/#breadcrumb\",\"itemListElement\":[{\"@type\":\"ListItem\",\"position\":1,\"name\":\"Accueil\",\"item\":\"http:\\\/\\\/new.versastyledesign.ca\\\/fr\\\/\"},{\"@type\":\"ListItem\",\"position\":2,\"name\":\"Portfolio de Design\",\"item\":\"http:\\\/\\\/new.versastyledesign.ca\\\/fr\\\/design-portfolio\\\/\"},{\"@type\":\"ListItem\",\"position\":3,\"name\":\"R\u00e9novation d&#8217;une petite cuisine \u00e0 Montr\u00e9al-Est\"}]},{\"@type\":\"WebSite\",\"@id\":\"http:\\\/\\\/new.versastyledesign.ca\\\/fr\\\/#website\",\"url\":\"http:\\\/\\\/new.versastyledesign.ca\\\/fr\\\/\",\"name\":\"Versa Style Design\",\"description\":\"Design d&#039;int\u00e9rieur et r\u00e9novations \u00e0 Montr\u00e9al\",\"publisher\":{\"@id\":\"http:\\\/\\\/new.versastyledesign.ca\\\/fr\\\/#organization\"},\"potentialAction\":[{\"@type\":\"SearchAction\",\"target\":{\"@type\":\"EntryPoint\",\"urlTemplate\":\"http:\\\/\\\/new.versastyledesign.ca\\\/fr\\\/?s={search_term_string}\"},\"query-input\":{\"@type\":\"PropertyValueSpecification\",\"valueRequired\":true,\"valueName\":\"search_term_string\"}}],\"inLanguage\":\"fr-CA\"},{\"@type\":\"Organization\",\"@id\":\"http:\\\/\\\/new.versastyledesign.ca\\\/fr\\\/#organization\",\"name\":\"Versa Style Design\",\"url\":\"http:\\\/\\\/new.versastyledesign.ca\\\/fr\\\/\",\"logo\":{\"@type\":\"ImageObject\",\"inLanguage\":\"fr-CA\",\"@id\":\"http:\\\/\\\/new.versastyledesign.ca\\\/fr\\\/#\\\/schema\\\/logo\\\/image\\\/\",\"url\":\"https:\\\/\\\/versastyledesign.ca\\\/wp-content\\\/uploads\\\/2019\\\/11\\\/Versa-Style-Design-logo.jpg\",\"contentUrl\":\"https:\\\/\\\/versastyledesign.ca\\\/wp-content\\\/uploads\\\/2019\\\/11\\\/Versa-Style-Design-logo.jpg\",\"width\":2099,\"height\":670,\"caption\":\"Versa Style Design\"},\"image\":{\"@id\":\"http:\\\/\\\/new.versastyledesign.ca\\\/fr\\\/#\\\/schema\\\/logo\\\/image\\\/\"},\"sameAs\":[\"https:\\\/\\\/www.facebook.com\\\/Versastyledesign?ref=hl\",\"https:\\\/\\\/x.com\\\/luciepitt\",\"https:\\\/\\\/www.instagram.com\\\/versastyledesign\\\/\",\"https:\\\/\\\/www.linkedin.com\\\/in\\\/lucie-pitt-54b0ba85\",\"https:\\\/\\\/www.pinterest.com\\\/versastyledesign\\\/\"]}]}<\/script>\n<!-- \/ Yoast SEO plugin. -->","yoast_head_json":{"title":"R\u00e9novation d'une petite cuisine \u00e0 Montr\u00e9al-Est - Versa Style Design","description":"Le client souhaitait avoir une cuisine \u00e9pur\u00e9e, hautement fonctionnelle et tr\u00e8s lumineuse au style classique et intemporel.","robots":{"index":"index","follow":"follow","max-snippet":"max-snippet:-1","max-image-preview":"max-image-preview:large","max-video-preview":"max-video-preview:-1"},"canonical":"https:\/\/versastyledesign.ca\/fr\/portfolio-de-design\/renovation-dune-petite-cuisine-a-montreal-est\/","og_locale":"fr_CA","og_type":"article","og_title":"R\u00e9novation d'une petite cuisine \u00e0 Montr\u00e9al-Est - Versa Style Design","og_description":"Le client souhaitait avoir une cuisine \u00e9pur\u00e9e, hautement fonctionnelle et tr\u00e8s lumineuse au style classique et intemporel.","og_url":"https:\/\/versastyledesign.ca\/fr\/portfolio-de-design\/renovation-dune-petite-cuisine-a-montreal-est\/","og_site_name":"Versa Style Design","article_publisher":"https:\/\/www.facebook.com\/Versastyledesign?ref=hl","article_modified_time":"2023-08-26T18:25:13+00:00","og_image":[{"width":800,"height":642,"url":"https:\/\/new.versastyledesign.ca\/wp-content\/uploads\/2022\/01\/Montreal-kitchen-makeover-portfolio-7.jpg","type":"image\/jpeg"}],"twitter_misc":{"Estimation du temps de lecture":"5 minutes"},"schema":{"@context":"https:\/\/schema.org","@graph":[{"@type":"WebPage","@id":"https:\/\/versastyledesign.ca\/fr\/portfolio-de-design\/renovation-dune-petite-cuisine-a-montreal-est\/","url":"https:\/\/versastyledesign.ca\/fr\/portfolio-de-design\/renovation-dune-petite-cuisine-a-montreal-est\/","name":"R\u00e9novation d'une petite cuisine \u00e0 Montr\u00e9al-Est - Versa Style Design","isPartOf":{"@id":"http:\/\/new.versastyledesign.ca\/fr\/#website"},"primaryImageOfPage":{"@id":"https:\/\/versastyledesign.ca\/fr\/portfolio-de-design\/renovation-dune-petite-cuisine-a-montreal-est\/#primaryimage"},"image":{"@id":"https:\/\/versastyledesign.ca\/fr\/portfolio-de-design\/renovation-dune-petite-cuisine-a-montreal-est\/#primaryimage"},"thumbnailUrl":"https:\/\/versastyledesign.ca\/wp-content\/uploads\/2022\/01\/Montreal-kitchen-makeover-portfolio-7.jpg","datePublished":"2022-01-19T16:01:03+00:00","dateModified":"2023-08-26T18:25:13+00:00","description":"Le client souhaitait avoir une cuisine \u00e9pur\u00e9e, hautement fonctionnelle et tr\u00e8s lumineuse au style classique et intemporel.","breadcrumb":{"@id":"https:\/\/versastyledesign.ca\/fr\/portfolio-de-design\/renovation-dune-petite-cuisine-a-montreal-est\/#breadcrumb"},"inLanguage":"fr-CA","potentialAction":[{"@type":"ReadAction","target":["https:\/\/versastyledesign.ca\/fr\/portfolio-de-design\/renovation-dune-petite-cuisine-a-montreal-est\/"]}]},{"@type":"ImageObject","inLanguage":"fr-CA","@id":"https:\/\/versastyledesign.ca\/fr\/portfolio-de-design\/renovation-dune-petite-cuisine-a-montreal-est\/#primaryimage","url":"https:\/\/versastyledesign.ca\/wp-content\/uploads\/2022\/01\/Montreal-kitchen-makeover-portfolio-7.jpg","contentUrl":"https:\/\/versastyledesign.ca\/wp-content\/uploads\/2022\/01\/Montreal-kitchen-makeover-portfolio-7.jpg","width":800,"height":642,"caption":"Montreal-kitchen-makeover-portfolio-7"},{"@type":"BreadcrumbList","@id":"https:\/\/versastyledesign.ca\/fr\/portfolio-de-design\/renovation-dune-petite-cuisine-a-montreal-est\/#breadcrumb","itemListElement":[{"@type":"ListItem","position":1,"name":"Accueil","item":"http:\/\/new.versastyledesign.ca\/fr\/"},{"@type":"ListItem","position":2,"name":"Portfolio de Design","item":"http:\/\/new.versastyledesign.ca\/fr\/design-portfolio\/"},{"@type":"ListItem","position":3,"name":"R\u00e9novation d&#8217;une petite cuisine \u00e0 Montr\u00e9al-Est"}]},{"@type":"WebSite","@id":"http:\/\/new.versastyledesign.ca\/fr\/#website","url":"http:\/\/new.versastyledesign.ca\/fr\/","name":"Versa Style Design","description":"Design d&#039;int\u00e9rieur et r\u00e9novations \u00e0 Montr\u00e9al","publisher":{"@id":"http:\/\/new.versastyledesign.ca\/fr\/#organization"},"potentialAction":[{"@type":"SearchAction","target":{"@type":"EntryPoint","urlTemplate":"http:\/\/new.versastyledesign.ca\/fr\/?s={search_term_string}"},"query-input":{"@type":"PropertyValueSpecification","valueRequired":true,"valueName":"search_term_string"}}],"inLanguage":"fr-CA"},{"@type":"Organization","@id":"http:\/\/new.versastyledesign.ca\/fr\/#organization","name":"Versa Style Design","url":"http:\/\/new.versastyledesign.ca\/fr\/","logo":{"@type":"ImageObject","inLanguage":"fr-CA","@id":"http:\/\/new.versastyledesign.ca\/fr\/#\/schema\/logo\/image\/","url":"https:\/\/versastyledesign.ca\/wp-content\/uploads\/2019\/11\/Versa-Style-Design-logo.jpg","contentUrl":"https:\/\/versastyledesign.ca\/wp-content\/uploads\/2019\/11\/Versa-Style-Design-logo.jpg","width":2099,"height":670,"caption":"Versa Style Design"},"image":{"@id":"http:\/\/new.versastyledesign.ca\/fr\/#\/schema\/logo\/image\/"},"sameAs":["https:\/\/www.facebook.com\/Versastyledesign?ref=hl","https:\/\/x.com\/luciepitt","https:\/\/www.instagram.com\/versastyledesign\/","https:\/\/www.linkedin.com\/in\/lucie-pitt-54b0ba85","https:\/\/www.pinterest.com\/versastyledesign\/"]}]}},"coauthors":[],"author_meta":{"author_link":"https:\/\/versastyledesign.ca\/fr\/author\/lucie-pitt\/","display_name":"Lucie Pitt"},"relative_dates":{"created":"Posted 4 ann\u00e9es ago","modified":"Updated 3 ann\u00e9es ago"},"absolute_dates":{"created":"Posted on 19 janvier 2022","modified":"Updated on 26 ao\u00fbt 2023"},"absolute_dates_time":{"created":"Posted on 19 janvier 2022 11 h 01 min","modified":"Updated on 26 ao\u00fbt 2023 14 h 25 min"},"featured_img_caption":"","featured_img":"https:\/\/versastyledesign.ca\/wp-content\/uploads\/2022\/01\/Montreal-kitchen-makeover-portfolio-7.jpg","series_order":"","_links":{"self":[{"href":"https:\/\/versastyledesign.ca\/fr\/wp-json\/wp\/v2\/pages\/24884","targetHints":{"allow":["GET"]}}],"collection":[{"href":"https:\/\/versastyledesign.ca\/fr\/wp-json\/wp\/v2\/pages"}],"about":[{"href":"https:\/\/versastyledesign.ca\/fr\/wp-json\/wp\/v2\/types\/page"}],"author":[{"embeddable":true,"href":"https:\/\/versastyledesign.ca\/fr\/wp-json\/wp\/v2\/users\/2"}],"replies":[{"embeddable":true,"href":"https:\/\/versastyledesign.ca\/fr\/wp-json\/wp\/v2\/comments?post=24884"}],"version-history":[{"count":5,"href":"https:\/\/versastyledesign.ca\/fr\/wp-json\/wp\/v2\/pages\/24884\/revisions"}],"predecessor-version":[{"id":26402,"href":"https:\/\/versastyledesign.ca\/fr\/wp-json\/wp\/v2\/pages\/24884\/revisions\/26402"}],"up":[{"embeddable":true,"href":"https:\/\/versastyledesign.ca\/fr\/wp-json\/wp\/v2\/pages\/1840"}],"wp:featuredmedia":[{"embeddable":true,"href":"https:\/\/versastyledesign.ca\/fr\/wp-json\/wp\/v2\/media\/23045"}],"wp:attachment":[{"href":"https:\/\/versastyledesign.ca\/fr\/wp-json\/wp\/v2\/media?parent=24884"}],"curies":[{"name":"wp","href":"https:\/\/api.w.org\/{rel}","templated":true}]}}