{"id":26727,"date":"2023-10-05T19:39:53","date_gmt":"2023-10-05T23:39:53","guid":{"rendered":"https:\/\/versastyledesign.ca\/portfolio-de-design\/boys-bedroom-design-in-montreal\/"},"modified":"2023-10-11T10:43:16","modified_gmt":"2023-10-11T14:43:16","slug":"design-de-chambre-de-garcon-a-montreal","status":"publish","type":"page","link":"https:\/\/versastyledesign.ca\/fr\/portfolio-de-design\/design-de-chambre-de-garcon-a-montreal\/","title":{"rendered":"Design de chambre de gar\u00e7on \u00e0 Montr\u00e9al"},"content":{"rendered":"\n<div class=\"wp-block-columns are-vertically-aligned-center is-layout-flex wp-container-core-columns-is-layout-9d6595d7 wp-block-columns-is-layout-flex\">\n<div class=\"wp-block-column is-vertically-aligned-center is-layout-flow wp-block-column-is-layout-flow\">\n<p><strong>Lieu :<\/strong> Montr\u00e9al<\/p>\n\n\n\n<p><strong>Service de design&nbsp;:<\/strong> Conception de chambre \u00e0 coucher, palette de couleurs et finitions, am\u00e9nagement, tapis, \u00e9clairage, solutions de rangement, tous les meubles, accessoires et recommandations de lits.<\/p>\n\n\n\n<p><strong>Mat\u00e9riaux utilis\u00e9s :<\/strong> Lit Loft brun, Bureau blanc, Chaises blanches, Cubes de rangement et \u00e9tag\u00e8res murales de couleur blanche, Commode et table de jeu blanches, Peinture Sherwin Williams turquoise et blanche, tapis g\u00e9om\u00e9trique turquoise et gris. \u00c9clairage d&rsquo;ambiance LED multicolore et lampe de bureau fonctionnelle.<\/p>\n<\/div>\n\n\n\n<div class=\"wp-block-column is-vertically-aligned-center is-layout-flow wp-block-column-is-layout-flow\">\n<figure class=\"wp-block-image size-large\"><img loading=\"lazy\" decoding=\"async\" width=\"791\" height=\"1024\" src=\"https:\/\/versastyledesign.ca\/wp-content\/uploads\/2023\/10\/Design-de-chambre-de-garcon-a-Montreal-3-791x1024.jpg\" alt=\"Design de chambre de gar\u00e7on \u00e0 Montr\u00e9al\" class=\"wp-image-26735\" srcset=\"https:\/\/versastyledesign.ca\/wp-content\/uploads\/2023\/10\/Design-de-chambre-de-garcon-a-Montreal-3-791x1024.jpg 791w, https:\/\/versastyledesign.ca\/wp-content\/uploads\/2023\/10\/Design-de-chambre-de-garcon-a-Montreal-3-232x300.jpg 232w, https:\/\/versastyledesign.ca\/wp-content\/uploads\/2023\/10\/Design-de-chambre-de-garcon-a-Montreal-3-768x994.jpg 768w, https:\/\/versastyledesign.ca\/wp-content\/uploads\/2023\/10\/Design-de-chambre-de-garcon-a-Montreal-3.jpg 966w\" sizes=\"auto, (max-width: 791px) 100vw, 791px\" \/><\/figure>\n<\/div>\n<\/div>\n\n\n\n<p><strong>Notre mandat :<\/strong> En pleine croissance, le fils de notre client avait besoin d&rsquo;un tout nouvel am\u00e9nagement dans sa chambre avec de la place pour un bureau et une chaise, une table pour ses projets et beaucoup de rangement. Nous avons organis\u00e9 son placard, ses jouets et ses livres pour que tout ait sa place tandis qu&rsquo;il apprend \u00e0 rester organis\u00e9. Nous lui avons recommand\u00e9 un lit \u00ab\u00a0Loft\u00a0\u00bb qui nous a permis d&rsquo;optimiser l&rsquo;espace vertical avec un coin bureau suppl\u00e9mentaire dans la partie inf\u00e9rieure. L&rsquo;espace autour du lit a \u00e9t\u00e9 mis \u00e0 profit pour le rangement des jouets et des v\u00eatements ainsi qu&rsquo;un coin lecture avec un pouf  \u2018Bean bag\u2019. Son entr\u00e9e \u00e0 l\u2019\u00e9cole primaire sera organis\u00e9e et inspirante. Lorsqu&rsquo;il ne sera pas en train d&rsquo;\u00e9tudier ou de cr\u00e9er, il pourra allumer ses lumi\u00e8res LED et cr\u00e9er l&rsquo;ambiance parfaite.<\/p>\n\n\n\n<div style=\"height:50px\" aria-hidden=\"true\" class=\"wp-block-spacer\"><\/div>\n\n\n\n<h2 class=\"wp-block-heading\">Portfolio de design de chambre de gar\u00e7on \u00e0 Montr\u00e9al<\/h2>\n\n\n\n<figure class=\"wp-block-gallery has-nested-images columns-default is-cropped wp-block-gallery-1 is-layout-flex wp-block-gallery-is-layout-flex\">\n<figure class=\"wp-block-image size-large\"><a href=\"https:\/\/versastyledesign.ca\/wp-content\/uploads\/2023\/10\/Design-de-chambre-de-garcon-a-Montreal-1-1024x890.jpg\"><img loading=\"lazy\" decoding=\"async\" width=\"1024\" height=\"890\" data-id=\"26731\" src=\"https:\/\/versastyledesign.ca\/wp-content\/uploads\/2023\/10\/Design-de-chambre-de-garcon-a-Montreal-1-1024x890.jpg\" alt=\"Portfolio de design de chambre de gar\u00e7on \u00e0 Montr\u00e9al\" class=\"wp-image-26731\" srcset=\"https:\/\/versastyledesign.ca\/wp-content\/uploads\/2023\/10\/Design-de-chambre-de-garcon-a-Montreal-1-1024x890.jpg 1024w, https:\/\/versastyledesign.ca\/wp-content\/uploads\/2023\/10\/Design-de-chambre-de-garcon-a-Montreal-1-300x261.jpg 300w, https:\/\/versastyledesign.ca\/wp-content\/uploads\/2023\/10\/Design-de-chambre-de-garcon-a-Montreal-1-768x668.jpg 768w, https:\/\/versastyledesign.ca\/wp-content\/uploads\/2023\/10\/Design-de-chambre-de-garcon-a-Montreal-1.jpg 1250w\" sizes=\"auto, (max-width: 1024px) 100vw, 1024px\" \/><\/a><\/figure>\n\n\n\n<figure class=\"wp-block-image size-large\"><a href=\"https:\/\/versastyledesign.ca\/wp-content\/uploads\/2023\/10\/Design-de-chambre-de-garcon-a-Montreal-6-999x1024.jpg\"><img loading=\"lazy\" decoding=\"async\" width=\"999\" height=\"1024\" data-id=\"26739\" src=\"https:\/\/versastyledesign.ca\/wp-content\/uploads\/2023\/10\/Design-de-chambre-de-garcon-a-Montreal-6-999x1024.jpg\" alt=\"Portfolio de design de chambre de gar\u00e7on \u00e0 Montr\u00e9al\" class=\"wp-image-26739\" srcset=\"https:\/\/versastyledesign.ca\/wp-content\/uploads\/2023\/10\/Design-de-chambre-de-garcon-a-Montreal-6-999x1024.jpg 999w, https:\/\/versastyledesign.ca\/wp-content\/uploads\/2023\/10\/Design-de-chambre-de-garcon-a-Montreal-6-293x300.jpg 293w, https:\/\/versastyledesign.ca\/wp-content\/uploads\/2023\/10\/Design-de-chambre-de-garcon-a-Montreal-6-768x787.jpg 768w, https:\/\/versastyledesign.ca\/wp-content\/uploads\/2023\/10\/Design-de-chambre-de-garcon-a-Montreal-6.jpg 1220w\" sizes=\"auto, (max-width: 999px) 100vw, 999px\" \/><\/a><\/figure>\n\n\n\n<figure class=\"wp-block-image size-large\"><a href=\"https:\/\/versastyledesign.ca\/wp-content\/uploads\/2023\/10\/Design-de-chambre-de-garcon-a-Montreal-2-583x1024.jpg\"><img loading=\"lazy\" decoding=\"async\" width=\"583\" height=\"1024\" data-id=\"26734\" src=\"https:\/\/versastyledesign.ca\/wp-content\/uploads\/2023\/10\/Design-de-chambre-de-garcon-a-Montreal-2-583x1024.jpg\" alt=\"Portfolio de design de chambre de gar\u00e7on \u00e0 Montr\u00e9al\" class=\"wp-image-26734\" srcset=\"https:\/\/versastyledesign.ca\/wp-content\/uploads\/2023\/10\/Design-de-chambre-de-garcon-a-Montreal-2-583x1024.jpg 583w, https:\/\/versastyledesign.ca\/wp-content\/uploads\/2023\/10\/Design-de-chambre-de-garcon-a-Montreal-2-171x300.jpg 171w, https:\/\/versastyledesign.ca\/wp-content\/uploads\/2023\/10\/Design-de-chambre-de-garcon-a-Montreal-2.jpg 712w\" sizes=\"auto, (max-width: 583px) 100vw, 583px\" \/><\/a><\/figure>\n\n\n\n<figure class=\"wp-block-image size-large\"><a href=\"https:\/\/versastyledesign.ca\/wp-content\/uploads\/2023\/10\/Design-de-chambre-de-garcon-a-Montreal-3-791x1024.jpg\"><img loading=\"lazy\" decoding=\"async\" width=\"791\" height=\"1024\" data-id=\"26735\" src=\"https:\/\/versastyledesign.ca\/wp-content\/uploads\/2023\/10\/Design-de-chambre-de-garcon-a-Montreal-3-791x1024.jpg\" alt=\"Portfolio de design de chambre de gar\u00e7on \u00e0 Montr\u00e9al\" class=\"wp-image-26735\" srcset=\"https:\/\/versastyledesign.ca\/wp-content\/uploads\/2023\/10\/Design-de-chambre-de-garcon-a-Montreal-3-791x1024.jpg 791w, https:\/\/versastyledesign.ca\/wp-content\/uploads\/2023\/10\/Design-de-chambre-de-garcon-a-Montreal-3-232x300.jpg 232w, https:\/\/versastyledesign.ca\/wp-content\/uploads\/2023\/10\/Design-de-chambre-de-garcon-a-Montreal-3-768x994.jpg 768w, https:\/\/versastyledesign.ca\/wp-content\/uploads\/2023\/10\/Design-de-chambre-de-garcon-a-Montreal-3.jpg 966w\" sizes=\"auto, (max-width: 791px) 100vw, 791px\" \/><\/a><\/figure>\n\n\n\n<figure class=\"wp-block-image size-large\"><a href=\"https:\/\/versastyledesign.ca\/wp-content\/uploads\/2023\/10\/Design-de-chambre-de-garcon-a-Montreal-5-1024x582.jpg\"><img loading=\"lazy\" decoding=\"async\" width=\"1024\" height=\"582\" data-id=\"26729\" src=\"https:\/\/versastyledesign.ca\/wp-content\/uploads\/2023\/10\/Design-de-chambre-de-garcon-a-Montreal-5-1024x582.jpg\" alt=\"Portfolio de design de chambre de gar\u00e7on \u00e0 Montr\u00e9al\" class=\"wp-image-26729\" srcset=\"https:\/\/versastyledesign.ca\/wp-content\/uploads\/2023\/10\/Design-de-chambre-de-garcon-a-Montreal-5-1024x582.jpg 1024w, https:\/\/versastyledesign.ca\/wp-content\/uploads\/2023\/10\/Design-de-chambre-de-garcon-a-Montreal-5-300x171.jpg 300w, https:\/\/versastyledesign.ca\/wp-content\/uploads\/2023\/10\/Design-de-chambre-de-garcon-a-Montreal-5-768x437.jpg 768w, https:\/\/versastyledesign.ca\/wp-content\/uploads\/2023\/10\/Design-de-chambre-de-garcon-a-Montreal-5.jpg 1250w\" sizes=\"auto, (max-width: 1024px) 100vw, 1024px\" \/><\/a><\/figure>\n\n\n\n<figure class=\"wp-block-image size-large\"><a href=\"https:\/\/versastyledesign.ca\/wp-content\/uploads\/2023\/10\/Design-de-chambre-de-garcon-a-Montreal-4-860x1024.jpg\"><img loading=\"lazy\" decoding=\"async\" width=\"860\" height=\"1024\" data-id=\"26733\" src=\"https:\/\/versastyledesign.ca\/wp-content\/uploads\/2023\/10\/Design-de-chambre-de-garcon-a-Montreal-4-860x1024.jpg\" alt=\"Portfolio de design de chambre de gar\u00e7on \u00e0 Montr\u00e9al\" class=\"wp-image-26733\" srcset=\"https:\/\/versastyledesign.ca\/wp-content\/uploads\/2023\/10\/Design-de-chambre-de-garcon-a-Montreal-4-860x1024.jpg 860w, https:\/\/versastyledesign.ca\/wp-content\/uploads\/2023\/10\/Design-de-chambre-de-garcon-a-Montreal-4-252x300.jpg 252w, https:\/\/versastyledesign.ca\/wp-content\/uploads\/2023\/10\/Design-de-chambre-de-garcon-a-Montreal-4-768x914.jpg 768w, https:\/\/versastyledesign.ca\/wp-content\/uploads\/2023\/10\/Design-de-chambre-de-garcon-a-Montreal-4.jpg 1050w\" sizes=\"auto, (max-width: 860px) 100vw, 860px\" \/><\/a><\/figure>\n<\/figure>\n\n\n\n<div style=\"height:100px\" aria-hidden=\"true\" class=\"wp-block-spacer\"><\/div>\n\n\n\n<div class=\"wp-block-columns are-vertically-aligned-center is-layout-flex wp-container-core-columns-is-layout-9d6595d7 wp-block-columns-is-layout-flex\">\n<div class=\"wp-block-column is-vertically-aligned-center is-layout-flow wp-block-column-is-layout-flow\"><div class=\"wp-block-image\">\n<figure class=\"aligncenter size-full\"><img loading=\"lazy\" decoding=\"async\" width=\"850\" height=\"610\" src=\"https:\/\/versastyledesign.ca\/wp-content\/uploads\/2020\/01\/design-zone-chambre-enfants-montreal-4.jpg\" alt=\"design-zone-chambre-enfants-montreal\" class=\"wp-image-19440\" srcset=\"https:\/\/versastyledesign.ca\/wp-content\/uploads\/2020\/01\/design-zone-chambre-enfants-montreal-4.jpg 850w, https:\/\/versastyledesign.ca\/wp-content\/uploads\/2020\/01\/design-zone-chambre-enfants-montreal-4-300x215.jpg 300w, https:\/\/versastyledesign.ca\/wp-content\/uploads\/2020\/01\/design-zone-chambre-enfants-montreal-4-768x551.jpg 768w\" sizes=\"auto, (max-width: 850px) 100vw, 850px\" \/><\/figure>\n<\/div><\/div>\n\n\n\n<div class=\"wp-block-column is-vertically-aligned-center is-layout-flow wp-block-column-is-layout-flow\">\n<h2 class=\"wp-block-heading has-text-align-center\">Services de design de chambres et de salles de jeux pour enfants \u00e0 Montr\u00e9al<\/h2>\n\n\n\n<p class=\"has-text-align-center\">Apprenez-en davantage sur nos services de design de chambres d\u2019enfants et de salles de jeux offerts dans la grande r\u00e9gion de Montr\u00e9al.<\/p>\n\n\n\n<div class=\"wp-block-buttons is-content-justification-center is-layout-flex wp-container-core-buttons-is-layout-16018d1d wp-block-buttons-is-layout-flex\">\n<div class=\"wp-block-button button-custom\"><a class=\"wp-block-button__link has-background wp-element-button\" href=\"\/fr\/on-sorganise\/zones-pour-enfants\/\" style=\"background-color:#d53652\">Design de chambre pour enfants<\/a><\/div>\n<\/div>\n\n\n\n<p><\/p>\n<\/div>\n<\/div>\n\n\n\n<div style=\"height:50px\" aria-hidden=\"true\" class=\"wp-block-spacer\"><\/div>\n\n\n\n<h2 class=\"wp-block-heading\"><strong>\u00cates-vous situ\u00e9 dans la grande r\u00e9gion de Montr\u00e9al?<\/strong><\/h2>\n\n\n\n<p class=\"has-text-align-center\"><strong>Donnez vie \u00e0 votre projet de design avec Lucie.<\/strong><\/p>\n\n\n\n<div class=\"wp-block-buttons is-content-justification-center is-layout-flex wp-container-core-buttons-is-layout-16018d1d wp-block-buttons-is-layout-flex\">\n<div class=\"wp-block-button button-inverse\"><a class=\"wp-block-button__link has-text-color has-background has-link-color wp-element-button\" href=\"\/fr\/forfait-de-design-interieur\/versa-style-design-premiere-consultation\/\" style=\"color:#d53652;background-color:#f3f3f3\">Premi\u00e8re consultation<\/a><\/div>\n<\/div>\n\n\n\n<div style=\"height:25px\" aria-hidden=\"true\" class=\"wp-block-spacer\"><\/div>\n<p><a href=\"\/\/www.pinterest.com\/pin\/create\/button\/\" data-pin-do=\"buttonBookmark\" data-pin-color=\"red\" data-pin-height=\"128\"><img decoding=\"async\" src=\"\/\/assets.pinterest.com\/images\/pidgets\/pinit_fg_en_rect_red_28.png\" \/><\/a><\/p>","protected":false},"excerpt":{"rendered":"<p>Lieu : Montr\u00e9al Service de design&nbsp;: Conception de chambre \u00e0 coucher, palette de couleurs et finitions, am\u00e9nagement, tapis, \u00e9clairage, solutions de rangement, tous les meubles, accessoires et recommandations de lits. Mat\u00e9riaux utilis\u00e9s : Lit Loft brun, Bureau blanc, Chaises blanches, Cubes de rangement et \u00e9tag\u00e8res murales de couleur blanche, Commode et table de jeu blanches, [&hellip;]<\/p>\n","protected":false},"author":2,"featured_media":26711,"parent":1840,"menu_order":0,"comment_status":"closed","ping_status":"closed","template":"","meta":{"advgb_blocks_editor_width":"","advgb_blocks_columns_visual_guide":"","_genesis_hide_title":false,"_genesis_hide_breadcrumbs":false,"_genesis_hide_singular_image":false,"_genesis_hide_footer_widgets":false,"_genesis_custom_body_class":"","_genesis_custom_post_class":"","_genesis_layout":"","footnotes":""},"class_list":{"0":"post-26727","1":"page","2":"type-page","3":"status-publish","4":"has-post-thumbnail","6":"entry"},"yoast_head":"<!-- This site is optimized with the Yoast SEO plugin v27.5 - https:\/\/yoast.com\/product\/yoast-seo-wordpress\/ -->\n<title>Design de chambre de gar\u00e7on \u00e0 Montr\u00e9al - Versa Style Design<\/title>\n<meta name=\"description\" content=\"Le fils de notre client avait besoin d&#039;un nouveau design dans sa chambre avec de la place pour un bureau, une table et beaucoup de rangement.\" \/>\n<meta name=\"robots\" content=\"index, follow, max-snippet:-1, max-image-preview:large, max-video-preview:-1\" \/>\n<link rel=\"canonical\" href=\"https:\/\/versastyledesign.ca\/fr\/portfolio-de-design\/design-de-chambre-de-garcon-a-montreal\/\" \/>\n<meta property=\"og:locale\" content=\"fr_CA\" \/>\n<meta property=\"og:type\" content=\"article\" \/>\n<meta property=\"og:title\" content=\"Design de chambre de gar\u00e7on \u00e0 Montr\u00e9al - Versa Style Design\" \/>\n<meta property=\"og:description\" content=\"Le fils de notre client avait besoin d&#039;un nouveau design dans sa chambre avec de la place pour un bureau, une table et beaucoup de rangement.\" \/>\n<meta property=\"og:url\" content=\"https:\/\/versastyledesign.ca\/fr\/portfolio-de-design\/design-de-chambre-de-garcon-a-montreal\/\" \/>\n<meta property=\"og:site_name\" content=\"Versa Style Design\" \/>\n<meta property=\"article:publisher\" content=\"https:\/\/www.facebook.com\/Versastyledesign?ref=hl\" \/>\n<meta property=\"article:modified_time\" content=\"2023-10-11T14:43:16+00:00\" \/>\n<meta property=\"og:image\" content=\"https:\/\/new.versastyledesign.ca\/wp-content\/uploads\/2023\/10\/Boys-Bedroom-Design-in-Montreal-3.jpg\" \/>\n\t<meta property=\"og:image:width\" content=\"966\" \/>\n\t<meta property=\"og:image:height\" content=\"1250\" \/>\n\t<meta property=\"og:image:type\" content=\"image\/jpeg\" \/>\n<meta name=\"twitter:label1\" content=\"Estimation du temps de lecture\" \/>\n\t<meta name=\"twitter:data1\" content=\"3 minutes\" \/>\n<script type=\"application\/ld+json\" class=\"yoast-schema-graph\">{\"@context\":\"https:\\\/\\\/schema.org\",\"@graph\":[{\"@type\":\"WebPage\",\"@id\":\"https:\\\/\\\/versastyledesign.ca\\\/fr\\\/portfolio-de-design\\\/design-de-chambre-de-garcon-a-montreal\\\/\",\"url\":\"https:\\\/\\\/versastyledesign.ca\\\/fr\\\/portfolio-de-design\\\/design-de-chambre-de-garcon-a-montreal\\\/\",\"name\":\"Design de chambre de gar\u00e7on \u00e0 Montr\u00e9al - Versa Style Design\",\"isPartOf\":{\"@id\":\"http:\\\/\\\/new.versastyledesign.ca\\\/fr\\\/#website\"},\"primaryImageOfPage\":{\"@id\":\"https:\\\/\\\/versastyledesign.ca\\\/fr\\\/portfolio-de-design\\\/design-de-chambre-de-garcon-a-montreal\\\/#primaryimage\"},\"image\":{\"@id\":\"https:\\\/\\\/versastyledesign.ca\\\/fr\\\/portfolio-de-design\\\/design-de-chambre-de-garcon-a-montreal\\\/#primaryimage\"},\"thumbnailUrl\":\"https:\\\/\\\/versastyledesign.ca\\\/wp-content\\\/uploads\\\/2023\\\/10\\\/Boys-Bedroom-Design-in-Montreal-3.jpg\",\"datePublished\":\"2023-10-05T23:39:53+00:00\",\"dateModified\":\"2023-10-11T14:43:16+00:00\",\"description\":\"Le fils de notre client avait besoin d'un nouveau design dans sa chambre avec de la place pour un bureau, une table et beaucoup de rangement.\",\"breadcrumb\":{\"@id\":\"https:\\\/\\\/versastyledesign.ca\\\/fr\\\/portfolio-de-design\\\/design-de-chambre-de-garcon-a-montreal\\\/#breadcrumb\"},\"inLanguage\":\"fr-CA\",\"potentialAction\":[{\"@type\":\"ReadAction\",\"target\":[\"https:\\\/\\\/versastyledesign.ca\\\/fr\\\/portfolio-de-design\\\/design-de-chambre-de-garcon-a-montreal\\\/\"]}]},{\"@type\":\"ImageObject\",\"inLanguage\":\"fr-CA\",\"@id\":\"https:\\\/\\\/versastyledesign.ca\\\/fr\\\/portfolio-de-design\\\/design-de-chambre-de-garcon-a-montreal\\\/#primaryimage\",\"url\":\"https:\\\/\\\/versastyledesign.ca\\\/wp-content\\\/uploads\\\/2023\\\/10\\\/Boys-Bedroom-Design-in-Montreal-3.jpg\",\"contentUrl\":\"https:\\\/\\\/versastyledesign.ca\\\/wp-content\\\/uploads\\\/2023\\\/10\\\/Boys-Bedroom-Design-in-Montreal-3.jpg\",\"width\":966,\"height\":1250,\"caption\":\"Boys-Bedroom-Design-in-Montreal\"},{\"@type\":\"BreadcrumbList\",\"@id\":\"https:\\\/\\\/versastyledesign.ca\\\/fr\\\/portfolio-de-design\\\/design-de-chambre-de-garcon-a-montreal\\\/#breadcrumb\",\"itemListElement\":[{\"@type\":\"ListItem\",\"position\":1,\"name\":\"Accueil\",\"item\":\"http:\\\/\\\/new.versastyledesign.ca\\\/fr\\\/\"},{\"@type\":\"ListItem\",\"position\":2,\"name\":\"Portfolio de Design\",\"item\":\"http:\\\/\\\/new.versastyledesign.ca\\\/fr\\\/design-portfolio\\\/\"},{\"@type\":\"ListItem\",\"position\":3,\"name\":\"Design de chambre de gar\u00e7on \u00e0 Montr\u00e9al\"}]},{\"@type\":\"WebSite\",\"@id\":\"http:\\\/\\\/new.versastyledesign.ca\\\/fr\\\/#website\",\"url\":\"http:\\\/\\\/new.versastyledesign.ca\\\/fr\\\/\",\"name\":\"Versa Style Design\",\"description\":\"Design d&#039;int\u00e9rieur et r\u00e9novations \u00e0 Montr\u00e9al\",\"publisher\":{\"@id\":\"http:\\\/\\\/new.versastyledesign.ca\\\/fr\\\/#organization\"},\"potentialAction\":[{\"@type\":\"SearchAction\",\"target\":{\"@type\":\"EntryPoint\",\"urlTemplate\":\"http:\\\/\\\/new.versastyledesign.ca\\\/fr\\\/?s={search_term_string}\"},\"query-input\":{\"@type\":\"PropertyValueSpecification\",\"valueRequired\":true,\"valueName\":\"search_term_string\"}}],\"inLanguage\":\"fr-CA\"},{\"@type\":\"Organization\",\"@id\":\"http:\\\/\\\/new.versastyledesign.ca\\\/fr\\\/#organization\",\"name\":\"Versa Style Design\",\"url\":\"http:\\\/\\\/new.versastyledesign.ca\\\/fr\\\/\",\"logo\":{\"@type\":\"ImageObject\",\"inLanguage\":\"fr-CA\",\"@id\":\"http:\\\/\\\/new.versastyledesign.ca\\\/fr\\\/#\\\/schema\\\/logo\\\/image\\\/\",\"url\":\"https:\\\/\\\/versastyledesign.ca\\\/wp-content\\\/uploads\\\/2019\\\/11\\\/Versa-Style-Design-logo.jpg\",\"contentUrl\":\"https:\\\/\\\/versastyledesign.ca\\\/wp-content\\\/uploads\\\/2019\\\/11\\\/Versa-Style-Design-logo.jpg\",\"width\":2099,\"height\":670,\"caption\":\"Versa Style Design\"},\"image\":{\"@id\":\"http:\\\/\\\/new.versastyledesign.ca\\\/fr\\\/#\\\/schema\\\/logo\\\/image\\\/\"},\"sameAs\":[\"https:\\\/\\\/www.facebook.com\\\/Versastyledesign?ref=hl\",\"https:\\\/\\\/x.com\\\/luciepitt\",\"https:\\\/\\\/www.instagram.com\\\/versastyledesign\\\/\",\"https:\\\/\\\/www.linkedin.com\\\/in\\\/lucie-pitt-54b0ba85\",\"https:\\\/\\\/www.pinterest.com\\\/versastyledesign\\\/\"]}]}<\/script>\n<!-- \/ Yoast SEO plugin. -->","yoast_head_json":{"title":"Design de chambre de gar\u00e7on \u00e0 Montr\u00e9al - Versa Style Design","description":"Le fils de notre client avait besoin d'un nouveau design dans sa chambre avec de la place pour un bureau, une table et beaucoup de rangement.","robots":{"index":"index","follow":"follow","max-snippet":"max-snippet:-1","max-image-preview":"max-image-preview:large","max-video-preview":"max-video-preview:-1"},"canonical":"https:\/\/versastyledesign.ca\/fr\/portfolio-de-design\/design-de-chambre-de-garcon-a-montreal\/","og_locale":"fr_CA","og_type":"article","og_title":"Design de chambre de gar\u00e7on \u00e0 Montr\u00e9al - Versa Style Design","og_description":"Le fils de notre client avait besoin d'un nouveau design dans sa chambre avec de la place pour un bureau, une table et beaucoup de rangement.","og_url":"https:\/\/versastyledesign.ca\/fr\/portfolio-de-design\/design-de-chambre-de-garcon-a-montreal\/","og_site_name":"Versa Style Design","article_publisher":"https:\/\/www.facebook.com\/Versastyledesign?ref=hl","article_modified_time":"2023-10-11T14:43:16+00:00","og_image":[{"width":966,"height":1250,"url":"https:\/\/new.versastyledesign.ca\/wp-content\/uploads\/2023\/10\/Boys-Bedroom-Design-in-Montreal-3.jpg","type":"image\/jpeg"}],"twitter_misc":{"Estimation du temps de lecture":"3 minutes"},"schema":{"@context":"https:\/\/schema.org","@graph":[{"@type":"WebPage","@id":"https:\/\/versastyledesign.ca\/fr\/portfolio-de-design\/design-de-chambre-de-garcon-a-montreal\/","url":"https:\/\/versastyledesign.ca\/fr\/portfolio-de-design\/design-de-chambre-de-garcon-a-montreal\/","name":"Design de chambre de gar\u00e7on \u00e0 Montr\u00e9al - Versa Style Design","isPartOf":{"@id":"http:\/\/new.versastyledesign.ca\/fr\/#website"},"primaryImageOfPage":{"@id":"https:\/\/versastyledesign.ca\/fr\/portfolio-de-design\/design-de-chambre-de-garcon-a-montreal\/#primaryimage"},"image":{"@id":"https:\/\/versastyledesign.ca\/fr\/portfolio-de-design\/design-de-chambre-de-garcon-a-montreal\/#primaryimage"},"thumbnailUrl":"https:\/\/versastyledesign.ca\/wp-content\/uploads\/2023\/10\/Boys-Bedroom-Design-in-Montreal-3.jpg","datePublished":"2023-10-05T23:39:53+00:00","dateModified":"2023-10-11T14:43:16+00:00","description":"Le fils de notre client avait besoin d'un nouveau design dans sa chambre avec de la place pour un bureau, une table et beaucoup de rangement.","breadcrumb":{"@id":"https:\/\/versastyledesign.ca\/fr\/portfolio-de-design\/design-de-chambre-de-garcon-a-montreal\/#breadcrumb"},"inLanguage":"fr-CA","potentialAction":[{"@type":"ReadAction","target":["https:\/\/versastyledesign.ca\/fr\/portfolio-de-design\/design-de-chambre-de-garcon-a-montreal\/"]}]},{"@type":"ImageObject","inLanguage":"fr-CA","@id":"https:\/\/versastyledesign.ca\/fr\/portfolio-de-design\/design-de-chambre-de-garcon-a-montreal\/#primaryimage","url":"https:\/\/versastyledesign.ca\/wp-content\/uploads\/2023\/10\/Boys-Bedroom-Design-in-Montreal-3.jpg","contentUrl":"https:\/\/versastyledesign.ca\/wp-content\/uploads\/2023\/10\/Boys-Bedroom-Design-in-Montreal-3.jpg","width":966,"height":1250,"caption":"Boys-Bedroom-Design-in-Montreal"},{"@type":"BreadcrumbList","@id":"https:\/\/versastyledesign.ca\/fr\/portfolio-de-design\/design-de-chambre-de-garcon-a-montreal\/#breadcrumb","itemListElement":[{"@type":"ListItem","position":1,"name":"Accueil","item":"http:\/\/new.versastyledesign.ca\/fr\/"},{"@type":"ListItem","position":2,"name":"Portfolio de Design","item":"http:\/\/new.versastyledesign.ca\/fr\/design-portfolio\/"},{"@type":"ListItem","position":3,"name":"Design de chambre de gar\u00e7on \u00e0 Montr\u00e9al"}]},{"@type":"WebSite","@id":"http:\/\/new.versastyledesign.ca\/fr\/#website","url":"http:\/\/new.versastyledesign.ca\/fr\/","name":"Versa Style Design","description":"Design d&#039;int\u00e9rieur et r\u00e9novations \u00e0 Montr\u00e9al","publisher":{"@id":"http:\/\/new.versastyledesign.ca\/fr\/#organization"},"potentialAction":[{"@type":"SearchAction","target":{"@type":"EntryPoint","urlTemplate":"http:\/\/new.versastyledesign.ca\/fr\/?s={search_term_string}"},"query-input":{"@type":"PropertyValueSpecification","valueRequired":true,"valueName":"search_term_string"}}],"inLanguage":"fr-CA"},{"@type":"Organization","@id":"http:\/\/new.versastyledesign.ca\/fr\/#organization","name":"Versa Style Design","url":"http:\/\/new.versastyledesign.ca\/fr\/","logo":{"@type":"ImageObject","inLanguage":"fr-CA","@id":"http:\/\/new.versastyledesign.ca\/fr\/#\/schema\/logo\/image\/","url":"https:\/\/versastyledesign.ca\/wp-content\/uploads\/2019\/11\/Versa-Style-Design-logo.jpg","contentUrl":"https:\/\/versastyledesign.ca\/wp-content\/uploads\/2019\/11\/Versa-Style-Design-logo.jpg","width":2099,"height":670,"caption":"Versa Style Design"},"image":{"@id":"http:\/\/new.versastyledesign.ca\/fr\/#\/schema\/logo\/image\/"},"sameAs":["https:\/\/www.facebook.com\/Versastyledesign?ref=hl","https:\/\/x.com\/luciepitt","https:\/\/www.instagram.com\/versastyledesign\/","https:\/\/www.linkedin.com\/in\/lucie-pitt-54b0ba85","https:\/\/www.pinterest.com\/versastyledesign\/"]}]}},"coauthors":[],"author_meta":{"author_link":"https:\/\/versastyledesign.ca\/fr\/author\/lucie-pitt\/","display_name":"Lucie Pitt"},"relative_dates":{"created":"Posted 3 ann\u00e9es ago","modified":"Updated 3 ann\u00e9es ago"},"absolute_dates":{"created":"Posted on 5 octobre 2023","modified":"Updated on 11 octobre 2023"},"absolute_dates_time":{"created":"Posted on 5 octobre 2023 19 h 39 min","modified":"Updated on 11 octobre 2023 10 h 43 min"},"featured_img_caption":"","featured_img":"https:\/\/versastyledesign.ca\/wp-content\/uploads\/2023\/10\/Boys-Bedroom-Design-in-Montreal-3.jpg","series_order":"","_links":{"self":[{"href":"https:\/\/versastyledesign.ca\/fr\/wp-json\/wp\/v2\/pages\/26727","targetHints":{"allow":["GET"]}}],"collection":[{"href":"https:\/\/versastyledesign.ca\/fr\/wp-json\/wp\/v2\/pages"}],"about":[{"href":"https:\/\/versastyledesign.ca\/fr\/wp-json\/wp\/v2\/types\/page"}],"author":[{"embeddable":true,"href":"https:\/\/versastyledesign.ca\/fr\/wp-json\/wp\/v2\/users\/2"}],"replies":[{"embeddable":true,"href":"https:\/\/versastyledesign.ca\/fr\/wp-json\/wp\/v2\/comments?post=26727"}],"version-history":[{"count":5,"href":"https:\/\/versastyledesign.ca\/fr\/wp-json\/wp\/v2\/pages\/26727\/revisions"}],"predecessor-version":[{"id":26758,"href":"https:\/\/versastyledesign.ca\/fr\/wp-json\/wp\/v2\/pages\/26727\/revisions\/26758"}],"up":[{"embeddable":true,"href":"https:\/\/versastyledesign.ca\/fr\/wp-json\/wp\/v2\/pages\/1840"}],"wp:featuredmedia":[{"embeddable":true,"href":"https:\/\/versastyledesign.ca\/fr\/wp-json\/wp\/v2\/media\/26711"}],"wp:attachment":[{"href":"https:\/\/versastyledesign.ca\/fr\/wp-json\/wp\/v2\/media?parent=26727"}],"curies":[{"name":"wp","href":"https:\/\/api.w.org\/{rel}","templated":true}]}}