{"id":27325,"date":"2024-01-19T07:00:54","date_gmt":"2024-01-19T12:00:54","guid":{"rendered":"https:\/\/versastyledesign.ca\/?page_id=27325"},"modified":"2024-01-19T10:08:03","modified_gmt":"2024-01-19T15:08:03","slug":"design-de-couloir-et-descaliers-a-westmount","status":"publish","type":"page","link":"https:\/\/versastyledesign.ca\/fr\/portfolio-de-design\/design-de-couloir-et-descaliers-a-westmount\/","title":{"rendered":"Design de couloir et d&rsquo;escaliers \u00e0 Westmount"},"content":{"rendered":"\n<div class=\"wp-block-columns are-vertically-aligned-center is-layout-flex wp-container-core-columns-is-layout-9d6595d7 wp-block-columns-is-layout-flex\">\n<div class=\"wp-block-column is-vertically-aligned-center is-layout-flow wp-block-column-is-layout-flow\">\n<p><strong>Lieu :<\/strong> Westmount, Qc<\/p>\n\n\n\n<p><strong>Service de design :<\/strong> Palette de couleurs ainsi que recommandations pour l&rsquo;\u00e9clairage, le mobilier et les finitions. Nous avons \u00e9galement assur\u00e9 le recrutement professionnel et la gestion de projet.<\/p>\n\n\n\n<p><strong>Mat\u00e9riaux utilis\u00e9s :<\/strong> Peinture Sherwin Williams, \u0153uvre d&rsquo;art originale, armoire et banc anciens, plafonnier en laiton, mur de briques, tapis en laine<\/p>\n<\/div>\n\n\n\n<div class=\"wp-block-column is-vertically-aligned-center is-layout-flow wp-block-column-is-layout-flow\">\n<figure class=\"wp-block-image size-large\"><img loading=\"lazy\" decoding=\"async\" width=\"677\" height=\"1024\" src=\"https:\/\/versastyledesign.ca\/wp-content\/uploads\/2024\/01\/Portfolio-de-design-de-couloirs-et-descaliers-de-Westmount-3-677x1024.jpg\" alt=\"Design de couloir et d'escaliers \u00e0 Westmount\" class=\"wp-image-27326\" srcset=\"https:\/\/versastyledesign.ca\/wp-content\/uploads\/2024\/01\/Portfolio-de-design-de-couloirs-et-descaliers-de-Westmount-3-677x1024.jpg 677w, https:\/\/versastyledesign.ca\/wp-content\/uploads\/2024\/01\/Portfolio-de-design-de-couloirs-et-descaliers-de-Westmount-3-198x300.jpg 198w, https:\/\/versastyledesign.ca\/wp-content\/uploads\/2024\/01\/Portfolio-de-design-de-couloirs-et-descaliers-de-Westmount-3-768x1161.jpg 768w, https:\/\/versastyledesign.ca\/wp-content\/uploads\/2024\/01\/Portfolio-de-design-de-couloirs-et-descaliers-de-Westmount-3.jpg 827w\" sizes=\"auto, (max-width: 677px) 100vw, 677px\" \/><\/figure>\n<\/div>\n<\/div>\n\n\n\n<p><strong>Notre mandat :<\/strong> Les clients souhaitaient un escalier lumineux et contemporain menant au deuxi\u00e8me \u00e9tage. Ils voulaient ajouter du caract\u00e8re aux couloirs et aux escaliers, sans que ces zones de transition soient aussi color\u00e9es que les espaces de vie attenants. Nous avons recommand\u00e9 une palette de gris p\u00e2le et de blanc et peint les contremarches et les garnitures de l&rsquo;escalier en noir et blanc vif et classique\u00a0! D\u00e9sormais, les \u0153uvres d&rsquo;art, les antiquit\u00e9s et les magnifiques murs de briques se d\u00e9marquent. Le plafonnier en laiton ajoute de la lumi\u00e8re et les accessoires sont parfaits pour ajouter beaucoup de personnalit\u00e9.<\/p>\n\n\n\n<div style=\"height:50px\" aria-hidden=\"true\" class=\"wp-block-spacer\"><\/div>\n\n\n\n<h2 class=\"wp-block-heading\">Portfolio de design de couloir et d&rsquo;escaliers \u00e0 Westmount<\/h2>\n\n\n\n<figure class=\"wp-block-gallery has-nested-images columns-default is-cropped wp-block-gallery-1 is-layout-flex wp-block-gallery-is-layout-flex\">\n<figure class=\"wp-block-image size-large\"><a href=\"https:\/\/versastyledesign.ca\/wp-content\/uploads\/2024\/01\/Portfolio-de-design-de-couloirs-et-descaliers-de-Westmount-3-1-677x1024.jpg\"><img loading=\"lazy\" decoding=\"async\" width=\"677\" height=\"1024\" data-id=\"27333\" src=\"https:\/\/versastyledesign.ca\/wp-content\/uploads\/2024\/01\/Portfolio-de-design-de-couloirs-et-descaliers-de-Westmount-3-1-677x1024.jpg\" alt=\"Portfolio de design de couloir et d'escaliers \u00e0 Westmount\" class=\"wp-image-27333\" srcset=\"https:\/\/versastyledesign.ca\/wp-content\/uploads\/2024\/01\/Portfolio-de-design-de-couloirs-et-descaliers-de-Westmount-3-1-677x1024.jpg 677w, https:\/\/versastyledesign.ca\/wp-content\/uploads\/2024\/01\/Portfolio-de-design-de-couloirs-et-descaliers-de-Westmount-3-1-198x300.jpg 198w, https:\/\/versastyledesign.ca\/wp-content\/uploads\/2024\/01\/Portfolio-de-design-de-couloirs-et-descaliers-de-Westmount-3-1-768x1161.jpg 768w, https:\/\/versastyledesign.ca\/wp-content\/uploads\/2024\/01\/Portfolio-de-design-de-couloirs-et-descaliers-de-Westmount-3-1.jpg 827w\" sizes=\"auto, (max-width: 677px) 100vw, 677px\" \/><\/a><\/figure>\n\n\n\n<figure class=\"wp-block-image size-large\"><a href=\"https:\/\/versastyledesign.ca\/wp-content\/uploads\/2024\/01\/Portfolio-de-design-de-couloirs-et-descaliers-de-Westmount-4-871x1024.jpg\"><img loading=\"lazy\" decoding=\"async\" width=\"871\" height=\"1024\" data-id=\"27338\" src=\"https:\/\/versastyledesign.ca\/wp-content\/uploads\/2024\/01\/Portfolio-de-design-de-couloirs-et-descaliers-de-Westmount-4-871x1024.jpg\" alt=\"Portfolio de design de couloir et d'escaliers \u00e0 Westmount\" class=\"wp-image-27338\" srcset=\"https:\/\/versastyledesign.ca\/wp-content\/uploads\/2024\/01\/Portfolio-de-design-de-couloirs-et-descaliers-de-Westmount-4-871x1024.jpg 871w, https:\/\/versastyledesign.ca\/wp-content\/uploads\/2024\/01\/Portfolio-de-design-de-couloirs-et-descaliers-de-Westmount-4-255x300.jpg 255w, https:\/\/versastyledesign.ca\/wp-content\/uploads\/2024\/01\/Portfolio-de-design-de-couloirs-et-descaliers-de-Westmount-4-768x903.jpg 768w, https:\/\/versastyledesign.ca\/wp-content\/uploads\/2024\/01\/Portfolio-de-design-de-couloirs-et-descaliers-de-Westmount-4.jpg 1063w\" sizes=\"auto, (max-width: 871px) 100vw, 871px\" \/><\/a><\/figure>\n\n\n\n<figure class=\"wp-block-image size-large\"><a href=\"https:\/\/versastyledesign.ca\/wp-content\/uploads\/2024\/01\/Portfolio-de-design-de-couloirs-et-descaliers-de-Westmount-5-768x1024.jpg\"><img loading=\"lazy\" decoding=\"async\" width=\"768\" height=\"1024\" data-id=\"27335\" src=\"https:\/\/versastyledesign.ca\/wp-content\/uploads\/2024\/01\/Portfolio-de-design-de-couloirs-et-descaliers-de-Westmount-5-768x1024.jpg\" alt=\"Portfolio de design de couloir et d'escaliers \u00e0 Westmount\" class=\"wp-image-27335\" srcset=\"https:\/\/versastyledesign.ca\/wp-content\/uploads\/2024\/01\/Portfolio-de-design-de-couloirs-et-descaliers-de-Westmount-5-768x1023.jpg 768w, https:\/\/versastyledesign.ca\/wp-content\/uploads\/2024\/01\/Portfolio-de-design-de-couloirs-et-descaliers-de-Westmount-5-225x300.jpg 225w, https:\/\/versastyledesign.ca\/wp-content\/uploads\/2024\/01\/Portfolio-de-design-de-couloirs-et-descaliers-de-Westmount-5.jpg 938w\" sizes=\"auto, (max-width: 768px) 100vw, 768px\" \/><\/a><\/figure>\n\n\n\n<figure class=\"wp-block-image size-large\"><a href=\"https:\/\/versastyledesign.ca\/wp-content\/uploads\/2024\/01\/Portfolio-de-design-de-couloirs-et-descaliers-de-Westmount-6-768x1024.jpg\"><img loading=\"lazy\" decoding=\"async\" width=\"768\" height=\"1024\" data-id=\"27332\" src=\"https:\/\/versastyledesign.ca\/wp-content\/uploads\/2024\/01\/Portfolio-de-design-de-couloirs-et-descaliers-de-Westmount-6-768x1024.jpg\" alt=\"Portfolio de design de couloir et d'escaliers \u00e0 Westmount\" class=\"wp-image-27332\" srcset=\"https:\/\/versastyledesign.ca\/wp-content\/uploads\/2024\/01\/Portfolio-de-design-de-couloirs-et-descaliers-de-Westmount-6-768x1023.jpg 768w, https:\/\/versastyledesign.ca\/wp-content\/uploads\/2024\/01\/Portfolio-de-design-de-couloirs-et-descaliers-de-Westmount-6-225x300.jpg 225w, https:\/\/versastyledesign.ca\/wp-content\/uploads\/2024\/01\/Portfolio-de-design-de-couloirs-et-descaliers-de-Westmount-6.jpg 938w\" sizes=\"auto, (max-width: 768px) 100vw, 768px\" \/><\/a><\/figure>\n\n\n\n<figure class=\"wp-block-image size-large\"><a href=\"https:\/\/versastyledesign.ca\/wp-content\/uploads\/2024\/01\/Portfolio-de-design-de-couloirs-et-descaliers-de-Westmount-1-759x1024.jpg\"><img loading=\"lazy\" decoding=\"async\" width=\"759\" height=\"1024\" data-id=\"27329\" src=\"https:\/\/versastyledesign.ca\/wp-content\/uploads\/2024\/01\/Portfolio-de-design-de-couloirs-et-descaliers-de-Westmount-1-759x1024.jpg\" alt=\"Portfolio de design de couloir et d'escaliers \u00e0 Westmount\" class=\"wp-image-27329\" srcset=\"https:\/\/versastyledesign.ca\/wp-content\/uploads\/2024\/01\/Portfolio-de-design-de-couloirs-et-descaliers-de-Westmount-1-759x1024.jpg 759w, https:\/\/versastyledesign.ca\/wp-content\/uploads\/2024\/01\/Portfolio-de-design-de-couloirs-et-descaliers-de-Westmount-1-222x300.jpg 222w, https:\/\/versastyledesign.ca\/wp-content\/uploads\/2024\/01\/Portfolio-de-design-de-couloirs-et-descaliers-de-Westmount-1-768x1036.jpg 768w, https:\/\/versastyledesign.ca\/wp-content\/uploads\/2024\/01\/Portfolio-de-design-de-couloirs-et-descaliers-de-Westmount-1.jpg 927w\" sizes=\"auto, (max-width: 759px) 100vw, 759px\" \/><\/a><\/figure>\n\n\n\n<figure class=\"wp-block-image size-large\"><a href=\"https:\/\/versastyledesign.ca\/wp-content\/uploads\/2024\/01\/Portfolio-de-design-de-couloirs-et-descaliers-de-Westmount-2-691x1024.jpg\"><img loading=\"lazy\" decoding=\"async\" width=\"691\" height=\"1024\" data-id=\"27328\" src=\"https:\/\/versastyledesign.ca\/wp-content\/uploads\/2024\/01\/Portfolio-de-design-de-couloirs-et-descaliers-de-Westmount-2-691x1024.jpg\" alt=\"Portfolio de design de couloir et d'escaliers \u00e0 Westmount\" class=\"wp-image-27328\" srcset=\"https:\/\/versastyledesign.ca\/wp-content\/uploads\/2024\/01\/Portfolio-de-design-de-couloirs-et-descaliers-de-Westmount-2-691x1024.jpg 691w, https:\/\/versastyledesign.ca\/wp-content\/uploads\/2024\/01\/Portfolio-de-design-de-couloirs-et-descaliers-de-Westmount-2-202x300.jpg 202w, https:\/\/versastyledesign.ca\/wp-content\/uploads\/2024\/01\/Portfolio-de-design-de-couloirs-et-descaliers-de-Westmount-2-768x1139.jpg 768w, https:\/\/versastyledesign.ca\/wp-content\/uploads\/2024\/01\/Portfolio-de-design-de-couloirs-et-descaliers-de-Westmount-2.jpg 843w\" sizes=\"auto, (max-width: 691px) 100vw, 691px\" \/><\/a><\/figure>\n<\/figure>\n\n\n\n<div style=\"height:100px\" aria-hidden=\"true\" class=\"wp-block-spacer\"><\/div>\n\n\n\n<div class=\"wp-block-columns are-vertically-aligned-center is-layout-flex wp-container-core-columns-is-layout-9d6595d7 wp-block-columns-is-layout-flex\">\n<div class=\"wp-block-column is-vertically-aligned-center is-layout-flow wp-block-column-is-layout-flow\">\n<figure class=\"wp-block-image size-full\"><img loading=\"lazy\" decoding=\"async\" width=\"833\" height=\"1250\" src=\"https:\/\/versastyledesign.ca\/wp-content\/uploads\/2026\/04\/Design-dune-entree-vestibule-dans-lOuest-de-Montreal.jpg\" alt=\"Design dune entree vestibule dans lOuest de Montreal\" class=\"wp-image-32145\" srcset=\"https:\/\/versastyledesign.ca\/wp-content\/uploads\/2026\/04\/Design-dune-entree-vestibule-dans-lOuest-de-Montreal.jpg 833w, https:\/\/versastyledesign.ca\/wp-content\/uploads\/2026\/04\/Design-dune-entree-vestibule-dans-lOuest-de-Montreal-200x300.jpg 200w, https:\/\/versastyledesign.ca\/wp-content\/uploads\/2026\/04\/Design-dune-entree-vestibule-dans-lOuest-de-Montreal-682x1024.jpg 682w, https:\/\/versastyledesign.ca\/wp-content\/uploads\/2026\/04\/Design-dune-entree-vestibule-dans-lOuest-de-Montreal-768x1152.jpg 768w\" sizes=\"auto, (max-width: 833px) 100vw, 833px\" \/><\/figure>\n<\/div>\n\n\n\n<div class=\"wp-block-column is-vertically-aligned-center is-layout-flow wp-block-column-is-layout-flow\">\n<h2 class=\"wp-block-heading has-text-align-center\">Portfolio de design d\u2019int\u00e9rieur de vestibules, de couloirs et d\u2019escaliers \u00e0 Montr\u00e9al<\/h2>\n\n\n\n<p class=\"has-text-align-center\">Pour voir nos portfolios de design de vestibules, de couloirs et d&rsquo;escaliers dans la r\u00e9gion du Grand Montr\u00e9al.<\/p>\n\n\n\n<div class=\"wp-block-buttons is-content-justification-center is-layout-flex wp-container-core-buttons-is-layout-16018d1d wp-block-buttons-is-layout-flex\">\n<div class=\"wp-block-button button-custom\"><a class=\"wp-block-button__link has-background wp-element-button\" href=\"\/fr?page_id=23437\" style=\"background-color:#d53652\">Voir les portfolios<\/a><\/div>\n<\/div>\n<\/div>\n<\/div>\n\n\n\n<div style=\"height:50px\" aria-hidden=\"true\" class=\"wp-block-spacer\"><\/div>\n\n\n\n<h2 class=\"wp-block-heading\"><strong>\u00cates-vous situ\u00e9 dans la grande r\u00e9gion de Montr\u00e9al?<\/strong><\/h2>\n\n\n\n<p class=\"has-text-align-center\"><strong>Donnez vie \u00e0 votre projet de design avec Lucie.<\/strong><\/p>\n\n\n\n<div class=\"wp-block-buttons is-content-justification-center is-layout-flex wp-container-core-buttons-is-layout-16018d1d wp-block-buttons-is-layout-flex\">\n<div class=\"wp-block-button button-inverse\"><a class=\"wp-block-button__link has-text-color has-background has-link-color wp-element-button\" href=\"\/fr\/forfait-de-design-interieur\/versa-style-design-premiere-consultation\/\" style=\"color:#d53652;background-color:#f3f3f3\">Premi\u00e8re consultation<\/a><\/div>\n<\/div>\n\n\n\n<div style=\"height:25px\" aria-hidden=\"true\" class=\"wp-block-spacer\"><\/div>\n<p><a href=\"\/\/www.pinterest.com\/pin\/create\/button\/\" data-pin-do=\"buttonBookmark\" data-pin-color=\"red\" data-pin-height=\"128\"><img decoding=\"async\" src=\"\/\/assets.pinterest.com\/images\/pidgets\/pinit_fg_en_rect_red_28.png\" \/><\/a><\/p>","protected":false},"excerpt":{"rendered":"<p>Lieu : Westmount, Qc Service de design : Palette de couleurs ainsi que recommandations pour l&rsquo;\u00e9clairage, le mobilier et les finitions. Nous avons \u00e9galement assur\u00e9 le recrutement professionnel et la gestion de projet. Mat\u00e9riaux utilis\u00e9s : Peinture Sherwin Williams, \u0153uvre d&rsquo;art originale, armoire et banc anciens, plafonnier en laiton, mur de briques, tapis en laine [&hellip;]<\/p>\n","protected":false},"author":2,"featured_media":27326,"parent":1840,"menu_order":0,"comment_status":"closed","ping_status":"closed","template":"","meta":{"advgb_blocks_editor_width":"","advgb_blocks_columns_visual_guide":"","_genesis_hide_title":false,"_genesis_hide_breadcrumbs":false,"_genesis_hide_singular_image":false,"_genesis_hide_footer_widgets":false,"_genesis_custom_body_class":"","_genesis_custom_post_class":"","_genesis_layout":"","footnotes":""},"class_list":{"0":"post-27325","1":"page","2":"type-page","3":"status-publish","4":"has-post-thumbnail","6":"entry"},"yoast_head":"<!-- This site is optimized with the Yoast SEO plugin v27.4 - https:\/\/yoast.com\/product\/yoast-seo-wordpress\/ -->\n<title>Design de couloir et d&#039;escaliers \u00e0 Westmount - Versa Style Design<\/title>\n<meta name=\"description\" content=\"Les clients souhaitaient un escalier lumineux et contemporain menant au deuxi\u00e8me \u00e9tage. Ils voulaient ajouter du caract\u00e8re.\" \/>\n<meta name=\"robots\" content=\"index, follow, max-snippet:-1, max-image-preview:large, max-video-preview:-1\" \/>\n<link rel=\"canonical\" href=\"https:\/\/versastyledesign.ca\/fr\/portfolio-de-design\/design-de-couloir-et-descaliers-a-westmount\/\" \/>\n<meta property=\"og:locale\" content=\"fr_CA\" \/>\n<meta property=\"og:type\" content=\"article\" \/>\n<meta property=\"og:title\" content=\"Design de couloir et d&#039;escaliers \u00e0 Westmount - Versa Style Design\" \/>\n<meta property=\"og:description\" content=\"Les clients souhaitaient un escalier lumineux et contemporain menant au deuxi\u00e8me \u00e9tage. Ils voulaient ajouter du caract\u00e8re.\" \/>\n<meta property=\"og:url\" content=\"https:\/\/versastyledesign.ca\/fr\/portfolio-de-design\/design-de-couloir-et-descaliers-a-westmount\/\" \/>\n<meta property=\"og:site_name\" content=\"Versa Style Design\" \/>\n<meta property=\"article:publisher\" content=\"https:\/\/www.facebook.com\/Versastyledesign?ref=hl\" \/>\n<meta property=\"article:modified_time\" content=\"2024-01-19T15:08:03+00:00\" \/>\n<meta property=\"og:image\" content=\"https:\/\/new.versastyledesign.ca\/wp-content\/uploads\/2024\/01\/Portfolio-de-design-de-couloirs-et-descaliers-de-Westmount-3.jpg\" \/>\n\t<meta property=\"og:image:width\" content=\"827\" \/>\n\t<meta property=\"og:image:height\" content=\"1250\" \/>\n\t<meta property=\"og:image:type\" content=\"image\/jpeg\" \/>\n<meta name=\"twitter:label1\" content=\"Estimation du temps de lecture\" \/>\n\t<meta name=\"twitter:data1\" content=\"5 minutes\" \/>\n<script type=\"application\/ld+json\" class=\"yoast-schema-graph\">{\"@context\":\"https:\\\/\\\/schema.org\",\"@graph\":[{\"@type\":\"WebPage\",\"@id\":\"https:\\\/\\\/versastyledesign.ca\\\/fr\\\/portfolio-de-design\\\/design-de-couloir-et-descaliers-a-westmount\\\/\",\"url\":\"https:\\\/\\\/versastyledesign.ca\\\/fr\\\/portfolio-de-design\\\/design-de-couloir-et-descaliers-a-westmount\\\/\",\"name\":\"Design de couloir et d'escaliers \u00e0 Westmount - Versa Style Design\",\"isPartOf\":{\"@id\":\"http:\\\/\\\/new.versastyledesign.ca\\\/fr\\\/#website\"},\"primaryImageOfPage\":{\"@id\":\"https:\\\/\\\/versastyledesign.ca\\\/fr\\\/portfolio-de-design\\\/design-de-couloir-et-descaliers-a-westmount\\\/#primaryimage\"},\"image\":{\"@id\":\"https:\\\/\\\/versastyledesign.ca\\\/fr\\\/portfolio-de-design\\\/design-de-couloir-et-descaliers-a-westmount\\\/#primaryimage\"},\"thumbnailUrl\":\"https:\\\/\\\/versastyledesign.ca\\\/wp-content\\\/uploads\\\/2024\\\/01\\\/Portfolio-de-design-de-couloirs-et-descaliers-de-Westmount-3.jpg\",\"datePublished\":\"2024-01-19T12:00:54+00:00\",\"dateModified\":\"2024-01-19T15:08:03+00:00\",\"description\":\"Les clients souhaitaient un escalier lumineux et contemporain menant au deuxi\u00e8me \u00e9tage. Ils voulaient ajouter du caract\u00e8re.\",\"breadcrumb\":{\"@id\":\"https:\\\/\\\/versastyledesign.ca\\\/fr\\\/portfolio-de-design\\\/design-de-couloir-et-descaliers-a-westmount\\\/#breadcrumb\"},\"inLanguage\":\"fr-CA\",\"potentialAction\":[{\"@type\":\"ReadAction\",\"target\":[\"https:\\\/\\\/versastyledesign.ca\\\/fr\\\/portfolio-de-design\\\/design-de-couloir-et-descaliers-a-westmount\\\/\"]}]},{\"@type\":\"ImageObject\",\"inLanguage\":\"fr-CA\",\"@id\":\"https:\\\/\\\/versastyledesign.ca\\\/fr\\\/portfolio-de-design\\\/design-de-couloir-et-descaliers-a-westmount\\\/#primaryimage\",\"url\":\"https:\\\/\\\/versastyledesign.ca\\\/wp-content\\\/uploads\\\/2024\\\/01\\\/Portfolio-de-design-de-couloirs-et-descaliers-de-Westmount-3.jpg\",\"contentUrl\":\"https:\\\/\\\/versastyledesign.ca\\\/wp-content\\\/uploads\\\/2024\\\/01\\\/Portfolio-de-design-de-couloirs-et-descaliers-de-Westmount-3.jpg\",\"width\":827,\"height\":1250,\"caption\":\"Portfolio-de-design-de-couloirs-et-descaliers-de-Westmount\"},{\"@type\":\"BreadcrumbList\",\"@id\":\"https:\\\/\\\/versastyledesign.ca\\\/fr\\\/portfolio-de-design\\\/design-de-couloir-et-descaliers-a-westmount\\\/#breadcrumb\",\"itemListElement\":[{\"@type\":\"ListItem\",\"position\":1,\"name\":\"Accueil\",\"item\":\"http:\\\/\\\/new.versastyledesign.ca\\\/fr\\\/\"},{\"@type\":\"ListItem\",\"position\":2,\"name\":\"Portfolio de Design\",\"item\":\"http:\\\/\\\/new.versastyledesign.ca\\\/fr\\\/design-portfolio\\\/\"},{\"@type\":\"ListItem\",\"position\":3,\"name\":\"Design de couloir et d&#8217;escaliers \u00e0 Westmount\"}]},{\"@type\":\"WebSite\",\"@id\":\"http:\\\/\\\/new.versastyledesign.ca\\\/fr\\\/#website\",\"url\":\"http:\\\/\\\/new.versastyledesign.ca\\\/fr\\\/\",\"name\":\"Versa Style Design\",\"description\":\"Design d&#039;int\u00e9rieur et r\u00e9novations \u00e0 Montr\u00e9al\",\"publisher\":{\"@id\":\"http:\\\/\\\/new.versastyledesign.ca\\\/fr\\\/#organization\"},\"potentialAction\":[{\"@type\":\"SearchAction\",\"target\":{\"@type\":\"EntryPoint\",\"urlTemplate\":\"http:\\\/\\\/new.versastyledesign.ca\\\/fr\\\/?s={search_term_string}\"},\"query-input\":{\"@type\":\"PropertyValueSpecification\",\"valueRequired\":true,\"valueName\":\"search_term_string\"}}],\"inLanguage\":\"fr-CA\"},{\"@type\":\"Organization\",\"@id\":\"http:\\\/\\\/new.versastyledesign.ca\\\/fr\\\/#organization\",\"name\":\"Versa Style Design\",\"url\":\"http:\\\/\\\/new.versastyledesign.ca\\\/fr\\\/\",\"logo\":{\"@type\":\"ImageObject\",\"inLanguage\":\"fr-CA\",\"@id\":\"http:\\\/\\\/new.versastyledesign.ca\\\/fr\\\/#\\\/schema\\\/logo\\\/image\\\/\",\"url\":\"https:\\\/\\\/versastyledesign.ca\\\/wp-content\\\/uploads\\\/2019\\\/11\\\/Versa-Style-Design-logo.jpg\",\"contentUrl\":\"https:\\\/\\\/versastyledesign.ca\\\/wp-content\\\/uploads\\\/2019\\\/11\\\/Versa-Style-Design-logo.jpg\",\"width\":2099,\"height\":670,\"caption\":\"Versa Style Design\"},\"image\":{\"@id\":\"http:\\\/\\\/new.versastyledesign.ca\\\/fr\\\/#\\\/schema\\\/logo\\\/image\\\/\"},\"sameAs\":[\"https:\\\/\\\/www.facebook.com\\\/Versastyledesign?ref=hl\",\"https:\\\/\\\/x.com\\\/luciepitt\",\"https:\\\/\\\/www.instagram.com\\\/versastyledesign\\\/\",\"https:\\\/\\\/www.linkedin.com\\\/in\\\/lucie-pitt-54b0ba85\",\"https:\\\/\\\/www.pinterest.com\\\/versastyledesign\\\/\"]}]}<\/script>\n<!-- \/ Yoast SEO plugin. -->","yoast_head_json":{"title":"Design de couloir et d'escaliers \u00e0 Westmount - Versa Style Design","description":"Les clients souhaitaient un escalier lumineux et contemporain menant au deuxi\u00e8me \u00e9tage. Ils voulaient ajouter du caract\u00e8re.","robots":{"index":"index","follow":"follow","max-snippet":"max-snippet:-1","max-image-preview":"max-image-preview:large","max-video-preview":"max-video-preview:-1"},"canonical":"https:\/\/versastyledesign.ca\/fr\/portfolio-de-design\/design-de-couloir-et-descaliers-a-westmount\/","og_locale":"fr_CA","og_type":"article","og_title":"Design de couloir et d'escaliers \u00e0 Westmount - Versa Style Design","og_description":"Les clients souhaitaient un escalier lumineux et contemporain menant au deuxi\u00e8me \u00e9tage. Ils voulaient ajouter du caract\u00e8re.","og_url":"https:\/\/versastyledesign.ca\/fr\/portfolio-de-design\/design-de-couloir-et-descaliers-a-westmount\/","og_site_name":"Versa Style Design","article_publisher":"https:\/\/www.facebook.com\/Versastyledesign?ref=hl","article_modified_time":"2024-01-19T15:08:03+00:00","og_image":[{"width":827,"height":1250,"url":"https:\/\/new.versastyledesign.ca\/wp-content\/uploads\/2024\/01\/Portfolio-de-design-de-couloirs-et-descaliers-de-Westmount-3.jpg","type":"image\/jpeg"}],"twitter_misc":{"Estimation du temps de lecture":"5 minutes"},"schema":{"@context":"https:\/\/schema.org","@graph":[{"@type":"WebPage","@id":"https:\/\/versastyledesign.ca\/fr\/portfolio-de-design\/design-de-couloir-et-descaliers-a-westmount\/","url":"https:\/\/versastyledesign.ca\/fr\/portfolio-de-design\/design-de-couloir-et-descaliers-a-westmount\/","name":"Design de couloir et d'escaliers \u00e0 Westmount - Versa Style Design","isPartOf":{"@id":"http:\/\/new.versastyledesign.ca\/fr\/#website"},"primaryImageOfPage":{"@id":"https:\/\/versastyledesign.ca\/fr\/portfolio-de-design\/design-de-couloir-et-descaliers-a-westmount\/#primaryimage"},"image":{"@id":"https:\/\/versastyledesign.ca\/fr\/portfolio-de-design\/design-de-couloir-et-descaliers-a-westmount\/#primaryimage"},"thumbnailUrl":"https:\/\/versastyledesign.ca\/wp-content\/uploads\/2024\/01\/Portfolio-de-design-de-couloirs-et-descaliers-de-Westmount-3.jpg","datePublished":"2024-01-19T12:00:54+00:00","dateModified":"2024-01-19T15:08:03+00:00","description":"Les clients souhaitaient un escalier lumineux et contemporain menant au deuxi\u00e8me \u00e9tage. Ils voulaient ajouter du caract\u00e8re.","breadcrumb":{"@id":"https:\/\/versastyledesign.ca\/fr\/portfolio-de-design\/design-de-couloir-et-descaliers-a-westmount\/#breadcrumb"},"inLanguage":"fr-CA","potentialAction":[{"@type":"ReadAction","target":["https:\/\/versastyledesign.ca\/fr\/portfolio-de-design\/design-de-couloir-et-descaliers-a-westmount\/"]}]},{"@type":"ImageObject","inLanguage":"fr-CA","@id":"https:\/\/versastyledesign.ca\/fr\/portfolio-de-design\/design-de-couloir-et-descaliers-a-westmount\/#primaryimage","url":"https:\/\/versastyledesign.ca\/wp-content\/uploads\/2024\/01\/Portfolio-de-design-de-couloirs-et-descaliers-de-Westmount-3.jpg","contentUrl":"https:\/\/versastyledesign.ca\/wp-content\/uploads\/2024\/01\/Portfolio-de-design-de-couloirs-et-descaliers-de-Westmount-3.jpg","width":827,"height":1250,"caption":"Portfolio-de-design-de-couloirs-et-descaliers-de-Westmount"},{"@type":"BreadcrumbList","@id":"https:\/\/versastyledesign.ca\/fr\/portfolio-de-design\/design-de-couloir-et-descaliers-a-westmount\/#breadcrumb","itemListElement":[{"@type":"ListItem","position":1,"name":"Accueil","item":"http:\/\/new.versastyledesign.ca\/fr\/"},{"@type":"ListItem","position":2,"name":"Portfolio de Design","item":"http:\/\/new.versastyledesign.ca\/fr\/design-portfolio\/"},{"@type":"ListItem","position":3,"name":"Design de couloir et d&#8217;escaliers \u00e0 Westmount"}]},{"@type":"WebSite","@id":"http:\/\/new.versastyledesign.ca\/fr\/#website","url":"http:\/\/new.versastyledesign.ca\/fr\/","name":"Versa Style Design","description":"Design d&#039;int\u00e9rieur et r\u00e9novations \u00e0 Montr\u00e9al","publisher":{"@id":"http:\/\/new.versastyledesign.ca\/fr\/#organization"},"potentialAction":[{"@type":"SearchAction","target":{"@type":"EntryPoint","urlTemplate":"http:\/\/new.versastyledesign.ca\/fr\/?s={search_term_string}"},"query-input":{"@type":"PropertyValueSpecification","valueRequired":true,"valueName":"search_term_string"}}],"inLanguage":"fr-CA"},{"@type":"Organization","@id":"http:\/\/new.versastyledesign.ca\/fr\/#organization","name":"Versa Style Design","url":"http:\/\/new.versastyledesign.ca\/fr\/","logo":{"@type":"ImageObject","inLanguage":"fr-CA","@id":"http:\/\/new.versastyledesign.ca\/fr\/#\/schema\/logo\/image\/","url":"https:\/\/versastyledesign.ca\/wp-content\/uploads\/2019\/11\/Versa-Style-Design-logo.jpg","contentUrl":"https:\/\/versastyledesign.ca\/wp-content\/uploads\/2019\/11\/Versa-Style-Design-logo.jpg","width":2099,"height":670,"caption":"Versa Style Design"},"image":{"@id":"http:\/\/new.versastyledesign.ca\/fr\/#\/schema\/logo\/image\/"},"sameAs":["https:\/\/www.facebook.com\/Versastyledesign?ref=hl","https:\/\/x.com\/luciepitt","https:\/\/www.instagram.com\/versastyledesign\/","https:\/\/www.linkedin.com\/in\/lucie-pitt-54b0ba85","https:\/\/www.pinterest.com\/versastyledesign\/"]}]}},"coauthors":[],"author_meta":{"author_link":"https:\/\/versastyledesign.ca\/fr\/author\/lucie-pitt\/","display_name":"Lucie Pitt"},"relative_dates":{"created":"Posted 2 ann\u00e9es ago","modified":"Updated 2 ann\u00e9es ago"},"absolute_dates":{"created":"Posted on 19 janvier 2024","modified":"Updated on 19 janvier 2024"},"absolute_dates_time":{"created":"Posted on 19 janvier 2024 7 h 00 min","modified":"Updated on 19 janvier 2024 10 h 08 min"},"featured_img_caption":"","featured_img":"https:\/\/versastyledesign.ca\/wp-content\/uploads\/2024\/01\/Portfolio-de-design-de-couloirs-et-descaliers-de-Westmount-3.jpg","series_order":"","_links":{"self":[{"href":"https:\/\/versastyledesign.ca\/fr\/wp-json\/wp\/v2\/pages\/27325","targetHints":{"allow":["GET"]}}],"collection":[{"href":"https:\/\/versastyledesign.ca\/fr\/wp-json\/wp\/v2\/pages"}],"about":[{"href":"https:\/\/versastyledesign.ca\/fr\/wp-json\/wp\/v2\/types\/page"}],"author":[{"embeddable":true,"href":"https:\/\/versastyledesign.ca\/fr\/wp-json\/wp\/v2\/users\/2"}],"replies":[{"embeddable":true,"href":"https:\/\/versastyledesign.ca\/fr\/wp-json\/wp\/v2\/comments?post=27325"}],"version-history":[{"count":4,"href":"https:\/\/versastyledesign.ca\/fr\/wp-json\/wp\/v2\/pages\/27325\/revisions"}],"predecessor-version":[{"id":27343,"href":"https:\/\/versastyledesign.ca\/fr\/wp-json\/wp\/v2\/pages\/27325\/revisions\/27343"}],"up":[{"embeddable":true,"href":"https:\/\/versastyledesign.ca\/fr\/wp-json\/wp\/v2\/pages\/1840"}],"wp:featuredmedia":[{"embeddable":true,"href":"https:\/\/versastyledesign.ca\/fr\/wp-json\/wp\/v2\/media\/27326"}],"wp:attachment":[{"href":"https:\/\/versastyledesign.ca\/fr\/wp-json\/wp\/v2\/media?parent=27325"}],"curies":[{"name":"wp","href":"https:\/\/api.w.org\/{rel}","templated":true}]}}