{"id":7910,"date":"2019-02-21T13:12:37","date_gmt":"2019-02-21T13:12:37","guid":{"rendered":"https:\/\/montreal-interior-design.com\/?page_id=7910"},"modified":"2023-08-26T13:31:24","modified_gmt":"2023-08-26T17:31:24","slug":"design-renovation-cuisine-a-boucherville","status":"publish","type":"page","link":"https:\/\/versastyledesign.ca\/fr\/portfolio-de-design\/design-renovation-cuisine-a-boucherville\/","title":{"rendered":"Design et r\u00e9novation d&rsquo;une cuisine \u00e0 Boucherville"},"content":{"rendered":"\n<div class=\"wp-block-columns has-2-columns is-layout-flex wp-container-core-columns-is-layout-9d6595d7 wp-block-columns-is-layout-flex\">\n<div class=\"wp-block-column is-layout-flow wp-block-column-is-layout-flow\">\n<p><strong>Lieu:<\/strong> Boucherville, Qu\u00e9bec<\/p>\n\n\n\n<p><strong>Service de design<\/strong> : Conception, plans et design pour une compl\u00e8te r\u00e9novation.<\/p>\n\n\n\n<p><strong>Mat\u00e9riaux utilis\u00e9s<\/strong> : Comptoir en Quartz, dosseret en mosa\u00efque gris et blanc, plancher c\u00e9ramique 12 x 24 gris, armoires Shaker blanc, &nbsp;r\u00e9frig\u00e9rateur et micro-ondes  int\u00e9gr\u00e9, rangements suppl\u00e9mentaires en dessous de la p\u00e9ninsule.<\/p>\n<\/div>\n\n\n\n<div class=\"wp-block-column is-layout-flow wp-block-column-is-layout-flow\">\n<figure class=\"wp-block-image size-large\"><img loading=\"lazy\" decoding=\"async\" width=\"1024\" height=\"758\" src=\"https:\/\/versastyledesign.ca\/wp-content\/uploads\/2019\/12\/design-de-cuisine-a-boucherville-1024x758.jpg\" alt=\"\" class=\"wp-image-16459\" srcset=\"https:\/\/versastyledesign.ca\/wp-content\/uploads\/2019\/12\/design-de-cuisine-a-boucherville-1024x758.jpg 1024w, https:\/\/versastyledesign.ca\/wp-content\/uploads\/2019\/12\/design-de-cuisine-a-boucherville-300x222.jpg 300w, https:\/\/versastyledesign.ca\/wp-content\/uploads\/2019\/12\/design-de-cuisine-a-boucherville-768x569.jpg 768w, https:\/\/versastyledesign.ca\/wp-content\/uploads\/2019\/12\/design-de-cuisine-a-boucherville-1536x1137.jpg 1536w, https:\/\/versastyledesign.ca\/wp-content\/uploads\/2019\/12\/design-de-cuisine-a-boucherville-2048x1517.jpg 2048w\" sizes=\"auto, (max-width: 1024px) 100vw, 1024px\" \/><\/figure>\n<\/div>\n<\/div>\n\n\n\n<p><strong>Notre mandat<\/strong> : Les clients voulaient avoir une cuisine plus spacieuse, plus claire et beaucoup plus fonctionnelle. Nous avons cr\u00e9\u00e9 des plans pour une cuisine beaucoup plus grande avec plus de rangements. Nous avons recommand\u00e9 la palette de couleurs &nbsp;et les mat\u00e9riaux<\/p>\n\n\n\n<div style=\"height:50px\" aria-hidden=\"true\" class=\"wp-block-spacer\"><\/div>\n\n\n\n<h2 class=\"wp-block-heading\">R\u00e9novation de cuisine par Versa Style Design<br><\/h2>\n\n\n\n<figure class=\"wp-block-gallery has-nested-images columns-default is-cropped wp-block-gallery-1 is-layout-flex wp-block-gallery-is-layout-flex\">\n<figure class=\"wp-block-image size-large\"><a href=\"https:\/\/versastyledesign.ca\/wp-content\/uploads\/2019\/12\/design-de-cuisine-a-boucherville-scaled.jpg\"><img loading=\"lazy\" decoding=\"async\" width=\"1024\" height=\"758\" data-id=\"16459\" src=\"https:\/\/versastyledesign.ca\/wp-content\/uploads\/2019\/12\/design-de-cuisine-a-boucherville-1024x758.jpg\" alt=\"\" class=\"wp-image-16459\" srcset=\"https:\/\/versastyledesign.ca\/wp-content\/uploads\/2019\/12\/design-de-cuisine-a-boucherville-1024x758.jpg 1024w, https:\/\/versastyledesign.ca\/wp-content\/uploads\/2019\/12\/design-de-cuisine-a-boucherville-300x222.jpg 300w, https:\/\/versastyledesign.ca\/wp-content\/uploads\/2019\/12\/design-de-cuisine-a-boucherville-768x569.jpg 768w, https:\/\/versastyledesign.ca\/wp-content\/uploads\/2019\/12\/design-de-cuisine-a-boucherville-1536x1137.jpg 1536w, https:\/\/versastyledesign.ca\/wp-content\/uploads\/2019\/12\/design-de-cuisine-a-boucherville-2048x1517.jpg 2048w\" sizes=\"auto, (max-width: 1024px) 100vw, 1024px\" \/><\/a><\/figure>\n\n\n\n<figure class=\"wp-block-image size-large\"><a href=\"https:\/\/versastyledesign.ca\/wp-content\/uploads\/2019\/12\/design-de-cuisine-boucherville-scaled.jpg\"><img loading=\"lazy\" decoding=\"async\" width=\"1024\" height=\"768\" data-id=\"16461\" src=\"https:\/\/versastyledesign.ca\/wp-content\/uploads\/2019\/12\/design-de-cuisine-boucherville-1024x768.jpg\" alt=\"\" class=\"wp-image-16461\" srcset=\"https:\/\/versastyledesign.ca\/wp-content\/uploads\/2019\/12\/design-de-cuisine-boucherville-1024x768.jpg 1024w, https:\/\/versastyledesign.ca\/wp-content\/uploads\/2019\/12\/design-de-cuisine-boucherville-300x225.jpg 300w, https:\/\/versastyledesign.ca\/wp-content\/uploads\/2019\/12\/design-de-cuisine-boucherville-768x576.jpg 768w, https:\/\/versastyledesign.ca\/wp-content\/uploads\/2019\/12\/design-de-cuisine-boucherville-1536x1152.jpg 1536w, https:\/\/versastyledesign.ca\/wp-content\/uploads\/2019\/12\/design-de-cuisine-boucherville-2048x1536.jpg 2048w\" sizes=\"auto, (max-width: 1024px) 100vw, 1024px\" \/><\/a><\/figure>\n<\/figure>\n\n\n\n<div style=\"height:50px\" aria-hidden=\"true\" class=\"wp-block-spacer\"><\/div>\n\n\n\n<h4 class=\"wp-block-heading\">Avant et apr\u00e8s<\/h4>\n\n\n\n<figure class=\"wp-block-gallery has-nested-images columns-5 is-cropped wp-block-gallery-2 is-layout-flex wp-block-gallery-is-layout-flex\">\n<figure class=\"wp-block-image size-large\"><a href=\"https:\/\/versastyledesign.ca\/wp-content\/uploads\/2019\/12\/design-renovation-cuisine-interieur-montreal02-scaled.jpg\"><img loading=\"lazy\" decoding=\"async\" width=\"768\" height=\"1024\" data-id=\"16465\" src=\"https:\/\/versastyledesign.ca\/wp-content\/uploads\/2019\/12\/design-renovation-cuisine-interieur-montreal02-768x1024.jpg\" alt=\"\" class=\"wp-image-16465\" srcset=\"https:\/\/versastyledesign.ca\/wp-content\/uploads\/2019\/12\/design-renovation-cuisine-interieur-montreal02-768x1024.jpg 768w, https:\/\/versastyledesign.ca\/wp-content\/uploads\/2019\/12\/design-renovation-cuisine-interieur-montreal02-225x300.jpg 225w, https:\/\/versastyledesign.ca\/wp-content\/uploads\/2019\/12\/design-renovation-cuisine-interieur-montreal02-1152x1536.jpg 1152w, https:\/\/versastyledesign.ca\/wp-content\/uploads\/2019\/12\/design-renovation-cuisine-interieur-montreal02-1536x2048.jpg 1536w, https:\/\/versastyledesign.ca\/wp-content\/uploads\/2019\/12\/design-renovation-cuisine-interieur-montreal02-scaled.jpg 1920w\" sizes=\"auto, (max-width: 768px) 100vw, 768px\" \/><\/a><\/figure>\n\n\n\n<figure class=\"wp-block-image size-large\"><a href=\"https:\/\/versastyledesign.ca\/wp-content\/uploads\/2019\/12\/design-de-cuisine-boucherville-scaled.jpg\"><img loading=\"lazy\" decoding=\"async\" width=\"1024\" height=\"768\" data-id=\"16461\" src=\"https:\/\/versastyledesign.ca\/wp-content\/uploads\/2019\/12\/design-de-cuisine-boucherville-1024x768.jpg\" alt=\"\" class=\"wp-image-16461\" srcset=\"https:\/\/versastyledesign.ca\/wp-content\/uploads\/2019\/12\/design-de-cuisine-boucherville-1024x768.jpg 1024w, https:\/\/versastyledesign.ca\/wp-content\/uploads\/2019\/12\/design-de-cuisine-boucherville-300x225.jpg 300w, https:\/\/versastyledesign.ca\/wp-content\/uploads\/2019\/12\/design-de-cuisine-boucherville-768x576.jpg 768w, https:\/\/versastyledesign.ca\/wp-content\/uploads\/2019\/12\/design-de-cuisine-boucherville-1536x1152.jpg 1536w, https:\/\/versastyledesign.ca\/wp-content\/uploads\/2019\/12\/design-de-cuisine-boucherville-2048x1536.jpg 2048w\" sizes=\"auto, (max-width: 1024px) 100vw, 1024px\" \/><\/a><\/figure>\n\n\n\n<figure class=\"wp-block-image size-large\"><a href=\"https:\/\/versastyledesign.ca\/wp-content\/uploads\/2019\/12\/design-renovation-cuisine-interieur-montreal03-1-scaled.jpg\"><img loading=\"lazy\" decoding=\"async\" width=\"728\" height=\"1024\" data-id=\"16467\" src=\"https:\/\/versastyledesign.ca\/wp-content\/uploads\/2019\/12\/design-renovation-cuisine-interieur-montreal03-1-728x1024.jpg\" alt=\"\" class=\"wp-image-16467\" srcset=\"https:\/\/versastyledesign.ca\/wp-content\/uploads\/2019\/12\/design-renovation-cuisine-interieur-montreal03-1-728x1024.jpg 728w, https:\/\/versastyledesign.ca\/wp-content\/uploads\/2019\/12\/design-renovation-cuisine-interieur-montreal03-1-213x300.jpg 213w, https:\/\/versastyledesign.ca\/wp-content\/uploads\/2019\/12\/design-renovation-cuisine-interieur-montreal03-1-768x1080.jpg 768w, https:\/\/versastyledesign.ca\/wp-content\/uploads\/2019\/12\/design-renovation-cuisine-interieur-montreal03-1-1092x1536.jpg 1092w, https:\/\/versastyledesign.ca\/wp-content\/uploads\/2019\/12\/design-renovation-cuisine-interieur-montreal03-1-1456x2048.jpg 1456w, https:\/\/versastyledesign.ca\/wp-content\/uploads\/2019\/12\/design-renovation-cuisine-interieur-montreal03-1-scaled.jpg 1820w\" sizes=\"auto, (max-width: 728px) 100vw, 728px\" \/><\/a><\/figure>\n\n\n\n<figure class=\"wp-block-image size-large\"><a href=\"https:\/\/versastyledesign.ca\/wp-content\/uploads\/2019\/12\/design-renovation-cuisine-interieur-montreal01-scaled.jpg\"><img loading=\"lazy\" decoding=\"async\" width=\"1024\" height=\"611\" data-id=\"16463\" src=\"https:\/\/versastyledesign.ca\/wp-content\/uploads\/2019\/12\/design-renovation-cuisine-interieur-montreal01-1024x611.jpg\" alt=\"\" class=\"wp-image-16463\" srcset=\"https:\/\/versastyledesign.ca\/wp-content\/uploads\/2019\/12\/design-renovation-cuisine-interieur-montreal01-1024x611.jpg 1024w, https:\/\/versastyledesign.ca\/wp-content\/uploads\/2019\/12\/design-renovation-cuisine-interieur-montreal01-300x179.jpg 300w, https:\/\/versastyledesign.ca\/wp-content\/uploads\/2019\/12\/design-renovation-cuisine-interieur-montreal01-768x459.jpg 768w, https:\/\/versastyledesign.ca\/wp-content\/uploads\/2019\/12\/design-renovation-cuisine-interieur-montreal01-1536x917.jpg 1536w, https:\/\/versastyledesign.ca\/wp-content\/uploads\/2019\/12\/design-renovation-cuisine-interieur-montreal01-2048x1223.jpg 2048w\" sizes=\"auto, (max-width: 1024px) 100vw, 1024px\" \/><\/a><\/figure>\n\n\n\n<figure class=\"wp-block-image size-large\"><a href=\"https:\/\/versastyledesign.ca\/wp-content\/uploads\/2019\/12\/design-de-cuisine-a-boucherville-scaled.jpg\"><img loading=\"lazy\" decoding=\"async\" width=\"1024\" height=\"758\" data-id=\"16459\" src=\"https:\/\/versastyledesign.ca\/wp-content\/uploads\/2019\/12\/design-de-cuisine-a-boucherville-1024x758.jpg\" alt=\"\" class=\"wp-image-16459\" srcset=\"https:\/\/versastyledesign.ca\/wp-content\/uploads\/2019\/12\/design-de-cuisine-a-boucherville-1024x758.jpg 1024w, https:\/\/versastyledesign.ca\/wp-content\/uploads\/2019\/12\/design-de-cuisine-a-boucherville-300x222.jpg 300w, https:\/\/versastyledesign.ca\/wp-content\/uploads\/2019\/12\/design-de-cuisine-a-boucherville-768x569.jpg 768w, https:\/\/versastyledesign.ca\/wp-content\/uploads\/2019\/12\/design-de-cuisine-a-boucherville-1536x1137.jpg 1536w, https:\/\/versastyledesign.ca\/wp-content\/uploads\/2019\/12\/design-de-cuisine-a-boucherville-2048x1517.jpg 2048w\" sizes=\"auto, (max-width: 1024px) 100vw, 1024px\" \/><\/a><\/figure>\n<\/figure>\n\n\n\n<div style=\"height:50px\" aria-hidden=\"true\" class=\"wp-block-spacer\"><\/div>\n\n\n\n<div class=\"wp-block-columns has-2-columns is-layout-flex wp-container-core-columns-is-layout-9d6595d7 wp-block-columns-is-layout-flex\">\n<div class=\"wp-block-column is-layout-flow wp-block-column-is-layout-flow\"><div class=\"wp-block-image\">\n<figure class=\"aligncenter size-large\"><img loading=\"lazy\" decoding=\"async\" width=\"850\" height=\"542\" src=\"https:\/\/versastyledesign.ca\/wp-content\/uploads\/2019\/11\/Design-de-cuisine-a-montreal-04.jpg\" alt=\"\" class=\"wp-image-13711\" srcset=\"https:\/\/versastyledesign.ca\/wp-content\/uploads\/2019\/11\/Design-de-cuisine-a-montreal-04.jpg 850w, https:\/\/versastyledesign.ca\/wp-content\/uploads\/2019\/11\/Design-de-cuisine-a-montreal-04-300x191.jpg 300w, https:\/\/versastyledesign.ca\/wp-content\/uploads\/2019\/11\/Design-de-cuisine-a-montreal-04-768x490.jpg 768w\" sizes=\"auto, (max-width: 850px) 100vw, 850px\" \/><\/figure>\n<\/div><\/div>\n\n\n\n<div class=\"wp-block-column is-layout-flow wp-block-column-is-layout-flow\">\n<h2 class=\"wp-block-heading has-text-align-center\">Services de design de cuisine \u00e0 Montr\u00e9al<\/h2>\n\n\n\n<p class=\"has-text-align-center\">Pour en savoir plus sur nos services de design de cuisine dans la grande r\u00e9gion de Montr\u00e9al.<br><\/p>\n\n\n\n<div class=\"wp-block-button button-custom aligncenter\"><a class=\"wp-block-button__link has-background wp-element-button\" href=\"\/fr\/design-interieur\/design-dinterieur-de-cuisine-a-montreal\/\" style=\"background-color:#d53652\">Design de cuisine<\/a><\/div>\n<\/div>\n<\/div>\n\n\n\n<div style=\"height:50px\" aria-hidden=\"true\" class=\"wp-block-spacer\"><\/div>\n\n\n\n<h2 class=\"wp-block-heading\"><strong>\u00cates-vous situ\u00e9 dans la grande r\u00e9gion de Montr\u00e9al?<\/strong><\/h2>\n\n\n\n<p class=\"has-text-align-center\"><strong>Donnez vie \u00e0 votre projet de design avec Lucie.<\/strong><\/p>\n\n\n\n<div class=\"wp-block-buttons is-content-justification-center is-layout-flex wp-container-core-buttons-is-layout-16018d1d wp-block-buttons-is-layout-flex\">\n<div class=\"wp-block-button button-inverse\"><a class=\"wp-block-button__link has-text-color has-background has-link-color wp-element-button\" href=\"\/fr\/forfait-de-design-interieur\/versa-style-design-premiere-consultation\/\" style=\"color:#d53652;background-color:#f3f3f3\">Premi\u00e8re consultation<\/a><\/div>\n<\/div>\n\n\n\n<div style=\"height:25px\" aria-hidden=\"true\" class=\"wp-block-spacer\"><\/div>\n<p><a href=\"\/\/www.pinterest.com\/pin\/create\/button\/\" data-pin-do=\"buttonBookmark\" data-pin-color=\"red\" data-pin-height=\"128\"><img decoding=\"async\" src=\"\/\/assets.pinterest.com\/images\/pidgets\/pinit_fg_en_rect_red_28.png\" \/><\/a><\/p>","protected":false},"excerpt":{"rendered":"<p>Lieu: Boucherville, Qu\u00e9bec Service de design : Conception, plans et design pour une compl\u00e8te r\u00e9novation. Mat\u00e9riaux utilis\u00e9s : Comptoir en Quartz, dosseret en mosa\u00efque gris et blanc, plancher c\u00e9ramique 12 x 24 gris, armoires Shaker blanc, &nbsp;r\u00e9frig\u00e9rateur et micro-ondes int\u00e9gr\u00e9, rangements suppl\u00e9mentaires en dessous de la p\u00e9ninsule. Notre mandat : Les clients voulaient avoir une [&hellip;]<\/p>\n","protected":false},"author":2,"featured_media":16459,"parent":1840,"menu_order":0,"comment_status":"closed","ping_status":"closed","template":"","meta":{"advgb_blocks_editor_width":"","advgb_blocks_columns_visual_guide":"","_genesis_hide_title":false,"_genesis_hide_breadcrumbs":false,"_genesis_hide_singular_image":false,"_genesis_hide_footer_widgets":false,"_genesis_custom_body_class":"","_genesis_custom_post_class":"","_genesis_layout":"","footnotes":""},"class_list":{"0":"post-7910","1":"page","2":"type-page","3":"status-publish","4":"has-post-thumbnail","6":"entry"},"yoast_head":"<!-- This site is optimized with the Yoast SEO plugin v27.5 - https:\/\/yoast.com\/product\/yoast-seo-wordpress\/ -->\n<title>Design et r\u00e9novation d&#039;une cuisine \u00e0 Boucherville - Versa Style Design<\/title>\n<meta name=\"description\" content=\"Nous avons cr\u00e9\u00e9 des plans pour une cuisine beaucoup plus fonctionnelle avec plus de rangements incluant le garde-manger mural sur-mesure et le cellier dans l\u2019\u00eelot. Nous avons recommand\u00e9 la palette de couleurs, les tuiles, armoires et comptoirs.\" \/>\n<meta name=\"robots\" content=\"index, follow, max-snippet:-1, max-image-preview:large, max-video-preview:-1\" \/>\n<link rel=\"canonical\" href=\"https:\/\/versastyledesign.ca\/fr\/portfolio-de-design\/design-renovation-cuisine-a-boucherville\/\" \/>\n<meta property=\"og:locale\" content=\"fr_CA\" \/>\n<meta property=\"og:type\" content=\"article\" \/>\n<meta property=\"og:title\" content=\"Design et r\u00e9novation d&#039;une cuisine \u00e0 Boucherville - Versa Style Design\" \/>\n<meta property=\"og:description\" content=\"Nous avons cr\u00e9\u00e9 des plans pour une cuisine beaucoup plus fonctionnelle avec plus de rangements incluant le garde-manger mural sur-mesure et le cellier dans l\u2019\u00eelot. Nous avons recommand\u00e9 la palette de couleurs, les tuiles, armoires et comptoirs.\" \/>\n<meta property=\"og:url\" content=\"https:\/\/versastyledesign.ca\/fr\/portfolio-de-design\/design-renovation-cuisine-a-boucherville\/\" \/>\n<meta property=\"og:site_name\" content=\"Versa Style Design\" \/>\n<meta property=\"article:publisher\" content=\"https:\/\/www.facebook.com\/Versastyledesign?ref=hl\" \/>\n<meta property=\"article:modified_time\" content=\"2023-08-26T17:31:24+00:00\" \/>\n<meta property=\"og:image\" content=\"http:\/\/new.versastyledesign.ca\/wp-content\/uploads\/2019\/12\/design-de-cuisine-a-boucherville-scaled.jpg\" \/>\n\t<meta property=\"og:image:width\" content=\"2560\" \/>\n\t<meta property=\"og:image:height\" content=\"1896\" \/>\n\t<meta property=\"og:image:type\" content=\"image\/jpeg\" \/>\n<meta name=\"twitter:label1\" content=\"Estimation du temps de lecture\" \/>\n\t<meta name=\"twitter:data1\" content=\"3 minutes\" \/>\n<script type=\"application\/ld+json\" class=\"yoast-schema-graph\">{\"@context\":\"https:\\\/\\\/schema.org\",\"@graph\":[{\"@type\":\"WebPage\",\"@id\":\"https:\\\/\\\/versastyledesign.ca\\\/fr\\\/portfolio-de-design\\\/design-renovation-cuisine-a-boucherville\\\/\",\"url\":\"https:\\\/\\\/versastyledesign.ca\\\/fr\\\/portfolio-de-design\\\/design-renovation-cuisine-a-boucherville\\\/\",\"name\":\"Design et r\u00e9novation d'une cuisine \u00e0 Boucherville - Versa Style Design\",\"isPartOf\":{\"@id\":\"http:\\\/\\\/new.versastyledesign.ca\\\/fr\\\/#website\"},\"primaryImageOfPage\":{\"@id\":\"https:\\\/\\\/versastyledesign.ca\\\/fr\\\/portfolio-de-design\\\/design-renovation-cuisine-a-boucherville\\\/#primaryimage\"},\"image\":{\"@id\":\"https:\\\/\\\/versastyledesign.ca\\\/fr\\\/portfolio-de-design\\\/design-renovation-cuisine-a-boucherville\\\/#primaryimage\"},\"thumbnailUrl\":\"https:\\\/\\\/versastyledesign.ca\\\/wp-content\\\/uploads\\\/2019\\\/12\\\/design-de-cuisine-a-boucherville-scaled.jpg\",\"datePublished\":\"2019-02-21T13:12:37+00:00\",\"dateModified\":\"2023-08-26T17:31:24+00:00\",\"description\":\"Nous avons cr\u00e9\u00e9 des plans pour une cuisine beaucoup plus fonctionnelle avec plus de rangements incluant le garde-manger mural sur-mesure et le cellier dans l\u2019\u00eelot. Nous avons recommand\u00e9 la palette de couleurs, les tuiles, armoires et comptoirs.\",\"breadcrumb\":{\"@id\":\"https:\\\/\\\/versastyledesign.ca\\\/fr\\\/portfolio-de-design\\\/design-renovation-cuisine-a-boucherville\\\/#breadcrumb\"},\"inLanguage\":\"fr-CA\",\"potentialAction\":[{\"@type\":\"ReadAction\",\"target\":[\"https:\\\/\\\/versastyledesign.ca\\\/fr\\\/portfolio-de-design\\\/design-renovation-cuisine-a-boucherville\\\/\"]}]},{\"@type\":\"ImageObject\",\"inLanguage\":\"fr-CA\",\"@id\":\"https:\\\/\\\/versastyledesign.ca\\\/fr\\\/portfolio-de-design\\\/design-renovation-cuisine-a-boucherville\\\/#primaryimage\",\"url\":\"https:\\\/\\\/versastyledesign.ca\\\/wp-content\\\/uploads\\\/2019\\\/12\\\/design-de-cuisine-a-boucherville-scaled.jpg\",\"contentUrl\":\"https:\\\/\\\/versastyledesign.ca\\\/wp-content\\\/uploads\\\/2019\\\/12\\\/design-de-cuisine-a-boucherville-scaled.jpg\",\"width\":2560,\"height\":1896},{\"@type\":\"BreadcrumbList\",\"@id\":\"https:\\\/\\\/versastyledesign.ca\\\/fr\\\/portfolio-de-design\\\/design-renovation-cuisine-a-boucherville\\\/#breadcrumb\",\"itemListElement\":[{\"@type\":\"ListItem\",\"position\":1,\"name\":\"Accueil\",\"item\":\"http:\\\/\\\/new.versastyledesign.ca\\\/fr\\\/\"},{\"@type\":\"ListItem\",\"position\":2,\"name\":\"Portfolio de Design\",\"item\":\"http:\\\/\\\/new.versastyledesign.ca\\\/fr\\\/design-portfolio\\\/\"},{\"@type\":\"ListItem\",\"position\":3,\"name\":\"Design et r\u00e9novation d&#8217;une cuisine \u00e0 Boucherville\"}]},{\"@type\":\"WebSite\",\"@id\":\"http:\\\/\\\/new.versastyledesign.ca\\\/fr\\\/#website\",\"url\":\"http:\\\/\\\/new.versastyledesign.ca\\\/fr\\\/\",\"name\":\"Versa Style Design\",\"description\":\"Design d&#039;int\u00e9rieur et r\u00e9novations \u00e0 Montr\u00e9al\",\"publisher\":{\"@id\":\"http:\\\/\\\/new.versastyledesign.ca\\\/fr\\\/#organization\"},\"potentialAction\":[{\"@type\":\"SearchAction\",\"target\":{\"@type\":\"EntryPoint\",\"urlTemplate\":\"http:\\\/\\\/new.versastyledesign.ca\\\/fr\\\/?s={search_term_string}\"},\"query-input\":{\"@type\":\"PropertyValueSpecification\",\"valueRequired\":true,\"valueName\":\"search_term_string\"}}],\"inLanguage\":\"fr-CA\"},{\"@type\":\"Organization\",\"@id\":\"http:\\\/\\\/new.versastyledesign.ca\\\/fr\\\/#organization\",\"name\":\"Versa Style Design\",\"url\":\"http:\\\/\\\/new.versastyledesign.ca\\\/fr\\\/\",\"logo\":{\"@type\":\"ImageObject\",\"inLanguage\":\"fr-CA\",\"@id\":\"http:\\\/\\\/new.versastyledesign.ca\\\/fr\\\/#\\\/schema\\\/logo\\\/image\\\/\",\"url\":\"https:\\\/\\\/versastyledesign.ca\\\/wp-content\\\/uploads\\\/2019\\\/11\\\/Versa-Style-Design-logo.jpg\",\"contentUrl\":\"https:\\\/\\\/versastyledesign.ca\\\/wp-content\\\/uploads\\\/2019\\\/11\\\/Versa-Style-Design-logo.jpg\",\"width\":2099,\"height\":670,\"caption\":\"Versa Style Design\"},\"image\":{\"@id\":\"http:\\\/\\\/new.versastyledesign.ca\\\/fr\\\/#\\\/schema\\\/logo\\\/image\\\/\"},\"sameAs\":[\"https:\\\/\\\/www.facebook.com\\\/Versastyledesign?ref=hl\",\"https:\\\/\\\/x.com\\\/luciepitt\",\"https:\\\/\\\/www.instagram.com\\\/versastyledesign\\\/\",\"https:\\\/\\\/www.linkedin.com\\\/in\\\/lucie-pitt-54b0ba85\",\"https:\\\/\\\/www.pinterest.com\\\/versastyledesign\\\/\"]}]}<\/script>\n<!-- \/ Yoast SEO plugin. -->","yoast_head_json":{"title":"Design et r\u00e9novation d'une cuisine \u00e0 Boucherville - Versa Style Design","description":"Nous avons cr\u00e9\u00e9 des plans pour une cuisine beaucoup plus fonctionnelle avec plus de rangements incluant le garde-manger mural sur-mesure et le cellier dans l\u2019\u00eelot. Nous avons recommand\u00e9 la palette de couleurs, les tuiles, armoires et comptoirs.","robots":{"index":"index","follow":"follow","max-snippet":"max-snippet:-1","max-image-preview":"max-image-preview:large","max-video-preview":"max-video-preview:-1"},"canonical":"https:\/\/versastyledesign.ca\/fr\/portfolio-de-design\/design-renovation-cuisine-a-boucherville\/","og_locale":"fr_CA","og_type":"article","og_title":"Design et r\u00e9novation d'une cuisine \u00e0 Boucherville - Versa Style Design","og_description":"Nous avons cr\u00e9\u00e9 des plans pour une cuisine beaucoup plus fonctionnelle avec plus de rangements incluant le garde-manger mural sur-mesure et le cellier dans l\u2019\u00eelot. Nous avons recommand\u00e9 la palette de couleurs, les tuiles, armoires et comptoirs.","og_url":"https:\/\/versastyledesign.ca\/fr\/portfolio-de-design\/design-renovation-cuisine-a-boucherville\/","og_site_name":"Versa Style Design","article_publisher":"https:\/\/www.facebook.com\/Versastyledesign?ref=hl","article_modified_time":"2023-08-26T17:31:24+00:00","og_image":[{"width":2560,"height":1896,"url":"http:\/\/new.versastyledesign.ca\/wp-content\/uploads\/2019\/12\/design-de-cuisine-a-boucherville-scaled.jpg","type":"image\/jpeg"}],"twitter_misc":{"Estimation du temps de lecture":"3 minutes"},"schema":{"@context":"https:\/\/schema.org","@graph":[{"@type":"WebPage","@id":"https:\/\/versastyledesign.ca\/fr\/portfolio-de-design\/design-renovation-cuisine-a-boucherville\/","url":"https:\/\/versastyledesign.ca\/fr\/portfolio-de-design\/design-renovation-cuisine-a-boucherville\/","name":"Design et r\u00e9novation d'une cuisine \u00e0 Boucherville - Versa Style Design","isPartOf":{"@id":"http:\/\/new.versastyledesign.ca\/fr\/#website"},"primaryImageOfPage":{"@id":"https:\/\/versastyledesign.ca\/fr\/portfolio-de-design\/design-renovation-cuisine-a-boucherville\/#primaryimage"},"image":{"@id":"https:\/\/versastyledesign.ca\/fr\/portfolio-de-design\/design-renovation-cuisine-a-boucherville\/#primaryimage"},"thumbnailUrl":"https:\/\/versastyledesign.ca\/wp-content\/uploads\/2019\/12\/design-de-cuisine-a-boucherville-scaled.jpg","datePublished":"2019-02-21T13:12:37+00:00","dateModified":"2023-08-26T17:31:24+00:00","description":"Nous avons cr\u00e9\u00e9 des plans pour une cuisine beaucoup plus fonctionnelle avec plus de rangements incluant le garde-manger mural sur-mesure et le cellier dans l\u2019\u00eelot. Nous avons recommand\u00e9 la palette de couleurs, les tuiles, armoires et comptoirs.","breadcrumb":{"@id":"https:\/\/versastyledesign.ca\/fr\/portfolio-de-design\/design-renovation-cuisine-a-boucherville\/#breadcrumb"},"inLanguage":"fr-CA","potentialAction":[{"@type":"ReadAction","target":["https:\/\/versastyledesign.ca\/fr\/portfolio-de-design\/design-renovation-cuisine-a-boucherville\/"]}]},{"@type":"ImageObject","inLanguage":"fr-CA","@id":"https:\/\/versastyledesign.ca\/fr\/portfolio-de-design\/design-renovation-cuisine-a-boucherville\/#primaryimage","url":"https:\/\/versastyledesign.ca\/wp-content\/uploads\/2019\/12\/design-de-cuisine-a-boucherville-scaled.jpg","contentUrl":"https:\/\/versastyledesign.ca\/wp-content\/uploads\/2019\/12\/design-de-cuisine-a-boucherville-scaled.jpg","width":2560,"height":1896},{"@type":"BreadcrumbList","@id":"https:\/\/versastyledesign.ca\/fr\/portfolio-de-design\/design-renovation-cuisine-a-boucherville\/#breadcrumb","itemListElement":[{"@type":"ListItem","position":1,"name":"Accueil","item":"http:\/\/new.versastyledesign.ca\/fr\/"},{"@type":"ListItem","position":2,"name":"Portfolio de Design","item":"http:\/\/new.versastyledesign.ca\/fr\/design-portfolio\/"},{"@type":"ListItem","position":3,"name":"Design et r\u00e9novation d&#8217;une cuisine \u00e0 Boucherville"}]},{"@type":"WebSite","@id":"http:\/\/new.versastyledesign.ca\/fr\/#website","url":"http:\/\/new.versastyledesign.ca\/fr\/","name":"Versa Style Design","description":"Design d&#039;int\u00e9rieur et r\u00e9novations \u00e0 Montr\u00e9al","publisher":{"@id":"http:\/\/new.versastyledesign.ca\/fr\/#organization"},"potentialAction":[{"@type":"SearchAction","target":{"@type":"EntryPoint","urlTemplate":"http:\/\/new.versastyledesign.ca\/fr\/?s={search_term_string}"},"query-input":{"@type":"PropertyValueSpecification","valueRequired":true,"valueName":"search_term_string"}}],"inLanguage":"fr-CA"},{"@type":"Organization","@id":"http:\/\/new.versastyledesign.ca\/fr\/#organization","name":"Versa Style Design","url":"http:\/\/new.versastyledesign.ca\/fr\/","logo":{"@type":"ImageObject","inLanguage":"fr-CA","@id":"http:\/\/new.versastyledesign.ca\/fr\/#\/schema\/logo\/image\/","url":"https:\/\/versastyledesign.ca\/wp-content\/uploads\/2019\/11\/Versa-Style-Design-logo.jpg","contentUrl":"https:\/\/versastyledesign.ca\/wp-content\/uploads\/2019\/11\/Versa-Style-Design-logo.jpg","width":2099,"height":670,"caption":"Versa Style Design"},"image":{"@id":"http:\/\/new.versastyledesign.ca\/fr\/#\/schema\/logo\/image\/"},"sameAs":["https:\/\/www.facebook.com\/Versastyledesign?ref=hl","https:\/\/x.com\/luciepitt","https:\/\/www.instagram.com\/versastyledesign\/","https:\/\/www.linkedin.com\/in\/lucie-pitt-54b0ba85","https:\/\/www.pinterest.com\/versastyledesign\/"]}]}},"coauthors":[],"author_meta":{"author_link":"https:\/\/versastyledesign.ca\/fr\/author\/lucie-pitt\/","display_name":"Lucie Pitt"},"relative_dates":{"created":"Posted 7 ann\u00e9es ago","modified":"Updated 3 ann\u00e9es ago"},"absolute_dates":{"created":"Posted on 21 f\u00e9vrier 2019","modified":"Updated on 26 ao\u00fbt 2023"},"absolute_dates_time":{"created":"Posted on 21 f\u00e9vrier 2019 13 h 12 min","modified":"Updated on 26 ao\u00fbt 2023 13 h 31 min"},"featured_img_caption":"","featured_img":"https:\/\/versastyledesign.ca\/wp-content\/uploads\/2019\/12\/design-de-cuisine-a-boucherville-scaled.jpg","series_order":"","_links":{"self":[{"href":"https:\/\/versastyledesign.ca\/fr\/wp-json\/wp\/v2\/pages\/7910","targetHints":{"allow":["GET"]}}],"collection":[{"href":"https:\/\/versastyledesign.ca\/fr\/wp-json\/wp\/v2\/pages"}],"about":[{"href":"https:\/\/versastyledesign.ca\/fr\/wp-json\/wp\/v2\/types\/page"}],"author":[{"embeddable":true,"href":"https:\/\/versastyledesign.ca\/fr\/wp-json\/wp\/v2\/users\/2"}],"replies":[{"embeddable":true,"href":"https:\/\/versastyledesign.ca\/fr\/wp-json\/wp\/v2\/comments?post=7910"}],"version-history":[{"count":4,"href":"https:\/\/versastyledesign.ca\/fr\/wp-json\/wp\/v2\/pages\/7910\/revisions"}],"predecessor-version":[{"id":26144,"href":"https:\/\/versastyledesign.ca\/fr\/wp-json\/wp\/v2\/pages\/7910\/revisions\/26144"}],"up":[{"embeddable":true,"href":"https:\/\/versastyledesign.ca\/fr\/wp-json\/wp\/v2\/pages\/1840"}],"wp:featuredmedia":[{"embeddable":true,"href":"https:\/\/versastyledesign.ca\/fr\/wp-json\/wp\/v2\/media\/16459"}],"wp:attachment":[{"href":"https:\/\/versastyledesign.ca\/fr\/wp-json\/wp\/v2\/media?parent=7910"}],"curies":[{"name":"wp","href":"https:\/\/api.w.org\/{rel}","templated":true}]}}